{"id":5330,"date":"2021-01-13T16:29:55","date_gmt":"2021-01-13T16:29:55","guid":{"rendered":"https:\/\/smartmag.theme-sphere.com\/news-time\/"},"modified":"2026-04-22T19:01:31","modified_gmt":"2026-04-22T22:01:31","slug":"homepage","status":"publish","type":"page","link":"https:\/\/obuxixeiro.com.br\/","title":{"rendered":"Homepage"},"content":{"rendered":"\t\t<div data-elementor-type=\"wp-page\" data-elementor-id=\"5330\" class=\"elementor elementor-5330\" data-elementor-post-type=\"page\">\n\t\t\t\t\t\t<section class=\"has-el-gap el-gap-default elementor-section elementor-top-section elementor-element elementor-element-d64554f elementor-section-boxed elementor-section-height-default elementor-section-height-default\" data-id=\"d64554f\" data-element_type=\"section\" data-e-type=\"section\">\n\t\t\t\t\t\t<div class=\"elementor-container elementor-column-gap-no\">\n\t\t\t\t\t<div class=\"elementor-column elementor-col-66 elementor-top-column elementor-element elementor-element-0cd2772 main-content\" data-id=\"0cd2772\" data-element_type=\"column\" data-e-type=\"column\">\n\t\t\t<div class=\"elementor-widget-wrap elementor-element-populated\">\n\t\t\t\t\t\t<div class=\"elementor-element elementor-element-264c1be upk-content-position--center upk-navigation-type-both elementor-widget elementor-widget-upk-paradox-slider\" data-id=\"264c1be\" data-element_type=\"widget\" data-e-type=\"widget\" data-widget_type=\"upk-paradox-slider.default\">\n\t\t\t\t<div class=\"elementor-widget-container\">\n\t\t\t\t\t\t\t<div id=\"upk-paradox-slider-264c1be\" class=\"upk-paradox-slider upk-arrows-dots-align-center\" data-settings=\"{&quot;autoplay&quot;:{&quot;delay&quot;:5000},&quot;loop&quot;:true,&quot;speed&quot;:500,&quot;effect&quot;:&quot;fade&quot;,&quot;lazy&quot;:{&quot;loadPrevNext&quot;:&quot;true&quot;},&quot;parallax&quot;:true,&quot;slidesPerView&quot;:1,&quot;navigation&quot;:{&quot;nextEl&quot;:&quot;#upk-paradox-slider-264c1be .upk-navigation-next&quot;,&quot;prevEl&quot;:&quot;#upk-paradox-slider-264c1be .upk-navigation-prev&quot;},&quot;pagination&quot;:{&quot;el&quot;:&quot;#upk-paradox-slider-264c1be .swiper-pagination&quot;,&quot;type&quot;:&quot;bullets&quot;,&quot;clickable&quot;:&quot;true&quot;,&quot;dynamicBullets&quot;:false},&quot;scrollbar&quot;:{&quot;el&quot;:&quot;#upk-paradox-slider-264c1be .swiper-scrollbar&quot;,&quot;hide&quot;:&quot;true&quot;}}\">\n\t\t\t<div class=\"upk-paradox-slider-wrapper\">\n\t\t\t\t<div class=\"swiper-container\">\n\t\t\t\t\t<div class=\"swiper-wrapper\">\n\t\t\t\t<div class=\"upk-paradox-slider-item swiper-slide upk-transition-toggle\">\n\t\t\t<div class=\"upk-image-wrapper\">\n\t\t\t\t\n\t\t<img decoding=\"async\" class=\"upk-paradox-img swiper-lazy\" src=\"https:\/\/obuxixeiro.com.br\/wp-content\/uploads\/2026\/04\/156149-mercado-financeiro-mantem-pressao-sobre-juros-e-projeta-selic-a-13-diante-de-inflacao-resistente.jpg\" alt=\"Mercado financeiro mant\u00e9m press\u00e3o sobre juros e projeta Selic a 13% diante de infla\u00e7\u00e3o resistente\">\n\n\t\t\t\t\t<\/div>\n\n\t\t\t<div class=\"upk-paradox-content-box upk-position-center\">\n\t\t\t\t<div class=\"upk-content-inner\">\n\t\t\t\t\t<div class=\"upk-category-date-wrap upk-flex upk-flex-middle\" data-swiper-parallax=\"-100\" data-swiper-parallax-opacity=\"0.5\" data-swiper-parallax-duration=\"600\">\n\t\t\t\t\t\t\t\t<div class=\"upk-paradox-category\">\n\t\t\t<a href=\"https:\/\/obuxixeiro.com.br\/?cat=38\">Economia<\/a>\t\t<\/div>\n\t\t\t\t\t\t\t\t\n\t\t<div class=\"upk-paradox-date\">\n\t\t\t27 de abril de 2026\t\t<\/div>\n\n\t\t\n\t\t\t\t\t\t\t<\/div>\n\n\t\t\t\t\t<div data-swiper-parallax=\"-200\" data-swiper-parallax-opacity=\"0.5\" data-swiper-parallax-duration=\"700\">\n\t\t\t\t\t\t<h3 class=\"upk-paradox-title-wrap\" >\n\t\t\t\t<a href=\"https:\/\/obuxixeiro.com.br\/?p=156149\" class=\"upk-paradox-title\" title=\"Mercado financeiro mant\u00e9m press\u00e3o sobre juros e projeta Selic a 13% diante de infla\u00e7\u00e3o resistente\">\n\t\t\t\t\tMercado financeiro mant\u00e9m press\u00e3o sobre juros e projeta Selic a 13% diante de infla\u00e7\u00e3o resistente\n\t\t\t\t<\/a>\n\t\t\t<\/h3>\t\t\t\t\t<\/div>\n\n\t\t\t\t\t<div data-swiper-parallax=\"-300\" data-swiper-parallax-opacity=\"0.5\" data-swiper-parallax-duration=\"800\">\n\t\t\t\t\t\t\t\t\t\t\t<\/div>\n\t\t\t\t\t\n\t\t\t\t\t<div data-swiper-parallax=\"-400\" data-swiper-parallax-opacity=\"0.5\" data-swiper-parallax-duration=\"900\">\n\t\t\t\t\t\t\t\t\t\t\t<\/div>\n\t\t\t\t<\/div>\n\t\t\t<\/div>\n\t\t<\/div>\n\t\t\t\t<div class=\"upk-paradox-slider-item swiper-slide upk-transition-toggle\">\n\t\t\t<div class=\"upk-image-wrapper\">\n\t\t\t\t\n\t\t<img decoding=\"async\" class=\"upk-paradox-img swiper-lazy\" src=\"https:\/\/obuxixeiro.com.br\/wp-content\/uploads\/2026\/04\/156143-congresso-e-stf-travam-novo-round-na-disputa-sobre-autonomia-dos-poderes-e-limites-ju69ef83bac391c.jpg\" alt=\"Congresso e STF travam novo round na disputa sobre autonomia dos poderes e limites jurisdicionais\">\n\n\t\t\t\t\t<\/div>\n\n\t\t\t<div class=\"upk-paradox-content-box upk-position-center\">\n\t\t\t\t<div class=\"upk-content-inner\">\n\t\t\t\t\t<div class=\"upk-category-date-wrap upk-flex upk-flex-middle\" data-swiper-parallax=\"-100\" data-swiper-parallax-opacity=\"0.5\" data-swiper-parallax-duration=\"600\">\n\t\t\t\t\t\t\t\t<div class=\"upk-paradox-category\">\n\t\t\t<a href=\"https:\/\/obuxixeiro.com.br\/?cat=33\">Politica<\/a>\t\t<\/div>\n\t\t\t\t\t\t\t\t\n\t\t<div class=\"upk-paradox-date\">\n\t\t\t27 de abril de 2026\t\t<\/div>\n\n\t\t\n\t\t\t\t\t\t\t<\/div>\n\n\t\t\t\t\t<div data-swiper-parallax=\"-200\" data-swiper-parallax-opacity=\"0.5\" data-swiper-parallax-duration=\"700\">\n\t\t\t\t\t\t<h3 class=\"upk-paradox-title-wrap\" >\n\t\t\t\t<a href=\"https:\/\/obuxixeiro.com.br\/?p=156143\" class=\"upk-paradox-title\" title=\"Congresso e STF travam novo round na disputa sobre autonomia dos poderes e limites jurisdicionais\">\n\t\t\t\t\tCongresso e STF travam novo round na disputa sobre autonomia dos poderes e limites jurisdicionais\n\t\t\t\t<\/a>\n\t\t\t<\/h3>\t\t\t\t\t<\/div>\n\n\t\t\t\t\t<div data-swiper-parallax=\"-300\" data-swiper-parallax-opacity=\"0.5\" data-swiper-parallax-duration=\"800\">\n\t\t\t\t\t\t\t\t\t\t\t<\/div>\n\t\t\t\t\t\n\t\t\t\t\t<div data-swiper-parallax=\"-400\" data-swiper-parallax-opacity=\"0.5\" data-swiper-parallax-duration=\"900\">\n\t\t\t\t\t\t\t\t\t\t\t<\/div>\n\t\t\t\t<\/div>\n\t\t\t<\/div>\n\t\t<\/div>\n\t\t\t\t<div class=\"upk-paradox-slider-item swiper-slide upk-transition-toggle\">\n\t\t\t<div class=\"upk-image-wrapper\">\n\t\t\t\t\n\t\t<img decoding=\"async\" class=\"upk-paradox-img swiper-lazy\" src=\"https:\/\/obuxixeiro.com.br\/wp-content\/uploads\/2026\/04\/156145-comissao-especial-para-analise-da-pec-do-fim-da-escala-61-e-instalada-na-camara-dos-deputados.webp\" alt=\"Comiss\u00e3o especial para an\u00e1lise da PEC do fim da escala 61 \u00e9 instalada na C\u00e2mara dos Deputados\">\n\n\t\t\t\t\t<\/div>\n\n\t\t\t<div class=\"upk-paradox-content-box upk-position-center\">\n\t\t\t\t<div class=\"upk-content-inner\">\n\t\t\t\t\t<div class=\"upk-category-date-wrap upk-flex upk-flex-middle\" data-swiper-parallax=\"-100\" data-swiper-parallax-opacity=\"0.5\" data-swiper-parallax-duration=\"600\">\n\t\t\t\t\t\t\t\t<div class=\"upk-paradox-category\">\n\t\t\t<a href=\"https:\/\/obuxixeiro.com.br\/?cat=33\">Politica<\/a>\t\t<\/div>\n\t\t\t\t\t\t\t\t\n\t\t<div class=\"upk-paradox-date\">\n\t\t\t27 de abril de 2026\t\t<\/div>\n\n\t\t\n\t\t\t\t\t\t\t<\/div>\n\n\t\t\t\t\t<div data-swiper-parallax=\"-200\" data-swiper-parallax-opacity=\"0.5\" data-swiper-parallax-duration=\"700\">\n\t\t\t\t\t\t<h3 class=\"upk-paradox-title-wrap\" >\n\t\t\t\t<a href=\"https:\/\/obuxixeiro.com.br\/?p=156145\" class=\"upk-paradox-title\" title=\"Comiss\u00e3o especial para an\u00e1lise da PEC do fim da escala 61 \u00e9 instalada na C\u00e2mara dos Deputados\">\n\t\t\t\t\tComiss\u00e3o especial para an\u00e1lise da PEC do fim da escala 61 \u00e9 instalada na C\u00e2mara dos Deputados\n\t\t\t\t<\/a>\n\t\t\t<\/h3>\t\t\t\t\t<\/div>\n\n\t\t\t\t\t<div data-swiper-parallax=\"-300\" data-swiper-parallax-opacity=\"0.5\" data-swiper-parallax-duration=\"800\">\n\t\t\t\t\t\t\t\t\t\t\t<\/div>\n\t\t\t\t\t\n\t\t\t\t\t<div data-swiper-parallax=\"-400\" data-swiper-parallax-opacity=\"0.5\" data-swiper-parallax-duration=\"900\">\n\t\t\t\t\t\t\t\t\t\t\t<\/div>\n\t\t\t\t<\/div>\n\t\t\t<\/div>\n\t\t<\/div>\n\t\t\t\t<div class=\"upk-paradox-slider-item swiper-slide upk-transition-toggle\">\n\t\t\t<div class=\"upk-image-wrapper\">\n\t\t\t\t\n\t\t<img decoding=\"async\" class=\"upk-paradox-img swiper-lazy\" src=\"https:\/\/obuxixeiro.com.br\/wp-content\/uploads\/2026\/04\/156147-pesquisa-nexus-aponta-empate-tecnico-de-lula-com-flavio-bolsonaro-zema-e-caiado-no-segundo-turno.jpg\" alt=\"Pesquisa Nexus aponta empate t\u00e9cnico de Lula com Fl\u00e1vio Bolsonaro, Zema e Caiado no segundo turno\">\n\n\t\t\t\t\t<\/div>\n\n\t\t\t<div class=\"upk-paradox-content-box upk-position-center\">\n\t\t\t\t<div class=\"upk-content-inner\">\n\t\t\t\t\t<div class=\"upk-category-date-wrap upk-flex upk-flex-middle\" data-swiper-parallax=\"-100\" data-swiper-parallax-opacity=\"0.5\" data-swiper-parallax-duration=\"600\">\n\t\t\t\t\t\t\t\t<div class=\"upk-paradox-category\">\n\t\t\t<a href=\"https:\/\/obuxixeiro.com.br\/?cat=33\">Politica<\/a>\t\t<\/div>\n\t\t\t\t\t\t\t\t\n\t\t<div class=\"upk-paradox-date\">\n\t\t\t27 de abril de 2026\t\t<\/div>\n\n\t\t\n\t\t\t\t\t\t\t<\/div>\n\n\t\t\t\t\t<div data-swiper-parallax=\"-200\" data-swiper-parallax-opacity=\"0.5\" data-swiper-parallax-duration=\"700\">\n\t\t\t\t\t\t<h3 class=\"upk-paradox-title-wrap\" >\n\t\t\t\t<a href=\"https:\/\/obuxixeiro.com.br\/?p=156147\" class=\"upk-paradox-title\" title=\"Pesquisa Nexus aponta empate t\u00e9cnico de Lula com Fl\u00e1vio Bolsonaro, Zema e Caiado no segundo turno\">\n\t\t\t\t\tPesquisa Nexus aponta empate t\u00e9cnico de Lula com Fl\u00e1vio Bolsonaro, Zema e Caiado no segundo turno\n\t\t\t\t<\/a>\n\t\t\t<\/h3>\t\t\t\t\t<\/div>\n\n\t\t\t\t\t<div data-swiper-parallax=\"-300\" data-swiper-parallax-opacity=\"0.5\" data-swiper-parallax-duration=\"800\">\n\t\t\t\t\t\t\t\t\t\t\t<\/div>\n\t\t\t\t\t\n\t\t\t\t\t<div data-swiper-parallax=\"-400\" data-swiper-parallax-opacity=\"0.5\" data-swiper-parallax-duration=\"900\">\n\t\t\t\t\t\t\t\t\t\t\t<\/div>\n\t\t\t\t<\/div>\n\t\t\t<\/div>\n\t\t<\/div>\n\t\t\t\t<div class=\"upk-paradox-slider-item swiper-slide upk-transition-toggle\">\n\t\t\t<div class=\"upk-image-wrapper\">\n\t\t\t\t\n\t\t<img decoding=\"async\" class=\"upk-paradox-img swiper-lazy\" src=\"https:\/\/obuxixeiro.com.br\/wp-content\/uploads\/2026\/04\/156141-caso-thawanna-inquerito-avanca-e-debate-sobre-cameras-corporais-em-pms-ganha-forca-no-congresso.jpg\" alt=\"Caso Thawanna: inqu\u00e9rito avan\u00e7a e debate sobre c\u00e2meras corporais em PMs ganha for\u00e7a no Congresso\">\n\n\t\t\t\t\t<\/div>\n\n\t\t\t<div class=\"upk-paradox-content-box upk-position-center\">\n\t\t\t\t<div class=\"upk-content-inner\">\n\t\t\t\t\t<div class=\"upk-category-date-wrap upk-flex upk-flex-middle\" data-swiper-parallax=\"-100\" data-swiper-parallax-opacity=\"0.5\" data-swiper-parallax-duration=\"600\">\n\t\t\t\t\t\t\t\t<div class=\"upk-paradox-category\">\n\t\t\t<a href=\"https:\/\/obuxixeiro.com.br\/?cat=34\">Policia<\/a>\t\t<\/div>\n\t\t\t\t\t\t\t\t\n\t\t<div class=\"upk-paradox-date\">\n\t\t\t27 de abril de 2026\t\t<\/div>\n\n\t\t\n\t\t\t\t\t\t\t<\/div>\n\n\t\t\t\t\t<div data-swiper-parallax=\"-200\" data-swiper-parallax-opacity=\"0.5\" data-swiper-parallax-duration=\"700\">\n\t\t\t\t\t\t<h3 class=\"upk-paradox-title-wrap\" >\n\t\t\t\t<a href=\"https:\/\/obuxixeiro.com.br\/?p=156141\" class=\"upk-paradox-title\" title=\"Caso Thawanna: inqu\u00e9rito avan\u00e7a e debate sobre c\u00e2meras corporais em PMs ganha for\u00e7a no Congresso\">\n\t\t\t\t\tCaso Thawanna: inqu\u00e9rito avan\u00e7a e debate sobre c\u00e2meras corporais em PMs ganha for\u00e7a no Congresso\n\t\t\t\t<\/a>\n\t\t\t<\/h3>\t\t\t\t\t<\/div>\n\n\t\t\t\t\t<div data-swiper-parallax=\"-300\" data-swiper-parallax-opacity=\"0.5\" data-swiper-parallax-duration=\"800\">\n\t\t\t\t\t\t\t\t\t\t\t<\/div>\n\t\t\t\t\t\n\t\t\t\t\t<div data-swiper-parallax=\"-400\" data-swiper-parallax-opacity=\"0.5\" data-swiper-parallax-duration=\"900\">\n\t\t\t\t\t\t\t\t\t\t\t<\/div>\n\t\t\t\t<\/div>\n\t\t\t<\/div>\n\t\t<\/div>\n\t\t\t\t<div class=\"upk-paradox-slider-item swiper-slide upk-transition-toggle\">\n\t\t\t<div class=\"upk-image-wrapper\">\n\t\t\t\t\n\t\t<img decoding=\"async\" class=\"upk-paradox-img swiper-lazy\" src=\"https:\/\/obuxixeiro.com.br\/wp-content\/uploads\/2026\/04\/156139-futebol-brasileiro-movimenta-fim-de-semana-com-rodadas-do-brasileirao-e-resultados-na69ef83b772fb9.jpg\" alt=\"Futebol brasileiro movimenta fim de semana com rodadas do Brasileir\u00e3o e resultados na Libertadores\">\n\n\t\t\t\t\t<\/div>\n\n\t\t\t<div class=\"upk-paradox-content-box upk-position-center\">\n\t\t\t\t<div class=\"upk-content-inner\">\n\t\t\t\t\t<div class=\"upk-category-date-wrap upk-flex upk-flex-middle\" data-swiper-parallax=\"-100\" data-swiper-parallax-opacity=\"0.5\" data-swiper-parallax-duration=\"600\">\n\t\t\t\t\t\t\t\t<div class=\"upk-paradox-category\">\n\t\t\t<a href=\"https:\/\/obuxixeiro.com.br\/?cat=39\">Esportes<\/a>\t\t<\/div>\n\t\t\t\t\t\t\t\t\n\t\t<div class=\"upk-paradox-date\">\n\t\t\t27 de abril de 2026\t\t<\/div>\n\n\t\t\n\t\t\t\t\t\t\t<\/div>\n\n\t\t\t\t\t<div data-swiper-parallax=\"-200\" data-swiper-parallax-opacity=\"0.5\" data-swiper-parallax-duration=\"700\">\n\t\t\t\t\t\t<h3 class=\"upk-paradox-title-wrap\" >\n\t\t\t\t<a href=\"https:\/\/obuxixeiro.com.br\/?p=156139\" class=\"upk-paradox-title\" title=\"Futebol brasileiro movimenta fim de semana com rodadas do Brasileir\u00e3o e resultados na Libertadores\">\n\t\t\t\t\tFutebol brasileiro movimenta fim de semana com rodadas do Brasileir\u00e3o e resultados na Libertadores\n\t\t\t\t<\/a>\n\t\t\t<\/h3>\t\t\t\t\t<\/div>\n\n\t\t\t\t\t<div data-swiper-parallax=\"-300\" data-swiper-parallax-opacity=\"0.5\" data-swiper-parallax-duration=\"800\">\n\t\t\t\t\t\t\t\t\t\t\t<\/div>\n\t\t\t\t\t\n\t\t\t\t\t<div data-swiper-parallax=\"-400\" data-swiper-parallax-opacity=\"0.5\" data-swiper-parallax-duration=\"900\">\n\t\t\t\t\t\t\t\t\t\t\t<\/div>\n\t\t\t\t<\/div>\n\t\t\t<\/div>\n\t\t<\/div>\n\t\t\t\t<div class=\"upk-paradox-slider-item swiper-slide upk-transition-toggle\">\n\t\t\t<div class=\"upk-image-wrapper\">\n\t\t\t\t\n\t\t<img decoding=\"async\" class=\"upk-paradox-img swiper-lazy\" src=\"https:\/\/obuxixeiro.com.br\/wp-content\/uploads\/2026\/04\/156137-agronegocio-e-exportacoes-sustentam-crescimento-mas-gargalos-de-infraestrutura-pressi69ef83b4f308f.webp\" alt=\"Agroneg\u00f3cio e exporta\u00e7\u00f5es sustentam crescimento, mas gargalos de infraestrutura pressionam competitividade\">\n\n\t\t\t\t\t<\/div>\n\n\t\t\t<div class=\"upk-paradox-content-box upk-position-center\">\n\t\t\t\t<div class=\"upk-content-inner\">\n\t\t\t\t\t<div class=\"upk-category-date-wrap upk-flex upk-flex-middle\" data-swiper-parallax=\"-100\" data-swiper-parallax-opacity=\"0.5\" data-swiper-parallax-duration=\"600\">\n\t\t\t\t\t\t\t\t<div class=\"upk-paradox-category\">\n\t\t\t<a href=\"https:\/\/obuxixeiro.com.br\/?cat=31\">Mundo<\/a>\t\t<\/div>\n\t\t\t\t\t\t\t\t\n\t\t<div class=\"upk-paradox-date\">\n\t\t\t27 de abril de 2026\t\t<\/div>\n\n\t\t\n\t\t\t\t\t\t\t<\/div>\n\n\t\t\t\t\t<div data-swiper-parallax=\"-200\" data-swiper-parallax-opacity=\"0.5\" data-swiper-parallax-duration=\"700\">\n\t\t\t\t\t\t<h3 class=\"upk-paradox-title-wrap\" >\n\t\t\t\t<a href=\"https:\/\/obuxixeiro.com.br\/?p=156137\" class=\"upk-paradox-title\" title=\"Agroneg\u00f3cio e exporta\u00e7\u00f5es sustentam crescimento, mas gargalos de infraestrutura pressionam competitividade\">\n\t\t\t\t\tAgroneg\u00f3cio e exporta\u00e7\u00f5es sustentam crescimento, mas gargalos de infraestrutura pressionam competitividade\n\t\t\t\t<\/a>\n\t\t\t<\/h3>\t\t\t\t\t<\/div>\n\n\t\t\t\t\t<div data-swiper-parallax=\"-300\" data-swiper-parallax-opacity=\"0.5\" data-swiper-parallax-duration=\"800\">\n\t\t\t\t\t\t\t\t\t\t\t<\/div>\n\t\t\t\t\t\n\t\t\t\t\t<div data-swiper-parallax=\"-400\" data-swiper-parallax-opacity=\"0.5\" data-swiper-parallax-duration=\"900\">\n\t\t\t\t\t\t\t\t\t\t\t<\/div>\n\t\t\t\t<\/div>\n\t\t\t<\/div>\n\t\t<\/div>\n\t\t\t\t<div class=\"upk-paradox-slider-item swiper-slide upk-transition-toggle\">\n\t\t\t<div class=\"upk-image-wrapper\">\n\t\t\t\t\n\t\t<img decoding=\"async\" class=\"upk-paradox-img swiper-lazy\" src=\"https:\/\/obuxixeiro.com.br\/wp-content\/uploads\/2026\/04\/156133-brasil-consolida-protagonismo-no-mercado-de-carbono-as-vesperas-da-cop31-na-turquia.jpg\" alt=\"Brasil consolida protagonismo no mercado de carbono \u00e0s v\u00e9speras da COP31 na Turquia\">\n\n\t\t\t\t\t<\/div>\n\n\t\t\t<div class=\"upk-paradox-content-box upk-position-center\">\n\t\t\t\t<div class=\"upk-content-inner\">\n\t\t\t\t\t<div class=\"upk-category-date-wrap upk-flex upk-flex-middle\" data-swiper-parallax=\"-100\" data-swiper-parallax-opacity=\"0.5\" data-swiper-parallax-duration=\"600\">\n\t\t\t\t\t\t\t\t<div class=\"upk-paradox-category\">\n\t\t\t<a href=\"https:\/\/obuxixeiro.com.br\/?cat=32\">Brasil<\/a> <a href=\"https:\/\/obuxixeiro.com.br\/?cat=1\">Todas Noticias<\/a>\t\t<\/div>\n\t\t\t\t\t\t\t\t\n\t\t<div class=\"upk-paradox-date\">\n\t\t\t27 de abril de 2026\t\t<\/div>\n\n\t\t\n\t\t\t\t\t\t\t<\/div>\n\n\t\t\t\t\t<div data-swiper-parallax=\"-200\" data-swiper-parallax-opacity=\"0.5\" data-swiper-parallax-duration=\"700\">\n\t\t\t\t\t\t<h3 class=\"upk-paradox-title-wrap\" >\n\t\t\t\t<a href=\"https:\/\/obuxixeiro.com.br\/?p=156133\" class=\"upk-paradox-title\" title=\"Brasil consolida protagonismo no mercado de carbono \u00e0s v\u00e9speras da COP31 na Turquia\">\n\t\t\t\t\tBrasil consolida protagonismo no mercado de carbono \u00e0s v\u00e9speras da COP31 na Turquia\n\t\t\t\t<\/a>\n\t\t\t<\/h3>\t\t\t\t\t<\/div>\n\n\t\t\t\t\t<div data-swiper-parallax=\"-300\" data-swiper-parallax-opacity=\"0.5\" data-swiper-parallax-duration=\"800\">\n\t\t\t\t\t\t\t\t\t\t\t<\/div>\n\t\t\t\t\t\n\t\t\t\t\t<div data-swiper-parallax=\"-400\" data-swiper-parallax-opacity=\"0.5\" data-swiper-parallax-duration=\"900\">\n\t\t\t\t\t\t\t\t\t\t\t<\/div>\n\t\t\t\t<\/div>\n\t\t\t<\/div>\n\t\t<\/div>\n\t\t\t\t<div class=\"upk-paradox-slider-item swiper-slide upk-transition-toggle\">\n\t\t\t<div class=\"upk-image-wrapper\">\n\t\t\t\t\n\t\t<img decoding=\"async\" class=\"upk-paradox-img swiper-lazy\" src=\"https:\/\/obuxixeiro.com.br\/wp-content\/uploads\/2026\/04\/156095-pesquisadores-de-sp-desenvolvem-dispositivo-que-integra-computacao-ao-cerebro-humano.png\" alt=\"Pesquisadores de SP desenvolvem dispositivo que integra computa\u00e7\u00e3o ao c\u00e9rebro humano\">\n\n\t\t\t\t\t<\/div>\n\n\t\t\t<div class=\"upk-paradox-content-box upk-position-center\">\n\t\t\t\t<div class=\"upk-content-inner\">\n\t\t\t\t\t<div class=\"upk-category-date-wrap upk-flex upk-flex-middle\" data-swiper-parallax=\"-100\" data-swiper-parallax-opacity=\"0.5\" data-swiper-parallax-duration=\"600\">\n\t\t\t\t\t\t\t\t<div class=\"upk-paradox-category\">\n\t\t\t<a href=\"https:\/\/obuxixeiro.com.br\/?cat=36\">Saude<\/a>\t\t<\/div>\n\t\t\t\t\t\t\t\t\n\t\t<div class=\"upk-paradox-date\">\n\t\t\t27 de abril de 2026\t\t<\/div>\n\n\t\t\n\t\t\t\t\t\t\t<\/div>\n\n\t\t\t\t\t<div data-swiper-parallax=\"-200\" data-swiper-parallax-opacity=\"0.5\" data-swiper-parallax-duration=\"700\">\n\t\t\t\t\t\t<h3 class=\"upk-paradox-title-wrap\" >\n\t\t\t\t<a href=\"https:\/\/obuxixeiro.com.br\/?p=156095\" class=\"upk-paradox-title\" title=\"Pesquisadores de SP desenvolvem dispositivo que integra computa\u00e7\u00e3o ao c\u00e9rebro humano\">\n\t\t\t\t\tPesquisadores de SP desenvolvem dispositivo que integra computa\u00e7\u00e3o ao c\u00e9rebro humano\n\t\t\t\t<\/a>\n\t\t\t<\/h3>\t\t\t\t\t<\/div>\n\n\t\t\t\t\t<div data-swiper-parallax=\"-300\" data-swiper-parallax-opacity=\"0.5\" data-swiper-parallax-duration=\"800\">\n\t\t\t\t\t\t\t\t\t\t\t<\/div>\n\t\t\t\t\t\n\t\t\t\t\t<div data-swiper-parallax=\"-400\" data-swiper-parallax-opacity=\"0.5\" data-swiper-parallax-duration=\"900\">\n\t\t\t\t\t\t\t\t\t\t\t<\/div>\n\t\t\t\t<\/div>\n\t\t\t<\/div>\n\t\t<\/div>\n\t\t\t\t<div class=\"upk-paradox-slider-item swiper-slide upk-transition-toggle\">\n\t\t\t<div class=\"upk-image-wrapper\">\n\t\t\t\t\n\t\t<img decoding=\"async\" class=\"upk-paradox-img swiper-lazy\" src=\"https:\/\/obuxixeiro.com.br\/wp-content\/uploads\/2026\/04\/156089-operacao-conjunta-da-pm-e-pf-prende-procurado-por-trafico-internacional-de-drogas-em-ilhabela.png\" alt=\"Opera\u00e7\u00e3o conjunta da PM e PF prende procurado por tr\u00e1fico internacional de drogas em Ilhabela\">\n\n\t\t\t\t\t<\/div>\n\n\t\t\t<div class=\"upk-paradox-content-box upk-position-center\">\n\t\t\t\t<div class=\"upk-content-inner\">\n\t\t\t\t\t<div class=\"upk-category-date-wrap upk-flex upk-flex-middle\" data-swiper-parallax=\"-100\" data-swiper-parallax-opacity=\"0.5\" data-swiper-parallax-duration=\"600\">\n\t\t\t\t\t\t\t\t<div class=\"upk-paradox-category\">\n\t\t\t<a href=\"https:\/\/obuxixeiro.com.br\/?cat=35\">Cidades<\/a>\t\t<\/div>\n\t\t\t\t\t\t\t\t\n\t\t<div class=\"upk-paradox-date\">\n\t\t\t27 de abril de 2026\t\t<\/div>\n\n\t\t\n\t\t\t\t\t\t\t<\/div>\n\n\t\t\t\t\t<div data-swiper-parallax=\"-200\" data-swiper-parallax-opacity=\"0.5\" data-swiper-parallax-duration=\"700\">\n\t\t\t\t\t\t<h3 class=\"upk-paradox-title-wrap\" >\n\t\t\t\t<a href=\"https:\/\/obuxixeiro.com.br\/?p=156089\" class=\"upk-paradox-title\" title=\"Opera\u00e7\u00e3o conjunta da PM e PF prende procurado por tr\u00e1fico internacional de drogas em Ilhabela\">\n\t\t\t\t\tOpera\u00e7\u00e3o conjunta da PM e PF prende procurado por tr\u00e1fico internacional de drogas em Ilhabela\n\t\t\t\t<\/a>\n\t\t\t<\/h3>\t\t\t\t\t<\/div>\n\n\t\t\t\t\t<div data-swiper-parallax=\"-300\" data-swiper-parallax-opacity=\"0.5\" data-swiper-parallax-duration=\"800\">\n\t\t\t\t\t\t\t\t\t\t\t<\/div>\n\t\t\t\t\t\n\t\t\t\t\t<div data-swiper-parallax=\"-400\" data-swiper-parallax-opacity=\"0.5\" data-swiper-parallax-duration=\"900\">\n\t\t\t\t\t\t\t\t\t\t\t<\/div>\n\t\t\t\t<\/div>\n\t\t\t<\/div>\n\t\t<\/div>\n\t\t\t\t<div class=\"upk-paradox-slider-item swiper-slide upk-transition-toggle\">\n\t\t\t<div class=\"upk-image-wrapper\">\n\t\t\t\t\n\t\t<img decoding=\"async\" class=\"upk-paradox-img swiper-lazy\" src=\"https:\/\/obuxixeiro.com.br\/wp-content\/uploads\/2026\/04\/156091-especialistas-alertam-para-controle-da-pressao-arterial-no-dia-de-combate-a-hipertensao.png\" alt=\"Especialistas alertam para controle da press\u00e3o arterial no Dia de Combate \u00e0 Hipertens\u00e3o\">\n\n\t\t\t\t\t<\/div>\n\n\t\t\t<div class=\"upk-paradox-content-box upk-position-center\">\n\t\t\t\t<div class=\"upk-content-inner\">\n\t\t\t\t\t<div class=\"upk-category-date-wrap upk-flex upk-flex-middle\" data-swiper-parallax=\"-100\" data-swiper-parallax-opacity=\"0.5\" data-swiper-parallax-duration=\"600\">\n\t\t\t\t\t\t\t\t<div class=\"upk-paradox-category\">\n\t\t\t<a href=\"https:\/\/obuxixeiro.com.br\/?cat=35\">Cidades<\/a>\t\t<\/div>\n\t\t\t\t\t\t\t\t\n\t\t<div class=\"upk-paradox-date\">\n\t\t\t27 de abril de 2026\t\t<\/div>\n\n\t\t\n\t\t\t\t\t\t\t<\/div>\n\n\t\t\t\t\t<div data-swiper-parallax=\"-200\" data-swiper-parallax-opacity=\"0.5\" data-swiper-parallax-duration=\"700\">\n\t\t\t\t\t\t<h3 class=\"upk-paradox-title-wrap\" >\n\t\t\t\t<a href=\"https:\/\/obuxixeiro.com.br\/?p=156091\" class=\"upk-paradox-title\" title=\"Especialistas alertam para controle da press\u00e3o arterial no Dia de Combate \u00e0 Hipertens\u00e3o\">\n\t\t\t\t\tEspecialistas alertam para controle da press\u00e3o arterial no Dia de Combate \u00e0 Hipertens\u00e3o\n\t\t\t\t<\/a>\n\t\t\t<\/h3>\t\t\t\t\t<\/div>\n\n\t\t\t\t\t<div data-swiper-parallax=\"-300\" data-swiper-parallax-opacity=\"0.5\" data-swiper-parallax-duration=\"800\">\n\t\t\t\t\t\t\t\t\t\t\t<\/div>\n\t\t\t\t\t\n\t\t\t\t\t<div data-swiper-parallax=\"-400\" data-swiper-parallax-opacity=\"0.5\" data-swiper-parallax-duration=\"900\">\n\t\t\t\t\t\t\t\t\t\t\t<\/div>\n\t\t\t\t<\/div>\n\t\t\t<\/div>\n\t\t<\/div>\n\t\t\t\t<div class=\"upk-paradox-slider-item swiper-slide upk-transition-toggle\">\n\t\t\t<div class=\"upk-image-wrapper\">\n\t\t\t\t\n\t\t<img decoding=\"async\" class=\"upk-paradox-img swiper-lazy\" src=\"https:\/\/obuxixeiro.com.br\/wp-content\/uploads\/2026\/04\/156093-justica-condena-estado-de-sp-a-indenizar-detentos-por-casos-de-tortura-em-unidades-prisionais.png\" alt=\"Justi\u00e7a condena Estado de SP a indenizar detentos por casos de tortura em unidades prisionais\">\n\n\t\t\t\t\t<\/div>\n\n\t\t\t<div class=\"upk-paradox-content-box upk-position-center\">\n\t\t\t\t<div class=\"upk-content-inner\">\n\t\t\t\t\t<div class=\"upk-category-date-wrap upk-flex upk-flex-middle\" data-swiper-parallax=\"-100\" data-swiper-parallax-opacity=\"0.5\" data-swiper-parallax-duration=\"600\">\n\t\t\t\t\t\t\t\t<div class=\"upk-paradox-category\">\n\t\t\t<a href=\"https:\/\/obuxixeiro.com.br\/?cat=35\">Cidades<\/a>\t\t<\/div>\n\t\t\t\t\t\t\t\t\n\t\t<div class=\"upk-paradox-date\">\n\t\t\t27 de abril de 2026\t\t<\/div>\n\n\t\t\n\t\t\t\t\t\t\t<\/div>\n\n\t\t\t\t\t<div data-swiper-parallax=\"-200\" data-swiper-parallax-opacity=\"0.5\" data-swiper-parallax-duration=\"700\">\n\t\t\t\t\t\t<h3 class=\"upk-paradox-title-wrap\" >\n\t\t\t\t<a href=\"https:\/\/obuxixeiro.com.br\/?p=156093\" class=\"upk-paradox-title\" title=\"Justi\u00e7a condena Estado de SP a indenizar detentos por casos de tortura em unidades prisionais\">\n\t\t\t\t\tJusti\u00e7a condena Estado de SP a indenizar detentos por casos de tortura em unidades prisionais\n\t\t\t\t<\/a>\n\t\t\t<\/h3>\t\t\t\t\t<\/div>\n\n\t\t\t\t\t<div data-swiper-parallax=\"-300\" data-swiper-parallax-opacity=\"0.5\" data-swiper-parallax-duration=\"800\">\n\t\t\t\t\t\t\t\t\t\t\t<\/div>\n\t\t\t\t\t\n\t\t\t\t\t<div data-swiper-parallax=\"-400\" data-swiper-parallax-opacity=\"0.5\" data-swiper-parallax-duration=\"900\">\n\t\t\t\t\t\t\t\t\t\t\t<\/div>\n\t\t\t\t<\/div>\n\t\t\t<\/div>\n\t\t<\/div>\n\t\t\t\t<div class=\"upk-paradox-slider-item swiper-slide upk-transition-toggle\">\n\t\t\t<div class=\"upk-image-wrapper\">\n\t\t\t\t\n\t\t<img decoding=\"async\" class=\"upk-paradox-img swiper-lazy\" src=\"https:\/\/obuxixeiro.com.br\/wp-content\/uploads\/2026\/04\/156083-jogos-escolares-do-estado-de-sp-comecam-com-seletivas-na-capital-e-no-interior.png\" alt=\"Jogos Escolares do Estado de SP come\u00e7am com seletivas na capital e no interior\">\n\n\t\t\t\t\t<\/div>\n\n\t\t\t<div class=\"upk-paradox-content-box upk-position-center\">\n\t\t\t\t<div class=\"upk-content-inner\">\n\t\t\t\t\t<div class=\"upk-category-date-wrap upk-flex upk-flex-middle\" data-swiper-parallax=\"-100\" data-swiper-parallax-opacity=\"0.5\" data-swiper-parallax-duration=\"600\">\n\t\t\t\t\t\t\t\t<div class=\"upk-paradox-category\">\n\t\t\t<a href=\"https:\/\/obuxixeiro.com.br\/?cat=32\">Brasil<\/a> <a href=\"https:\/\/obuxixeiro.com.br\/?cat=1\">Todas Noticias<\/a>\t\t<\/div>\n\t\t\t\t\t\t\t\t\n\t\t<div class=\"upk-paradox-date\">\n\t\t\t26 de abril de 2026\t\t<\/div>\n\n\t\t\n\t\t\t\t\t\t\t<\/div>\n\n\t\t\t\t\t<div data-swiper-parallax=\"-200\" data-swiper-parallax-opacity=\"0.5\" data-swiper-parallax-duration=\"700\">\n\t\t\t\t\t\t<h3 class=\"upk-paradox-title-wrap\" >\n\t\t\t\t<a href=\"https:\/\/obuxixeiro.com.br\/?p=156083\" class=\"upk-paradox-title\" title=\"Jogos Escolares do Estado de SP come\u00e7am com seletivas na capital e no interior\">\n\t\t\t\t\tJogos Escolares do Estado de SP come\u00e7am com seletivas na capital e no interior\n\t\t\t\t<\/a>\n\t\t\t<\/h3>\t\t\t\t\t<\/div>\n\n\t\t\t\t\t<div data-swiper-parallax=\"-300\" data-swiper-parallax-opacity=\"0.5\" data-swiper-parallax-duration=\"800\">\n\t\t\t\t\t\t\t\t\t\t\t<\/div>\n\t\t\t\t\t\n\t\t\t\t\t<div data-swiper-parallax=\"-400\" data-swiper-parallax-opacity=\"0.5\" data-swiper-parallax-duration=\"900\">\n\t\t\t\t\t\t\t\t\t\t\t<\/div>\n\t\t\t\t<\/div>\n\t\t\t<\/div>\n\t\t<\/div>\n\t\t\t\t<div class=\"upk-paradox-slider-item swiper-slide upk-transition-toggle\">\n\t\t\t<div class=\"upk-image-wrapper\">\n\t\t\t\t\n\t\t<img decoding=\"async\" class=\"upk-paradox-img swiper-lazy\" src=\"https:\/\/obuxixeiro.com.br\/wp-content\/uploads\/2026\/04\/156085-feirao-de-emprego-em-vinhedo-oferece-mais-de-350-vagas-nesta-segunda-feira.png\" alt=\"Feir\u00e3o de emprego em Vinhedo oferece mais de 350 vagas nesta segunda-feira\">\n\n\t\t\t\t\t<\/div>\n\n\t\t\t<div class=\"upk-paradox-content-box upk-position-center\">\n\t\t\t\t<div class=\"upk-content-inner\">\n\t\t\t\t\t<div class=\"upk-category-date-wrap upk-flex upk-flex-middle\" data-swiper-parallax=\"-100\" data-swiper-parallax-opacity=\"0.5\" data-swiper-parallax-duration=\"600\">\n\t\t\t\t\t\t\t\t<div class=\"upk-paradox-category\">\n\t\t\t<a href=\"https:\/\/obuxixeiro.com.br\/?cat=32\">Brasil<\/a> <a href=\"https:\/\/obuxixeiro.com.br\/?cat=1\">Todas Noticias<\/a>\t\t<\/div>\n\t\t\t\t\t\t\t\t\n\t\t<div class=\"upk-paradox-date\">\n\t\t\t26 de abril de 2026\t\t<\/div>\n\n\t\t\n\t\t\t\t\t\t\t<\/div>\n\n\t\t\t\t\t<div data-swiper-parallax=\"-200\" data-swiper-parallax-opacity=\"0.5\" data-swiper-parallax-duration=\"700\">\n\t\t\t\t\t\t<h3 class=\"upk-paradox-title-wrap\" >\n\t\t\t\t<a href=\"https:\/\/obuxixeiro.com.br\/?p=156085\" class=\"upk-paradox-title\" title=\"Feir\u00e3o de emprego em Vinhedo oferece mais de 350 vagas nesta segunda-feira\">\n\t\t\t\t\tFeir\u00e3o de emprego em Vinhedo oferece mais de 350 vagas nesta segunda-feira\n\t\t\t\t<\/a>\n\t\t\t<\/h3>\t\t\t\t\t<\/div>\n\n\t\t\t\t\t<div data-swiper-parallax=\"-300\" data-swiper-parallax-opacity=\"0.5\" data-swiper-parallax-duration=\"800\">\n\t\t\t\t\t\t\t\t\t\t\t<\/div>\n\t\t\t\t\t\n\t\t\t\t\t<div data-swiper-parallax=\"-400\" data-swiper-parallax-opacity=\"0.5\" data-swiper-parallax-duration=\"900\">\n\t\t\t\t\t\t\t\t\t\t\t<\/div>\n\t\t\t\t<\/div>\n\t\t\t<\/div>\n\t\t<\/div>\n\t\t\t\t<div class=\"upk-paradox-slider-item swiper-slide upk-transition-toggle\">\n\t\t\t<div class=\"upk-image-wrapper\">\n\t\t\t\t\n\t\t<img decoding=\"async\" class=\"upk-paradox-img swiper-lazy\" src=\"https:\/\/obuxixeiro.com.br\/wp-content\/uploads\/2026\/04\/156087-polo-aeroespacial-de-sao-jose-dos-campos-recebe-incentivo-e-amplia-projetos-industriais.png\" alt=\"Polo aeroespacial de S\u00e3o Jos\u00e9 dos Campos recebe incentivo e amplia projetos industriais\">\n\n\t\t\t\t\t<\/div>\n\n\t\t\t<div class=\"upk-paradox-content-box upk-position-center\">\n\t\t\t\t<div class=\"upk-content-inner\">\n\t\t\t\t\t<div class=\"upk-category-date-wrap upk-flex upk-flex-middle\" data-swiper-parallax=\"-100\" data-swiper-parallax-opacity=\"0.5\" data-swiper-parallax-duration=\"600\">\n\t\t\t\t\t\t\t\t<div class=\"upk-paradox-category\">\n\t\t\t<a href=\"https:\/\/obuxixeiro.com.br\/?cat=32\">Brasil<\/a> <a href=\"https:\/\/obuxixeiro.com.br\/?cat=1\">Todas Noticias<\/a>\t\t<\/div>\n\t\t\t\t\t\t\t\t\n\t\t<div class=\"upk-paradox-date\">\n\t\t\t26 de abril de 2026\t\t<\/div>\n\n\t\t\n\t\t\t\t\t\t\t<\/div>\n\n\t\t\t\t\t<div data-swiper-parallax=\"-200\" data-swiper-parallax-opacity=\"0.5\" data-swiper-parallax-duration=\"700\">\n\t\t\t\t\t\t<h3 class=\"upk-paradox-title-wrap\" >\n\t\t\t\t<a href=\"https:\/\/obuxixeiro.com.br\/?p=156087\" class=\"upk-paradox-title\" title=\"Polo aeroespacial de S\u00e3o Jos\u00e9 dos Campos recebe incentivo e amplia projetos industriais\">\n\t\t\t\t\tPolo aeroespacial de S\u00e3o Jos\u00e9 dos Campos recebe incentivo e amplia projetos industriais\n\t\t\t\t<\/a>\n\t\t\t<\/h3>\t\t\t\t\t<\/div>\n\n\t\t\t\t\t<div data-swiper-parallax=\"-300\" data-swiper-parallax-opacity=\"0.5\" data-swiper-parallax-duration=\"800\">\n\t\t\t\t\t\t\t\t\t\t\t<\/div>\n\t\t\t\t\t\n\t\t\t\t\t<div data-swiper-parallax=\"-400\" data-swiper-parallax-opacity=\"0.5\" data-swiper-parallax-duration=\"900\">\n\t\t\t\t\t\t\t\t\t\t\t<\/div>\n\t\t\t\t<\/div>\n\t\t\t<\/div>\n\t\t<\/div>\n\t\t\t\t\t\t\t<\/div>\n\t\t\t\t\t\t\t\t\t<\/div>\n\t\t\t\t\n\t\t\t\t\t\t\t\t\t\t\t<div class=\"upk-position-z-index upk-position-center\">\n\t\t\t<div class=\"upk-arrows-dots-container upk-slidenav-container \">\n\t\t\t\t\n\t\t\t\t<div class=\"upk-flex upk-flex-middle\">\n\t\t\t\t\t<div class=\"upk-visible@m upk-flex\">\n\t\t\t\t\t\t<a href=\"\" class=\"upk-navigation-prev upk-slidenav-previous upk-icon upk-slidenav\">\n\t\t\t\t\t\t\t<i class=\"upk-icon-arrow-left-0\" aria-hidden=\"true\"><\/i>\n\t\t\t\t\t\t<\/a>\n\t\t\t\t\t<\/div>\n\n\t\t\t\t\t\t\t\t\t\t\n\t\t\t\t\t<div class=\"upk-visible@m upk-flex\">\n\t\t\t\t\t\t<a href=\"\" class=\"upk-navigation-next upk-slidenav-next upk-icon upk-slidenav\">\n\t\t\t\t\t\t\t<i class=\"upk-icon-arrow-right-0\" aria-hidden=\"true\"><\/i>\n\t\t\t\t\t\t<\/a>\n\t\t\t\t\t<\/div>\n\t\t\t\t\t\n\t\t\t\t<\/div>\n\t\t\t<\/div>\n\t\t<\/div>\t\t\n\t\t\t\t\t\t\t\t\t\t\t\t\t<div class=\"upk-position-z-index upk-position-bottom\">\n\t\t\t\t\t\t\t<div class=\"upk-dots-container\">\n\t\t\t\t\t\t\t\t<div class=\"swiper-pagination\"><\/div>\n\t\t\t\t\t\t\t<\/div>\n\t\t\t\t\t\t<\/div>\n\t\t\t\t\t\t\t\t\t\t\t\t\t\n\t\t\t<\/div>\n\t\t<\/div>\n\n\t\t\t\t\t\t<\/div>\n\t\t\t\t<\/div>\n\t\t\t\t\t<\/div>\n\t\t<\/div>\n\t\t\t\t<div class=\"elementor-column elementor-col-33 elementor-top-column elementor-element elementor-element-98a6ee8 ts-sticky-native main-sidebar\" data-id=\"98a6ee8\" data-element_type=\"column\" data-e-type=\"column\">\n\t\t\t<div class=\"elementor-widget-wrap elementor-element-populated\">\n\t\t\t\t\t\t<div class=\"elementor-element elementor-element-ba5f819 elementor-widget elementor-widget-smartmag-postssmall\" data-id=\"ba5f819\" data-element_type=\"widget\" data-e-type=\"widget\" data-widget_type=\"smartmag-postssmall.default\">\n\t\t\t\t<div class=\"elementor-widget-container\">\n\t\t\t\t\t\t\t<section class=\"block-wrap block-posts-small block-sc mb-none\" data-id=\"1\">\n\n\t\t\t\t\t\t\t\t\n\t\t\t\t\t\t\t\n\t\t\t\t<div class=\"block-head block-head-ac block-head-d is-center\">\n\n\t\t\t\t\t<h4 class=\"heading\">NOTICIAS DA CIDADE E REGI\u00c3O<\/h4>\t\t\t\t\t\n\t\t\t\t\t\t\t\t\t<\/div>\n\t\t\t\t\n\t\t\t\n\t\t\t\n\t\t\t<div class=\"block-content\">\n\t\t\t\t\n\t<div class=\"loop loop-small loop-small- grid grid-1 md:grid-1 sm:grid-1 xs:grid-1\">\n\n\t\t\t\t\t\n<article class=\"l-post small-post m-pos-right\">\n\n\t\n\t\t\t<div class=\"media\">\n\n\t\t\n\t\t\t<a href=\"https:\/\/obuxixeiro.com.br\/?p=156089\" class=\"image-link media-ratio ratio-4-3\" title=\"Opera\u00e7\u00e3o conjunta da PM e PF prende procurado por tr\u00e1fico internacional de drogas em Ilhabela\"><img decoding=\"async\" width=\"153\" height=\"115\" src=\"https:\/\/obuxixeiro.com.br\/wp-content\/uploads\/2026\/04\/156089-operacao-conjunta-da-pm-e-pf-prende-procurado-por-trafico-internacional-de-drogas-em-ilhabela-300x200.png\" class=\"attachment-medium size-medium wp-post-image\" alt=\"operacao-conjunta-da-pm-e-pf-prende-procurado-por-trafico-internacional-de-drogas-em-ilhabela\" sizes=\"(max-width: 153px) 100vw, 153px\" title=\"Opera\u00e7\u00e3o conjunta da PM e PF prende procurado por tr\u00e1fico internacional de drogas em Ilhabela\" srcset=\"https:\/\/obuxixeiro.com.br\/wp-content\/uploads\/2026\/04\/156089-operacao-conjunta-da-pm-e-pf-prende-procurado-por-trafico-internacional-de-drogas-em-ilhabela-300x200.png 300w, https:\/\/obuxixeiro.com.br\/wp-content\/uploads\/2026\/04\/156089-operacao-conjunta-da-pm-e-pf-prende-procurado-por-trafico-internacional-de-drogas-em-ilhabela-1024x683.png 1024w, https:\/\/obuxixeiro.com.br\/wp-content\/uploads\/2026\/04\/156089-operacao-conjunta-da-pm-e-pf-prende-procurado-por-trafico-internacional-de-drogas-em-ilhabela-768x512.png 768w, https:\/\/obuxixeiro.com.br\/wp-content\/uploads\/2026\/04\/156089-operacao-conjunta-da-pm-e-pf-prende-procurado-por-trafico-internacional-de-drogas-em-ilhabela-450x300.png 450w, https:\/\/obuxixeiro.com.br\/wp-content\/uploads\/2026\/04\/156089-operacao-conjunta-da-pm-e-pf-prende-procurado-por-trafico-internacional-de-drogas-em-ilhabela-1200x800.png 1200w, https:\/\/obuxixeiro.com.br\/wp-content\/uploads\/2026\/04\/156089-operacao-conjunta-da-pm-e-pf-prende-procurado-por-trafico-internacional-de-drogas-em-ilhabela-219x146.png 219w, https:\/\/obuxixeiro.com.br\/wp-content\/uploads\/2026\/04\/156089-operacao-conjunta-da-pm-e-pf-prende-procurado-por-trafico-internacional-de-drogas-em-ilhabela.png 1536w\" \/><\/a>\t\t\t\n\t\t\t\n\t\t\t\n\t\t\t\n\t\t\n\t\t<\/div>\n\t\n\n\t\n\t\t<div class=\"content\">\n\n\t\t\t<div class=\"post-meta post-meta-a post-meta-left has-below\"><h4 class=\"is-title post-title limit-lines l-lines-2\"><a href=\"https:\/\/obuxixeiro.com.br\/?p=156089\">Opera\u00e7\u00e3o conjunta da PM e PF prende procurado por tr\u00e1fico internacional de drogas em Ilhabela<\/a><\/h4><div class=\"post-meta-items meta-below\"><span class=\"meta-item date\"><span class=\"date-link\"><time class=\"post-date\" datetime=\"2026-04-27T04:41:44-03:00\">27 de abril de 2026<\/time><\/span><\/span><\/div><\/div>\t\t\t\n\t\t\t\n\t\t\t\n\t\t<\/div>\n\n\t\n<\/article>\t\n\t\t\t\t\t\n<article class=\"l-post small-post m-pos-right\">\n\n\t\n\t\t\t<div class=\"media\">\n\n\t\t\n\t\t\t<a href=\"https:\/\/obuxixeiro.com.br\/?p=156091\" class=\"image-link media-ratio ratio-4-3\" title=\"Especialistas alertam para controle da press\u00e3o arterial no Dia de Combate \u00e0 Hipertens\u00e3o\"><img decoding=\"async\" width=\"153\" height=\"115\" src=\"https:\/\/obuxixeiro.com.br\/wp-content\/uploads\/2026\/04\/156091-especialistas-alertam-para-controle-da-pressao-arterial-no-dia-de-combate-a-hipertensao-300x200.png\" class=\"attachment-medium size-medium wp-post-image\" alt=\"especialistas-alertam-para-controle-da-pressao-arterial-no-dia-de-combate-a-hipertensao\" sizes=\"(max-width: 153px) 100vw, 153px\" title=\"Especialistas alertam para controle da press\u00e3o arterial no Dia de Combate \u00e0 Hipertens\u00e3o\" srcset=\"https:\/\/obuxixeiro.com.br\/wp-content\/uploads\/2026\/04\/156091-especialistas-alertam-para-controle-da-pressao-arterial-no-dia-de-combate-a-hipertensao-300x200.png 300w, https:\/\/obuxixeiro.com.br\/wp-content\/uploads\/2026\/04\/156091-especialistas-alertam-para-controle-da-pressao-arterial-no-dia-de-combate-a-hipertensao-1024x683.png 1024w, https:\/\/obuxixeiro.com.br\/wp-content\/uploads\/2026\/04\/156091-especialistas-alertam-para-controle-da-pressao-arterial-no-dia-de-combate-a-hipertensao-768x512.png 768w, https:\/\/obuxixeiro.com.br\/wp-content\/uploads\/2026\/04\/156091-especialistas-alertam-para-controle-da-pressao-arterial-no-dia-de-combate-a-hipertensao-450x300.png 450w, https:\/\/obuxixeiro.com.br\/wp-content\/uploads\/2026\/04\/156091-especialistas-alertam-para-controle-da-pressao-arterial-no-dia-de-combate-a-hipertensao-1200x800.png 1200w, https:\/\/obuxixeiro.com.br\/wp-content\/uploads\/2026\/04\/156091-especialistas-alertam-para-controle-da-pressao-arterial-no-dia-de-combate-a-hipertensao-219x146.png 219w, https:\/\/obuxixeiro.com.br\/wp-content\/uploads\/2026\/04\/156091-especialistas-alertam-para-controle-da-pressao-arterial-no-dia-de-combate-a-hipertensao.png 1536w\" \/><\/a>\t\t\t\n\t\t\t\n\t\t\t\n\t\t\t\n\t\t\n\t\t<\/div>\n\t\n\n\t\n\t\t<div class=\"content\">\n\n\t\t\t<div class=\"post-meta post-meta-a post-meta-left has-below\"><h4 class=\"is-title post-title limit-lines l-lines-2\"><a href=\"https:\/\/obuxixeiro.com.br\/?p=156091\">Especialistas alertam para controle da press\u00e3o arterial no Dia de Combate \u00e0 Hipertens\u00e3o<\/a><\/h4><div class=\"post-meta-items meta-below\"><span class=\"meta-item date\"><span class=\"date-link\"><time class=\"post-date\" datetime=\"2026-04-27T04:41:43-03:00\">27 de abril de 2026<\/time><\/span><\/span><\/div><\/div>\t\t\t\n\t\t\t\n\t\t\t\n\t\t<\/div>\n\n\t\n<\/article>\t\n\t\t\t\t\t\n<article class=\"l-post small-post m-pos-right\">\n\n\t\n\t\t\t<div class=\"media\">\n\n\t\t\n\t\t\t<a href=\"https:\/\/obuxixeiro.com.br\/?p=156093\" class=\"image-link media-ratio ratio-4-3\" title=\"Justi\u00e7a condena Estado de SP a indenizar detentos por casos de tortura em unidades prisionais\"><img decoding=\"async\" width=\"153\" height=\"115\" src=\"https:\/\/obuxixeiro.com.br\/wp-content\/uploads\/2026\/04\/156093-justica-condena-estado-de-sp-a-indenizar-detentos-por-casos-de-tortura-em-unidades-prisionais-300x200.png\" class=\"attachment-medium size-medium wp-post-image\" alt=\"justica-condena-estado-de-sp-a-indenizar-detentos-por-casos-de-tortura-em-unidades-prisionais\" sizes=\"(max-width: 153px) 100vw, 153px\" title=\"Justi\u00e7a condena Estado de SP a indenizar detentos por casos de tortura em unidades prisionais\" srcset=\"https:\/\/obuxixeiro.com.br\/wp-content\/uploads\/2026\/04\/156093-justica-condena-estado-de-sp-a-indenizar-detentos-por-casos-de-tortura-em-unidades-prisionais-300x200.png 300w, https:\/\/obuxixeiro.com.br\/wp-content\/uploads\/2026\/04\/156093-justica-condena-estado-de-sp-a-indenizar-detentos-por-casos-de-tortura-em-unidades-prisionais-1024x683.png 1024w, https:\/\/obuxixeiro.com.br\/wp-content\/uploads\/2026\/04\/156093-justica-condena-estado-de-sp-a-indenizar-detentos-por-casos-de-tortura-em-unidades-prisionais-768x512.png 768w, https:\/\/obuxixeiro.com.br\/wp-content\/uploads\/2026\/04\/156093-justica-condena-estado-de-sp-a-indenizar-detentos-por-casos-de-tortura-em-unidades-prisionais-450x300.png 450w, https:\/\/obuxixeiro.com.br\/wp-content\/uploads\/2026\/04\/156093-justica-condena-estado-de-sp-a-indenizar-detentos-por-casos-de-tortura-em-unidades-prisionais-1200x800.png 1200w, https:\/\/obuxixeiro.com.br\/wp-content\/uploads\/2026\/04\/156093-justica-condena-estado-de-sp-a-indenizar-detentos-por-casos-de-tortura-em-unidades-prisionais-219x146.png 219w, https:\/\/obuxixeiro.com.br\/wp-content\/uploads\/2026\/04\/156093-justica-condena-estado-de-sp-a-indenizar-detentos-por-casos-de-tortura-em-unidades-prisionais.png 1536w\" \/><\/a>\t\t\t\n\t\t\t\n\t\t\t\n\t\t\t\n\t\t\n\t\t<\/div>\n\t\n\n\t\n\t\t<div class=\"content\">\n\n\t\t\t<div class=\"post-meta post-meta-a post-meta-left has-below\"><h4 class=\"is-title post-title limit-lines l-lines-2\"><a href=\"https:\/\/obuxixeiro.com.br\/?p=156093\">Justi\u00e7a condena Estado de SP a indenizar detentos por casos de tortura em unidades prisionais<\/a><\/h4><div class=\"post-meta-items meta-below\"><span class=\"meta-item date\"><span class=\"date-link\"><time class=\"post-date\" datetime=\"2026-04-27T04:41:42-03:00\">27 de abril de 2026<\/time><\/span><\/span><\/div><\/div>\t\t\t\n\t\t\t\n\t\t\t\n\t\t<\/div>\n\n\t\n<\/article>\t\n\t\t\t\t\t\n<article class=\"l-post small-post m-pos-right\">\n\n\t\n\t\t\t<div class=\"media\">\n\n\t\t\n\t\t\t<a href=\"https:\/\/obuxixeiro.com.br\/?p=156007\" class=\"image-link media-ratio ratio-4-3\" title=\"Subea leva Consult\u00f3rio M\u00f3vel ao North Park na segunda (27)\"><img loading=\"lazy\" decoding=\"async\" width=\"153\" height=\"115\" src=\"https:\/\/obuxixeiro.com.br\/wp-content\/uploads\/2026\/04\/consultorio1-2-1024x682-1-300x200.jpeg\" class=\"attachment-medium size-medium wp-post-image\" alt=\"\" sizes=\"(max-width: 153px) 100vw, 153px\" title=\"Subea leva Consult\u00f3rio M\u00f3vel ao North Park na segunda (27)\" srcset=\"https:\/\/obuxixeiro.com.br\/wp-content\/uploads\/2026\/04\/consultorio1-2-1024x682-1-300x200.jpeg 300w, https:\/\/obuxixeiro.com.br\/wp-content\/uploads\/2026\/04\/consultorio1-2-1024x682-1-768x512.jpeg 768w, https:\/\/obuxixeiro.com.br\/wp-content\/uploads\/2026\/04\/consultorio1-2-1024x682-1-450x300.jpeg 450w, https:\/\/obuxixeiro.com.br\/wp-content\/uploads\/2026\/04\/consultorio1-2-1024x682-1-219x146.jpeg 219w, https:\/\/obuxixeiro.com.br\/wp-content\/uploads\/2026\/04\/consultorio1-2-1024x682-1.jpeg 1024w\" \/><\/a>\t\t\t\n\t\t\t\n\t\t\t\n\t\t\t\n\t\t\n\t\t<\/div>\n\t\n\n\t\n\t\t<div class=\"content\">\n\n\t\t\t<div class=\"post-meta post-meta-a post-meta-left has-below\"><h4 class=\"is-title post-title limit-lines l-lines-2\"><a href=\"https:\/\/obuxixeiro.com.br\/?p=156007\">Subea leva Consult\u00f3rio M\u00f3vel ao North Park na segunda (27)<\/a><\/h4><div class=\"post-meta-items meta-below\"><span class=\"meta-item date\"><span class=\"date-link\"><time class=\"post-date\" datetime=\"2026-04-26T10:55:08-03:00\">26 de abril de 2026<\/time><\/span><\/span><\/div><\/div>\t\t\t\n\t\t\t\n\t\t\t\n\t\t<\/div>\n\n\t\n<\/article>\t\n\t\t\n\t<\/div>\n\n\t\t\t\t\t<\/div>\n\n\t\t<\/section>\n\t\t\t\t\t\t<\/div>\n\t\t\t\t<\/div>\n\t\t\t\t\t<\/div>\n\t\t<\/div>\n\t\t\t\t\t<\/div>\n\t\t<\/section>\n\t\t\t\t<section class=\"has-el-gap el-gap-default elementor-section elementor-top-section elementor-element elementor-element-2e33943 elementor-section-boxed elementor-section-height-default elementor-section-height-default\" data-id=\"2e33943\" data-element_type=\"section\" data-e-type=\"section\">\n\t\t\t\t\t\t<div class=\"elementor-container elementor-column-gap-no\">\n\t\t\t\t\t<div class=\"elementor-column elementor-col-100 elementor-top-column elementor-element elementor-element-746d02b\" data-id=\"746d02b\" data-element_type=\"column\" data-e-type=\"column\">\n\t\t\t<div class=\"elementor-widget-wrap elementor-element-populated\">\n\t\t\t\t\t\t<div class=\"elementor-element elementor-element-2a612da elementor-widget elementor-widget-smartmag-overlay\" data-id=\"2a612da\" data-element_type=\"widget\" data-e-type=\"widget\" data-widget_type=\"smartmag-overlay.default\">\n\t\t\t\t<div class=\"elementor-widget-container\">\n\t\t\t\t\t\t\t<section class=\"block-wrap block-overlay block-sc cols-gap-sm mb-none\" data-id=\"2\">\n\n\t\t\t\t\t\t\t\t\n\t\t\t\t\t\t\t\n\t\t\t\t<div class=\"block-head block-head-ac block-head-c is-left\">\n\n\t\t\t\t\t<h4 class=\"heading\">GIRO DE NOT\u00cdCIAS NO BRASIL E NO MUNDO<\/h4>\t\t\t\t\t\n\t\t\t\t\t\t\t\t\t<\/div>\n\t\t\t\t\n\t\t\t\n\t\t\t\n\t\t\t<div class=\"block-content\">\n\t\t\t\t\t\n\t<div data-slider=\"carousel\" data-autoplay=\"1\" data-speed data-slides=\"3\" data-slides-md data-slides-sm data-arrows=\"b\" data-dots=\"1\" class=\"loop loop-overlay common-slider loop-carousel arrow-hover slider-arrow-b grid grid-3 md:grid-2 xs:grid-1\">\n\n\t\t\t\n\t\t\t\n<article class=\"l-post grid-overlay overlay-post grid-overlay-a overlay-base-post\">\n\n\t\n\t\t\t<div class=\"media\">\n\n\t\t\n\t\t\t<a href=\"https:\/\/obuxixeiro.com.br\/?p=156137\" class=\"image-link media-ratio ratio-4-3\" title=\"Agroneg\u00f3cio e exporta\u00e7\u00f5es sustentam crescimento, mas gargalos de infraestrutura pressionam competitividade\"><img loading=\"lazy\" decoding=\"async\" width=\"408\" height=\"306\" src=\"https:\/\/obuxixeiro.com.br\/wp-content\/uploads\/2026\/04\/156137-agronegocio-e-exportacoes-sustentam-crescimento-mas-gargalos-de-infraestrutura-pressi69ef83b4f308f-450x300.webp\" class=\"attachment-bunyad-medium size-bunyad-medium wp-post-image\" alt=\"agronegocio-e-exportacoes-sustentam-crescimento,-mas-gargalos-de-infraestrutura-pressionam-competitividade\" sizes=\"(max-width: 408px) 100vw, 408px\" title=\"Agroneg\u00f3cio e exporta\u00e7\u00f5es sustentam crescimento, mas gargalos de infraestrutura pressionam competitividade\" srcset=\"https:\/\/obuxixeiro.com.br\/wp-content\/uploads\/2026\/04\/156137-agronegocio-e-exportacoes-sustentam-crescimento-mas-gargalos-de-infraestrutura-pressi69ef83b4f308f-450x300.webp 450w, https:\/\/obuxixeiro.com.br\/wp-content\/uploads\/2026\/04\/156137-agronegocio-e-exportacoes-sustentam-crescimento-mas-gargalos-de-infraestrutura-pressi69ef83b4f308f-1024x683.webp 1024w, https:\/\/obuxixeiro.com.br\/wp-content\/uploads\/2026\/04\/156137-agronegocio-e-exportacoes-sustentam-crescimento-mas-gargalos-de-infraestrutura-pressi69ef83b4f308f-768x512.webp 768w, https:\/\/obuxixeiro.com.br\/wp-content\/uploads\/2026\/04\/156137-agronegocio-e-exportacoes-sustentam-crescimento-mas-gargalos-de-infraestrutura-pressi69ef83b4f308f-1536x1025.webp 1536w, https:\/\/obuxixeiro.com.br\/wp-content\/uploads\/2026\/04\/156137-agronegocio-e-exportacoes-sustentam-crescimento-mas-gargalos-de-infraestrutura-pressi69ef83b4f308f-1200x801.webp 1200w, https:\/\/obuxixeiro.com.br\/wp-content\/uploads\/2026\/04\/156137-agronegocio-e-exportacoes-sustentam-crescimento-mas-gargalos-de-infraestrutura-pressi69ef83b4f308f.webp 1920w\" \/><\/a>\t\t\t\n\t\t\t\n\t\t\t\n\t\t\t\n\t\t\n\t\t<\/div>\n\t\n\n\t\t\t<div class=\"content-wrap\">\n\t\n\t\t<div class=\"content\">\n\n\t\t\t<div class=\"post-meta post-meta-a meta-contrast\"><div class=\"post-meta-items meta-above\"><span class=\"meta-item cat-labels\">\n\t\t\t\t\t\t\n\t\t\t\t\t\t<a href=\"https:\/\/obuxixeiro.com.br\/?cat=31\" class=\"category term-color-31\" rel=\"category\" tabindex=\"-1\">Mundo<\/a>\n\t\t\t\t\t<\/span>\n\t\t\t\t\t<\/div><h2 class=\"is-title post-title\"><a href=\"https:\/\/obuxixeiro.com.br\/?p=156137\">Agroneg\u00f3cio e exporta\u00e7\u00f5es sustentam crescimento, mas gargalos de infraestrutura pressionam competitividade<\/a><\/h2><\/div>\t\t\t\n\t\t\t\n\t\t\t\n\t\t<\/div>\n\n\t\t\t<\/div>\n\t\n<\/article>\n\t\t\t\n\t\t\t\n<article class=\"l-post grid-overlay overlay-post grid-overlay-a overlay-base-post\">\n\n\t\n\t\t\t<div class=\"media\">\n\n\t\t\n\t\t\t<a href=\"https:\/\/obuxixeiro.com.br\/?p=155963\" class=\"image-link media-ratio ratio-4-3\" title=\"Maratona Internacional de S\u00e3o Paulo altera tr\u00e2nsito e transporte na capital neste fim de semana\"><img loading=\"lazy\" decoding=\"async\" width=\"408\" height=\"306\" src=\"https:\/\/obuxixeiro.com.br\/wp-content\/uploads\/2026\/04\/155963-maratona-internacional-de-sao-paulo-altera-transito-e-transporte-na-capital-neste-fim-de-semana-450x300.png\" class=\"attachment-bunyad-medium size-bunyad-medium wp-post-image\" alt=\"maratona-internacional-de-sao-paulo-altera-transito-e-transporte-na-capital-neste-fim-de-semana\" sizes=\"(max-width: 408px) 100vw, 408px\" title=\"Maratona Internacional de S\u00e3o Paulo altera tr\u00e2nsito e transporte na capital neste fim de semana\" srcset=\"https:\/\/obuxixeiro.com.br\/wp-content\/uploads\/2026\/04\/155963-maratona-internacional-de-sao-paulo-altera-transito-e-transporte-na-capital-neste-fim-de-semana-450x300.png 450w, https:\/\/obuxixeiro.com.br\/wp-content\/uploads\/2026\/04\/155963-maratona-internacional-de-sao-paulo-altera-transito-e-transporte-na-capital-neste-fim-de-semana-1024x683.png 1024w, https:\/\/obuxixeiro.com.br\/wp-content\/uploads\/2026\/04\/155963-maratona-internacional-de-sao-paulo-altera-transito-e-transporte-na-capital-neste-fim-de-semana-768x512.png 768w, https:\/\/obuxixeiro.com.br\/wp-content\/uploads\/2026\/04\/155963-maratona-internacional-de-sao-paulo-altera-transito-e-transporte-na-capital-neste-fim-de-semana-1200x800.png 1200w, https:\/\/obuxixeiro.com.br\/wp-content\/uploads\/2026\/04\/155963-maratona-internacional-de-sao-paulo-altera-transito-e-transporte-na-capital-neste-fim-de-semana.png 1536w\" \/><\/a>\t\t\t\n\t\t\t\n\t\t\t\n\t\t\t\n\t\t\n\t\t<\/div>\n\t\n\n\t\t\t<div class=\"content-wrap\">\n\t\n\t\t<div class=\"content\">\n\n\t\t\t<div class=\"post-meta post-meta-a meta-contrast\"><div class=\"post-meta-items meta-above\"><span class=\"meta-item cat-labels\">\n\t\t\t\t\t\t\n\t\t\t\t\t\t<a href=\"https:\/\/obuxixeiro.com.br\/?cat=31\" class=\"category term-color-31\" rel=\"category\" tabindex=\"-1\">Mundo<\/a>\n\t\t\t\t\t<\/span>\n\t\t\t\t\t<\/div><h2 class=\"is-title post-title\"><a href=\"https:\/\/obuxixeiro.com.br\/?p=155963\">Maratona Internacional de S\u00e3o Paulo altera tr\u00e2nsito e transporte na capital neste fim de semana<\/a><\/h2><\/div>\t\t\t\n\t\t\t\n\t\t\t\n\t\t<\/div>\n\n\t\t\t<\/div>\n\t\n<\/article>\n\t\t\t\n\t\t\t\n<article class=\"l-post grid-overlay overlay-post grid-overlay-a overlay-base-post\">\n\n\t\n\t\t\t<div class=\"media\">\n\n\t\t\n\t\t\t<a href=\"https:\/\/obuxixeiro.com.br\/?p=155965\" class=\"image-link media-ratio ratio-4-3\" title=\"Manifesto cobra explica\u00e7\u00f5es sobre eg\u00edpcios retidos em aeroporto de S\u00e3o Paulo\"><img loading=\"lazy\" decoding=\"async\" width=\"408\" height=\"306\" src=\"https:\/\/obuxixeiro.com.br\/wp-content\/uploads\/2026\/04\/155965-manifesto-cobra-explicacoes-sobre-egipcios-retidos-em-aeroporto-de-sao-paulo-450x300.png\" class=\"attachment-bunyad-medium size-bunyad-medium wp-post-image\" alt=\"manifesto-cobra-explicacoes-sobre-egipcios-retidos-em-aeroporto-de-sao-paulo\" sizes=\"(max-width: 408px) 100vw, 408px\" title=\"Manifesto cobra explica\u00e7\u00f5es sobre eg\u00edpcios retidos em aeroporto de S\u00e3o Paulo\" srcset=\"https:\/\/obuxixeiro.com.br\/wp-content\/uploads\/2026\/04\/155965-manifesto-cobra-explicacoes-sobre-egipcios-retidos-em-aeroporto-de-sao-paulo-450x300.png 450w, https:\/\/obuxixeiro.com.br\/wp-content\/uploads\/2026\/04\/155965-manifesto-cobra-explicacoes-sobre-egipcios-retidos-em-aeroporto-de-sao-paulo-1024x683.png 1024w, https:\/\/obuxixeiro.com.br\/wp-content\/uploads\/2026\/04\/155965-manifesto-cobra-explicacoes-sobre-egipcios-retidos-em-aeroporto-de-sao-paulo-768x512.png 768w, https:\/\/obuxixeiro.com.br\/wp-content\/uploads\/2026\/04\/155965-manifesto-cobra-explicacoes-sobre-egipcios-retidos-em-aeroporto-de-sao-paulo-1200x800.png 1200w, https:\/\/obuxixeiro.com.br\/wp-content\/uploads\/2026\/04\/155965-manifesto-cobra-explicacoes-sobre-egipcios-retidos-em-aeroporto-de-sao-paulo.png 1536w\" \/><\/a>\t\t\t\n\t\t\t\n\t\t\t\n\t\t\t\n\t\t\n\t\t<\/div>\n\t\n\n\t\t\t<div class=\"content-wrap\">\n\t\n\t\t<div class=\"content\">\n\n\t\t\t<div class=\"post-meta post-meta-a meta-contrast\"><div class=\"post-meta-items meta-above\"><span class=\"meta-item cat-labels\">\n\t\t\t\t\t\t\n\t\t\t\t\t\t<a href=\"https:\/\/obuxixeiro.com.br\/?cat=31\" class=\"category term-color-31\" rel=\"category\" tabindex=\"-1\">Mundo<\/a>\n\t\t\t\t\t<\/span>\n\t\t\t\t\t<\/div><h2 class=\"is-title post-title\"><a href=\"https:\/\/obuxixeiro.com.br\/?p=155965\">Manifesto cobra explica\u00e7\u00f5es sobre eg\u00edpcios retidos em aeroporto de S\u00e3o Paulo<\/a><\/h2><\/div>\t\t\t\n\t\t\t\n\t\t\t\n\t\t<\/div>\n\n\t\t\t<\/div>\n\t\n<\/article>\n\t\t\t\n\t\t\t\n<article class=\"l-post grid-overlay overlay-post grid-overlay-a overlay-base-post\">\n\n\t\n\t\t\t<div class=\"media\">\n\n\t\t\n\t\t\t<a href=\"https:\/\/obuxixeiro.com.br\/?p=155621\" class=\"image-link media-ratio ratio-4-3\" title=\"Cinco nomes da arte mundial nasceram no mesmo dia; relembre trajet\u00f3rias e obras\"><img loading=\"lazy\" decoding=\"async\" width=\"408\" height=\"306\" src=\"https:\/\/obuxixeiro.com.br\/wp-content\/uploads\/2026\/04\/155621-cinco-nomes-da-arte-mundial-nasceram-no-mesmo-dia-relembre-trajetorias-e-obras-450x300.png\" class=\"attachment-bunyad-medium size-bunyad-medium wp-post-image\" alt=\"cinco-nomes-da-arte-mundial-nasceram-no-mesmo-dia;-relembre-trajetorias-e-obras\" sizes=\"(max-width: 408px) 100vw, 408px\" title=\"Cinco nomes da arte mundial nasceram no mesmo dia; relembre trajet\u00f3rias e obras\" srcset=\"https:\/\/obuxixeiro.com.br\/wp-content\/uploads\/2026\/04\/155621-cinco-nomes-da-arte-mundial-nasceram-no-mesmo-dia-relembre-trajetorias-e-obras-450x300.png 450w, https:\/\/obuxixeiro.com.br\/wp-content\/uploads\/2026\/04\/155621-cinco-nomes-da-arte-mundial-nasceram-no-mesmo-dia-relembre-trajetorias-e-obras-1024x683.png 1024w, https:\/\/obuxixeiro.com.br\/wp-content\/uploads\/2026\/04\/155621-cinco-nomes-da-arte-mundial-nasceram-no-mesmo-dia-relembre-trajetorias-e-obras-768x512.png 768w, https:\/\/obuxixeiro.com.br\/wp-content\/uploads\/2026\/04\/155621-cinco-nomes-da-arte-mundial-nasceram-no-mesmo-dia-relembre-trajetorias-e-obras-1200x800.png 1200w, https:\/\/obuxixeiro.com.br\/wp-content\/uploads\/2026\/04\/155621-cinco-nomes-da-arte-mundial-nasceram-no-mesmo-dia-relembre-trajetorias-e-obras.png 1536w\" \/><\/a>\t\t\t\n\t\t\t\n\t\t\t\n\t\t\t\n\t\t\n\t\t<\/div>\n\t\n\n\t\t\t<div class=\"content-wrap\">\n\t\n\t\t<div class=\"content\">\n\n\t\t\t<div class=\"post-meta post-meta-a meta-contrast\"><div class=\"post-meta-items meta-above\"><span class=\"meta-item cat-labels\">\n\t\t\t\t\t\t\n\t\t\t\t\t\t<a href=\"https:\/\/obuxixeiro.com.br\/?cat=31\" class=\"category term-color-31\" rel=\"category\" tabindex=\"-1\">Mundo<\/a>\n\t\t\t\t\t<\/span>\n\t\t\t\t\t<\/div><h2 class=\"is-title post-title\"><a href=\"https:\/\/obuxixeiro.com.br\/?p=155621\">Cinco nomes da arte mundial nasceram no mesmo dia; relembre trajet\u00f3rias e obras<\/a><\/h2><\/div>\t\t\t\n\t\t\t\n\t\t\t\n\t\t<\/div>\n\n\t\t\t<\/div>\n\t\n<\/article>\n\t\t\t\n\t\t\t\n<article class=\"l-post grid-overlay overlay-post grid-overlay-a overlay-base-post\">\n\n\t\n\t\t\t<div class=\"media\">\n\n\t\t\n\t\t\t<a href=\"https:\/\/obuxixeiro.com.br\/?p=155623\" class=\"image-link media-ratio ratio-4-3\" title=\"Decis\u00f5es nos EUA e nova legisla\u00e7\u00e3o no Brasil refor\u00e7am debate sobre seguran\u00e7a digital de crian\u00e7as\"><img loading=\"lazy\" decoding=\"async\" width=\"408\" height=\"306\" src=\"https:\/\/obuxixeiro.com.br\/wp-content\/uploads\/2026\/04\/155623-decisoes-nos-eua-e-nova-legislacao-no-brasil-reforcam-debate-sobre-seguranca-digital-de-criancas-450x300.png\" class=\"attachment-bunyad-medium size-bunyad-medium wp-post-image\" alt=\"decisoes-nos-eua-e-nova-legislacao-no-brasil-reforcam-debate-sobre-seguranca-digital-de-criancas\" sizes=\"(max-width: 408px) 100vw, 408px\" title=\"Decis\u00f5es nos EUA e nova legisla\u00e7\u00e3o no Brasil refor\u00e7am debate sobre seguran\u00e7a digital de crian\u00e7as\" srcset=\"https:\/\/obuxixeiro.com.br\/wp-content\/uploads\/2026\/04\/155623-decisoes-nos-eua-e-nova-legislacao-no-brasil-reforcam-debate-sobre-seguranca-digital-de-criancas-450x300.png 450w, https:\/\/obuxixeiro.com.br\/wp-content\/uploads\/2026\/04\/155623-decisoes-nos-eua-e-nova-legislacao-no-brasil-reforcam-debate-sobre-seguranca-digital-de-criancas-1024x683.png 1024w, https:\/\/obuxixeiro.com.br\/wp-content\/uploads\/2026\/04\/155623-decisoes-nos-eua-e-nova-legislacao-no-brasil-reforcam-debate-sobre-seguranca-digital-de-criancas-768x512.png 768w, https:\/\/obuxixeiro.com.br\/wp-content\/uploads\/2026\/04\/155623-decisoes-nos-eua-e-nova-legislacao-no-brasil-reforcam-debate-sobre-seguranca-digital-de-criancas-1200x800.png 1200w, https:\/\/obuxixeiro.com.br\/wp-content\/uploads\/2026\/04\/155623-decisoes-nos-eua-e-nova-legislacao-no-brasil-reforcam-debate-sobre-seguranca-digital-de-criancas.png 1536w\" \/><\/a>\t\t\t\n\t\t\t\n\t\t\t\n\t\t\t\n\t\t\n\t\t<\/div>\n\t\n\n\t\t\t<div class=\"content-wrap\">\n\t\n\t\t<div class=\"content\">\n\n\t\t\t<div class=\"post-meta post-meta-a meta-contrast\"><div class=\"post-meta-items meta-above\"><span class=\"meta-item cat-labels\">\n\t\t\t\t\t\t\n\t\t\t\t\t\t<a href=\"https:\/\/obuxixeiro.com.br\/?cat=31\" class=\"category term-color-31\" rel=\"category\" tabindex=\"-1\">Mundo<\/a>\n\t\t\t\t\t<\/span>\n\t\t\t\t\t<\/div><h2 class=\"is-title post-title\"><a href=\"https:\/\/obuxixeiro.com.br\/?p=155623\">Decis\u00f5es nos EUA e nova legisla\u00e7\u00e3o no Brasil refor\u00e7am debate sobre seguran\u00e7a digital de crian\u00e7as<\/a><\/h2><\/div>\t\t\t\n\t\t\t\n\t\t\t\n\t\t<\/div>\n\n\t\t\t<\/div>\n\t\n<\/article>\n\t\t\t\n\t\t\t\n<article class=\"l-post grid-overlay overlay-post grid-overlay-a overlay-base-post\">\n\n\t\n\t\t\t<div class=\"media\">\n\n\t\t\n\t\t\t<a href=\"https:\/\/obuxixeiro.com.br\/?p=155625\" class=\"image-link media-ratio ratio-4-3\" title=\"Segundo o jornal The Economist, Trump est\u00e1 enfraquecido e irritado com a guerra do Ir\u00e3\"><img loading=\"lazy\" decoding=\"async\" width=\"408\" height=\"306\" src=\"https:\/\/obuxixeiro.com.br\/wp-content\/uploads\/2026\/04\/155625-segundo-o-jornal-the-economist-trump-esta-enfraquecido-e-irritado-com-a-guerra-do-ira-450x450.webp\" class=\"attachment-bunyad-medium size-bunyad-medium wp-post-image\" alt=\"segundo-o-jornal-the-economist,-trump-esta-enfraquecido-e-irritado-com-a-guerra-do-ira\" sizes=\"(max-width: 408px) 100vw, 408px\" title=\"Segundo o jornal The Economist, Trump est\u00e1 enfraquecido e irritado com a guerra do Ir\u00e3\" srcset=\"https:\/\/obuxixeiro.com.br\/wp-content\/uploads\/2026\/04\/155625-segundo-o-jornal-the-economist-trump-esta-enfraquecido-e-irritado-com-a-guerra-do-ira-450x450.webp 450w, https:\/\/obuxixeiro.com.br\/wp-content\/uploads\/2026\/04\/155625-segundo-o-jornal-the-economist-trump-esta-enfraquecido-e-irritado-com-a-guerra-do-ira-1024x1024.webp 1024w, https:\/\/obuxixeiro.com.br\/wp-content\/uploads\/2026\/04\/155625-segundo-o-jornal-the-economist-trump-esta-enfraquecido-e-irritado-com-a-guerra-do-ira-768x768.webp 768w, https:\/\/obuxixeiro.com.br\/wp-content\/uploads\/2026\/04\/155625-segundo-o-jornal-the-economist-trump-esta-enfraquecido-e-irritado-com-a-guerra-do-ira.webp 1200w\" \/><\/a>\t\t\t\n\t\t\t\n\t\t\t\n\t\t\t\n\t\t\n\t\t<\/div>\n\t\n\n\t\t\t<div class=\"content-wrap\">\n\t\n\t\t<div class=\"content\">\n\n\t\t\t<div class=\"post-meta post-meta-a meta-contrast\"><div class=\"post-meta-items meta-above\"><span class=\"meta-item cat-labels\">\n\t\t\t\t\t\t\n\t\t\t\t\t\t<a href=\"https:\/\/obuxixeiro.com.br\/?cat=31\" class=\"category term-color-31\" rel=\"category\" tabindex=\"-1\">Mundo<\/a>\n\t\t\t\t\t<\/span>\n\t\t\t\t\t<\/div><h2 class=\"is-title post-title\"><a href=\"https:\/\/obuxixeiro.com.br\/?p=155625\">Segundo o jornal The Economist, Trump est\u00e1 enfraquecido e irritado com a guerra do Ir\u00e3<\/a><\/h2><\/div>\t\t\t\n\t\t\t\n\t\t\t\n\t\t<\/div>\n\n\t\t\t<\/div>\n\t\n<\/article>\n\t\t\t\n\t\t\t\n<article class=\"l-post grid-overlay overlay-post grid-overlay-a overlay-base-post\">\n\n\t\n\t\t\t<div class=\"media\">\n\n\t\t\n\t\t\t<a href=\"https:\/\/obuxixeiro.com.br\/?p=155370\" class=\"image-link media-ratio ratio-4-3\" title=\"Chef indica o que comer em cada regi\u00e3o do Jap\u00e3o e destaca diversidade da culin\u00e1ria local\"><img loading=\"lazy\" decoding=\"async\" width=\"408\" height=\"306\" src=\"https:\/\/obuxixeiro.com.br\/wp-content\/uploads\/2026\/04\/155370-chef-indica-o-que-comer-em-cada-regiao-do-japao-e-destaca-diversidade-da-culinaria-local-450x300.png\" class=\"attachment-bunyad-medium size-bunyad-medium wp-post-image\" alt=\"chef-indica-o-que-comer-em-cada-regiao-do-japao-e-destaca-diversidade-da-culinaria-local\" sizes=\"(max-width: 408px) 100vw, 408px\" title=\"Chef indica o que comer em cada regi\u00e3o do Jap\u00e3o e destaca diversidade da culin\u00e1ria local\" srcset=\"https:\/\/obuxixeiro.com.br\/wp-content\/uploads\/2026\/04\/155370-chef-indica-o-que-comer-em-cada-regiao-do-japao-e-destaca-diversidade-da-culinaria-local-450x300.png 450w, https:\/\/obuxixeiro.com.br\/wp-content\/uploads\/2026\/04\/155370-chef-indica-o-que-comer-em-cada-regiao-do-japao-e-destaca-diversidade-da-culinaria-local-1024x683.png 1024w, https:\/\/obuxixeiro.com.br\/wp-content\/uploads\/2026\/04\/155370-chef-indica-o-que-comer-em-cada-regiao-do-japao-e-destaca-diversidade-da-culinaria-local-768x512.png 768w, https:\/\/obuxixeiro.com.br\/wp-content\/uploads\/2026\/04\/155370-chef-indica-o-que-comer-em-cada-regiao-do-japao-e-destaca-diversidade-da-culinaria-local-1200x800.png 1200w, https:\/\/obuxixeiro.com.br\/wp-content\/uploads\/2026\/04\/155370-chef-indica-o-que-comer-em-cada-regiao-do-japao-e-destaca-diversidade-da-culinaria-local.png 1536w\" \/><\/a>\t\t\t\n\t\t\t\n\t\t\t\n\t\t\t\n\t\t\n\t\t<\/div>\n\t\n\n\t\t\t<div class=\"content-wrap\">\n\t\n\t\t<div class=\"content\">\n\n\t\t\t<div class=\"post-meta post-meta-a meta-contrast\"><div class=\"post-meta-items meta-above\"><span class=\"meta-item cat-labels\">\n\t\t\t\t\t\t\n\t\t\t\t\t\t<a href=\"https:\/\/obuxixeiro.com.br\/?cat=31\" class=\"category term-color-31\" rel=\"category\" tabindex=\"-1\">Mundo<\/a>\n\t\t\t\t\t<\/span>\n\t\t\t\t\t<\/div><h2 class=\"is-title post-title\"><a href=\"https:\/\/obuxixeiro.com.br\/?p=155370\">Chef indica o que comer em cada regi\u00e3o do Jap\u00e3o e destaca diversidade da culin\u00e1ria local<\/a><\/h2><\/div>\t\t\t\n\t\t\t\n\t\t\t\n\t\t<\/div>\n\n\t\t\t<\/div>\n\t\n<\/article>\n\t\t\t\n\t\t\t\n<article class=\"l-post grid-overlay overlay-post grid-overlay-a overlay-base-post\">\n\n\t\n\t\t\t<div class=\"media\">\n\n\t\t\n\t\t\t<a href=\"https:\/\/obuxixeiro.com.br\/?p=155372\" class=\"image-link media-ratio ratio-4-3\" title=\"Filme brasileiro O Filho de Mil Homens \u00e9 destacado pelo New York Times\"><img loading=\"lazy\" decoding=\"async\" width=\"408\" height=\"306\" src=\"https:\/\/obuxixeiro.com.br\/wp-content\/uploads\/2026\/04\/155372-filme-brasileiro-o-filho-de-mil-homens-e-destacado-pelo-new-york-times-450x300.png\" class=\"attachment-bunyad-medium size-bunyad-medium wp-post-image\" alt=\"filme-brasileiro-o-filho-de-mil-homens-e-destacado-pelo-new-york-times\" sizes=\"(max-width: 408px) 100vw, 408px\" title=\"Filme brasileiro O Filho de Mil Homens \u00e9 destacado pelo New York Times\" srcset=\"https:\/\/obuxixeiro.com.br\/wp-content\/uploads\/2026\/04\/155372-filme-brasileiro-o-filho-de-mil-homens-e-destacado-pelo-new-york-times-450x300.png 450w, https:\/\/obuxixeiro.com.br\/wp-content\/uploads\/2026\/04\/155372-filme-brasileiro-o-filho-de-mil-homens-e-destacado-pelo-new-york-times-1024x683.png 1024w, https:\/\/obuxixeiro.com.br\/wp-content\/uploads\/2026\/04\/155372-filme-brasileiro-o-filho-de-mil-homens-e-destacado-pelo-new-york-times-768x512.png 768w, https:\/\/obuxixeiro.com.br\/wp-content\/uploads\/2026\/04\/155372-filme-brasileiro-o-filho-de-mil-homens-e-destacado-pelo-new-york-times-1200x800.png 1200w, https:\/\/obuxixeiro.com.br\/wp-content\/uploads\/2026\/04\/155372-filme-brasileiro-o-filho-de-mil-homens-e-destacado-pelo-new-york-times.png 1536w\" \/><\/a>\t\t\t\n\t\t\t\n\t\t\t\n\t\t\t\n\t\t\n\t\t<\/div>\n\t\n\n\t\t\t<div class=\"content-wrap\">\n\t\n\t\t<div class=\"content\">\n\n\t\t\t<div class=\"post-meta post-meta-a meta-contrast\"><div class=\"post-meta-items meta-above\"><span class=\"meta-item cat-labels\">\n\t\t\t\t\t\t\n\t\t\t\t\t\t<a href=\"https:\/\/obuxixeiro.com.br\/?cat=31\" class=\"category term-color-31\" rel=\"category\" tabindex=\"-1\">Mundo<\/a>\n\t\t\t\t\t<\/span>\n\t\t\t\t\t<\/div><h2 class=\"is-title post-title\"><a href=\"https:\/\/obuxixeiro.com.br\/?p=155372\">Filme brasileiro O Filho de Mil Homens \u00e9 destacado pelo New York Times<\/a><\/h2><\/div>\t\t\t\n\t\t\t\n\t\t\t\n\t\t<\/div>\n\n\t\t\t<\/div>\n\t\n<\/article>\n\t\t\t\n\t\t\t\n<article class=\"l-post grid-overlay overlay-post grid-overlay-a overlay-base-post\">\n\n\t\n\t\t\t<div class=\"media\">\n\n\t\t\n\t\t\t<a href=\"https:\/\/obuxixeiro.com.br\/?p=155378\" class=\"image-link media-ratio ratio-4-3\" title=\"Nova edi\u00e7\u00e3o de luxo de O Pequeno Pr\u00edncipe \u00e9 lan\u00e7ada em 22 pa\u00edses com participa\u00e7\u00e3o de artista brasileiro\"><img loading=\"lazy\" decoding=\"async\" width=\"408\" height=\"306\" src=\"https:\/\/obuxixeiro.com.br\/wp-content\/uploads\/2026\/04\/155378-nova-edicao-de-luxo-de-o-pequeno-principe-e-lancada-em-22-paises-com-participacao-de-69e92ced1c7a4-450x300.png\" class=\"attachment-bunyad-medium size-bunyad-medium wp-post-image\" alt=\"nova-edicao-de-luxo-de-o-pequeno-principe-e-lancada-em-22-paises-com-participacao-de-artista-brasileiro\" sizes=\"(max-width: 408px) 100vw, 408px\" title=\"Nova edi\u00e7\u00e3o de luxo de O Pequeno Pr\u00edncipe \u00e9 lan\u00e7ada em 22 pa\u00edses com participa\u00e7\u00e3o de artista brasileiro\" srcset=\"https:\/\/obuxixeiro.com.br\/wp-content\/uploads\/2026\/04\/155378-nova-edicao-de-luxo-de-o-pequeno-principe-e-lancada-em-22-paises-com-participacao-de-69e92ced1c7a4-450x300.png 450w, https:\/\/obuxixeiro.com.br\/wp-content\/uploads\/2026\/04\/155378-nova-edicao-de-luxo-de-o-pequeno-principe-e-lancada-em-22-paises-com-participacao-de-69e92ced1c7a4-1024x683.png 1024w, https:\/\/obuxixeiro.com.br\/wp-content\/uploads\/2026\/04\/155378-nova-edicao-de-luxo-de-o-pequeno-principe-e-lancada-em-22-paises-com-participacao-de-69e92ced1c7a4-768x512.png 768w, https:\/\/obuxixeiro.com.br\/wp-content\/uploads\/2026\/04\/155378-nova-edicao-de-luxo-de-o-pequeno-principe-e-lancada-em-22-paises-com-participacao-de-69e92ced1c7a4-1200x800.png 1200w, https:\/\/obuxixeiro.com.br\/wp-content\/uploads\/2026\/04\/155378-nova-edicao-de-luxo-de-o-pequeno-principe-e-lancada-em-22-paises-com-participacao-de-69e92ced1c7a4.png 1536w\" \/><\/a>\t\t\t\n\t\t\t\n\t\t\t\n\t\t\t\n\t\t\n\t\t<\/div>\n\t\n\n\t\t\t<div class=\"content-wrap\">\n\t\n\t\t<div class=\"content\">\n\n\t\t\t<div class=\"post-meta post-meta-a meta-contrast\"><div class=\"post-meta-items meta-above\"><span class=\"meta-item cat-labels\">\n\t\t\t\t\t\t\n\t\t\t\t\t\t<a href=\"https:\/\/obuxixeiro.com.br\/?cat=31\" class=\"category term-color-31\" rel=\"category\" tabindex=\"-1\">Mundo<\/a>\n\t\t\t\t\t<\/span>\n\t\t\t\t\t<\/div><h2 class=\"is-title post-title\"><a href=\"https:\/\/obuxixeiro.com.br\/?p=155378\">Nova edi\u00e7\u00e3o de luxo de O Pequeno Pr\u00edncipe \u00e9 lan\u00e7ada em 22 pa\u00edses com participa\u00e7\u00e3o de artista brasileiro<\/a><\/h2><\/div>\t\t\t\n\t\t\t\n\t\t\t\n\t\t<\/div>\n\n\t\t\t<\/div>\n\t\n<\/article>\n\t\t\n\t<\/div>\n\n\t\t\n\t\t\t<\/div>\n\n\t\t<\/section>\n\t\t\t\t\t\t<\/div>\n\t\t\t\t<\/div>\n\t\t\t\t\t<\/div>\n\t\t<\/div>\n\t\t\t\t\t<\/div>\n\t\t<\/section>\n\t\t\t\t<section class=\"has-el-gap el-gap-default elementor-section elementor-top-section elementor-element elementor-element-8040fec elementor-section-boxed elementor-section-height-default elementor-section-height-default\" data-id=\"8040fec\" data-element_type=\"section\" data-e-type=\"section\">\n\t\t\t\t\t\t<div class=\"elementor-container elementor-column-gap-no\">\n\t\t\t\t\t<div class=\"elementor-column elementor-col-66 elementor-top-column elementor-element elementor-element-c44cde6 main-content\" data-id=\"c44cde6\" data-element_type=\"column\" data-e-type=\"column\">\n\t\t\t<div class=\"elementor-widget-wrap elementor-element-populated\">\n\t\t\t\t\t\t<div class=\"elementor-element elementor-element-42fb03f upk-content-position--center upk-navigation-type-both elementor-widget elementor-widget-upk-paradox-slider\" data-id=\"42fb03f\" data-element_type=\"widget\" data-e-type=\"widget\" data-widget_type=\"upk-paradox-slider.default\">\n\t\t\t\t<div class=\"elementor-widget-container\">\n\t\t\t\t\t\t\t<div id=\"upk-paradox-slider-42fb03f\" class=\"upk-paradox-slider upk-arrows-dots-align-center\" data-settings=\"{&quot;autoplay&quot;:{&quot;delay&quot;:5000},&quot;loop&quot;:true,&quot;speed&quot;:500,&quot;effect&quot;:&quot;fade&quot;,&quot;lazy&quot;:{&quot;loadPrevNext&quot;:&quot;true&quot;},&quot;parallax&quot;:true,&quot;slidesPerView&quot;:1,&quot;navigation&quot;:{&quot;nextEl&quot;:&quot;#upk-paradox-slider-42fb03f .upk-navigation-next&quot;,&quot;prevEl&quot;:&quot;#upk-paradox-slider-42fb03f .upk-navigation-prev&quot;},&quot;pagination&quot;:{&quot;el&quot;:&quot;#upk-paradox-slider-42fb03f .swiper-pagination&quot;,&quot;type&quot;:&quot;bullets&quot;,&quot;clickable&quot;:&quot;true&quot;,&quot;dynamicBullets&quot;:false},&quot;scrollbar&quot;:{&quot;el&quot;:&quot;#upk-paradox-slider-42fb03f .swiper-scrollbar&quot;,&quot;hide&quot;:&quot;true&quot;}}\">\n\t\t\t<div class=\"upk-paradox-slider-wrapper\">\n\t\t\t\t<div class=\"swiper-container\">\n\t\t\t\t\t<div class=\"swiper-wrapper\">\n\t\t\t\t<div class=\"upk-paradox-slider-item swiper-slide upk-transition-toggle\">\n\t\t\t<div class=\"upk-image-wrapper\">\n\t\t\t\t\n\t\t<img decoding=\"async\" class=\"upk-paradox-img swiper-lazy\" src=\"https:\/\/obuxixeiro.com.br\/wp-content\/uploads\/2026\/04\/156149-mercado-financeiro-mantem-pressao-sobre-juros-e-projeta-selic-a-13-diante-de-inflacao-resistente.jpg\" alt=\"Mercado financeiro mant\u00e9m press\u00e3o sobre juros e projeta Selic a 13% diante de infla\u00e7\u00e3o resistente\">\n\n\t\t\t\t\t<\/div>\n\n\t\t\t<div class=\"upk-paradox-content-box upk-position-center\">\n\t\t\t\t<div class=\"upk-content-inner\">\n\t\t\t\t\t<div class=\"upk-category-date-wrap upk-flex upk-flex-middle\" data-swiper-parallax=\"-100\" data-swiper-parallax-opacity=\"0.5\" data-swiper-parallax-duration=\"600\">\n\t\t\t\t\t\t\t\t<div class=\"upk-paradox-category\">\n\t\t\t<a href=\"https:\/\/obuxixeiro.com.br\/?cat=38\">Economia<\/a>\t\t<\/div>\n\t\t\t\t\t\t\t\t\n\t\t<div class=\"upk-paradox-date\">\n\t\t\t27 de abril de 2026\t\t<\/div>\n\n\t\t\n\t\t\t\t\t\t\t<\/div>\n\n\t\t\t\t\t<div data-swiper-parallax=\"-200\" data-swiper-parallax-opacity=\"0.5\" data-swiper-parallax-duration=\"700\">\n\t\t\t\t\t\t<h3 class=\"upk-paradox-title-wrap\" >\n\t\t\t\t<a href=\"https:\/\/obuxixeiro.com.br\/?p=156149\" class=\"upk-paradox-title\" title=\"Mercado financeiro mant\u00e9m press\u00e3o sobre juros e projeta Selic a 13% diante de infla\u00e7\u00e3o resistente\">\n\t\t\t\t\tMercado financeiro mant\u00e9m press\u00e3o sobre juros e projeta Selic a 13% diante de infla\u00e7\u00e3o resistente\n\t\t\t\t<\/a>\n\t\t\t<\/h3>\t\t\t\t\t<\/div>\n\n\t\t\t\t\t<div data-swiper-parallax=\"-300\" data-swiper-parallax-opacity=\"0.5\" data-swiper-parallax-duration=\"800\">\n\t\t\t\t\t\t\t\t\t\t\t<\/div>\n\t\t\t\t\t\n\t\t\t\t\t<div data-swiper-parallax=\"-400\" data-swiper-parallax-opacity=\"0.5\" data-swiper-parallax-duration=\"900\">\n\t\t\t\t\t\t\t\t\t\t\t<\/div>\n\t\t\t\t<\/div>\n\t\t\t<\/div>\n\t\t<\/div>\n\t\t\t\t<div class=\"upk-paradox-slider-item swiper-slide upk-transition-toggle\">\n\t\t\t<div class=\"upk-image-wrapper\">\n\t\t\t\t\n\t\t<img decoding=\"async\" class=\"upk-paradox-img swiper-lazy\" src=\"https:\/\/obuxixeiro.com.br\/wp-content\/uploads\/2026\/04\/156143-congresso-e-stf-travam-novo-round-na-disputa-sobre-autonomia-dos-poderes-e-limites-ju69ef83bac391c.jpg\" alt=\"Congresso e STF travam novo round na disputa sobre autonomia dos poderes e limites jurisdicionais\">\n\n\t\t\t\t\t<\/div>\n\n\t\t\t<div class=\"upk-paradox-content-box upk-position-center\">\n\t\t\t\t<div class=\"upk-content-inner\">\n\t\t\t\t\t<div class=\"upk-category-date-wrap upk-flex upk-flex-middle\" data-swiper-parallax=\"-100\" data-swiper-parallax-opacity=\"0.5\" data-swiper-parallax-duration=\"600\">\n\t\t\t\t\t\t\t\t<div class=\"upk-paradox-category\">\n\t\t\t<a href=\"https:\/\/obuxixeiro.com.br\/?cat=33\">Politica<\/a>\t\t<\/div>\n\t\t\t\t\t\t\t\t\n\t\t<div class=\"upk-paradox-date\">\n\t\t\t27 de abril de 2026\t\t<\/div>\n\n\t\t\n\t\t\t\t\t\t\t<\/div>\n\n\t\t\t\t\t<div data-swiper-parallax=\"-200\" data-swiper-parallax-opacity=\"0.5\" data-swiper-parallax-duration=\"700\">\n\t\t\t\t\t\t<h3 class=\"upk-paradox-title-wrap\" >\n\t\t\t\t<a href=\"https:\/\/obuxixeiro.com.br\/?p=156143\" class=\"upk-paradox-title\" title=\"Congresso e STF travam novo round na disputa sobre autonomia dos poderes e limites jurisdicionais\">\n\t\t\t\t\tCongresso e STF travam novo round na disputa sobre autonomia dos poderes e limites jurisdicionais\n\t\t\t\t<\/a>\n\t\t\t<\/h3>\t\t\t\t\t<\/div>\n\n\t\t\t\t\t<div data-swiper-parallax=\"-300\" data-swiper-parallax-opacity=\"0.5\" data-swiper-parallax-duration=\"800\">\n\t\t\t\t\t\t\t\t\t\t\t<\/div>\n\t\t\t\t\t\n\t\t\t\t\t<div data-swiper-parallax=\"-400\" data-swiper-parallax-opacity=\"0.5\" data-swiper-parallax-duration=\"900\">\n\t\t\t\t\t\t\t\t\t\t\t<\/div>\n\t\t\t\t<\/div>\n\t\t\t<\/div>\n\t\t<\/div>\n\t\t\t\t<div class=\"upk-paradox-slider-item swiper-slide upk-transition-toggle\">\n\t\t\t<div class=\"upk-image-wrapper\">\n\t\t\t\t\n\t\t<img decoding=\"async\" class=\"upk-paradox-img swiper-lazy\" src=\"https:\/\/obuxixeiro.com.br\/wp-content\/uploads\/2026\/04\/156145-comissao-especial-para-analise-da-pec-do-fim-da-escala-61-e-instalada-na-camara-dos-deputados.webp\" alt=\"Comiss\u00e3o especial para an\u00e1lise da PEC do fim da escala 61 \u00e9 instalada na C\u00e2mara dos Deputados\">\n\n\t\t\t\t\t<\/div>\n\n\t\t\t<div class=\"upk-paradox-content-box upk-position-center\">\n\t\t\t\t<div class=\"upk-content-inner\">\n\t\t\t\t\t<div class=\"upk-category-date-wrap upk-flex upk-flex-middle\" data-swiper-parallax=\"-100\" data-swiper-parallax-opacity=\"0.5\" data-swiper-parallax-duration=\"600\">\n\t\t\t\t\t\t\t\t<div class=\"upk-paradox-category\">\n\t\t\t<a href=\"https:\/\/obuxixeiro.com.br\/?cat=33\">Politica<\/a>\t\t<\/div>\n\t\t\t\t\t\t\t\t\n\t\t<div class=\"upk-paradox-date\">\n\t\t\t27 de abril de 2026\t\t<\/div>\n\n\t\t\n\t\t\t\t\t\t\t<\/div>\n\n\t\t\t\t\t<div data-swiper-parallax=\"-200\" data-swiper-parallax-opacity=\"0.5\" data-swiper-parallax-duration=\"700\">\n\t\t\t\t\t\t<h3 class=\"upk-paradox-title-wrap\" >\n\t\t\t\t<a href=\"https:\/\/obuxixeiro.com.br\/?p=156145\" class=\"upk-paradox-title\" title=\"Comiss\u00e3o especial para an\u00e1lise da PEC do fim da escala 61 \u00e9 instalada na C\u00e2mara dos Deputados\">\n\t\t\t\t\tComiss\u00e3o especial para an\u00e1lise da PEC do fim da escala 61 \u00e9 instalada na C\u00e2mara dos Deputados\n\t\t\t\t<\/a>\n\t\t\t<\/h3>\t\t\t\t\t<\/div>\n\n\t\t\t\t\t<div data-swiper-parallax=\"-300\" data-swiper-parallax-opacity=\"0.5\" data-swiper-parallax-duration=\"800\">\n\t\t\t\t\t\t\t\t\t\t\t<\/div>\n\t\t\t\t\t\n\t\t\t\t\t<div data-swiper-parallax=\"-400\" data-swiper-parallax-opacity=\"0.5\" data-swiper-parallax-duration=\"900\">\n\t\t\t\t\t\t\t\t\t\t\t<\/div>\n\t\t\t\t<\/div>\n\t\t\t<\/div>\n\t\t<\/div>\n\t\t\t\t<div class=\"upk-paradox-slider-item swiper-slide upk-transition-toggle\">\n\t\t\t<div class=\"upk-image-wrapper\">\n\t\t\t\t\n\t\t<img decoding=\"async\" class=\"upk-paradox-img swiper-lazy\" src=\"https:\/\/obuxixeiro.com.br\/wp-content\/uploads\/2026\/04\/156147-pesquisa-nexus-aponta-empate-tecnico-de-lula-com-flavio-bolsonaro-zema-e-caiado-no-segundo-turno.jpg\" alt=\"Pesquisa Nexus aponta empate t\u00e9cnico de Lula com Fl\u00e1vio Bolsonaro, Zema e Caiado no segundo turno\">\n\n\t\t\t\t\t<\/div>\n\n\t\t\t<div class=\"upk-paradox-content-box upk-position-center\">\n\t\t\t\t<div class=\"upk-content-inner\">\n\t\t\t\t\t<div class=\"upk-category-date-wrap upk-flex upk-flex-middle\" data-swiper-parallax=\"-100\" data-swiper-parallax-opacity=\"0.5\" data-swiper-parallax-duration=\"600\">\n\t\t\t\t\t\t\t\t<div class=\"upk-paradox-category\">\n\t\t\t<a href=\"https:\/\/obuxixeiro.com.br\/?cat=33\">Politica<\/a>\t\t<\/div>\n\t\t\t\t\t\t\t\t\n\t\t<div class=\"upk-paradox-date\">\n\t\t\t27 de abril de 2026\t\t<\/div>\n\n\t\t\n\t\t\t\t\t\t\t<\/div>\n\n\t\t\t\t\t<div data-swiper-parallax=\"-200\" data-swiper-parallax-opacity=\"0.5\" data-swiper-parallax-duration=\"700\">\n\t\t\t\t\t\t<h3 class=\"upk-paradox-title-wrap\" >\n\t\t\t\t<a href=\"https:\/\/obuxixeiro.com.br\/?p=156147\" class=\"upk-paradox-title\" title=\"Pesquisa Nexus aponta empate t\u00e9cnico de Lula com Fl\u00e1vio Bolsonaro, Zema e Caiado no segundo turno\">\n\t\t\t\t\tPesquisa Nexus aponta empate t\u00e9cnico de Lula com Fl\u00e1vio Bolsonaro, Zema e Caiado no segundo turno\n\t\t\t\t<\/a>\n\t\t\t<\/h3>\t\t\t\t\t<\/div>\n\n\t\t\t\t\t<div data-swiper-parallax=\"-300\" data-swiper-parallax-opacity=\"0.5\" data-swiper-parallax-duration=\"800\">\n\t\t\t\t\t\t\t\t\t\t\t<\/div>\n\t\t\t\t\t\n\t\t\t\t\t<div data-swiper-parallax=\"-400\" data-swiper-parallax-opacity=\"0.5\" data-swiper-parallax-duration=\"900\">\n\t\t\t\t\t\t\t\t\t\t\t<\/div>\n\t\t\t\t<\/div>\n\t\t\t<\/div>\n\t\t<\/div>\n\t\t\t\t<div class=\"upk-paradox-slider-item swiper-slide upk-transition-toggle\">\n\t\t\t<div class=\"upk-image-wrapper\">\n\t\t\t\t\n\t\t<img decoding=\"async\" class=\"upk-paradox-img swiper-lazy\" src=\"https:\/\/obuxixeiro.com.br\/wp-content\/uploads\/2026\/04\/156141-caso-thawanna-inquerito-avanca-e-debate-sobre-cameras-corporais-em-pms-ganha-forca-no-congresso.jpg\" alt=\"Caso Thawanna: inqu\u00e9rito avan\u00e7a e debate sobre c\u00e2meras corporais em PMs ganha for\u00e7a no Congresso\">\n\n\t\t\t\t\t<\/div>\n\n\t\t\t<div class=\"upk-paradox-content-box upk-position-center\">\n\t\t\t\t<div class=\"upk-content-inner\">\n\t\t\t\t\t<div class=\"upk-category-date-wrap upk-flex upk-flex-middle\" data-swiper-parallax=\"-100\" data-swiper-parallax-opacity=\"0.5\" data-swiper-parallax-duration=\"600\">\n\t\t\t\t\t\t\t\t<div class=\"upk-paradox-category\">\n\t\t\t<a href=\"https:\/\/obuxixeiro.com.br\/?cat=34\">Policia<\/a>\t\t<\/div>\n\t\t\t\t\t\t\t\t\n\t\t<div class=\"upk-paradox-date\">\n\t\t\t27 de abril de 2026\t\t<\/div>\n\n\t\t\n\t\t\t\t\t\t\t<\/div>\n\n\t\t\t\t\t<div data-swiper-parallax=\"-200\" data-swiper-parallax-opacity=\"0.5\" data-swiper-parallax-duration=\"700\">\n\t\t\t\t\t\t<h3 class=\"upk-paradox-title-wrap\" >\n\t\t\t\t<a href=\"https:\/\/obuxixeiro.com.br\/?p=156141\" class=\"upk-paradox-title\" title=\"Caso Thawanna: inqu\u00e9rito avan\u00e7a e debate sobre c\u00e2meras corporais em PMs ganha for\u00e7a no Congresso\">\n\t\t\t\t\tCaso Thawanna: inqu\u00e9rito avan\u00e7a e debate sobre c\u00e2meras corporais em PMs ganha for\u00e7a no Congresso\n\t\t\t\t<\/a>\n\t\t\t<\/h3>\t\t\t\t\t<\/div>\n\n\t\t\t\t\t<div data-swiper-parallax=\"-300\" data-swiper-parallax-opacity=\"0.5\" data-swiper-parallax-duration=\"800\">\n\t\t\t\t\t\t\t\t\t\t\t<\/div>\n\t\t\t\t\t\n\t\t\t\t\t<div data-swiper-parallax=\"-400\" data-swiper-parallax-opacity=\"0.5\" data-swiper-parallax-duration=\"900\">\n\t\t\t\t\t\t\t\t\t\t\t<\/div>\n\t\t\t\t<\/div>\n\t\t\t<\/div>\n\t\t<\/div>\n\t\t\t\t<div class=\"upk-paradox-slider-item swiper-slide upk-transition-toggle\">\n\t\t\t<div class=\"upk-image-wrapper\">\n\t\t\t\t\n\t\t<img decoding=\"async\" class=\"upk-paradox-img swiper-lazy\" src=\"https:\/\/obuxixeiro.com.br\/wp-content\/uploads\/2026\/04\/156139-futebol-brasileiro-movimenta-fim-de-semana-com-rodadas-do-brasileirao-e-resultados-na69ef83b772fb9.jpg\" alt=\"Futebol brasileiro movimenta fim de semana com rodadas do Brasileir\u00e3o e resultados na Libertadores\">\n\n\t\t\t\t\t<\/div>\n\n\t\t\t<div class=\"upk-paradox-content-box upk-position-center\">\n\t\t\t\t<div class=\"upk-content-inner\">\n\t\t\t\t\t<div class=\"upk-category-date-wrap upk-flex upk-flex-middle\" data-swiper-parallax=\"-100\" data-swiper-parallax-opacity=\"0.5\" data-swiper-parallax-duration=\"600\">\n\t\t\t\t\t\t\t\t<div class=\"upk-paradox-category\">\n\t\t\t<a href=\"https:\/\/obuxixeiro.com.br\/?cat=39\">Esportes<\/a>\t\t<\/div>\n\t\t\t\t\t\t\t\t\n\t\t<div class=\"upk-paradox-date\">\n\t\t\t27 de abril de 2026\t\t<\/div>\n\n\t\t\n\t\t\t\t\t\t\t<\/div>\n\n\t\t\t\t\t<div data-swiper-parallax=\"-200\" data-swiper-parallax-opacity=\"0.5\" data-swiper-parallax-duration=\"700\">\n\t\t\t\t\t\t<h3 class=\"upk-paradox-title-wrap\" >\n\t\t\t\t<a href=\"https:\/\/obuxixeiro.com.br\/?p=156139\" class=\"upk-paradox-title\" title=\"Futebol brasileiro movimenta fim de semana com rodadas do Brasileir\u00e3o e resultados na Libertadores\">\n\t\t\t\t\tFutebol brasileiro movimenta fim de semana com rodadas do Brasileir\u00e3o e resultados na Libertadores\n\t\t\t\t<\/a>\n\t\t\t<\/h3>\t\t\t\t\t<\/div>\n\n\t\t\t\t\t<div data-swiper-parallax=\"-300\" data-swiper-parallax-opacity=\"0.5\" data-swiper-parallax-duration=\"800\">\n\t\t\t\t\t\t\t\t\t\t\t<\/div>\n\t\t\t\t\t\n\t\t\t\t\t<div data-swiper-parallax=\"-400\" data-swiper-parallax-opacity=\"0.5\" data-swiper-parallax-duration=\"900\">\n\t\t\t\t\t\t\t\t\t\t\t<\/div>\n\t\t\t\t<\/div>\n\t\t\t<\/div>\n\t\t<\/div>\n\t\t\t\t<div class=\"upk-paradox-slider-item swiper-slide upk-transition-toggle\">\n\t\t\t<div class=\"upk-image-wrapper\">\n\t\t\t\t\n\t\t<img decoding=\"async\" class=\"upk-paradox-img swiper-lazy\" src=\"https:\/\/obuxixeiro.com.br\/wp-content\/uploads\/2026\/04\/156137-agronegocio-e-exportacoes-sustentam-crescimento-mas-gargalos-de-infraestrutura-pressi69ef83b4f308f.webp\" alt=\"Agroneg\u00f3cio e exporta\u00e7\u00f5es sustentam crescimento, mas gargalos de infraestrutura pressionam competitividade\">\n\n\t\t\t\t\t<\/div>\n\n\t\t\t<div class=\"upk-paradox-content-box upk-position-center\">\n\t\t\t\t<div class=\"upk-content-inner\">\n\t\t\t\t\t<div class=\"upk-category-date-wrap upk-flex upk-flex-middle\" data-swiper-parallax=\"-100\" data-swiper-parallax-opacity=\"0.5\" data-swiper-parallax-duration=\"600\">\n\t\t\t\t\t\t\t\t<div class=\"upk-paradox-category\">\n\t\t\t<a href=\"https:\/\/obuxixeiro.com.br\/?cat=31\">Mundo<\/a>\t\t<\/div>\n\t\t\t\t\t\t\t\t\n\t\t<div class=\"upk-paradox-date\">\n\t\t\t27 de abril de 2026\t\t<\/div>\n\n\t\t\n\t\t\t\t\t\t\t<\/div>\n\n\t\t\t\t\t<div data-swiper-parallax=\"-200\" data-swiper-parallax-opacity=\"0.5\" data-swiper-parallax-duration=\"700\">\n\t\t\t\t\t\t<h3 class=\"upk-paradox-title-wrap\" >\n\t\t\t\t<a href=\"https:\/\/obuxixeiro.com.br\/?p=156137\" class=\"upk-paradox-title\" title=\"Agroneg\u00f3cio e exporta\u00e7\u00f5es sustentam crescimento, mas gargalos de infraestrutura pressionam competitividade\">\n\t\t\t\t\tAgroneg\u00f3cio e exporta\u00e7\u00f5es sustentam crescimento, mas gargalos de infraestrutura pressionam competitividade\n\t\t\t\t<\/a>\n\t\t\t<\/h3>\t\t\t\t\t<\/div>\n\n\t\t\t\t\t<div data-swiper-parallax=\"-300\" data-swiper-parallax-opacity=\"0.5\" data-swiper-parallax-duration=\"800\">\n\t\t\t\t\t\t\t\t\t\t\t<\/div>\n\t\t\t\t\t\n\t\t\t\t\t<div data-swiper-parallax=\"-400\" data-swiper-parallax-opacity=\"0.5\" data-swiper-parallax-duration=\"900\">\n\t\t\t\t\t\t\t\t\t\t\t<\/div>\n\t\t\t\t<\/div>\n\t\t\t<\/div>\n\t\t<\/div>\n\t\t\t\t<div class=\"upk-paradox-slider-item swiper-slide upk-transition-toggle\">\n\t\t\t<div class=\"upk-image-wrapper\">\n\t\t\t\t\n\t\t<img decoding=\"async\" class=\"upk-paradox-img swiper-lazy\" src=\"https:\/\/obuxixeiro.com.br\/wp-content\/uploads\/2026\/04\/156133-brasil-consolida-protagonismo-no-mercado-de-carbono-as-vesperas-da-cop31-na-turquia.jpg\" alt=\"Brasil consolida protagonismo no mercado de carbono \u00e0s v\u00e9speras da COP31 na Turquia\">\n\n\t\t\t\t\t<\/div>\n\n\t\t\t<div class=\"upk-paradox-content-box upk-position-center\">\n\t\t\t\t<div class=\"upk-content-inner\">\n\t\t\t\t\t<div class=\"upk-category-date-wrap upk-flex upk-flex-middle\" data-swiper-parallax=\"-100\" data-swiper-parallax-opacity=\"0.5\" data-swiper-parallax-duration=\"600\">\n\t\t\t\t\t\t\t\t<div class=\"upk-paradox-category\">\n\t\t\t<a href=\"https:\/\/obuxixeiro.com.br\/?cat=32\">Brasil<\/a> <a href=\"https:\/\/obuxixeiro.com.br\/?cat=1\">Todas Noticias<\/a>\t\t<\/div>\n\t\t\t\t\t\t\t\t\n\t\t<div class=\"upk-paradox-date\">\n\t\t\t27 de abril de 2026\t\t<\/div>\n\n\t\t\n\t\t\t\t\t\t\t<\/div>\n\n\t\t\t\t\t<div data-swiper-parallax=\"-200\" data-swiper-parallax-opacity=\"0.5\" data-swiper-parallax-duration=\"700\">\n\t\t\t\t\t\t<h3 class=\"upk-paradox-title-wrap\" >\n\t\t\t\t<a href=\"https:\/\/obuxixeiro.com.br\/?p=156133\" class=\"upk-paradox-title\" title=\"Brasil consolida protagonismo no mercado de carbono \u00e0s v\u00e9speras da COP31 na Turquia\">\n\t\t\t\t\tBrasil consolida protagonismo no mercado de carbono \u00e0s v\u00e9speras da COP31 na Turquia\n\t\t\t\t<\/a>\n\t\t\t<\/h3>\t\t\t\t\t<\/div>\n\n\t\t\t\t\t<div data-swiper-parallax=\"-300\" data-swiper-parallax-opacity=\"0.5\" data-swiper-parallax-duration=\"800\">\n\t\t\t\t\t\t\t\t\t\t\t<\/div>\n\t\t\t\t\t\n\t\t\t\t\t<div data-swiper-parallax=\"-400\" data-swiper-parallax-opacity=\"0.5\" data-swiper-parallax-duration=\"900\">\n\t\t\t\t\t\t\t\t\t\t\t<\/div>\n\t\t\t\t<\/div>\n\t\t\t<\/div>\n\t\t<\/div>\n\t\t\t\t<div class=\"upk-paradox-slider-item swiper-slide upk-transition-toggle\">\n\t\t\t<div class=\"upk-image-wrapper\">\n\t\t\t\t\n\t\t<img decoding=\"async\" class=\"upk-paradox-img swiper-lazy\" src=\"https:\/\/obuxixeiro.com.br\/wp-content\/uploads\/2026\/04\/156095-pesquisadores-de-sp-desenvolvem-dispositivo-que-integra-computacao-ao-cerebro-humano.png\" alt=\"Pesquisadores de SP desenvolvem dispositivo que integra computa\u00e7\u00e3o ao c\u00e9rebro humano\">\n\n\t\t\t\t\t<\/div>\n\n\t\t\t<div class=\"upk-paradox-content-box upk-position-center\">\n\t\t\t\t<div class=\"upk-content-inner\">\n\t\t\t\t\t<div class=\"upk-category-date-wrap upk-flex upk-flex-middle\" data-swiper-parallax=\"-100\" data-swiper-parallax-opacity=\"0.5\" data-swiper-parallax-duration=\"600\">\n\t\t\t\t\t\t\t\t<div class=\"upk-paradox-category\">\n\t\t\t<a href=\"https:\/\/obuxixeiro.com.br\/?cat=36\">Saude<\/a>\t\t<\/div>\n\t\t\t\t\t\t\t\t\n\t\t<div class=\"upk-paradox-date\">\n\t\t\t27 de abril de 2026\t\t<\/div>\n\n\t\t\n\t\t\t\t\t\t\t<\/div>\n\n\t\t\t\t\t<div data-swiper-parallax=\"-200\" data-swiper-parallax-opacity=\"0.5\" data-swiper-parallax-duration=\"700\">\n\t\t\t\t\t\t<h3 class=\"upk-paradox-title-wrap\" >\n\t\t\t\t<a href=\"https:\/\/obuxixeiro.com.br\/?p=156095\" class=\"upk-paradox-title\" title=\"Pesquisadores de SP desenvolvem dispositivo que integra computa\u00e7\u00e3o ao c\u00e9rebro humano\">\n\t\t\t\t\tPesquisadores de SP desenvolvem dispositivo que integra computa\u00e7\u00e3o ao c\u00e9rebro humano\n\t\t\t\t<\/a>\n\t\t\t<\/h3>\t\t\t\t\t<\/div>\n\n\t\t\t\t\t<div data-swiper-parallax=\"-300\" data-swiper-parallax-opacity=\"0.5\" data-swiper-parallax-duration=\"800\">\n\t\t\t\t\t\t\t\t\t\t\t<\/div>\n\t\t\t\t\t\n\t\t\t\t\t<div data-swiper-parallax=\"-400\" data-swiper-parallax-opacity=\"0.5\" data-swiper-parallax-duration=\"900\">\n\t\t\t\t\t\t\t\t\t\t\t<\/div>\n\t\t\t\t<\/div>\n\t\t\t<\/div>\n\t\t<\/div>\n\t\t\t\t<div class=\"upk-paradox-slider-item swiper-slide upk-transition-toggle\">\n\t\t\t<div class=\"upk-image-wrapper\">\n\t\t\t\t\n\t\t<img decoding=\"async\" class=\"upk-paradox-img swiper-lazy\" src=\"https:\/\/obuxixeiro.com.br\/wp-content\/uploads\/2026\/04\/156089-operacao-conjunta-da-pm-e-pf-prende-procurado-por-trafico-internacional-de-drogas-em-ilhabela.png\" alt=\"Opera\u00e7\u00e3o conjunta da PM e PF prende procurado por tr\u00e1fico internacional de drogas em Ilhabela\">\n\n\t\t\t\t\t<\/div>\n\n\t\t\t<div class=\"upk-paradox-content-box upk-position-center\">\n\t\t\t\t<div class=\"upk-content-inner\">\n\t\t\t\t\t<div class=\"upk-category-date-wrap upk-flex upk-flex-middle\" data-swiper-parallax=\"-100\" data-swiper-parallax-opacity=\"0.5\" data-swiper-parallax-duration=\"600\">\n\t\t\t\t\t\t\t\t<div class=\"upk-paradox-category\">\n\t\t\t<a href=\"https:\/\/obuxixeiro.com.br\/?cat=35\">Cidades<\/a>\t\t<\/div>\n\t\t\t\t\t\t\t\t\n\t\t<div class=\"upk-paradox-date\">\n\t\t\t27 de abril de 2026\t\t<\/div>\n\n\t\t\n\t\t\t\t\t\t\t<\/div>\n\n\t\t\t\t\t<div data-swiper-parallax=\"-200\" data-swiper-parallax-opacity=\"0.5\" data-swiper-parallax-duration=\"700\">\n\t\t\t\t\t\t<h3 class=\"upk-paradox-title-wrap\" >\n\t\t\t\t<a href=\"https:\/\/obuxixeiro.com.br\/?p=156089\" class=\"upk-paradox-title\" title=\"Opera\u00e7\u00e3o conjunta da PM e PF prende procurado por tr\u00e1fico internacional de drogas em Ilhabela\">\n\t\t\t\t\tOpera\u00e7\u00e3o conjunta da PM e PF prende procurado por tr\u00e1fico internacional de drogas em Ilhabela\n\t\t\t\t<\/a>\n\t\t\t<\/h3>\t\t\t\t\t<\/div>\n\n\t\t\t\t\t<div data-swiper-parallax=\"-300\" data-swiper-parallax-opacity=\"0.5\" data-swiper-parallax-duration=\"800\">\n\t\t\t\t\t\t\t\t\t\t\t<\/div>\n\t\t\t\t\t\n\t\t\t\t\t<div data-swiper-parallax=\"-400\" data-swiper-parallax-opacity=\"0.5\" data-swiper-parallax-duration=\"900\">\n\t\t\t\t\t\t\t\t\t\t\t<\/div>\n\t\t\t\t<\/div>\n\t\t\t<\/div>\n\t\t<\/div>\n\t\t\t\t<div class=\"upk-paradox-slider-item swiper-slide upk-transition-toggle\">\n\t\t\t<div class=\"upk-image-wrapper\">\n\t\t\t\t\n\t\t<img decoding=\"async\" class=\"upk-paradox-img swiper-lazy\" src=\"https:\/\/obuxixeiro.com.br\/wp-content\/uploads\/2026\/04\/156091-especialistas-alertam-para-controle-da-pressao-arterial-no-dia-de-combate-a-hipertensao.png\" alt=\"Especialistas alertam para controle da press\u00e3o arterial no Dia de Combate \u00e0 Hipertens\u00e3o\">\n\n\t\t\t\t\t<\/div>\n\n\t\t\t<div class=\"upk-paradox-content-box upk-position-center\">\n\t\t\t\t<div class=\"upk-content-inner\">\n\t\t\t\t\t<div class=\"upk-category-date-wrap upk-flex upk-flex-middle\" data-swiper-parallax=\"-100\" data-swiper-parallax-opacity=\"0.5\" data-swiper-parallax-duration=\"600\">\n\t\t\t\t\t\t\t\t<div class=\"upk-paradox-category\">\n\t\t\t<a href=\"https:\/\/obuxixeiro.com.br\/?cat=35\">Cidades<\/a>\t\t<\/div>\n\t\t\t\t\t\t\t\t\n\t\t<div class=\"upk-paradox-date\">\n\t\t\t27 de abril de 2026\t\t<\/div>\n\n\t\t\n\t\t\t\t\t\t\t<\/div>\n\n\t\t\t\t\t<div data-swiper-parallax=\"-200\" data-swiper-parallax-opacity=\"0.5\" data-swiper-parallax-duration=\"700\">\n\t\t\t\t\t\t<h3 class=\"upk-paradox-title-wrap\" >\n\t\t\t\t<a href=\"https:\/\/obuxixeiro.com.br\/?p=156091\" class=\"upk-paradox-title\" title=\"Especialistas alertam para controle da press\u00e3o arterial no Dia de Combate \u00e0 Hipertens\u00e3o\">\n\t\t\t\t\tEspecialistas alertam para controle da press\u00e3o arterial no Dia de Combate \u00e0 Hipertens\u00e3o\n\t\t\t\t<\/a>\n\t\t\t<\/h3>\t\t\t\t\t<\/div>\n\n\t\t\t\t\t<div data-swiper-parallax=\"-300\" data-swiper-parallax-opacity=\"0.5\" data-swiper-parallax-duration=\"800\">\n\t\t\t\t\t\t\t\t\t\t\t<\/div>\n\t\t\t\t\t\n\t\t\t\t\t<div data-swiper-parallax=\"-400\" data-swiper-parallax-opacity=\"0.5\" data-swiper-parallax-duration=\"900\">\n\t\t\t\t\t\t\t\t\t\t\t<\/div>\n\t\t\t\t<\/div>\n\t\t\t<\/div>\n\t\t<\/div>\n\t\t\t\t<div class=\"upk-paradox-slider-item swiper-slide upk-transition-toggle\">\n\t\t\t<div class=\"upk-image-wrapper\">\n\t\t\t\t\n\t\t<img decoding=\"async\" class=\"upk-paradox-img swiper-lazy\" src=\"https:\/\/obuxixeiro.com.br\/wp-content\/uploads\/2026\/04\/156093-justica-condena-estado-de-sp-a-indenizar-detentos-por-casos-de-tortura-em-unidades-prisionais.png\" alt=\"Justi\u00e7a condena Estado de SP a indenizar detentos por casos de tortura em unidades prisionais\">\n\n\t\t\t\t\t<\/div>\n\n\t\t\t<div class=\"upk-paradox-content-box upk-position-center\">\n\t\t\t\t<div class=\"upk-content-inner\">\n\t\t\t\t\t<div class=\"upk-category-date-wrap upk-flex upk-flex-middle\" data-swiper-parallax=\"-100\" data-swiper-parallax-opacity=\"0.5\" data-swiper-parallax-duration=\"600\">\n\t\t\t\t\t\t\t\t<div class=\"upk-paradox-category\">\n\t\t\t<a href=\"https:\/\/obuxixeiro.com.br\/?cat=35\">Cidades<\/a>\t\t<\/div>\n\t\t\t\t\t\t\t\t\n\t\t<div class=\"upk-paradox-date\">\n\t\t\t27 de abril de 2026\t\t<\/div>\n\n\t\t\n\t\t\t\t\t\t\t<\/div>\n\n\t\t\t\t\t<div data-swiper-parallax=\"-200\" data-swiper-parallax-opacity=\"0.5\" data-swiper-parallax-duration=\"700\">\n\t\t\t\t\t\t<h3 class=\"upk-paradox-title-wrap\" >\n\t\t\t\t<a href=\"https:\/\/obuxixeiro.com.br\/?p=156093\" class=\"upk-paradox-title\" title=\"Justi\u00e7a condena Estado de SP a indenizar detentos por casos de tortura em unidades prisionais\">\n\t\t\t\t\tJusti\u00e7a condena Estado de SP a indenizar detentos por casos de tortura em unidades prisionais\n\t\t\t\t<\/a>\n\t\t\t<\/h3>\t\t\t\t\t<\/div>\n\n\t\t\t\t\t<div data-swiper-parallax=\"-300\" data-swiper-parallax-opacity=\"0.5\" data-swiper-parallax-duration=\"800\">\n\t\t\t\t\t\t\t\t\t\t\t<\/div>\n\t\t\t\t\t\n\t\t\t\t\t<div data-swiper-parallax=\"-400\" data-swiper-parallax-opacity=\"0.5\" data-swiper-parallax-duration=\"900\">\n\t\t\t\t\t\t\t\t\t\t\t<\/div>\n\t\t\t\t<\/div>\n\t\t\t<\/div>\n\t\t<\/div>\n\t\t\t\t<div class=\"upk-paradox-slider-item swiper-slide upk-transition-toggle\">\n\t\t\t<div class=\"upk-image-wrapper\">\n\t\t\t\t\n\t\t<img decoding=\"async\" class=\"upk-paradox-img swiper-lazy\" src=\"https:\/\/obuxixeiro.com.br\/wp-content\/uploads\/2026\/04\/156083-jogos-escolares-do-estado-de-sp-comecam-com-seletivas-na-capital-e-no-interior.png\" alt=\"Jogos Escolares do Estado de SP come\u00e7am com seletivas na capital e no interior\">\n\n\t\t\t\t\t<\/div>\n\n\t\t\t<div class=\"upk-paradox-content-box upk-position-center\">\n\t\t\t\t<div class=\"upk-content-inner\">\n\t\t\t\t\t<div class=\"upk-category-date-wrap upk-flex upk-flex-middle\" data-swiper-parallax=\"-100\" data-swiper-parallax-opacity=\"0.5\" data-swiper-parallax-duration=\"600\">\n\t\t\t\t\t\t\t\t<div class=\"upk-paradox-category\">\n\t\t\t<a href=\"https:\/\/obuxixeiro.com.br\/?cat=32\">Brasil<\/a> <a href=\"https:\/\/obuxixeiro.com.br\/?cat=1\">Todas Noticias<\/a>\t\t<\/div>\n\t\t\t\t\t\t\t\t\n\t\t<div class=\"upk-paradox-date\">\n\t\t\t26 de abril de 2026\t\t<\/div>\n\n\t\t\n\t\t\t\t\t\t\t<\/div>\n\n\t\t\t\t\t<div data-swiper-parallax=\"-200\" data-swiper-parallax-opacity=\"0.5\" data-swiper-parallax-duration=\"700\">\n\t\t\t\t\t\t<h3 class=\"upk-paradox-title-wrap\" >\n\t\t\t\t<a href=\"https:\/\/obuxixeiro.com.br\/?p=156083\" class=\"upk-paradox-title\" title=\"Jogos Escolares do Estado de SP come\u00e7am com seletivas na capital e no interior\">\n\t\t\t\t\tJogos Escolares do Estado de SP come\u00e7am com seletivas na capital e no interior\n\t\t\t\t<\/a>\n\t\t\t<\/h3>\t\t\t\t\t<\/div>\n\n\t\t\t\t\t<div data-swiper-parallax=\"-300\" data-swiper-parallax-opacity=\"0.5\" data-swiper-parallax-duration=\"800\">\n\t\t\t\t\t\t\t\t\t\t\t<\/div>\n\t\t\t\t\t\n\t\t\t\t\t<div data-swiper-parallax=\"-400\" data-swiper-parallax-opacity=\"0.5\" data-swiper-parallax-duration=\"900\">\n\t\t\t\t\t\t\t\t\t\t\t<\/div>\n\t\t\t\t<\/div>\n\t\t\t<\/div>\n\t\t<\/div>\n\t\t\t\t<div class=\"upk-paradox-slider-item swiper-slide upk-transition-toggle\">\n\t\t\t<div class=\"upk-image-wrapper\">\n\t\t\t\t\n\t\t<img decoding=\"async\" class=\"upk-paradox-img swiper-lazy\" src=\"https:\/\/obuxixeiro.com.br\/wp-content\/uploads\/2026\/04\/156085-feirao-de-emprego-em-vinhedo-oferece-mais-de-350-vagas-nesta-segunda-feira.png\" alt=\"Feir\u00e3o de emprego em Vinhedo oferece mais de 350 vagas nesta segunda-feira\">\n\n\t\t\t\t\t<\/div>\n\n\t\t\t<div class=\"upk-paradox-content-box upk-position-center\">\n\t\t\t\t<div class=\"upk-content-inner\">\n\t\t\t\t\t<div class=\"upk-category-date-wrap upk-flex upk-flex-middle\" data-swiper-parallax=\"-100\" data-swiper-parallax-opacity=\"0.5\" data-swiper-parallax-duration=\"600\">\n\t\t\t\t\t\t\t\t<div class=\"upk-paradox-category\">\n\t\t\t<a href=\"https:\/\/obuxixeiro.com.br\/?cat=32\">Brasil<\/a> <a href=\"https:\/\/obuxixeiro.com.br\/?cat=1\">Todas Noticias<\/a>\t\t<\/div>\n\t\t\t\t\t\t\t\t\n\t\t<div class=\"upk-paradox-date\">\n\t\t\t26 de abril de 2026\t\t<\/div>\n\n\t\t\n\t\t\t\t\t\t\t<\/div>\n\n\t\t\t\t\t<div data-swiper-parallax=\"-200\" data-swiper-parallax-opacity=\"0.5\" data-swiper-parallax-duration=\"700\">\n\t\t\t\t\t\t<h3 class=\"upk-paradox-title-wrap\" >\n\t\t\t\t<a href=\"https:\/\/obuxixeiro.com.br\/?p=156085\" class=\"upk-paradox-title\" title=\"Feir\u00e3o de emprego em Vinhedo oferece mais de 350 vagas nesta segunda-feira\">\n\t\t\t\t\tFeir\u00e3o de emprego em Vinhedo oferece mais de 350 vagas nesta segunda-feira\n\t\t\t\t<\/a>\n\t\t\t<\/h3>\t\t\t\t\t<\/div>\n\n\t\t\t\t\t<div data-swiper-parallax=\"-300\" data-swiper-parallax-opacity=\"0.5\" data-swiper-parallax-duration=\"800\">\n\t\t\t\t\t\t\t\t\t\t\t<\/div>\n\t\t\t\t\t\n\t\t\t\t\t<div data-swiper-parallax=\"-400\" data-swiper-parallax-opacity=\"0.5\" data-swiper-parallax-duration=\"900\">\n\t\t\t\t\t\t\t\t\t\t\t<\/div>\n\t\t\t\t<\/div>\n\t\t\t<\/div>\n\t\t<\/div>\n\t\t\t\t<div class=\"upk-paradox-slider-item swiper-slide upk-transition-toggle\">\n\t\t\t<div class=\"upk-image-wrapper\">\n\t\t\t\t\n\t\t<img decoding=\"async\" class=\"upk-paradox-img swiper-lazy\" src=\"https:\/\/obuxixeiro.com.br\/wp-content\/uploads\/2026\/04\/156087-polo-aeroespacial-de-sao-jose-dos-campos-recebe-incentivo-e-amplia-projetos-industriais.png\" alt=\"Polo aeroespacial de S\u00e3o Jos\u00e9 dos Campos recebe incentivo e amplia projetos industriais\">\n\n\t\t\t\t\t<\/div>\n\n\t\t\t<div class=\"upk-paradox-content-box upk-position-center\">\n\t\t\t\t<div class=\"upk-content-inner\">\n\t\t\t\t\t<div class=\"upk-category-date-wrap upk-flex upk-flex-middle\" data-swiper-parallax=\"-100\" data-swiper-parallax-opacity=\"0.5\" data-swiper-parallax-duration=\"600\">\n\t\t\t\t\t\t\t\t<div class=\"upk-paradox-category\">\n\t\t\t<a href=\"https:\/\/obuxixeiro.com.br\/?cat=32\">Brasil<\/a> <a href=\"https:\/\/obuxixeiro.com.br\/?cat=1\">Todas Noticias<\/a>\t\t<\/div>\n\t\t\t\t\t\t\t\t\n\t\t<div class=\"upk-paradox-date\">\n\t\t\t26 de abril de 2026\t\t<\/div>\n\n\t\t\n\t\t\t\t\t\t\t<\/div>\n\n\t\t\t\t\t<div data-swiper-parallax=\"-200\" data-swiper-parallax-opacity=\"0.5\" data-swiper-parallax-duration=\"700\">\n\t\t\t\t\t\t<h3 class=\"upk-paradox-title-wrap\" >\n\t\t\t\t<a href=\"https:\/\/obuxixeiro.com.br\/?p=156087\" class=\"upk-paradox-title\" title=\"Polo aeroespacial de S\u00e3o Jos\u00e9 dos Campos recebe incentivo e amplia projetos industriais\">\n\t\t\t\t\tPolo aeroespacial de S\u00e3o Jos\u00e9 dos Campos recebe incentivo e amplia projetos industriais\n\t\t\t\t<\/a>\n\t\t\t<\/h3>\t\t\t\t\t<\/div>\n\n\t\t\t\t\t<div data-swiper-parallax=\"-300\" data-swiper-parallax-opacity=\"0.5\" data-swiper-parallax-duration=\"800\">\n\t\t\t\t\t\t\t\t\t\t\t<\/div>\n\t\t\t\t\t\n\t\t\t\t\t<div data-swiper-parallax=\"-400\" data-swiper-parallax-opacity=\"0.5\" data-swiper-parallax-duration=\"900\">\n\t\t\t\t\t\t\t\t\t\t\t<\/div>\n\t\t\t\t<\/div>\n\t\t\t<\/div>\n\t\t<\/div>\n\t\t\t\t\t\t\t<\/div>\n\t\t\t\t\t\t\t\t\t<\/div>\n\t\t\t\t\n\t\t\t\t\t\t\t\t\t\t\t<div class=\"upk-position-z-index upk-position-center\">\n\t\t\t<div class=\"upk-arrows-dots-container upk-slidenav-container \">\n\t\t\t\t\n\t\t\t\t<div class=\"upk-flex upk-flex-middle\">\n\t\t\t\t\t<div class=\"upk-visible@m upk-flex\">\n\t\t\t\t\t\t<a href=\"\" class=\"upk-navigation-prev upk-slidenav-previous upk-icon upk-slidenav\">\n\t\t\t\t\t\t\t<i class=\"upk-icon-arrow-left-0\" aria-hidden=\"true\"><\/i>\n\t\t\t\t\t\t<\/a>\n\t\t\t\t\t<\/div>\n\n\t\t\t\t\t\t\t\t\t\t\n\t\t\t\t\t<div class=\"upk-visible@m upk-flex\">\n\t\t\t\t\t\t<a href=\"\" class=\"upk-navigation-next upk-slidenav-next upk-icon upk-slidenav\">\n\t\t\t\t\t\t\t<i class=\"upk-icon-arrow-right-0\" aria-hidden=\"true\"><\/i>\n\t\t\t\t\t\t<\/a>\n\t\t\t\t\t<\/div>\n\t\t\t\t\t\n\t\t\t\t<\/div>\n\t\t\t<\/div>\n\t\t<\/div>\t\t\n\t\t\t\t\t\t\t\t\t\t\t\t\t<div class=\"upk-position-z-index upk-position-bottom\">\n\t\t\t\t\t\t\t<div class=\"upk-dots-container\">\n\t\t\t\t\t\t\t\t<div class=\"swiper-pagination\"><\/div>\n\t\t\t\t\t\t\t<\/div>\n\t\t\t\t\t\t<\/div>\n\t\t\t\t\t\t\t\t\t\t\t\t\t\n\t\t\t<\/div>\n\t\t<\/div>\n\n\t\t\t\t\t\t<\/div>\n\t\t\t\t<\/div>\n\t\t\t\t<div class=\"elementor-element elementor-element-6403bc2 elementor-widget elementor-widget-sidebar\" data-id=\"6403bc2\" data-element_type=\"widget\" data-e-type=\"widget\" data-widget_type=\"sidebar.default\">\n\t\t\t\t<div class=\"elementor-widget-container\">\n\t\t\t\t\t<li id=\"adni_widgets-2\" class=\"widget \"><div class=\"angwp_148535 _ning_outer ang_zone_148535 _ning_jss_zone has_label _align_center\" style=\"max-width:1200px;width:100%;overflow:hidden;height:inherit;\"><div class=\"_ning_label _center\" style=\"\">Anunciantes<\/div><div id=\"_ning_zone_148535_647108107\" class=\"_ning_zone_inner\" style=\"width:1200px; height:200px;position:relative;\"><div u=\"slides\" style=\"position:absolute; overflow:hidden; left:0px; top:0px;width:1200px; height:200px;\"><div class=\"slide_1 slide\" idle=\"5000\"><div class=\"angwp_148528 _ning_cont _ning_hidden _align_center\" data-size=\"custom\" data-bid=\"148528\" data-aid=\"148535\" style=\"max-width:1200px; width:100%;height:inherit;\"><div class=\"_ning_inner\" style=\"\"><a href=\"https:\/\/obuxixeiro.com.br?_dnlink=148528&aid=148535&t=1777305840\" class=\"strack_cli _ning_link\" target=\"_blank\">&nbsp;<\/a><div class=\"_ning_elmt\"><img decoding=\"async\" src=\"https:\/\/obuxixeiro.com.br\/wp-content\/uploads\/angwp\/items\/148528\/69c322a496e3b_1774396068.png\" \/><\/div><\/div><\/div><div class=\"clear\"><\/div><\/div><div class=\"slide_2 slide\" idle=\"5000\"><div class=\"angwp_148533 _ning_cont _ning_hidden _align_center\" data-size=\"custom\" data-bid=\"148533\" data-aid=\"148535\" style=\"max-width:1200px; width:100%;height:inherit;\"><div class=\"_ning_inner\" style=\"\"><a href=\"https:\/\/obuxixeiro.com.br?_dnlink=148533&aid=148535&t=1777305840\" class=\"strack_cli _ning_link\" target=\"_blank\">&nbsp;<\/a><div class=\"_ning_elmt\"><img decoding=\"async\" src=\"https:\/\/obuxixeiro.com.br\/wp-content\/uploads\/angwp\/items\/148533\/69c322a496e3b_1774396068.png\" \/><\/div><\/div><\/div><div class=\"clear\"><\/div><\/div><div class=\"slide_3 slide\" idle=\"5000\"><div class=\"angwp_148534 _ning_cont _ning_hidden _align_center\" data-size=\"custom\" data-bid=\"148534\" data-aid=\"148535\" style=\"max-width:1200px; width:100%;height:inherit;\"><div class=\"_ning_inner\" style=\"\"><a href=\"https:\/\/obuxixeiro.com.br?_dnlink=148534&aid=148535&t=1777305840\" class=\"strack_cli _ning_link\" target=\"_blank\">&nbsp;<\/a><div class=\"_ning_elmt\"><img decoding=\"async\" src=\"https:\/\/obuxixeiro.com.br\/wp-content\/uploads\/angwp\/items\/148534\/BANNERWEB-1040X140px--modelo-2.gif\" \/><\/div><\/div><\/div><div class=\"clear\"><\/div><\/div><\/div><\/div><\/div><div class=\"clear\"><\/div><\/li>\n\t\t\t\t<\/div>\n\t\t\t\t<\/div>\n\t\t\t\t<div class=\"elementor-element elementor-element-18bb1e9 elementor-widget elementor-widget-smartmag-grid\" data-id=\"18bb1e9\" data-element_type=\"widget\" data-e-type=\"widget\" data-widget_type=\"smartmag-grid.default\">\n\t\t\t\t<div class=\"elementor-widget-container\">\n\t\t\t\t\t\t\t<section class=\"block-wrap block-grid block-sc mb-none\" data-id=\"3\">\n\n\t\t\t\t\n\t\t\t<div class=\"block-content\">\n\t\t\t\t\t\n\t<div data-slider=\"carousel\" data-autoplay=\"1\" data-speed data-slides=\"3\" data-slides-md=\"2\" data-slides-sm=\"2\" data-arrows=\"b\" data-dots=\"1\" class=\"loop loop-grid loop-grid-base common-slider loop-carousel arrow-hover slider-arrow-b grid grid-5 md:grid-2 sm:grid-2\">\n\n\t\t\t\t\t\n<article class=\"l-post grid-post grid-base-post\">\n\n\t\n\t\t\t<div class=\"media\">\n\n\t\t\n\t\t\t<a href=\"https:\/\/obuxixeiro.com.br\/?p=155625\" class=\"image-link media-ratio ratio-is-custom\" title=\"Segundo o jornal The Economist, Trump est\u00e1 enfraquecido e irritado com a guerra do Ir\u00e3\"><img loading=\"lazy\" decoding=\"async\" width=\"408\" height=\"243\" src=\"https:\/\/obuxixeiro.com.br\/wp-content\/uploads\/2026\/04\/155625-segundo-o-jornal-the-economist-trump-esta-enfraquecido-e-irritado-com-a-guerra-do-ira-450x450.webp\" class=\"attachment-bunyad-medium size-bunyad-medium wp-post-image\" alt=\"segundo-o-jornal-the-economist,-trump-esta-enfraquecido-e-irritado-com-a-guerra-do-ira\" sizes=\"(max-width: 408px) 100vw, 408px\" title=\"Segundo o jornal The Economist, Trump est\u00e1 enfraquecido e irritado com a guerra do Ir\u00e3\" srcset=\"https:\/\/obuxixeiro.com.br\/wp-content\/uploads\/2026\/04\/155625-segundo-o-jornal-the-economist-trump-esta-enfraquecido-e-irritado-com-a-guerra-do-ira-450x450.webp 450w, https:\/\/obuxixeiro.com.br\/wp-content\/uploads\/2026\/04\/155625-segundo-o-jornal-the-economist-trump-esta-enfraquecido-e-irritado-com-a-guerra-do-ira-300x300.webp 300w, https:\/\/obuxixeiro.com.br\/wp-content\/uploads\/2026\/04\/155625-segundo-o-jornal-the-economist-trump-esta-enfraquecido-e-irritado-com-a-guerra-do-ira-1024x1024.webp 1024w, https:\/\/obuxixeiro.com.br\/wp-content\/uploads\/2026\/04\/155625-segundo-o-jornal-the-economist-trump-esta-enfraquecido-e-irritado-com-a-guerra-do-ira-768x768.webp 768w, https:\/\/obuxixeiro.com.br\/wp-content\/uploads\/2026\/04\/155625-segundo-o-jornal-the-economist-trump-esta-enfraquecido-e-irritado-com-a-guerra-do-ira.webp 1200w\" \/><\/a>\t\t\t\n\t\t\t\n\t\t\t\n\t\t\t\n\t\t\n\t\t<\/div>\n\t\n\n\t\n\t\t<div class=\"content\">\n\n\t\t\t<div class=\"post-meta post-meta-a\"><h2 class=\"is-title post-title limit-lines l-lines-2\"><a href=\"https:\/\/obuxixeiro.com.br\/?p=155625\">Segundo o jornal The Economist, Trump est\u00e1 enfraquecido e irritado com a guerra do Ir\u00e3<\/a><\/h2><\/div>\t\t\t\n\t\t\t\n\t\t\t\n\t\t<\/div>\n\n\t\n<\/article>\t\t\t\t\t\n<article class=\"l-post grid-post grid-base-post\">\n\n\t\n\t\t\t<div class=\"media\">\n\n\t\t\n\t\t\t<a href=\"https:\/\/obuxixeiro.com.br\/?p=156087\" class=\"image-link media-ratio ratio-is-custom\" title=\"Polo aeroespacial de S\u00e3o Jos\u00e9 dos Campos recebe incentivo e amplia projetos industriais\"><img loading=\"lazy\" decoding=\"async\" width=\"408\" height=\"243\" src=\"https:\/\/obuxixeiro.com.br\/wp-content\/uploads\/2026\/04\/156087-polo-aeroespacial-de-sao-jose-dos-campos-recebe-incentivo-e-amplia-projetos-industriais-450x300.png\" class=\"attachment-bunyad-medium size-bunyad-medium wp-post-image\" alt=\"polo-aeroespacial-de-sao-jose-dos-campos-recebe-incentivo-e-amplia-projetos-industriais\" sizes=\"(max-width: 408px) 100vw, 408px\" title=\"Polo aeroespacial de S\u00e3o Jos\u00e9 dos Campos recebe incentivo e amplia projetos industriais\" srcset=\"https:\/\/obuxixeiro.com.br\/wp-content\/uploads\/2026\/04\/156087-polo-aeroespacial-de-sao-jose-dos-campos-recebe-incentivo-e-amplia-projetos-industriais-450x300.png 450w, https:\/\/obuxixeiro.com.br\/wp-content\/uploads\/2026\/04\/156087-polo-aeroespacial-de-sao-jose-dos-campos-recebe-incentivo-e-amplia-projetos-industriais-1024x683.png 1024w, https:\/\/obuxixeiro.com.br\/wp-content\/uploads\/2026\/04\/156087-polo-aeroespacial-de-sao-jose-dos-campos-recebe-incentivo-e-amplia-projetos-industriais-768x512.png 768w, https:\/\/obuxixeiro.com.br\/wp-content\/uploads\/2026\/04\/156087-polo-aeroespacial-de-sao-jose-dos-campos-recebe-incentivo-e-amplia-projetos-industriais-1200x800.png 1200w, https:\/\/obuxixeiro.com.br\/wp-content\/uploads\/2026\/04\/156087-polo-aeroespacial-de-sao-jose-dos-campos-recebe-incentivo-e-amplia-projetos-industriais.png 1536w\" \/><\/a>\t\t\t\n\t\t\t\n\t\t\t\n\t\t\t\n\t\t\n\t\t<\/div>\n\t\n\n\t\n\t\t<div class=\"content\">\n\n\t\t\t<div class=\"post-meta post-meta-a\"><h2 class=\"is-title post-title limit-lines l-lines-2\"><a href=\"https:\/\/obuxixeiro.com.br\/?p=156087\">Polo aeroespacial de S\u00e3o Jos\u00e9 dos Campos recebe incentivo e amplia projetos industriais<\/a><\/h2><\/div>\t\t\t\n\t\t\t\n\t\t\t\n\t\t<\/div>\n\n\t\n<\/article>\t\t\t\t\t\n<article class=\"l-post grid-post grid-base-post\">\n\n\t\n\t\t\t<div class=\"media\">\n\n\t\t\n\t\t\t<a href=\"https:\/\/obuxixeiro.com.br\/?p=155799\" class=\"image-link media-ratio ratio-is-custom\" title=\"Pixar desenvolve novo filme da franquia Monstros S.A., segundo imprensa internacional\"><img loading=\"lazy\" decoding=\"async\" width=\"408\" height=\"243\" src=\"https:\/\/obuxixeiro.com.br\/wp-content\/uploads\/2026\/04\/155799-pixar-desenvolve-novo-filme-da-franquia-monstros-sa-segundo-imprensa-internacional-450x277.jpg\" class=\"attachment-bunyad-medium size-bunyad-medium wp-post-image\" alt=\"pixar-desenvolve-novo-filme-da-franquia-monstros-sa.,-segundo-imprensa-internacional\" sizes=\"(max-width: 408px) 100vw, 408px\" title=\"Pixar desenvolve novo filme da franquia Monstros S.A., segundo imprensa internacional\" srcset=\"https:\/\/obuxixeiro.com.br\/wp-content\/uploads\/2026\/04\/155799-pixar-desenvolve-novo-filme-da-franquia-monstros-sa-segundo-imprensa-internacional-450x277.jpg 450w, https:\/\/obuxixeiro.com.br\/wp-content\/uploads\/2026\/04\/155799-pixar-desenvolve-novo-filme-da-franquia-monstros-sa-segundo-imprensa-internacional-300x185.jpg 300w, https:\/\/obuxixeiro.com.br\/wp-content\/uploads\/2026\/04\/155799-pixar-desenvolve-novo-filme-da-franquia-monstros-sa-segundo-imprensa-internacional-150x92.jpg 150w, https:\/\/obuxixeiro.com.br\/wp-content\/uploads\/2026\/04\/155799-pixar-desenvolve-novo-filme-da-franquia-monstros-sa-segundo-imprensa-internacional-237x146.jpg 237w, https:\/\/obuxixeiro.com.br\/wp-content\/uploads\/2026\/04\/155799-pixar-desenvolve-novo-filme-da-franquia-monstros-sa-segundo-imprensa-internacional.jpg 663w\" \/><\/a>\t\t\t\n\t\t\t\n\t\t\t\n\t\t\t\n\t\t\n\t\t<\/div>\n\t\n\n\t\n\t\t<div class=\"content\">\n\n\t\t\t<div class=\"post-meta post-meta-a\"><h2 class=\"is-title post-title limit-lines l-lines-2\"><a href=\"https:\/\/obuxixeiro.com.br\/?p=155799\">Pixar desenvolve novo filme da franquia Monstros S.A., segundo imprensa internacional<\/a><\/h2><\/div>\t\t\t\n\t\t\t\n\t\t\t\n\t\t<\/div>\n\n\t\n<\/article>\t\t\t\t\t\n<article class=\"l-post grid-post grid-base-post\">\n\n\t\n\t\t\t<div class=\"media\">\n\n\t\t\n\t\t\t<a href=\"https:\/\/obuxixeiro.com.br\/?p=155564\" class=\"image-link media-ratio ratio-is-custom\" title=\"Grupo encapuzado invade pr\u00e9dio da USP em S\u00e3o Paulo\"><img loading=\"lazy\" decoding=\"async\" width=\"408\" height=\"243\" src=\"https:\/\/obuxixeiro.com.br\/wp-content\/uploads\/2026\/04\/155564-grupo-encapuzado-invade-predio-da-usp-em-sao-paulo-450x300.png\" class=\"attachment-bunyad-medium size-bunyad-medium wp-post-image\" alt=\"grupo-encapuzado-invade-predio-da-usp-em-sao-paulo\" sizes=\"(max-width: 408px) 100vw, 408px\" title=\"Grupo encapuzado invade pr\u00e9dio da USP em S\u00e3o Paulo\" srcset=\"https:\/\/obuxixeiro.com.br\/wp-content\/uploads\/2026\/04\/155564-grupo-encapuzado-invade-predio-da-usp-em-sao-paulo-450x300.png 450w, https:\/\/obuxixeiro.com.br\/wp-content\/uploads\/2026\/04\/155564-grupo-encapuzado-invade-predio-da-usp-em-sao-paulo-1024x683.png 1024w, https:\/\/obuxixeiro.com.br\/wp-content\/uploads\/2026\/04\/155564-grupo-encapuzado-invade-predio-da-usp-em-sao-paulo-768x512.png 768w, https:\/\/obuxixeiro.com.br\/wp-content\/uploads\/2026\/04\/155564-grupo-encapuzado-invade-predio-da-usp-em-sao-paulo-1200x800.png 1200w, https:\/\/obuxixeiro.com.br\/wp-content\/uploads\/2026\/04\/155564-grupo-encapuzado-invade-predio-da-usp-em-sao-paulo.png 1536w\" \/><\/a>\t\t\t\n\t\t\t\n\t\t\t\n\t\t\t\n\t\t\n\t\t<\/div>\n\t\n\n\t\n\t\t<div class=\"content\">\n\n\t\t\t<div class=\"post-meta post-meta-a\"><h2 class=\"is-title post-title limit-lines l-lines-2\"><a href=\"https:\/\/obuxixeiro.com.br\/?p=155564\">Grupo encapuzado invade pr\u00e9dio da USP em S\u00e3o Paulo<\/a><\/h2><\/div>\t\t\t\n\t\t\t\n\t\t\t\n\t\t<\/div>\n\n\t\n<\/article>\t\t\t\t\t\n<article class=\"l-post grid-post grid-base-post\">\n\n\t\n\t\t\t<div class=\"media\">\n\n\t\t\n\t\t\t<a href=\"https:\/\/obuxixeiro.com.br\/?p=155537\" class=\"image-link media-ratio ratio-is-custom\" title=\"Porsche se manifesta sobre acidentes com carros da marca em S\u00e3o Paulo\"><img loading=\"lazy\" decoding=\"async\" width=\"408\" height=\"243\" src=\"https:\/\/obuxixeiro.com.br\/wp-content\/uploads\/2026\/04\/155537-porsche-se-manifesta-sobre-acidentes-com-carros-da-marca-em-sao-paulo-450x300.png\" class=\"attachment-bunyad-medium size-bunyad-medium wp-post-image\" alt=\"porsche-se-manifesta-sobre-acidentes-com-carros-da-marca-em-sao-paulo\" sizes=\"(max-width: 408px) 100vw, 408px\" title=\"Porsche se manifesta sobre acidentes com carros da marca em S\u00e3o Paulo\" srcset=\"https:\/\/obuxixeiro.com.br\/wp-content\/uploads\/2026\/04\/155537-porsche-se-manifesta-sobre-acidentes-com-carros-da-marca-em-sao-paulo-450x300.png 450w, https:\/\/obuxixeiro.com.br\/wp-content\/uploads\/2026\/04\/155537-porsche-se-manifesta-sobre-acidentes-com-carros-da-marca-em-sao-paulo-1024x683.png 1024w, https:\/\/obuxixeiro.com.br\/wp-content\/uploads\/2026\/04\/155537-porsche-se-manifesta-sobre-acidentes-com-carros-da-marca-em-sao-paulo-768x512.png 768w, https:\/\/obuxixeiro.com.br\/wp-content\/uploads\/2026\/04\/155537-porsche-se-manifesta-sobre-acidentes-com-carros-da-marca-em-sao-paulo-1200x800.png 1200w, https:\/\/obuxixeiro.com.br\/wp-content\/uploads\/2026\/04\/155537-porsche-se-manifesta-sobre-acidentes-com-carros-da-marca-em-sao-paulo.png 1536w\" \/><\/a>\t\t\t\n\t\t\t\n\t\t\t\n\t\t\t\n\t\t\n\t\t<\/div>\n\t\n\n\t\n\t\t<div class=\"content\">\n\n\t\t\t<div class=\"post-meta post-meta-a\"><h2 class=\"is-title post-title limit-lines l-lines-2\"><a href=\"https:\/\/obuxixeiro.com.br\/?p=155537\">Porsche se manifesta sobre acidentes com carros da marca em S\u00e3o Paulo<\/a><\/h2><\/div>\t\t\t\n\t\t\t\n\t\t\t\n\t\t<\/div>\n\n\t\n<\/article>\t\t\t\t\t\n<article class=\"l-post grid-post grid-base-post\">\n\n\t\n\t\t\t<div class=\"media\">\n\n\t\t\n\t\t\t<a href=\"https:\/\/obuxixeiro.com.br\/?p=155466\" class=\"image-link media-ratio ratio-is-custom\" title=\"Marcha ind\u00edgena em Bras\u00edlia pressiona governo por demarca\u00e7\u00e3o de terras\"><img loading=\"lazy\" decoding=\"async\" width=\"408\" height=\"243\" src=\"https:\/\/obuxixeiro.com.br\/wp-content\/uploads\/2026\/04\/155466-marcha-indigena-em-brasilia-pressiona-governo-por-demarcacao-de-terras-450x300.png\" class=\"attachment-bunyad-medium size-bunyad-medium wp-post-image\" alt=\"marcha-indigena-em-brasilia-pressiona-governo-por-demarcacao-de-terras\" sizes=\"(max-width: 408px) 100vw, 408px\" title=\"Marcha ind\u00edgena em Bras\u00edlia pressiona governo por demarca\u00e7\u00e3o de terras\" srcset=\"https:\/\/obuxixeiro.com.br\/wp-content\/uploads\/2026\/04\/155466-marcha-indigena-em-brasilia-pressiona-governo-por-demarcacao-de-terras-450x300.png 450w, https:\/\/obuxixeiro.com.br\/wp-content\/uploads\/2026\/04\/155466-marcha-indigena-em-brasilia-pressiona-governo-por-demarcacao-de-terras-1024x683.png 1024w, https:\/\/obuxixeiro.com.br\/wp-content\/uploads\/2026\/04\/155466-marcha-indigena-em-brasilia-pressiona-governo-por-demarcacao-de-terras-768x512.png 768w, https:\/\/obuxixeiro.com.br\/wp-content\/uploads\/2026\/04\/155466-marcha-indigena-em-brasilia-pressiona-governo-por-demarcacao-de-terras-1200x800.png 1200w, https:\/\/obuxixeiro.com.br\/wp-content\/uploads\/2026\/04\/155466-marcha-indigena-em-brasilia-pressiona-governo-por-demarcacao-de-terras.png 1536w\" \/><\/a>\t\t\t\n\t\t\t\n\t\t\t\n\t\t\t\n\t\t\n\t\t<\/div>\n\t\n\n\t\n\t\t<div class=\"content\">\n\n\t\t\t<div class=\"post-meta post-meta-a\"><h2 class=\"is-title post-title limit-lines l-lines-2\"><a href=\"https:\/\/obuxixeiro.com.br\/?p=155466\">Marcha ind\u00edgena em Bras\u00edlia pressiona governo por demarca\u00e7\u00e3o de terras<\/a><\/h2><\/div>\t\t\t\n\t\t\t\n\t\t\t\n\t\t<\/div>\n\n\t\n<\/article>\t\t\t\t\t\n<article class=\"l-post grid-post grid-base-post\">\n\n\t\n\t\t\t<div class=\"media\">\n\n\t\t\n\t\t\t<a href=\"https:\/\/obuxixeiro.com.br\/?p=155837\" class=\"image-link media-ratio ratio-is-custom\" title=\"Opera\u00e7\u00e3o Impacto mobiliza drones, helic\u00f3pteros e viaturas contra roubos em SP\"><img loading=\"lazy\" decoding=\"async\" width=\"408\" height=\"243\" src=\"https:\/\/obuxixeiro.com.br\/wp-content\/uploads\/2026\/04\/155837-operacao-impacto-mobiliza-drones-helicopteros-e-viaturas-contra-roubos-em-sp-450x300.png\" class=\"attachment-bunyad-medium size-bunyad-medium wp-post-image\" alt=\"operacao-impacto-mobiliza-drones,-helicopteros-e-viaturas-contra-roubos-em-sp\" sizes=\"(max-width: 408px) 100vw, 408px\" title=\"Opera\u00e7\u00e3o Impacto mobiliza drones, helic\u00f3pteros e viaturas contra roubos em SP\" srcset=\"https:\/\/obuxixeiro.com.br\/wp-content\/uploads\/2026\/04\/155837-operacao-impacto-mobiliza-drones-helicopteros-e-viaturas-contra-roubos-em-sp-450x300.png 450w, https:\/\/obuxixeiro.com.br\/wp-content\/uploads\/2026\/04\/155837-operacao-impacto-mobiliza-drones-helicopteros-e-viaturas-contra-roubos-em-sp-1024x683.png 1024w, https:\/\/obuxixeiro.com.br\/wp-content\/uploads\/2026\/04\/155837-operacao-impacto-mobiliza-drones-helicopteros-e-viaturas-contra-roubos-em-sp-768x512.png 768w, https:\/\/obuxixeiro.com.br\/wp-content\/uploads\/2026\/04\/155837-operacao-impacto-mobiliza-drones-helicopteros-e-viaturas-contra-roubos-em-sp-1200x800.png 1200w, https:\/\/obuxixeiro.com.br\/wp-content\/uploads\/2026\/04\/155837-operacao-impacto-mobiliza-drones-helicopteros-e-viaturas-contra-roubos-em-sp.png 1536w\" \/><\/a>\t\t\t\n\t\t\t\n\t\t\t\n\t\t\t\n\t\t\n\t\t<\/div>\n\t\n\n\t\n\t\t<div class=\"content\">\n\n\t\t\t<div class=\"post-meta post-meta-a\"><h2 class=\"is-title post-title limit-lines l-lines-2\"><a href=\"https:\/\/obuxixeiro.com.br\/?p=155837\">Opera\u00e7\u00e3o Impacto mobiliza drones, helic\u00f3pteros e viaturas contra roubos em SP<\/a><\/h2><\/div>\t\t\t\n\t\t\t\n\t\t\t\n\t\t<\/div>\n\n\t\n<\/article>\t\t\t\t\t\n<article class=\"l-post grid-post grid-base-post\">\n\n\t\n\t\t\t<div class=\"media\">\n\n\t\t\n\t\t\t<a href=\"https:\/\/obuxixeiro.com.br\/?p=155661\" class=\"image-link media-ratio ratio-is-custom\" title=\"V\u00eddeo mostra a\u00e7\u00e3o de trio em roubo a restaurante no Morumbi, zona sul de SP\"><img loading=\"lazy\" decoding=\"async\" width=\"408\" height=\"243\" src=\"https:\/\/obuxixeiro.com.br\/wp-content\/uploads\/2026\/04\/155661-video-mostra-acao-de-trio-em-roubo-a-restaurante-no-morumbi-zona-sul-de-sp-450x300.png\" class=\"attachment-bunyad-medium size-bunyad-medium wp-post-image\" alt=\"video-mostra-acao-de-trio-em-roubo-a-restaurante-no-morumbi,-zona-sul-de-sp\" sizes=\"(max-width: 408px) 100vw, 408px\" title=\"V\u00eddeo mostra a\u00e7\u00e3o de trio em roubo a restaurante no Morumbi, zona sul de SP\" srcset=\"https:\/\/obuxixeiro.com.br\/wp-content\/uploads\/2026\/04\/155661-video-mostra-acao-de-trio-em-roubo-a-restaurante-no-morumbi-zona-sul-de-sp-450x300.png 450w, https:\/\/obuxixeiro.com.br\/wp-content\/uploads\/2026\/04\/155661-video-mostra-acao-de-trio-em-roubo-a-restaurante-no-morumbi-zona-sul-de-sp-1024x683.png 1024w, https:\/\/obuxixeiro.com.br\/wp-content\/uploads\/2026\/04\/155661-video-mostra-acao-de-trio-em-roubo-a-restaurante-no-morumbi-zona-sul-de-sp-768x512.png 768w, https:\/\/obuxixeiro.com.br\/wp-content\/uploads\/2026\/04\/155661-video-mostra-acao-de-trio-em-roubo-a-restaurante-no-morumbi-zona-sul-de-sp-1200x800.png 1200w, https:\/\/obuxixeiro.com.br\/wp-content\/uploads\/2026\/04\/155661-video-mostra-acao-de-trio-em-roubo-a-restaurante-no-morumbi-zona-sul-de-sp.png 1536w\" \/><\/a>\t\t\t\n\t\t\t\n\t\t\t\n\t\t\t\n\t\t\n\t\t<\/div>\n\t\n\n\t\n\t\t<div class=\"content\">\n\n\t\t\t<div class=\"post-meta post-meta-a\"><h2 class=\"is-title post-title limit-lines l-lines-2\"><a href=\"https:\/\/obuxixeiro.com.br\/?p=155661\">V\u00eddeo mostra a\u00e7\u00e3o de trio em roubo a restaurante no Morumbi, zona sul de SP<\/a><\/h2><\/div>\t\t\t\n\t\t\t\n\t\t\t\n\t\t<\/div>\n\n\t\n<\/article>\t\t\t\t\t\n<article class=\"l-post grid-post grid-base-post\">\n\n\t\n\t\t\t<div class=\"media\">\n\n\t\t\n\t\t\t<a href=\"https:\/\/obuxixeiro.com.br\/?p=156141\" class=\"image-link media-ratio ratio-is-custom\" title=\"Caso Thawanna: inqu\u00e9rito avan\u00e7a e debate sobre c\u00e2meras corporais em PMs ganha for\u00e7a no Congresso\"><img loading=\"lazy\" decoding=\"async\" width=\"408\" height=\"243\" src=\"https:\/\/obuxixeiro.com.br\/wp-content\/uploads\/2026\/04\/156141-caso-thawanna-inquerito-avanca-e-debate-sobre-cameras-corporais-em-pms-ganha-forca-no-congresso-450x300.jpg\" class=\"attachment-bunyad-medium size-bunyad-medium wp-post-image\" alt=\"caso-thawanna:-inquerito-avanca-e-debate-sobre-cameras-corporais-em-pms-ganha-forca-no-congresso\" sizes=\"(max-width: 408px) 100vw, 408px\" title=\"Caso Thawanna: inqu\u00e9rito avan\u00e7a e debate sobre c\u00e2meras corporais em PMs ganha for\u00e7a no Congresso\" srcset=\"https:\/\/obuxixeiro.com.br\/wp-content\/uploads\/2026\/04\/156141-caso-thawanna-inquerito-avanca-e-debate-sobre-cameras-corporais-em-pms-ganha-forca-no-congresso-450x300.jpg 450w, https:\/\/obuxixeiro.com.br\/wp-content\/uploads\/2026\/04\/156141-caso-thawanna-inquerito-avanca-e-debate-sobre-cameras-corporais-em-pms-ganha-forca-no-congresso-1024x683.jpg 1024w, https:\/\/obuxixeiro.com.br\/wp-content\/uploads\/2026\/04\/156141-caso-thawanna-inquerito-avanca-e-debate-sobre-cameras-corporais-em-pms-ganha-forca-no-congresso-768x512.jpg 768w, https:\/\/obuxixeiro.com.br\/wp-content\/uploads\/2026\/04\/156141-caso-thawanna-inquerito-avanca-e-debate-sobre-cameras-corporais-em-pms-ganha-forca-no-congresso-1536x1024.jpg 1536w, https:\/\/obuxixeiro.com.br\/wp-content\/uploads\/2026\/04\/156141-caso-thawanna-inquerito-avanca-e-debate-sobre-cameras-corporais-em-pms-ganha-forca-no-congresso-1200x800.jpg 1200w, https:\/\/obuxixeiro.com.br\/wp-content\/uploads\/2026\/04\/156141-caso-thawanna-inquerito-avanca-e-debate-sobre-cameras-corporais-em-pms-ganha-forca-no-congresso.jpg 1900w\" \/><\/a>\t\t\t\n\t\t\t\n\t\t\t\n\t\t\t\n\t\t\n\t\t<\/div>\n\t\n\n\t\n\t\t<div class=\"content\">\n\n\t\t\t<div class=\"post-meta post-meta-a\"><h2 class=\"is-title post-title limit-lines l-lines-2\"><a href=\"https:\/\/obuxixeiro.com.br\/?p=156141\">Caso Thawanna: inqu\u00e9rito avan\u00e7a e debate sobre c\u00e2meras corporais em PMs ganha for\u00e7a no Congresso<\/a><\/h2><\/div>\t\t\t\n\t\t\t\n\t\t\t\n\t\t<\/div>\n\n\t\n<\/article>\t\t\t\t\t\n<article class=\"l-post grid-post grid-base-post\">\n\n\t\n\t\t\t<div class=\"media\">\n\n\t\t\n\t\t\t<a href=\"https:\/\/obuxixeiro.com.br\/?p=155704\" class=\"image-link media-ratio ratio-is-custom\" title=\"Feir\u00e3o de empregos oferece mais de 90 vagas na zona sul de S\u00e3o Paulo\"><img loading=\"lazy\" decoding=\"async\" width=\"408\" height=\"243\" src=\"https:\/\/obuxixeiro.com.br\/wp-content\/uploads\/2026\/04\/155704-feirao-de-empregos-oferece-mais-de-90-vagas-na-zona-sul-de-sao-paulo-450x300.png\" class=\"attachment-bunyad-medium size-bunyad-medium wp-post-image\" alt=\"feirao-de-empregos-oferece-mais-de-90-vagas-na-zona-sul-de-sao-paulo\" sizes=\"(max-width: 408px) 100vw, 408px\" title=\"Feir\u00e3o de empregos oferece mais de 90 vagas na zona sul de S\u00e3o Paulo\" srcset=\"https:\/\/obuxixeiro.com.br\/wp-content\/uploads\/2026\/04\/155704-feirao-de-empregos-oferece-mais-de-90-vagas-na-zona-sul-de-sao-paulo-450x300.png 450w, https:\/\/obuxixeiro.com.br\/wp-content\/uploads\/2026\/04\/155704-feirao-de-empregos-oferece-mais-de-90-vagas-na-zona-sul-de-sao-paulo-1024x683.png 1024w, https:\/\/obuxixeiro.com.br\/wp-content\/uploads\/2026\/04\/155704-feirao-de-empregos-oferece-mais-de-90-vagas-na-zona-sul-de-sao-paulo-768x512.png 768w, https:\/\/obuxixeiro.com.br\/wp-content\/uploads\/2026\/04\/155704-feirao-de-empregos-oferece-mais-de-90-vagas-na-zona-sul-de-sao-paulo-1200x800.png 1200w, https:\/\/obuxixeiro.com.br\/wp-content\/uploads\/2026\/04\/155704-feirao-de-empregos-oferece-mais-de-90-vagas-na-zona-sul-de-sao-paulo.png 1536w\" \/><\/a>\t\t\t\n\t\t\t\n\t\t\t\n\t\t\t\n\t\t\n\t\t<\/div>\n\t\n\n\t\n\t\t<div class=\"content\">\n\n\t\t\t<div class=\"post-meta post-meta-a\"><h2 class=\"is-title post-title limit-lines l-lines-2\"><a href=\"https:\/\/obuxixeiro.com.br\/?p=155704\">Feir\u00e3o de empregos oferece mais de 90 vagas na zona sul de S\u00e3o Paulo<\/a><\/h2><\/div>\t\t\t\n\t\t\t\n\t\t\t\n\t\t<\/div>\n\n\t\n<\/article>\t\t\t\t\t\n<article class=\"l-post grid-post grid-base-post\">\n\n\t\n\t\t\t<div class=\"media\">\n\n\t\t\n\t\t\t<a href=\"https:\/\/obuxixeiro.com.br\/?p=155414\" class=\"image-link media-ratio ratio-is-custom\" title=\"Campo de Marte pode receber primeiro vertiporto para aeronaves el\u00e9tricas em SP\"><img loading=\"lazy\" decoding=\"async\" width=\"408\" height=\"243\" src=\"https:\/\/obuxixeiro.com.br\/wp-content\/uploads\/2026\/04\/155414-campo-de-marte-pode-receber-primeiro-vertiporto-para-aeronaves-eletricas-em-sp-450x300.png\" class=\"attachment-bunyad-medium size-bunyad-medium wp-post-image\" alt=\"campo-de-marte-pode-receber-primeiro-vertiporto-para-aeronaves-eletricas-em-sp\" sizes=\"(max-width: 408px) 100vw, 408px\" title=\"Campo de Marte pode receber primeiro vertiporto para aeronaves el\u00e9tricas em SP\" srcset=\"https:\/\/obuxixeiro.com.br\/wp-content\/uploads\/2026\/04\/155414-campo-de-marte-pode-receber-primeiro-vertiporto-para-aeronaves-eletricas-em-sp-450x300.png 450w, https:\/\/obuxixeiro.com.br\/wp-content\/uploads\/2026\/04\/155414-campo-de-marte-pode-receber-primeiro-vertiporto-para-aeronaves-eletricas-em-sp-1024x683.png 1024w, https:\/\/obuxixeiro.com.br\/wp-content\/uploads\/2026\/04\/155414-campo-de-marte-pode-receber-primeiro-vertiporto-para-aeronaves-eletricas-em-sp-768x512.png 768w, https:\/\/obuxixeiro.com.br\/wp-content\/uploads\/2026\/04\/155414-campo-de-marte-pode-receber-primeiro-vertiporto-para-aeronaves-eletricas-em-sp-1200x800.png 1200w, https:\/\/obuxixeiro.com.br\/wp-content\/uploads\/2026\/04\/155414-campo-de-marte-pode-receber-primeiro-vertiporto-para-aeronaves-eletricas-em-sp.png 1536w\" \/><\/a>\t\t\t\n\t\t\t\n\t\t\t\n\t\t\t\n\t\t\n\t\t<\/div>\n\t\n\n\t\n\t\t<div class=\"content\">\n\n\t\t\t<div class=\"post-meta post-meta-a\"><h2 class=\"is-title post-title limit-lines l-lines-2\"><a href=\"https:\/\/obuxixeiro.com.br\/?p=155414\">Campo de Marte pode receber primeiro vertiporto para aeronaves el\u00e9tricas em SP<\/a><\/h2><\/div>\t\t\t\n\t\t\t\n\t\t\t\n\t\t<\/div>\n\n\t\n<\/article>\t\t\t\t\t\n<article class=\"l-post grid-post grid-base-post\">\n\n\t\n\t\t\t<div class=\"media\">\n\n\t\t\n\t\t\t<a href=\"https:\/\/obuxixeiro.com.br\/?p=156091\" class=\"image-link media-ratio ratio-is-custom\" title=\"Especialistas alertam para controle da press\u00e3o arterial no Dia de Combate \u00e0 Hipertens\u00e3o\"><img loading=\"lazy\" decoding=\"async\" width=\"408\" height=\"243\" src=\"https:\/\/obuxixeiro.com.br\/wp-content\/uploads\/2026\/04\/156091-especialistas-alertam-para-controle-da-pressao-arterial-no-dia-de-combate-a-hipertensao-450x300.png\" class=\"attachment-bunyad-medium size-bunyad-medium wp-post-image\" alt=\"especialistas-alertam-para-controle-da-pressao-arterial-no-dia-de-combate-a-hipertensao\" sizes=\"(max-width: 408px) 100vw, 408px\" title=\"Especialistas alertam para controle da press\u00e3o arterial no Dia de Combate \u00e0 Hipertens\u00e3o\" srcset=\"https:\/\/obuxixeiro.com.br\/wp-content\/uploads\/2026\/04\/156091-especialistas-alertam-para-controle-da-pressao-arterial-no-dia-de-combate-a-hipertensao-450x300.png 450w, https:\/\/obuxixeiro.com.br\/wp-content\/uploads\/2026\/04\/156091-especialistas-alertam-para-controle-da-pressao-arterial-no-dia-de-combate-a-hipertensao-1024x683.png 1024w, https:\/\/obuxixeiro.com.br\/wp-content\/uploads\/2026\/04\/156091-especialistas-alertam-para-controle-da-pressao-arterial-no-dia-de-combate-a-hipertensao-768x512.png 768w, https:\/\/obuxixeiro.com.br\/wp-content\/uploads\/2026\/04\/156091-especialistas-alertam-para-controle-da-pressao-arterial-no-dia-de-combate-a-hipertensao-1200x800.png 1200w, https:\/\/obuxixeiro.com.br\/wp-content\/uploads\/2026\/04\/156091-especialistas-alertam-para-controle-da-pressao-arterial-no-dia-de-combate-a-hipertensao.png 1536w\" \/><\/a>\t\t\t\n\t\t\t\n\t\t\t\n\t\t\t\n\t\t\n\t\t<\/div>\n\t\n\n\t\n\t\t<div class=\"content\">\n\n\t\t\t<div class=\"post-meta post-meta-a\"><h2 class=\"is-title post-title limit-lines l-lines-2\"><a href=\"https:\/\/obuxixeiro.com.br\/?p=156091\">Especialistas alertam para controle da press\u00e3o arterial no Dia de Combate \u00e0 Hipertens\u00e3o<\/a><\/h2><\/div>\t\t\t\n\t\t\t\n\t\t\t\n\t\t<\/div>\n\n\t\n<\/article>\t\t\t\t\t\n<article class=\"l-post grid-post grid-base-post\">\n\n\t\n\t\t\t<div class=\"media\">\n\n\t\t\n\t\t\t<a href=\"https:\/\/obuxixeiro.com.br\/?p=155757\" class=\"image-link media-ratio ratio-is-custom\" title=\"Dr. Bact\u00e9ria: o cientista que levou a microbiologia para milh\u00f5es de brasileiros\"><img loading=\"lazy\" decoding=\"async\" width=\"408\" height=\"243\" src=\"https:\/\/obuxixeiro.com.br\/wp-content\/uploads\/2026\/04\/155757-dr-bacteria-o-cientista-que-levou-a-microbiologia-para-milhoes-de-brasileiros-450x305.jpg\" class=\"attachment-bunyad-medium size-bunyad-medium wp-post-image\" alt=\"dr.-bacteria:-o-cientista-que-levou-a-microbiologia-para-milhoes-de-brasileiros\" sizes=\"(max-width: 408px) 100vw, 408px\" title=\"Dr. Bact\u00e9ria: o cientista que levou a microbiologia para milh\u00f5es de brasileiros\" srcset=\"https:\/\/obuxixeiro.com.br\/wp-content\/uploads\/2026\/04\/155757-dr-bacteria-o-cientista-que-levou-a-microbiologia-para-milhoes-de-brasileiros-450x305.jpg 450w, https:\/\/obuxixeiro.com.br\/wp-content\/uploads\/2026\/04\/155757-dr-bacteria-o-cientista-que-levou-a-microbiologia-para-milhoes-de-brasileiros.jpg 548w\" \/><\/a>\t\t\t\n\t\t\t\n\t\t\t\n\t\t\t\n\t\t\n\t\t<\/div>\n\t\n\n\t\n\t\t<div class=\"content\">\n\n\t\t\t<div class=\"post-meta post-meta-a\"><h2 class=\"is-title post-title limit-lines l-lines-2\"><a href=\"https:\/\/obuxixeiro.com.br\/?p=155757\">Dr. Bact\u00e9ria: o cientista que levou a microbiologia para milh\u00f5es de brasileiros<\/a><\/h2><\/div>\t\t\t\n\t\t\t\n\t\t\t\n\t\t<\/div>\n\n\t\n<\/article>\t\t\t\t\t\n<article class=\"l-post grid-post grid-base-post\">\n\n\t\n\t\t\t<div class=\"media\">\n\n\t\t\n\t\t\t<a href=\"https:\/\/obuxixeiro.com.br\/?p=155083\" class=\"image-link media-ratio ratio-is-custom\" title=\"Governo federal anuncia R$ 120 milh\u00f5es para pesquisa cl\u00ednica\"><img loading=\"lazy\" decoding=\"async\" width=\"408\" height=\"243\" src=\"https:\/\/obuxixeiro.com.br\/wp-content\/uploads\/2026\/04\/155083-governo-federal-anuncia-r-120-milhoes-para-pesquisa-clinica-450x225.jpg\" class=\"attachment-bunyad-medium size-bunyad-medium wp-post-image\" alt=\"governo-federal-anuncia-r$-120-milhoes-para-pesquisa-clinica\" sizes=\"(max-width: 408px) 100vw, 408px\" title=\"Governo federal anuncia R$ 120 milh\u00f5es para pesquisa cl\u00ednica\" srcset=\"https:\/\/obuxixeiro.com.br\/wp-content\/uploads\/2026\/04\/155083-governo-federal-anuncia-r-120-milhoes-para-pesquisa-clinica-450x225.jpg 450w, https:\/\/obuxixeiro.com.br\/wp-content\/uploads\/2026\/04\/155083-governo-federal-anuncia-r-120-milhoes-para-pesquisa-clinica-1024x512.jpg 1024w, https:\/\/obuxixeiro.com.br\/wp-content\/uploads\/2026\/04\/155083-governo-federal-anuncia-r-120-milhoes-para-pesquisa-clinica-768x384.jpg 768w, https:\/\/obuxixeiro.com.br\/wp-content\/uploads\/2026\/04\/155083-governo-federal-anuncia-r-120-milhoes-para-pesquisa-clinica-1536x768.jpg 1536w, https:\/\/obuxixeiro.com.br\/wp-content\/uploads\/2026\/04\/155083-governo-federal-anuncia-r-120-milhoes-para-pesquisa-clinica-1200x600.jpg 1200w, https:\/\/obuxixeiro.com.br\/wp-content\/uploads\/2026\/04\/155083-governo-federal-anuncia-r-120-milhoes-para-pesquisa-clinica.jpg 1600w\" \/><\/a>\t\t\t\n\t\t\t\n\t\t\t\n\t\t\t\n\t\t\n\t\t<\/div>\n\t\n\n\t\n\t\t<div class=\"content\">\n\n\t\t\t<div class=\"post-meta post-meta-a\"><h2 class=\"is-title post-title limit-lines l-lines-2\"><a href=\"https:\/\/obuxixeiro.com.br\/?p=155083\">Governo federal anuncia R$ 120 milh\u00f5es para pesquisa cl\u00ednica<\/a><\/h2><\/div>\t\t\t\n\t\t\t\n\t\t\t\n\t\t<\/div>\n\n\t\n<\/article>\t\t\t\t\t\n<article class=\"l-post grid-post grid-base-post\">\n\n\t\n\t\t\t<div class=\"media\">\n\n\t\t\n\t\t\t<a href=\"https:\/\/obuxixeiro.com.br\/?p=154971\" class=\"image-link media-ratio ratio-is-custom\" title=\"MEC Livros soma 122 mil empr\u00e9stimos gratuitos em apenas uma semana\"><img loading=\"lazy\" decoding=\"async\" width=\"408\" height=\"243\" src=\"https:\/\/obuxixeiro.com.br\/wp-content\/uploads\/2026\/04\/154971-mec-livros-soma-122-mil-emprestimos-gratuitos-em-apenas-uma-semana-450x225.jpg\" class=\"attachment-bunyad-medium size-bunyad-medium wp-post-image\" alt=\"mec-livros-soma-122-mil-emprestimos-gratuitos-em-apenas-uma-semana\" sizes=\"(max-width: 408px) 100vw, 408px\" title=\"MEC Livros soma 122 mil empr\u00e9stimos gratuitos em apenas uma semana\" srcset=\"https:\/\/obuxixeiro.com.br\/wp-content\/uploads\/2026\/04\/154971-mec-livros-soma-122-mil-emprestimos-gratuitos-em-apenas-uma-semana-450x225.jpg 450w, https:\/\/obuxixeiro.com.br\/wp-content\/uploads\/2026\/04\/154971-mec-livros-soma-122-mil-emprestimos-gratuitos-em-apenas-uma-semana-1024x512.jpg 1024w, https:\/\/obuxixeiro.com.br\/wp-content\/uploads\/2026\/04\/154971-mec-livros-soma-122-mil-emprestimos-gratuitos-em-apenas-uma-semana-768x384.jpg 768w, https:\/\/obuxixeiro.com.br\/wp-content\/uploads\/2026\/04\/154971-mec-livros-soma-122-mil-emprestimos-gratuitos-em-apenas-uma-semana-1536x768.jpg 1536w, https:\/\/obuxixeiro.com.br\/wp-content\/uploads\/2026\/04\/154971-mec-livros-soma-122-mil-emprestimos-gratuitos-em-apenas-uma-semana-1200x600.jpg 1200w, https:\/\/obuxixeiro.com.br\/wp-content\/uploads\/2026\/04\/154971-mec-livros-soma-122-mil-emprestimos-gratuitos-em-apenas-uma-semana.jpg 1600w\" \/><\/a>\t\t\t\n\t\t\t\n\t\t\t\n\t\t\t\n\t\t\n\t\t<\/div>\n\t\n\n\t\n\t\t<div class=\"content\">\n\n\t\t\t<div class=\"post-meta post-meta-a\"><h2 class=\"is-title post-title limit-lines l-lines-2\"><a href=\"https:\/\/obuxixeiro.com.br\/?p=154971\">MEC Livros soma 122 mil empr\u00e9stimos gratuitos em apenas uma semana<\/a><\/h2><\/div>\t\t\t\n\t\t\t\n\t\t\t\n\t\t<\/div>\n\n\t\n<\/article>\t\t\t\t\t\n<article class=\"l-post grid-post grid-base-post\">\n\n\t\n\t\t\t<div class=\"media\">\n\n\t\t\n\t\t\t<a href=\"https:\/\/obuxixeiro.com.br\/?p=154983\" class=\"image-link media-ratio ratio-is-custom\" title=\"N\u00famero de escolas de samba no Grupo Especial do Rio vai aumentar\"><img loading=\"lazy\" decoding=\"async\" width=\"408\" height=\"243\" src=\"https:\/\/obuxixeiro.com.br\/wp-content\/uploads\/2026\/04\/154983-numero-de-escolas-de-samba-no-grupo-especial-do-rio-vai-aumentar-450x225.jpg\" class=\"attachment-bunyad-medium size-bunyad-medium wp-post-image\" alt=\"numero-de-escolas-de-samba-no-grupo-especial-do-rio-vai-aumentar\" sizes=\"(max-width: 408px) 100vw, 408px\" title=\"N\u00famero de escolas de samba no Grupo Especial do Rio vai aumentar\" srcset=\"https:\/\/obuxixeiro.com.br\/wp-content\/uploads\/2026\/04\/154983-numero-de-escolas-de-samba-no-grupo-especial-do-rio-vai-aumentar-450x225.jpg 450w, https:\/\/obuxixeiro.com.br\/wp-content\/uploads\/2026\/04\/154983-numero-de-escolas-de-samba-no-grupo-especial-do-rio-vai-aumentar-1024x512.jpg 1024w, https:\/\/obuxixeiro.com.br\/wp-content\/uploads\/2026\/04\/154983-numero-de-escolas-de-samba-no-grupo-especial-do-rio-vai-aumentar-768x384.jpg 768w, https:\/\/obuxixeiro.com.br\/wp-content\/uploads\/2026\/04\/154983-numero-de-escolas-de-samba-no-grupo-especial-do-rio-vai-aumentar-1536x768.jpg 1536w, https:\/\/obuxixeiro.com.br\/wp-content\/uploads\/2026\/04\/154983-numero-de-escolas-de-samba-no-grupo-especial-do-rio-vai-aumentar-1200x600.jpg 1200w, https:\/\/obuxixeiro.com.br\/wp-content\/uploads\/2026\/04\/154983-numero-de-escolas-de-samba-no-grupo-especial-do-rio-vai-aumentar.jpg 1600w\" \/><\/a>\t\t\t\n\t\t\t\n\t\t\t\n\t\t\t\n\t\t\n\t\t<\/div>\n\t\n\n\t\n\t\t<div class=\"content\">\n\n\t\t\t<div class=\"post-meta post-meta-a\"><h2 class=\"is-title post-title limit-lines l-lines-2\"><a href=\"https:\/\/obuxixeiro.com.br\/?p=154983\">N\u00famero de escolas de samba no Grupo Especial do Rio vai aumentar<\/a><\/h2><\/div>\t\t\t\n\t\t\t\n\t\t\t\n\t\t<\/div>\n\n\t\n<\/article>\t\t\t\t\t\n<article class=\"l-post grid-post grid-base-post\">\n\n\t\n\t\t\t<div class=\"media\">\n\n\t\t\n\t\t\t<a href=\"https:\/\/obuxixeiro.com.br\/?p=155502\" class=\"image-link media-ratio ratio-is-custom\" title=\"Previs\u00e3o do tempo em SP para ter\u00e7a (14): sol predomina e umidade pode cair no interior\"><img loading=\"lazy\" decoding=\"async\" width=\"408\" height=\"243\" src=\"https:\/\/obuxixeiro.com.br\/wp-content\/uploads\/2026\/04\/155502-previsao-do-tempo-em-sp-para-terca-14-sol-predomina-e-umidade-pode-cair-no-interior-450x300.png\" class=\"attachment-bunyad-medium size-bunyad-medium wp-post-image\" alt=\"previsao-do-tempo-em-sp-para-terca-(14):-sol-predomina-e-umidade-pode-cair-no-interior\" sizes=\"(max-width: 408px) 100vw, 408px\" title=\"Previs\u00e3o do tempo em SP para ter\u00e7a (14): sol predomina e umidade pode cair no interior\" srcset=\"https:\/\/obuxixeiro.com.br\/wp-content\/uploads\/2026\/04\/155502-previsao-do-tempo-em-sp-para-terca-14-sol-predomina-e-umidade-pode-cair-no-interior-450x300.png 450w, https:\/\/obuxixeiro.com.br\/wp-content\/uploads\/2026\/04\/155502-previsao-do-tempo-em-sp-para-terca-14-sol-predomina-e-umidade-pode-cair-no-interior-1024x683.png 1024w, https:\/\/obuxixeiro.com.br\/wp-content\/uploads\/2026\/04\/155502-previsao-do-tempo-em-sp-para-terca-14-sol-predomina-e-umidade-pode-cair-no-interior-768x512.png 768w, https:\/\/obuxixeiro.com.br\/wp-content\/uploads\/2026\/04\/155502-previsao-do-tempo-em-sp-para-terca-14-sol-predomina-e-umidade-pode-cair-no-interior-1200x800.png 1200w, https:\/\/obuxixeiro.com.br\/wp-content\/uploads\/2026\/04\/155502-previsao-do-tempo-em-sp-para-terca-14-sol-predomina-e-umidade-pode-cair-no-interior.png 1536w\" \/><\/a>\t\t\t\n\t\t\t\n\t\t\t\n\t\t\t\n\t\t\n\t\t<\/div>\n\t\n\n\t\n\t\t<div class=\"content\">\n\n\t\t\t<div class=\"post-meta post-meta-a\"><h2 class=\"is-title post-title limit-lines l-lines-2\"><a href=\"https:\/\/obuxixeiro.com.br\/?p=155502\">Previs\u00e3o do tempo em SP para ter\u00e7a (14): sol predomina e umidade pode cair no interior<\/a><\/h2><\/div>\t\t\t\n\t\t\t\n\t\t\t\n\t\t<\/div>\n\n\t\n<\/article>\t\t\t\t\t\n<article class=\"l-post grid-post grid-base-post\">\n\n\t\n\t\t\t<div class=\"media\">\n\n\t\t\n\t\t\t<a href=\"https:\/\/obuxixeiro.com.br\/?p=155440\" class=\"image-link media-ratio ratio-is-custom\" title=\"Grupo ligado a ladr\u00e3o de casas em SP \u00e9 preso em opera\u00e7\u00e3o policial\"><img loading=\"lazy\" decoding=\"async\" width=\"408\" height=\"243\" src=\"https:\/\/obuxixeiro.com.br\/wp-content\/uploads\/2026\/04\/155440-grupo-ligado-a-ladrao-de-casas-em-sp-e-preso-em-operacao-policial-450x300.png\" class=\"attachment-bunyad-medium size-bunyad-medium wp-post-image\" alt=\"grupo-ligado-a-ladrao-de-casas-em-sp-e-preso-em-operacao-policial\" sizes=\"(max-width: 408px) 100vw, 408px\" title=\"Grupo ligado a ladr\u00e3o de casas em SP \u00e9 preso em opera\u00e7\u00e3o policial\" srcset=\"https:\/\/obuxixeiro.com.br\/wp-content\/uploads\/2026\/04\/155440-grupo-ligado-a-ladrao-de-casas-em-sp-e-preso-em-operacao-policial-450x300.png 450w, https:\/\/obuxixeiro.com.br\/wp-content\/uploads\/2026\/04\/155440-grupo-ligado-a-ladrao-de-casas-em-sp-e-preso-em-operacao-policial-1024x683.png 1024w, https:\/\/obuxixeiro.com.br\/wp-content\/uploads\/2026\/04\/155440-grupo-ligado-a-ladrao-de-casas-em-sp-e-preso-em-operacao-policial-768x512.png 768w, https:\/\/obuxixeiro.com.br\/wp-content\/uploads\/2026\/04\/155440-grupo-ligado-a-ladrao-de-casas-em-sp-e-preso-em-operacao-policial-1200x800.png 1200w, https:\/\/obuxixeiro.com.br\/wp-content\/uploads\/2026\/04\/155440-grupo-ligado-a-ladrao-de-casas-em-sp-e-preso-em-operacao-policial.png 1536w\" \/><\/a>\t\t\t\n\t\t\t\n\t\t\t\n\t\t\t\n\t\t\n\t\t<\/div>\n\t\n\n\t\n\t\t<div class=\"content\">\n\n\t\t\t<div class=\"post-meta post-meta-a\"><h2 class=\"is-title post-title limit-lines l-lines-2\"><a href=\"https:\/\/obuxixeiro.com.br\/?p=155440\">Grupo ligado a ladr\u00e3o de casas em SP \u00e9 preso em opera\u00e7\u00e3o policial<\/a><\/h2><\/div>\t\t\t\n\t\t\t\n\t\t\t\n\t\t<\/div>\n\n\t\n<\/article>\t\t\t\t\t\n<article class=\"l-post grid-post grid-base-post\">\n\n\t\n\t\t\t<div class=\"media\">\n\n\t\t\n\t\t\t<a href=\"https:\/\/obuxixeiro.com.br\/?p=155376\" class=\"image-link media-ratio ratio-is-custom\" title=\"Meio-campista Oscar anuncia aposentadoria aos 34 anos por problemas card\u00edacos\"><img loading=\"lazy\" decoding=\"async\" width=\"408\" height=\"243\" src=\"https:\/\/obuxixeiro.com.br\/wp-content\/uploads\/2026\/04\/155376-meio-campista-oscar-anuncia-aposentadoria-aos-34-anos-por-problemas-cardiacos-450x300.png\" class=\"attachment-bunyad-medium size-bunyad-medium wp-post-image\" alt=\"meio-campista-oscar-anuncia-aposentadoria-aos-34-anos-por-problemas-cardiacos\" sizes=\"(max-width: 408px) 100vw, 408px\" title=\"Meio-campista Oscar anuncia aposentadoria aos 34 anos por problemas card\u00edacos\" srcset=\"https:\/\/obuxixeiro.com.br\/wp-content\/uploads\/2026\/04\/155376-meio-campista-oscar-anuncia-aposentadoria-aos-34-anos-por-problemas-cardiacos-450x300.png 450w, https:\/\/obuxixeiro.com.br\/wp-content\/uploads\/2026\/04\/155376-meio-campista-oscar-anuncia-aposentadoria-aos-34-anos-por-problemas-cardiacos-1024x683.png 1024w, https:\/\/obuxixeiro.com.br\/wp-content\/uploads\/2026\/04\/155376-meio-campista-oscar-anuncia-aposentadoria-aos-34-anos-por-problemas-cardiacos-768x512.png 768w, https:\/\/obuxixeiro.com.br\/wp-content\/uploads\/2026\/04\/155376-meio-campista-oscar-anuncia-aposentadoria-aos-34-anos-por-problemas-cardiacos-1200x800.png 1200w, https:\/\/obuxixeiro.com.br\/wp-content\/uploads\/2026\/04\/155376-meio-campista-oscar-anuncia-aposentadoria-aos-34-anos-por-problemas-cardiacos.png 1536w\" \/><\/a>\t\t\t\n\t\t\t\n\t\t\t\n\t\t\t\n\t\t\n\t\t<\/div>\n\t\n\n\t\n\t\t<div class=\"content\">\n\n\t\t\t<div class=\"post-meta post-meta-a\"><h2 class=\"is-title post-title limit-lines l-lines-2\"><a href=\"https:\/\/obuxixeiro.com.br\/?p=155376\">Meio-campista Oscar anuncia aposentadoria aos 34 anos por problemas card\u00edacos<\/a><\/h2><\/div>\t\t\t\n\t\t\t\n\t\t\t\n\t\t<\/div>\n\n\t\n<\/article>\t\t\t\t\t\n<article class=\"l-post grid-post grid-base-post\">\n\n\t\n\t\t\t<div class=\"media\">\n\n\t\t\n\t\t\t<a href=\"https:\/\/obuxixeiro.com.br\/?p=155413\" class=\"image-link media-ratio ratio-is-custom\" title=\"Acesso ao pr\u00e9-natal completo \u00e9 menor entre ind\u00edgenas e mulheres com baixa escolaridade no Brasil\"><img loading=\"lazy\" decoding=\"async\" width=\"408\" height=\"243\" src=\"https:\/\/obuxixeiro.com.br\/wp-content\/uploads\/2026\/04\/155413-acesso-ao-pre-natal-completo-e-menor-entre-indigenas-e-mulheres-com-baixa-escolaridade-no-brasil-450x300.png\" class=\"attachment-bunyad-medium size-bunyad-medium wp-post-image\" alt=\"acesso-ao-pre-natal-completo-e-menor-entre-indigenas-e-mulheres-com-baixa-escolaridade-no-brasil\" sizes=\"(max-width: 408px) 100vw, 408px\" title=\"Acesso ao pr\u00e9-natal completo \u00e9 menor entre ind\u00edgenas e mulheres com baixa escolaridade no Brasil\" srcset=\"https:\/\/obuxixeiro.com.br\/wp-content\/uploads\/2026\/04\/155413-acesso-ao-pre-natal-completo-e-menor-entre-indigenas-e-mulheres-com-baixa-escolaridade-no-brasil-450x300.png 450w, https:\/\/obuxixeiro.com.br\/wp-content\/uploads\/2026\/04\/155413-acesso-ao-pre-natal-completo-e-menor-entre-indigenas-e-mulheres-com-baixa-escolaridade-no-brasil-1024x683.png 1024w, https:\/\/obuxixeiro.com.br\/wp-content\/uploads\/2026\/04\/155413-acesso-ao-pre-natal-completo-e-menor-entre-indigenas-e-mulheres-com-baixa-escolaridade-no-brasil-768x512.png 768w, https:\/\/obuxixeiro.com.br\/wp-content\/uploads\/2026\/04\/155413-acesso-ao-pre-natal-completo-e-menor-entre-indigenas-e-mulheres-com-baixa-escolaridade-no-brasil-1200x800.png 1200w, https:\/\/obuxixeiro.com.br\/wp-content\/uploads\/2026\/04\/155413-acesso-ao-pre-natal-completo-e-menor-entre-indigenas-e-mulheres-com-baixa-escolaridade-no-brasil.png 1536w\" \/><\/a>\t\t\t\n\t\t\t\n\t\t\t\n\t\t\t\n\t\t\n\t\t<\/div>\n\t\n\n\t\n\t\t<div class=\"content\">\n\n\t\t\t<div class=\"post-meta post-meta-a\"><h2 class=\"is-title post-title limit-lines l-lines-2\"><a href=\"https:\/\/obuxixeiro.com.br\/?p=155413\">Acesso ao pr\u00e9-natal completo \u00e9 menor entre ind\u00edgenas e mulheres com baixa escolaridade no Brasil<\/a><\/h2><\/div>\t\t\t\n\t\t\t\n\t\t\t\n\t\t<\/div>\n\n\t\n<\/article>\t\t\t\t\t\n<article class=\"l-post grid-post grid-base-post\">\n\n\t\n\t\t\t<div class=\"media\">\n\n\t\t\n\t\t\t<a href=\"https:\/\/obuxixeiro.com.br\/?p=156093\" class=\"image-link media-ratio ratio-is-custom\" title=\"Justi\u00e7a condena Estado de SP a indenizar detentos por casos de tortura em unidades prisionais\"><img loading=\"lazy\" decoding=\"async\" width=\"408\" height=\"243\" src=\"https:\/\/obuxixeiro.com.br\/wp-content\/uploads\/2026\/04\/156093-justica-condena-estado-de-sp-a-indenizar-detentos-por-casos-de-tortura-em-unidades-prisionais-450x300.png\" class=\"attachment-bunyad-medium size-bunyad-medium wp-post-image\" alt=\"justica-condena-estado-de-sp-a-indenizar-detentos-por-casos-de-tortura-em-unidades-prisionais\" sizes=\"(max-width: 408px) 100vw, 408px\" title=\"Justi\u00e7a condena Estado de SP a indenizar detentos por casos de tortura em unidades prisionais\" srcset=\"https:\/\/obuxixeiro.com.br\/wp-content\/uploads\/2026\/04\/156093-justica-condena-estado-de-sp-a-indenizar-detentos-por-casos-de-tortura-em-unidades-prisionais-450x300.png 450w, https:\/\/obuxixeiro.com.br\/wp-content\/uploads\/2026\/04\/156093-justica-condena-estado-de-sp-a-indenizar-detentos-por-casos-de-tortura-em-unidades-prisionais-1024x683.png 1024w, https:\/\/obuxixeiro.com.br\/wp-content\/uploads\/2026\/04\/156093-justica-condena-estado-de-sp-a-indenizar-detentos-por-casos-de-tortura-em-unidades-prisionais-768x512.png 768w, https:\/\/obuxixeiro.com.br\/wp-content\/uploads\/2026\/04\/156093-justica-condena-estado-de-sp-a-indenizar-detentos-por-casos-de-tortura-em-unidades-prisionais-1200x800.png 1200w, https:\/\/obuxixeiro.com.br\/wp-content\/uploads\/2026\/04\/156093-justica-condena-estado-de-sp-a-indenizar-detentos-por-casos-de-tortura-em-unidades-prisionais.png 1536w\" \/><\/a>\t\t\t\n\t\t\t\n\t\t\t\n\t\t\t\n\t\t\n\t\t<\/div>\n\t\n\n\t\n\t\t<div class=\"content\">\n\n\t\t\t<div class=\"post-meta post-meta-a\"><h2 class=\"is-title post-title limit-lines l-lines-2\"><a href=\"https:\/\/obuxixeiro.com.br\/?p=156093\">Justi\u00e7a condena Estado de SP a indenizar detentos por casos de tortura em unidades prisionais<\/a><\/h2><\/div>\t\t\t\n\t\t\t\n\t\t\t\n\t\t<\/div>\n\n\t\n<\/article>\t\t\t\t\t\n<article class=\"l-post grid-post grid-base-post\">\n\n\t\n\t\t\t<div class=\"media\">\n\n\t\t\n\t\t\t<a href=\"https:\/\/obuxixeiro.com.br\/?p=155448\" class=\"image-link media-ratio ratio-is-custom\" title=\"Justi\u00e7a estabelece prazo de 60 dias para desocupa\u00e7\u00e3o de \u00e1rea no Campo de Marte usada por time de v\u00e1rzea\"><img loading=\"lazy\" decoding=\"async\" width=\"408\" height=\"243\" src=\"https:\/\/obuxixeiro.com.br\/wp-content\/uploads\/2026\/04\/155448-justica-estabelece-prazo-de-60-dias-para-desocupacao-de-area-no-campo-de-marte-usada-69e92d6340151-450x300.png\" class=\"attachment-bunyad-medium size-bunyad-medium wp-post-image\" alt=\"justica-estabelece-prazo-de-60-dias-para-desocupacao-de-area-no-campo-de-marte-usada-por-time-de-varzea\" sizes=\"(max-width: 408px) 100vw, 408px\" title=\"Justi\u00e7a estabelece prazo de 60 dias para desocupa\u00e7\u00e3o de \u00e1rea no Campo de Marte usada por time de v\u00e1rzea\" srcset=\"https:\/\/obuxixeiro.com.br\/wp-content\/uploads\/2026\/04\/155448-justica-estabelece-prazo-de-60-dias-para-desocupacao-de-area-no-campo-de-marte-usada-69e92d6340151-450x300.png 450w, https:\/\/obuxixeiro.com.br\/wp-content\/uploads\/2026\/04\/155448-justica-estabelece-prazo-de-60-dias-para-desocupacao-de-area-no-campo-de-marte-usada-69e92d6340151-1024x683.png 1024w, https:\/\/obuxixeiro.com.br\/wp-content\/uploads\/2026\/04\/155448-justica-estabelece-prazo-de-60-dias-para-desocupacao-de-area-no-campo-de-marte-usada-69e92d6340151-768x512.png 768w, https:\/\/obuxixeiro.com.br\/wp-content\/uploads\/2026\/04\/155448-justica-estabelece-prazo-de-60-dias-para-desocupacao-de-area-no-campo-de-marte-usada-69e92d6340151-1200x800.png 1200w, https:\/\/obuxixeiro.com.br\/wp-content\/uploads\/2026\/04\/155448-justica-estabelece-prazo-de-60-dias-para-desocupacao-de-area-no-campo-de-marte-usada-69e92d6340151.png 1536w\" \/><\/a>\t\t\t\n\t\t\t\n\t\t\t\n\t\t\t\n\t\t\n\t\t<\/div>\n\t\n\n\t\n\t\t<div class=\"content\">\n\n\t\t\t<div class=\"post-meta post-meta-a\"><h2 class=\"is-title post-title limit-lines l-lines-2\"><a href=\"https:\/\/obuxixeiro.com.br\/?p=155448\">Justi\u00e7a estabelece prazo de 60 dias para desocupa\u00e7\u00e3o de \u00e1rea no Campo de Marte usada por time de v\u00e1rzea<\/a><\/h2><\/div>\t\t\t\n\t\t\t\n\t\t\t\n\t\t<\/div>\n\n\t\n<\/article>\t\t\t\t\t\n<article class=\"l-post grid-post grid-base-post\">\n\n\t\n\t\t\t<div class=\"media\">\n\n\t\t\n\t\t\t<a href=\"https:\/\/obuxixeiro.com.br\/?p=155408\" class=\"image-link media-ratio ratio-is-custom\" title=\"IPVA 2026: quarta parcela para ve\u00edculos com final 5 vence nesta semana em SP\"><img loading=\"lazy\" decoding=\"async\" width=\"408\" height=\"243\" src=\"https:\/\/obuxixeiro.com.br\/wp-content\/uploads\/2026\/04\/155408-ipva-2026-quarta-parcela-para-veiculos-com-final-5-vence-nesta-semana-em-sp-450x300.png\" class=\"attachment-bunyad-medium size-bunyad-medium wp-post-image\" alt=\"ipva-2026:-quarta-parcela-para-veiculos-com-final-5-vence-nesta-semana-em-sp\" sizes=\"(max-width: 408px) 100vw, 408px\" title=\"IPVA 2026: quarta parcela para ve\u00edculos com final 5 vence nesta semana em SP\" srcset=\"https:\/\/obuxixeiro.com.br\/wp-content\/uploads\/2026\/04\/155408-ipva-2026-quarta-parcela-para-veiculos-com-final-5-vence-nesta-semana-em-sp-450x300.png 450w, https:\/\/obuxixeiro.com.br\/wp-content\/uploads\/2026\/04\/155408-ipva-2026-quarta-parcela-para-veiculos-com-final-5-vence-nesta-semana-em-sp-1024x683.png 1024w, https:\/\/obuxixeiro.com.br\/wp-content\/uploads\/2026\/04\/155408-ipva-2026-quarta-parcela-para-veiculos-com-final-5-vence-nesta-semana-em-sp-768x512.png 768w, https:\/\/obuxixeiro.com.br\/wp-content\/uploads\/2026\/04\/155408-ipva-2026-quarta-parcela-para-veiculos-com-final-5-vence-nesta-semana-em-sp-1200x800.png 1200w, https:\/\/obuxixeiro.com.br\/wp-content\/uploads\/2026\/04\/155408-ipva-2026-quarta-parcela-para-veiculos-com-final-5-vence-nesta-semana-em-sp.png 1536w\" \/><\/a>\t\t\t\n\t\t\t\n\t\t\t\n\t\t\t\n\t\t\n\t\t<\/div>\n\t\n\n\t\n\t\t<div class=\"content\">\n\n\t\t\t<div class=\"post-meta post-meta-a\"><h2 class=\"is-title post-title limit-lines l-lines-2\"><a href=\"https:\/\/obuxixeiro.com.br\/?p=155408\">IPVA 2026: quarta parcela para ve\u00edculos com final 5 vence nesta semana em SP<\/a><\/h2><\/div>\t\t\t\n\t\t\t\n\t\t\t\n\t\t<\/div>\n\n\t\n<\/article>\t\t\t\t\t\n<article class=\"l-post grid-post grid-base-post\">\n\n\t\n\t\t\t<div class=\"media\">\n\n\t\t\n\t\t\t<a href=\"https:\/\/obuxixeiro.com.br\/?p=155398\" class=\"image-link media-ratio ratio-is-custom\" title=\"SP abre 1,7 mil vagas em cursos gratuitos com inscri\u00e7\u00f5es at\u00e9 28 de abril\"><img loading=\"lazy\" decoding=\"async\" width=\"408\" height=\"243\" src=\"https:\/\/obuxixeiro.com.br\/wp-content\/uploads\/2026\/04\/155398-sp-abre-17-mil-vagas-em-cursos-gratuitos-com-inscricoes-ate-28-de-abril-450x300.png\" class=\"attachment-bunyad-medium size-bunyad-medium wp-post-image\" alt=\"sp-abre-1,7-mil-vagas-em-cursos-gratuitos-com-inscricoes-ate-28-de-abril\" sizes=\"(max-width: 408px) 100vw, 408px\" title=\"SP abre 1,7 mil vagas em cursos gratuitos com inscri\u00e7\u00f5es at\u00e9 28 de abril\" srcset=\"https:\/\/obuxixeiro.com.br\/wp-content\/uploads\/2026\/04\/155398-sp-abre-17-mil-vagas-em-cursos-gratuitos-com-inscricoes-ate-28-de-abril-450x300.png 450w, https:\/\/obuxixeiro.com.br\/wp-content\/uploads\/2026\/04\/155398-sp-abre-17-mil-vagas-em-cursos-gratuitos-com-inscricoes-ate-28-de-abril-1024x683.png 1024w, https:\/\/obuxixeiro.com.br\/wp-content\/uploads\/2026\/04\/155398-sp-abre-17-mil-vagas-em-cursos-gratuitos-com-inscricoes-ate-28-de-abril-768x512.png 768w, https:\/\/obuxixeiro.com.br\/wp-content\/uploads\/2026\/04\/155398-sp-abre-17-mil-vagas-em-cursos-gratuitos-com-inscricoes-ate-28-de-abril-1200x800.png 1200w, https:\/\/obuxixeiro.com.br\/wp-content\/uploads\/2026\/04\/155398-sp-abre-17-mil-vagas-em-cursos-gratuitos-com-inscricoes-ate-28-de-abril.png 1536w\" \/><\/a>\t\t\t\n\t\t\t\n\t\t\t\n\t\t\t\n\t\t\n\t\t<\/div>\n\t\n\n\t\n\t\t<div class=\"content\">\n\n\t\t\t<div class=\"post-meta post-meta-a\"><h2 class=\"is-title post-title limit-lines l-lines-2\"><a href=\"https:\/\/obuxixeiro.com.br\/?p=155398\">SP abre 1,7 mil vagas em cursos gratuitos com inscri\u00e7\u00f5es at\u00e9 28 de abril<\/a><\/h2><\/div>\t\t\t\n\t\t\t\n\t\t\t\n\t\t<\/div>\n\n\t\n<\/article>\t\t\t\t\t\n<article class=\"l-post grid-post grid-base-post\">\n\n\t\n\t\t\t<div class=\"media\">\n\n\t\t\n\t\t\t<a href=\"https:\/\/obuxixeiro.com.br\/?p=156145\" class=\"image-link media-ratio ratio-is-custom\" title=\"Comiss\u00e3o especial para an\u00e1lise da PEC do fim da escala 61 \u00e9 instalada na C\u00e2mara dos Deputados\"><img loading=\"lazy\" decoding=\"async\" width=\"408\" height=\"243\" src=\"https:\/\/obuxixeiro.com.br\/wp-content\/uploads\/2026\/04\/156145-comissao-especial-para-analise-da-pec-do-fim-da-escala-61-e-instalada-na-camara-dos-deputados-450x269.webp\" class=\"attachment-bunyad-medium size-bunyad-medium wp-post-image\" alt=\"comissao-especial-para-analise-da-pec-do-fim-da-escala-61-e-instalada-na-camara-dos-deputados\" sizes=\"(max-width: 408px) 100vw, 408px\" title=\"Comiss\u00e3o especial para an\u00e1lise da PEC do fim da escala 61 \u00e9 instalada na C\u00e2mara dos Deputados\" srcset=\"https:\/\/obuxixeiro.com.br\/wp-content\/uploads\/2026\/04\/156145-comissao-especial-para-analise-da-pec-do-fim-da-escala-61-e-instalada-na-camara-dos-deputados-450x269.webp 450w, https:\/\/obuxixeiro.com.br\/wp-content\/uploads\/2026\/04\/156145-comissao-especial-para-analise-da-pec-do-fim-da-escala-61-e-instalada-na-camara-dos-deputados-300x179.webp 300w, https:\/\/obuxixeiro.com.br\/wp-content\/uploads\/2026\/04\/156145-comissao-especial-para-analise-da-pec-do-fim-da-escala-61-e-instalada-na-camara-dos-deputados-1024x613.webp 1024w, https:\/\/obuxixeiro.com.br\/wp-content\/uploads\/2026\/04\/156145-comissao-especial-para-analise-da-pec-do-fim-da-escala-61-e-instalada-na-camara-dos-deputados-768x459.webp 768w, https:\/\/obuxixeiro.com.br\/wp-content\/uploads\/2026\/04\/156145-comissao-especial-para-analise-da-pec-do-fim-da-escala-61-e-instalada-na-camara-dos-deputados-150x90.webp 150w, https:\/\/obuxixeiro.com.br\/wp-content\/uploads\/2026\/04\/156145-comissao-especial-para-analise-da-pec-do-fim-da-escala-61-e-instalada-na-camara-dos-deputados-244x146.webp 244w, https:\/\/obuxixeiro.com.br\/wp-content\/uploads\/2026\/04\/156145-comissao-especial-para-analise-da-pec-do-fim-da-escala-61-e-instalada-na-camara-dos-deputados.webp 1170w\" \/><\/a>\t\t\t\n\t\t\t\n\t\t\t\n\t\t\t\n\t\t\n\t\t<\/div>\n\t\n\n\t\n\t\t<div class=\"content\">\n\n\t\t\t<div class=\"post-meta post-meta-a\"><h2 class=\"is-title post-title limit-lines l-lines-2\"><a href=\"https:\/\/obuxixeiro.com.br\/?p=156145\">Comiss\u00e3o especial para an\u00e1lise da PEC do fim da escala 61 \u00e9 instalada na C\u00e2mara dos Deputados<\/a><\/h2><\/div>\t\t\t\n\t\t\t\n\t\t\t\n\t\t<\/div>\n\n\t\n<\/article>\t\t\t\t\t\n<article class=\"l-post grid-post grid-base-post\">\n\n\t\n\t\t\t<div class=\"media\">\n\n\t\t\n\t\t\t<a href=\"https:\/\/obuxixeiro.com.br\/?p=155839\" class=\"image-link media-ratio ratio-is-custom\" title=\"Falha provoca transtornos a passageiros na Linha 9-Esmeralda em SP\"><img loading=\"lazy\" decoding=\"async\" width=\"408\" height=\"243\" src=\"https:\/\/obuxixeiro.com.br\/wp-content\/uploads\/2026\/04\/155839-falha-provoca-transtornos-a-passageiros-na-linha-9-esmeralda-em-sp-450x300.png\" class=\"attachment-bunyad-medium size-bunyad-medium wp-post-image\" alt=\"falha-provoca-transtornos-a-passageiros-na-linha-9-esmeralda-em-sp\" sizes=\"(max-width: 408px) 100vw, 408px\" title=\"Falha provoca transtornos a passageiros na Linha 9-Esmeralda em SP\" srcset=\"https:\/\/obuxixeiro.com.br\/wp-content\/uploads\/2026\/04\/155839-falha-provoca-transtornos-a-passageiros-na-linha-9-esmeralda-em-sp-450x300.png 450w, https:\/\/obuxixeiro.com.br\/wp-content\/uploads\/2026\/04\/155839-falha-provoca-transtornos-a-passageiros-na-linha-9-esmeralda-em-sp-1024x683.png 1024w, https:\/\/obuxixeiro.com.br\/wp-content\/uploads\/2026\/04\/155839-falha-provoca-transtornos-a-passageiros-na-linha-9-esmeralda-em-sp-768x512.png 768w, https:\/\/obuxixeiro.com.br\/wp-content\/uploads\/2026\/04\/155839-falha-provoca-transtornos-a-passageiros-na-linha-9-esmeralda-em-sp-1200x800.png 1200w, https:\/\/obuxixeiro.com.br\/wp-content\/uploads\/2026\/04\/155839-falha-provoca-transtornos-a-passageiros-na-linha-9-esmeralda-em-sp.png 1536w\" \/><\/a>\t\t\t\n\t\t\t\n\t\t\t\n\t\t\t\n\t\t\n\t\t<\/div>\n\t\n\n\t\n\t\t<div class=\"content\">\n\n\t\t\t<div class=\"post-meta post-meta-a\"><h2 class=\"is-title post-title limit-lines l-lines-2\"><a href=\"https:\/\/obuxixeiro.com.br\/?p=155839\">Falha provoca transtornos a passageiros na Linha 9-Esmeralda em SP<\/a><\/h2><\/div>\t\t\t\n\t\t\t\n\t\t\t\n\t\t<\/div>\n\n\t\n<\/article>\t\t\t\t\t\n<article class=\"l-post grid-post grid-base-post\">\n\n\t\n\t\t\t<div class=\"media\">\n\n\t\t\n\t\t\t<a href=\"https:\/\/obuxixeiro.com.br\/?p=154937\" class=\"image-link media-ratio ratio-is-custom\" title=\"Governo envia esta semana PL sobre fim da escala 6&#215;1\"><img loading=\"lazy\" decoding=\"async\" width=\"408\" height=\"243\" src=\"https:\/\/obuxixeiro.com.br\/wp-content\/uploads\/2026\/04\/154937-governo-envia-esta-semana-pl-sobre-fim-da-escala-61-450x225.jpg\" class=\"attachment-bunyad-medium size-bunyad-medium wp-post-image\" alt=\"governo-envia-esta-semana-pl-sobre-fim-da-escala-6&#215;1\" sizes=\"(max-width: 408px) 100vw, 408px\" title=\"Governo envia esta semana PL sobre fim da escala 6&#215;1\" srcset=\"https:\/\/obuxixeiro.com.br\/wp-content\/uploads\/2026\/04\/154937-governo-envia-esta-semana-pl-sobre-fim-da-escala-61-450x225.jpg 450w, https:\/\/obuxixeiro.com.br\/wp-content\/uploads\/2026\/04\/154937-governo-envia-esta-semana-pl-sobre-fim-da-escala-61-1024x512.jpg 1024w, https:\/\/obuxixeiro.com.br\/wp-content\/uploads\/2026\/04\/154937-governo-envia-esta-semana-pl-sobre-fim-da-escala-61-768x384.jpg 768w, https:\/\/obuxixeiro.com.br\/wp-content\/uploads\/2026\/04\/154937-governo-envia-esta-semana-pl-sobre-fim-da-escala-61-1536x768.jpg 1536w, https:\/\/obuxixeiro.com.br\/wp-content\/uploads\/2026\/04\/154937-governo-envia-esta-semana-pl-sobre-fim-da-escala-61-1200x600.jpg 1200w, https:\/\/obuxixeiro.com.br\/wp-content\/uploads\/2026\/04\/154937-governo-envia-esta-semana-pl-sobre-fim-da-escala-61.jpg 1600w\" \/><\/a>\t\t\t\n\t\t\t\n\t\t\t\n\t\t\t\n\t\t\n\t\t<\/div>\n\t\n\n\t\n\t\t<div class=\"content\">\n\n\t\t\t<div class=\"post-meta post-meta-a\"><h2 class=\"is-title post-title limit-lines l-lines-2\"><a href=\"https:\/\/obuxixeiro.com.br\/?p=154937\">Governo envia esta semana PL sobre fim da escala 6&#215;1<\/a><\/h2><\/div>\t\t\t\n\t\t\t\n\t\t\t\n\t\t<\/div>\n\n\t\n<\/article>\t\t\t\t\t\n<article class=\"l-post grid-post grid-base-post\">\n\n\t\n\t\t\t<div class=\"media\">\n\n\t\t\n\t\t\t<a href=\"https:\/\/obuxixeiro.com.br\/?p=155554\" class=\"image-link media-ratio ratio-is-custom\" title=\"Especialista alerta para riscos do uso de c\u00farcuma em c\u00e1psulas sem orienta\u00e7\u00e3o\"><img loading=\"lazy\" decoding=\"async\" width=\"408\" height=\"243\" src=\"https:\/\/obuxixeiro.com.br\/wp-content\/uploads\/2026\/04\/155554-especialista-alerta-para-riscos-do-uso-de-curcuma-em-capsulas-sem-orientacao-450x300.png\" class=\"attachment-bunyad-medium size-bunyad-medium wp-post-image\" alt=\"especialista-alerta-para-riscos-do-uso-de-curcuma-em-capsulas-sem-orientacao\" sizes=\"(max-width: 408px) 100vw, 408px\" title=\"Especialista alerta para riscos do uso de c\u00farcuma em c\u00e1psulas sem orienta\u00e7\u00e3o\" srcset=\"https:\/\/obuxixeiro.com.br\/wp-content\/uploads\/2026\/04\/155554-especialista-alerta-para-riscos-do-uso-de-curcuma-em-capsulas-sem-orientacao-450x300.png 450w, https:\/\/obuxixeiro.com.br\/wp-content\/uploads\/2026\/04\/155554-especialista-alerta-para-riscos-do-uso-de-curcuma-em-capsulas-sem-orientacao-1024x683.png 1024w, https:\/\/obuxixeiro.com.br\/wp-content\/uploads\/2026\/04\/155554-especialista-alerta-para-riscos-do-uso-de-curcuma-em-capsulas-sem-orientacao-768x512.png 768w, https:\/\/obuxixeiro.com.br\/wp-content\/uploads\/2026\/04\/155554-especialista-alerta-para-riscos-do-uso-de-curcuma-em-capsulas-sem-orientacao-1200x800.png 1200w, https:\/\/obuxixeiro.com.br\/wp-content\/uploads\/2026\/04\/155554-especialista-alerta-para-riscos-do-uso-de-curcuma-em-capsulas-sem-orientacao.png 1536w\" \/><\/a>\t\t\t\n\t\t\t\n\t\t\t\n\t\t\t\n\t\t\n\t\t<\/div>\n\t\n\n\t\n\t\t<div class=\"content\">\n\n\t\t\t<div class=\"post-meta post-meta-a\"><h2 class=\"is-title post-title limit-lines l-lines-2\"><a href=\"https:\/\/obuxixeiro.com.br\/?p=155554\">Especialista alerta para riscos do uso de c\u00farcuma em c\u00e1psulas sem orienta\u00e7\u00e3o<\/a><\/h2><\/div>\t\t\t\n\t\t\t\n\t\t\t\n\t\t<\/div>\n\n\t\n<\/article>\t\t\t\t\t\n<article class=\"l-post grid-post grid-base-post\">\n\n\t\n\t\t\t<div class=\"media\">\n\n\t\t\n\t\t\t<a href=\"https:\/\/obuxixeiro.com.br\/?p=155521\" class=\"image-link media-ratio ratio-is-custom\" title=\"Viol\u00eancia e inseguran\u00e7a assombram o Parque  do Ibirapuera\"><img loading=\"lazy\" decoding=\"async\" width=\"408\" height=\"243\" src=\"https:\/\/obuxixeiro.com.br\/wp-content\/uploads\/2026\/04\/155521-violencia-e-inseguranca-assombram-o-parque-do-ibirapuera-450x300.webp\" class=\"attachment-bunyad-medium size-bunyad-medium wp-post-image\" alt=\"violencia-e-inseguranca-assombram-o-parque-do-ibirapuera\" sizes=\"(max-width: 408px) 100vw, 408px\" title=\"Viol\u00eancia e inseguran\u00e7a assombram o Parque  do Ibirapuera\" srcset=\"https:\/\/obuxixeiro.com.br\/wp-content\/uploads\/2026\/04\/155521-violencia-e-inseguranca-assombram-o-parque-do-ibirapuera-450x300.webp 450w, https:\/\/obuxixeiro.com.br\/wp-content\/uploads\/2026\/04\/155521-violencia-e-inseguranca-assombram-o-parque-do-ibirapuera-1024x682.webp 1024w, https:\/\/obuxixeiro.com.br\/wp-content\/uploads\/2026\/04\/155521-violencia-e-inseguranca-assombram-o-parque-do-ibirapuera-768x511.webp 768w, https:\/\/obuxixeiro.com.br\/wp-content\/uploads\/2026\/04\/155521-violencia-e-inseguranca-assombram-o-parque-do-ibirapuera-1536x1022.webp 1536w, https:\/\/obuxixeiro.com.br\/wp-content\/uploads\/2026\/04\/155521-violencia-e-inseguranca-assombram-o-parque-do-ibirapuera-1200x799.webp 1200w, https:\/\/obuxixeiro.com.br\/wp-content\/uploads\/2026\/04\/155521-violencia-e-inseguranca-assombram-o-parque-do-ibirapuera.webp 1920w\" \/><\/a>\t\t\t\n\t\t\t\n\t\t\t\n\t\t\t\n\t\t\n\t\t<\/div>\n\t\n\n\t\n\t\t<div class=\"content\">\n\n\t\t\t<div class=\"post-meta post-meta-a\"><h2 class=\"is-title post-title limit-lines l-lines-2\"><a href=\"https:\/\/obuxixeiro.com.br\/?p=155521\">Viol\u00eancia e inseguran\u00e7a assombram o Parque  do Ibirapuera<\/a><\/h2><\/div>\t\t\t\n\t\t\t\n\t\t\t\n\t\t<\/div>\n\n\t\n<\/article>\t\t\t\t\t\n<article class=\"l-post grid-post grid-base-post\">\n\n\t\n\t\t\t<div class=\"media\">\n\n\t\t\n\t\t\t<a href=\"https:\/\/obuxixeiro.com.br\/?p=155963\" class=\"image-link media-ratio ratio-is-custom\" title=\"Maratona Internacional de S\u00e3o Paulo altera tr\u00e2nsito e transporte na capital neste fim de semana\"><img loading=\"lazy\" decoding=\"async\" width=\"408\" height=\"243\" src=\"https:\/\/obuxixeiro.com.br\/wp-content\/uploads\/2026\/04\/155963-maratona-internacional-de-sao-paulo-altera-transito-e-transporte-na-capital-neste-fim-de-semana-450x300.png\" class=\"attachment-bunyad-medium size-bunyad-medium wp-post-image\" alt=\"maratona-internacional-de-sao-paulo-altera-transito-e-transporte-na-capital-neste-fim-de-semana\" sizes=\"(max-width: 408px) 100vw, 408px\" title=\"Maratona Internacional de S\u00e3o Paulo altera tr\u00e2nsito e transporte na capital neste fim de semana\" srcset=\"https:\/\/obuxixeiro.com.br\/wp-content\/uploads\/2026\/04\/155963-maratona-internacional-de-sao-paulo-altera-transito-e-transporte-na-capital-neste-fim-de-semana-450x300.png 450w, https:\/\/obuxixeiro.com.br\/wp-content\/uploads\/2026\/04\/155963-maratona-internacional-de-sao-paulo-altera-transito-e-transporte-na-capital-neste-fim-de-semana-1024x683.png 1024w, https:\/\/obuxixeiro.com.br\/wp-content\/uploads\/2026\/04\/155963-maratona-internacional-de-sao-paulo-altera-transito-e-transporte-na-capital-neste-fim-de-semana-768x512.png 768w, https:\/\/obuxixeiro.com.br\/wp-content\/uploads\/2026\/04\/155963-maratona-internacional-de-sao-paulo-altera-transito-e-transporte-na-capital-neste-fim-de-semana-1200x800.png 1200w, https:\/\/obuxixeiro.com.br\/wp-content\/uploads\/2026\/04\/155963-maratona-internacional-de-sao-paulo-altera-transito-e-transporte-na-capital-neste-fim-de-semana.png 1536w\" \/><\/a>\t\t\t\n\t\t\t\n\t\t\t\n\t\t\t\n\t\t\n\t\t<\/div>\n\t\n\n\t\n\t\t<div class=\"content\">\n\n\t\t\t<div class=\"post-meta post-meta-a\"><h2 class=\"is-title post-title limit-lines l-lines-2\"><a href=\"https:\/\/obuxixeiro.com.br\/?p=155963\">Maratona Internacional de S\u00e3o Paulo altera tr\u00e2nsito e transporte na capital neste fim de semana<\/a><\/h2><\/div>\t\t\t\n\t\t\t\n\t\t\t\n\t\t<\/div>\n\n\t\n<\/article>\t\t\n\t<\/div>\n\n\t\t\n\t\t\t<\/div>\n\n\t\t<\/section>\n\t\t\t\t\t\t<\/div>\n\t\t\t\t<\/div>\n\t\t\t\t<div class=\"elementor-element elementor-element-2a6b5ee elementor-widget elementor-widget-smartmag-newsfocus\" data-id=\"2a6b5ee\" data-element_type=\"widget\" data-e-type=\"widget\" data-widget_type=\"smartmag-newsfocus.default\">\n\t\t\t\t<div class=\"elementor-widget-container\">\n\t\t\t\t\t\t\t<section class=\"block-wrap block-news-focus block-sc mb-none\" data-id=\"4\" data-block=\"{&quot;id&quot;:&quot;news-focus&quot;,&quot;props&quot;:{&quot;cat_labels&quot;:1,&quot;cat_labels_pos&quot;:&quot;bot-left&quot;,&quot;reviews&quot;:&quot;stars&quot;,&quot;post_formats_pos&quot;:&quot;center&quot;,&quot;load_more_style&quot;:&quot;a&quot;,&quot;meta_cat_style&quot;:&quot;text&quot;,&quot;media_style_shadow&quot;:0,&quot;meta_sponsor&quot;:1,&quot;meta_sponsor_logo&quot;:0,&quot;meta_sponsor_label&quot;:&quot;Sponsor: {sponsor}&quot;,&quot;meta_above&quot;:[],&quot;meta_below&quot;:[&quot;author&quot;,&quot;date&quot;,&quot;views&quot;],&quot;meta_sponsor_above&quot;:[],&quot;meta_sponsor_below&quot;:[&quot;sponsor&quot;,&quot;date&quot;],&quot;container_width&quot;:66,&quot;heading&quot;:&quot;GIRO REGIONAL &quot;,&quot;space_below&quot;:&quot;none&quot;,&quot;filters&quot;:&quot;category&quot;,&quot;filters_terms&quot;:[8,7,11,9],&quot;terms&quot;:[&quot;34&quot;,&quot;35&quot;,&quot;56&quot;,&quot;59&quot;,&quot;65&quot;,&quot;69&quot;,&quot;70&quot;,&quot;71&quot;,&quot;74&quot;,&quot;75&quot;],&quot;sort_order&quot;:&quot;asc&quot;,&quot;pagination_type&quot;:null,&quot;pagination_links&quot;:null,&quot;excerpt_length&quot;:15,&quot;meta_sponsor_items_default&quot;:true,&quot;query_type&quot;:&quot;custom&quot;,&quot;sort_days&quot;:null,&quot;is_sc_call&quot;:true,&quot;meta_items_default&quot;:true}}\" data-is-mixed=\"1\">\n\n\t\t\t\t\t\t\t\t\n\t\t\t\t\t\t\t\n\t\t\t\t<div class=\"block-head block-head-ac block-head-c is-left\">\n\n\t\t\t\t\t<h4 class=\"heading\">GIRO REGIONAL <\/h4>\t\t\t\t\t\n\t\t\t\t\t\t\t\t\t<\/div>\n\t\t\t\t\n\t\t\t\n\t\t\t\n\t\t\t<div class=\"block-content\">\n\t\t\t\t\t\n\t<div class=\"grid cols-not-eq loops-mixed grid-2 md:grid-2 sm:grid-1\">\n\n\t\t\t\n\t<div class=\"loop loop-grid loop-grid-base grid grid-1 md:grid-1 xs:grid-1\">\n\n\t\t\t\t\t\n<article class=\"l-post grid-post grid-base-post\">\n\n\t\n\t\t\t<div class=\"media\">\n\n\t\t\n\t\t\t<a href=\"https:\/\/obuxixeiro.com.br\/?p=155740\" class=\"image-link media-ratio ratio-is-custom\" title=\"Festa liberal re\u00fane 650 participantes e marca encerramento do carnaval em Campinas\"><img loading=\"lazy\" decoding=\"async\" width=\"408\" height=\"243\" src=\"https:\/\/obuxixeiro.com.br\/wp-content\/uploads\/2026\/04\/155740-festa-liberal-reune-650-participantes-e-marca-encerramento-do-carnaval-em-campinas-450x263.jpg\" class=\"attachment-bunyad-medium size-bunyad-medium wp-post-image\" alt=\"festa-liberal-reune-650-participantes-e-marca-encerramento-do-carnaval-em-campinas\" sizes=\"(max-width: 408px) 100vw, 408px\" title=\"Festa liberal re\u00fane 650 participantes e marca encerramento do carnaval em Campinas\" srcset=\"https:\/\/obuxixeiro.com.br\/wp-content\/uploads\/2026\/04\/155740-festa-liberal-reune-650-participantes-e-marca-encerramento-do-carnaval-em-campinas-450x263.jpg 450w, https:\/\/obuxixeiro.com.br\/wp-content\/uploads\/2026\/04\/155740-festa-liberal-reune-650-participantes-e-marca-encerramento-do-carnaval-em-campinas-300x175.jpg 300w, https:\/\/obuxixeiro.com.br\/wp-content\/uploads\/2026\/04\/155740-festa-liberal-reune-650-participantes-e-marca-encerramento-do-carnaval-em-campinas-150x88.jpg 150w, https:\/\/obuxixeiro.com.br\/wp-content\/uploads\/2026\/04\/155740-festa-liberal-reune-650-participantes-e-marca-encerramento-do-carnaval-em-campinas-250x146.jpg 250w, https:\/\/obuxixeiro.com.br\/wp-content\/uploads\/2026\/04\/155740-festa-liberal-reune-650-participantes-e-marca-encerramento-do-carnaval-em-campinas.jpg 476w\" \/><\/a>\t\t\t\n\t\t\t\n\t\t\t\n\t\t\t\t\t\t\t\n\t\t\t\t<span class=\"cat-labels cat-labels-overlay c-overlay p-bot-left\">\n\t\t\t\t<a href=\"https:\/\/obuxixeiro.com.br\/?cat=71\" class=\"category term-color-71\" rel=\"category\" tabindex=\"-1\">Shows e Eventos<\/a>\n\t\t\t<\/span>\n\t\t\t\t\t\t\n\t\t\t\n\t\t\n\t\t<\/div>\n\t\n\n\t\n\t\t<div class=\"content\">\n\n\t\t\t<div class=\"post-meta post-meta-a has-below\"><h2 class=\"is-title post-title\"><a href=\"https:\/\/obuxixeiro.com.br\/?p=155740\">Festa liberal re\u00fane 650 participantes e marca encerramento do carnaval em Campinas<\/a><\/h2><div class=\"post-meta-items meta-below\"><span class=\"meta-item post-author\"><span class=\"by\">Fonte:<\/span> <a href=\"https:\/\/obuxixeiro.com.br\/author\/vinicius-mororo\" title=\"Posts de Vinicius Mororo\" rel=\"author\">Vinicius Mororo<\/a><\/span><span class=\"meta-item date\"><span class=\"date-link\"><time class=\"post-date\" datetime=\"2026-03-02T10:00:00-03:00\">2 de mar\u00e7o de 2026<\/time><\/span><\/span><\/div><\/div>\t\t\t\n\t\t\t\t\t\t\n\t\t\t\t<div class=\"excerpt\">\n\t\t\t\t\t<p>Evento em ch\u00e1cara no interior paulista atrai p\u00fablico de v\u00e1rios estados e at\u00e9 do exterior&hellip;<\/p>\n\t\t\t\t<\/div>\n\t\t\t\n\t\t\t\n\t\t\t\n\t\t<\/div>\n\n\t\n<\/article>\t\t\n\t<\/div>\n\n\t\t\n\n\t\t\n\t<div class=\"loop loop-small loop-small-a grid grid-1 md:grid-1 sm:grid-1 xs:grid-1\">\n\n\t\t\t\t\t\n<article class=\"l-post small-post small-a-post m-pos-left\">\n\n\t\n\t\t\t<div class=\"media\">\n\n\t\t\n\t\t\t<a href=\"https:\/\/obuxixeiro.com.br\/?p=155788\" class=\"image-link media-ratio ratio-4-3\" title=\"Marquito \u00e9 extubado ap\u00f3s cirurgia na coluna e segue internado em estado grave em SP\"><img loading=\"lazy\" decoding=\"async\" width=\"153\" height=\"115\" src=\"https:\/\/obuxixeiro.com.br\/wp-content\/uploads\/2026\/04\/155788-marquito-e-extubado-apos-cirurgia-na-coluna-e-segue-internado-em-estado-grave-em-sp-300x168.jpg\" class=\"attachment-medium size-medium wp-post-image\" alt=\"marquito-e-extubado-apos-cirurgia-na-coluna-e-segue-internado-em-estado-grave-em-sp\" sizes=\"(max-width: 153px) 100vw, 153px\" title=\"Marquito \u00e9 extubado ap\u00f3s cirurgia na coluna e segue internado em estado grave em SP\" srcset=\"https:\/\/obuxixeiro.com.br\/wp-content\/uploads\/2026\/04\/155788-marquito-e-extubado-apos-cirurgia-na-coluna-e-segue-internado-em-estado-grave-em-sp-300x168.jpg 300w, https:\/\/obuxixeiro.com.br\/wp-content\/uploads\/2026\/04\/155788-marquito-e-extubado-apos-cirurgia-na-coluna-e-segue-internado-em-estado-grave-em-sp-450x252.jpg 450w, https:\/\/obuxixeiro.com.br\/wp-content\/uploads\/2026\/04\/155788-marquito-e-extubado-apos-cirurgia-na-coluna-e-segue-internado-em-estado-grave-em-sp-260x146.jpg 260w, https:\/\/obuxixeiro.com.br\/wp-content\/uploads\/2026\/04\/155788-marquito-e-extubado-apos-cirurgia-na-coluna-e-segue-internado-em-estado-grave-em-sp.jpg 480w\" \/><\/a>\t\t\t\n\t\t\t\n\t\t\t\n\t\t\t\n\t\t\n\t\t<\/div>\n\t\n\n\t\n\t\t<div class=\"content\">\n\n\t\t\t<div class=\"post-meta post-meta-a post-meta-left has-below\"><h4 class=\"is-title post-title\"><a href=\"https:\/\/obuxixeiro.com.br\/?p=155788\">Marquito \u00e9 extubado ap\u00f3s cirurgia na coluna e segue internado em estado grave em SP<\/a><\/h4><div class=\"post-meta-items meta-below\"><span class=\"meta-item date\"><span class=\"date-link\"><time class=\"post-date\" datetime=\"2026-03-02T10:00:00-03:00\">2 de mar\u00e7o de 2026<\/time><\/span><\/span><\/div><\/div>\t\t\t\n\t\t\t\n\t\t\t\n\t\t<\/div>\n\n\t\n<\/article>\t\n\t\t\t\t\t\n<article class=\"l-post small-post small-a-post m-pos-left\">\n\n\t\n\t\t\t<div class=\"media\">\n\n\t\t\n\t\t\t<a href=\"https:\/\/obuxixeiro.com.br\/?p=155803\" class=\"image-link media-ratio ratio-4-3\" title=\"Felipe Menegat far\u00e1 show exclusivo no Skin Longevity Wellness\"><img loading=\"lazy\" decoding=\"async\" width=\"153\" height=\"115\" src=\"https:\/\/obuxixeiro.com.br\/wp-content\/uploads\/2026\/04\/155803-felipe-menegat-fara-show-exclusivo-no-skin-longevity-wellness-300x200.jpg\" class=\"attachment-medium size-medium wp-post-image\" alt=\"felipe-menegat-fara-show-exclusivo-no-skin-longevity-wellness\" sizes=\"(max-width: 153px) 100vw, 153px\" title=\"Felipe Menegat far\u00e1 show exclusivo no Skin Longevity Wellness\" srcset=\"https:\/\/obuxixeiro.com.br\/wp-content\/uploads\/2026\/04\/155803-felipe-menegat-fara-show-exclusivo-no-skin-longevity-wellness-300x200.jpg 300w, https:\/\/obuxixeiro.com.br\/wp-content\/uploads\/2026\/04\/155803-felipe-menegat-fara-show-exclusivo-no-skin-longevity-wellness-1024x684.jpg 1024w, https:\/\/obuxixeiro.com.br\/wp-content\/uploads\/2026\/04\/155803-felipe-menegat-fara-show-exclusivo-no-skin-longevity-wellness-768x513.jpg 768w, https:\/\/obuxixeiro.com.br\/wp-content\/uploads\/2026\/04\/155803-felipe-menegat-fara-show-exclusivo-no-skin-longevity-wellness-1536x1025.jpg 1536w, https:\/\/obuxixeiro.com.br\/wp-content\/uploads\/2026\/04\/155803-felipe-menegat-fara-show-exclusivo-no-skin-longevity-wellness-2048x1367.jpg 2048w, https:\/\/obuxixeiro.com.br\/wp-content\/uploads\/2026\/04\/155803-felipe-menegat-fara-show-exclusivo-no-skin-longevity-wellness-450x300.jpg 450w, https:\/\/obuxixeiro.com.br\/wp-content\/uploads\/2026\/04\/155803-felipe-menegat-fara-show-exclusivo-no-skin-longevity-wellness-1200x801.jpg 1200w, https:\/\/obuxixeiro.com.br\/wp-content\/uploads\/2026\/04\/155803-felipe-menegat-fara-show-exclusivo-no-skin-longevity-wellness-219x146.jpg 219w\" \/><\/a>\t\t\t\n\t\t\t\n\t\t\t\n\t\t\t\n\t\t\n\t\t<\/div>\n\t\n\n\t\n\t\t<div class=\"content\">\n\n\t\t\t<div class=\"post-meta post-meta-a post-meta-left has-below\"><h4 class=\"is-title post-title\"><a href=\"https:\/\/obuxixeiro.com.br\/?p=155803\">Felipe Menegat far\u00e1 show exclusivo no Skin Longevity Wellness<\/a><\/h4><div class=\"post-meta-items meta-below\"><span class=\"meta-item date\"><span class=\"date-link\"><time class=\"post-date\" datetime=\"2026-03-03T10:54:00-03:00\">3 de mar\u00e7o de 2026<\/time><\/span><\/span><\/div><\/div>\t\t\t\n\t\t\t\n\t\t\t\n\t\t<\/div>\n\n\t\n<\/article>\t\n\t\t\t\t\t\n<article class=\"l-post small-post small-a-post m-pos-left\">\n\n\t\n\t\t\t<div class=\"media\">\n\n\t\t\n\t\t\t<a href=\"https:\/\/obuxixeiro.com.br\/?p=155786\" class=\"image-link media-ratio ratio-4-3\" title=\"Obra de conjunto habitacional em S\u00e3o Mateus fica parada h\u00e1 mais de um ano e gera custo de R$ 3,4 milh\u00f5es em aux\u00edlio aluguel\"><img loading=\"lazy\" decoding=\"async\" width=\"153\" height=\"115\" src=\"https:\/\/obuxixeiro.com.br\/wp-content\/uploads\/2026\/04\/155786-obra-de-conjunto-habitacional-em-sao-mateus-fica-parada-ha-mais-de-um-ano-e-gera-cust69ec002107b29-300x166.jpg\" class=\"attachment-medium size-medium wp-post-image\" alt=\"obra-de-conjunto-habitacional-em-sao-mateus-fica-parada-ha-mais-de-um-ano-e-gera-custo-de-r$-3,4-milhoes-em-auxilio-aluguel\" sizes=\"(max-width: 153px) 100vw, 153px\" title=\"Obra de conjunto habitacional em S\u00e3o Mateus fica parada h\u00e1 mais de um ano e gera custo de R$ 3,4 milh\u00f5es em aux\u00edlio aluguel\" srcset=\"https:\/\/obuxixeiro.com.br\/wp-content\/uploads\/2026\/04\/155786-obra-de-conjunto-habitacional-em-sao-mateus-fica-parada-ha-mais-de-um-ano-e-gera-cust69ec002107b29-300x166.jpg 300w, https:\/\/obuxixeiro.com.br\/wp-content\/uploads\/2026\/04\/155786-obra-de-conjunto-habitacional-em-sao-mateus-fica-parada-ha-mais-de-um-ano-e-gera-cust69ec002107b29-260x144.jpg 260w, https:\/\/obuxixeiro.com.br\/wp-content\/uploads\/2026\/04\/155786-obra-de-conjunto-habitacional-em-sao-mateus-fica-parada-ha-mais-de-um-ano-e-gera-cust69ec002107b29.jpg 420w\" \/><\/a>\t\t\t\n\t\t\t\n\t\t\t\n\t\t\t\n\t\t\n\t\t<\/div>\n\t\n\n\t\n\t\t<div class=\"content\">\n\n\t\t\t<div class=\"post-meta post-meta-a post-meta-left has-below\"><h4 class=\"is-title post-title\"><a href=\"https:\/\/obuxixeiro.com.br\/?p=155786\">Obra de conjunto habitacional em S\u00e3o Mateus fica parada h\u00e1 mais de um ano e gera custo de R$ 3,4 milh\u00f5es em aux\u00edlio aluguel<\/a><\/h4><div class=\"post-meta-items meta-below\"><span class=\"meta-item date\"><span class=\"date-link\"><time class=\"post-date\" datetime=\"2026-03-05T10:00:00-03:00\">5 de mar\u00e7o de 2026<\/time><\/span><\/span><\/div><\/div>\t\t\t\n\t\t\t\n\t\t\t\n\t\t<\/div>\n\n\t\n<\/article>\t\n\t\t\t\t\t\n<article class=\"l-post small-post small-a-post m-pos-left\">\n\n\t\n\t\t\t<div class=\"media\">\n\n\t\t\n\t\t\t<a href=\"https:\/\/obuxixeiro.com.br\/?p=155784\" class=\"image-link media-ratio ratio-4-3\" title=\"Homem investigado por estupro de colegas de trabalho \u00e9 preso em shopping na zona leste de S\u00e3o Paulo\"><img loading=\"lazy\" decoding=\"async\" width=\"153\" height=\"115\" src=\"https:\/\/obuxixeiro.com.br\/wp-content\/uploads\/2026\/04\/155784-homem-investigado-por-estupro-de-colegas-de-trabalho-e-preso-em-shopping-na-zona-lest69ec001ea6f17-300x178.jpg\" class=\"attachment-medium size-medium wp-post-image\" alt=\"homem-investigado-por-estupro-de-colegas-de-trabalho-e-preso-em-shopping-na-zona-leste-de-sao-paulo\" sizes=\"(max-width: 153px) 100vw, 153px\" title=\"Homem investigado por estupro de colegas de trabalho \u00e9 preso em shopping na zona leste de S\u00e3o Paulo\" srcset=\"https:\/\/obuxixeiro.com.br\/wp-content\/uploads\/2026\/04\/155784-homem-investigado-por-estupro-de-colegas-de-trabalho-e-preso-em-shopping-na-zona-lest69ec001ea6f17-300x178.jpg 300w, https:\/\/obuxixeiro.com.br\/wp-content\/uploads\/2026\/04\/155784-homem-investigado-por-estupro-de-colegas-de-trabalho-e-preso-em-shopping-na-zona-lest69ec001ea6f17-450x268.jpg 450w, https:\/\/obuxixeiro.com.br\/wp-content\/uploads\/2026\/04\/155784-homem-investigado-por-estupro-de-colegas-de-trabalho-e-preso-em-shopping-na-zona-lest69ec001ea6f17-245x146.jpg 245w, https:\/\/obuxixeiro.com.br\/wp-content\/uploads\/2026\/04\/155784-homem-investigado-por-estupro-de-colegas-de-trabalho-e-preso-em-shopping-na-zona-lest69ec001ea6f17.jpg 679w\" \/><\/a>\t\t\t\n\t\t\t\n\t\t\t\n\t\t\t\n\t\t\n\t\t<\/div>\n\t\n\n\t\n\t\t<div class=\"content\">\n\n\t\t\t<div class=\"post-meta post-meta-a post-meta-left has-below\"><h4 class=\"is-title post-title\"><a href=\"https:\/\/obuxixeiro.com.br\/?p=155784\">Homem investigado por estupro de colegas de trabalho \u00e9 preso em shopping na zona leste de S\u00e3o Paulo<\/a><\/h4><div class=\"post-meta-items meta-below\"><span class=\"meta-item date\"><span class=\"date-link\"><time class=\"post-date\" datetime=\"2026-03-07T03:34:00-03:00\">7 de mar\u00e7o de 2026<\/time><\/span><\/span><\/div><\/div>\t\t\t\n\t\t\t\n\t\t\t\n\t\t<\/div>\n\n\t\n<\/article>\t\n\t\t\n\t<\/div>\n\n\t\t\t<\/div>\n\t\n\t\t\t\t<\/div>\n\n\t\t<\/section>\n\t\t\t\t\t\t<\/div>\n\t\t\t\t<\/div>\n\t\t\t\t<div class=\"elementor-element elementor-element-cb0fce3 elementor-widget elementor-widget-sidebar\" data-id=\"cb0fce3\" data-element_type=\"widget\" data-e-type=\"widget\" data-widget_type=\"sidebar.default\">\n\t\t\t\t<div class=\"elementor-widget-container\">\n\t\t\t\t\t<li id=\"adni_widgets-3\" class=\"widget \"><div class=\"angwp_148547 _ning_outer ang_zone_148547 _ning_jss_zone has_label _align_center\" style=\"max-width:1200px;width:100%;overflow:hidden;height:inherit;\"><div class=\"_ning_label _center\" style=\"\">Anunciantes<\/div><div id=\"_ning_zone_148547_335400377\" class=\"_ning_zone_inner\" style=\"width:1200px; height:200px;position:relative;\"><div u=\"slides\" style=\"position:absolute; overflow:hidden; left:0px; top:0px;width:1200px; height:200px;\"><div class=\"slide_1 slide\" idle=\"5000\"><div class=\"angwp_148544 _ning_cont _ning_hidden _align_center\" data-size=\"custom\" data-bid=\"148544\" data-aid=\"148547\" style=\"max-width:1200px; width:100%;height:inherit;\"><div class=\"_ning_inner\" style=\"\"><a href=\"https:\/\/obuxixeiro.com.br?_dnlink=148544&aid=148547&t=1777305840\" class=\"strack_cli _ning_link\" target=\"_blank\">&nbsp;<\/a><div class=\"_ning_elmt\"><img decoding=\"async\" src=\"https:\/\/obuxixeiro.com.br\/wp-content\/uploads\/angwp\/items\/148544\/69c322a496e3b_1774396068.png\" \/><\/div><\/div><\/div><div class=\"clear\"><\/div><\/div><div class=\"slide_2 slide\" idle=\"5000\"><div class=\"angwp_148545 _ning_cont _ning_hidden _align_center\" data-size=\"custom\" data-bid=\"148545\" data-aid=\"148547\" style=\"max-width:1200px; width:100%;height:inherit;\"><div class=\"_ning_inner\" style=\"\"><a href=\"https:\/\/obuxixeiro.com.br?_dnlink=148545&aid=148547&t=1777305841\" class=\"strack_cli _ning_link\" target=\"_blank\">&nbsp;<\/a><div class=\"_ning_elmt\"><img decoding=\"async\" src=\"https:\/\/obuxixeiro.com.br\/wp-content\/uploads\/angwp\/items\/148545\/69c322a496e3b_1774396068.png\" \/><\/div><\/div><\/div><div class=\"clear\"><\/div><\/div><div class=\"slide_3 slide\" idle=\"5000\"><div class=\"angwp_148546 _ning_cont _ning_hidden _align_center\" data-size=\"custom\" data-bid=\"148546\" data-aid=\"148547\" style=\"max-width:1200px; width:100%;height:inherit;\"><div class=\"_ning_inner\" style=\"\"><a href=\"https:\/\/obuxixeiro.com.br?_dnlink=148546&aid=148547&t=1777305841\" class=\"strack_cli _ning_link\" target=\"_blank\">&nbsp;<\/a><div class=\"_ning_elmt\"><img decoding=\"async\" src=\"https:\/\/obuxixeiro.com.br\/wp-content\/uploads\/angwp\/items\/148546\/69c322a496e3b_1774396068.png\" \/><\/div><\/div><\/div><div class=\"clear\"><\/div><\/div><\/div><\/div><\/div><div class=\"clear\"><\/div><\/li>\n\t\t\t\t<\/div>\n\t\t\t\t<\/div>\n\t\t\t\t<div class=\"elementor-element elementor-element-39ee86f elementor-widget elementor-widget-smartmag-overlay\" data-id=\"39ee86f\" data-element_type=\"widget\" data-e-type=\"widget\" data-widget_type=\"smartmag-overlay.default\">\n\t\t\t\t<div class=\"elementor-widget-container\">\n\t\t\t\t\t\t\t<section class=\"block-wrap block-overlay block-sc cols-gap-sm mb-none\" data-id=\"7\">\n\n\t\t\t\t\t\t\t\t\n\t\t\t\t\t\t\t\n\t\t\t\t<div class=\"block-head block-head-ac block-head-c is-left\">\n\n\t\t\t\t\t<h4 class=\"heading\">VEJA AS NOT\u00cdCIAS DOS BAIRROS<\/h4>\t\t\t\t\t\n\t\t\t\t\t\t\t\t\t<\/div>\n\t\t\t\t\n\t\t\t\n\t\t\t\n\t\t\t<div class=\"block-content\">\n\t\t\t\t\t\n\t<div data-slider=\"carousel\" data-autoplay=\"1\" data-speed data-slides=\"2\" data-slides-md data-slides-sm data-arrows=\"b\" data-dots=\"1\" class=\"loop loop-overlay common-slider loop-carousel arrow-hover slider-arrow-b grid grid-2 md:grid-2 xs:grid-1\">\n\n\t\t\t\n\t\t\t\n<article class=\"l-post grid-overlay overlay-post grid-overlay-a overlay-base-post\">\n\n\t\n\t\t\t<div class=\"media\">\n\n\t\t\n\t\t\t<a href=\"https:\/\/obuxixeiro.com.br\/?p=156007\" class=\"image-link media-ratio ratio-3-2\" title=\"Subea leva Consult\u00f3rio M\u00f3vel ao North Park na segunda (27)\"><img loading=\"lazy\" decoding=\"async\" width=\"408\" height=\"272\" src=\"https:\/\/obuxixeiro.com.br\/wp-content\/uploads\/2026\/04\/consultorio1-2-1024x682-1-450x300.jpeg\" class=\"attachment-bunyad-medium size-bunyad-medium wp-post-image\" alt=\"\" sizes=\"(max-width: 408px) 100vw, 408px\" title=\"Subea leva Consult\u00f3rio M\u00f3vel ao North Park na segunda (27)\" srcset=\"https:\/\/obuxixeiro.com.br\/wp-content\/uploads\/2026\/04\/consultorio1-2-1024x682-1-450x300.jpeg 450w, https:\/\/obuxixeiro.com.br\/wp-content\/uploads\/2026\/04\/consultorio1-2-1024x682-1-300x200.jpeg 300w, https:\/\/obuxixeiro.com.br\/wp-content\/uploads\/2026\/04\/consultorio1-2-1024x682-1-768x512.jpeg 768w, https:\/\/obuxixeiro.com.br\/wp-content\/uploads\/2026\/04\/consultorio1-2-1024x682-1-150x100.jpeg 150w, https:\/\/obuxixeiro.com.br\/wp-content\/uploads\/2026\/04\/consultorio1-2-1024x682-1-219x146.jpeg 219w, https:\/\/obuxixeiro.com.br\/wp-content\/uploads\/2026\/04\/consultorio1-2-1024x682-1.jpeg 1024w\" \/><\/a>\t\t\t\n\t\t\t\n\t\t\t\n\t\t\t\n\t\t\n\t\t<\/div>\n\t\n\n\t\t\t<div class=\"content-wrap\">\n\t\n\t\t<div class=\"content\">\n\n\t\t\t<div class=\"post-meta post-meta-a meta-contrast has-below\"><div class=\"post-meta-items meta-above\"><span class=\"meta-item cat-labels\">\n\t\t\t\t\t\t\n\t\t\t\t\t\t<a href=\"https:\/\/obuxixeiro.com.br\/?cat=75\" class=\"category term-color-75\" rel=\"category\" tabindex=\"-1\">Aonde ir na Regi\u00e3o<\/a>\n\t\t\t\t\t<\/span>\n\t\t\t\t\t<\/div><h2 class=\"is-title post-title\"><a href=\"https:\/\/obuxixeiro.com.br\/?p=156007\">Subea leva Consult\u00f3rio M\u00f3vel ao North Park na segunda (27)<\/a><\/h2><div class=\"post-meta-items meta-below\"><span class=\"meta-item post-author\"><span class=\"by\">Fonte:<\/span> <a href=\"https:\/\/obuxixeiro.com.br\/author\/editor\" title=\"Posts de Reda\u00e7\u00e3o do Portal\" rel=\"author\">Reda\u00e7\u00e3o do Portal<\/a><\/span><span class=\"meta-item date\"><span class=\"date-link\"><time class=\"post-date\" datetime=\"2026-04-26T10:55:08-03:00\">26 de abril de 2026<\/time><\/span><\/span><\/div><\/div>\t\t\t\n\t\t\t\n\t\t\t\n\t\t<\/div>\n\n\t\t\t<\/div>\n\t\n<\/article>\n\t\t\t\n\t\t\t\n<article class=\"l-post grid-overlay overlay-post grid-overlay-a overlay-base-post\">\n\n\t\n\t\t\t<div class=\"media\">\n\n\t\t\n\t\t\t<a href=\"https:\/\/obuxixeiro.com.br\/?p=155446\" class=\"image-link media-ratio ratio-3-2\" title=\"Homem morre ap\u00f3s ser baleado ao tentar impedir assalto na zona sul de SP\"><img loading=\"lazy\" decoding=\"async\" width=\"408\" height=\"272\" src=\"https:\/\/obuxixeiro.com.br\/wp-content\/uploads\/2026\/04\/155446-homem-morre-apos-ser-baleado-ao-tentar-impedir-assalto-na-zona-sul-de-sp-450x300.png\" class=\"attachment-bunyad-medium size-bunyad-medium wp-post-image\" alt=\"homem-morre-apos-ser-baleado-ao-tentar-impedir-assalto-na-zona-sul-de-sp\" sizes=\"(max-width: 408px) 100vw, 408px\" title=\"Homem morre ap\u00f3s ser baleado ao tentar impedir assalto na zona sul de SP\" srcset=\"https:\/\/obuxixeiro.com.br\/wp-content\/uploads\/2026\/04\/155446-homem-morre-apos-ser-baleado-ao-tentar-impedir-assalto-na-zona-sul-de-sp-450x300.png 450w, https:\/\/obuxixeiro.com.br\/wp-content\/uploads\/2026\/04\/155446-homem-morre-apos-ser-baleado-ao-tentar-impedir-assalto-na-zona-sul-de-sp-300x200.png 300w, https:\/\/obuxixeiro.com.br\/wp-content\/uploads\/2026\/04\/155446-homem-morre-apos-ser-baleado-ao-tentar-impedir-assalto-na-zona-sul-de-sp-1024x683.png 1024w, https:\/\/obuxixeiro.com.br\/wp-content\/uploads\/2026\/04\/155446-homem-morre-apos-ser-baleado-ao-tentar-impedir-assalto-na-zona-sul-de-sp-768x512.png 768w, https:\/\/obuxixeiro.com.br\/wp-content\/uploads\/2026\/04\/155446-homem-morre-apos-ser-baleado-ao-tentar-impedir-assalto-na-zona-sul-de-sp-150x100.png 150w, https:\/\/obuxixeiro.com.br\/wp-content\/uploads\/2026\/04\/155446-homem-morre-apos-ser-baleado-ao-tentar-impedir-assalto-na-zona-sul-de-sp-1200x800.png 1200w, https:\/\/obuxixeiro.com.br\/wp-content\/uploads\/2026\/04\/155446-homem-morre-apos-ser-baleado-ao-tentar-impedir-assalto-na-zona-sul-de-sp-219x146.png 219w, https:\/\/obuxixeiro.com.br\/wp-content\/uploads\/2026\/04\/155446-homem-morre-apos-ser-baleado-ao-tentar-impedir-assalto-na-zona-sul-de-sp.png 1536w\" \/><\/a>\t\t\t\n\t\t\t\n\t\t\t\n\t\t\t\n\t\t\n\t\t<\/div>\n\t\n\n\t\t\t<div class=\"content-wrap\">\n\t\n\t\t<div class=\"content\">\n\n\t\t\t<div class=\"post-meta post-meta-a meta-contrast has-below\"><div class=\"post-meta-items meta-above\"><span class=\"meta-item cat-labels\">\n\t\t\t\t\t\t\n\t\t\t\t\t\t<a href=\"https:\/\/obuxixeiro.com.br\/?cat=59\" class=\"category term-color-59\" rel=\"category\" tabindex=\"-1\">Bairros<\/a>\n\t\t\t\t\t<\/span>\n\t\t\t\t\t<\/div><h2 class=\"is-title post-title\"><a href=\"https:\/\/obuxixeiro.com.br\/?p=155446\">Homem morre ap\u00f3s ser baleado ao tentar impedir assalto na zona sul de SP<\/a><\/h2><div class=\"post-meta-items meta-below\"><span class=\"meta-item post-author\"><span class=\"by\">Fonte:<\/span> <a href=\"https:\/\/obuxixeiro.com.br\/author\/vinicius-mororo\" title=\"Posts de Vinicius Mororo\" rel=\"author\">Vinicius Mororo<\/a><\/span><span class=\"meta-item date\"><span class=\"date-link\"><time class=\"post-date\" datetime=\"2026-04-17T22:44:00-03:00\">17 de abril de 2026<\/time><\/span><\/span><\/div><\/div>\t\t\t\n\t\t\t\n\t\t\t\n\t\t<\/div>\n\n\t\t\t<\/div>\n\t\n<\/article>\n\t\t\t\n\t\t\t\n<article class=\"l-post grid-overlay overlay-post grid-overlay-a overlay-base-post\">\n\n\t\n\t\t\t<div class=\"media\">\n\n\t\t\n\t\t\t<a href=\"https:\/\/obuxixeiro.com.br\/?p=155434\" class=\"image-link media-ratio ratio-3-2\" title=\"Motorista de aplicativo mata passageiro ap\u00f3s discuss\u00e3o dentro de carro em SP\"><img loading=\"lazy\" decoding=\"async\" width=\"408\" height=\"272\" src=\"https:\/\/obuxixeiro.com.br\/wp-content\/uploads\/2026\/04\/155434-motorista-de-aplicativo-mata-passageiro-apos-discussao-dentro-de-carro-em-sp-450x300.png\" class=\"attachment-bunyad-medium size-bunyad-medium wp-post-image\" alt=\"motorista-de-aplicativo-mata-passageiro-apos-discussao-dentro-de-carro-em-sp\" sizes=\"(max-width: 408px) 100vw, 408px\" title=\"Motorista de aplicativo mata passageiro ap\u00f3s discuss\u00e3o dentro de carro em SP\" srcset=\"https:\/\/obuxixeiro.com.br\/wp-content\/uploads\/2026\/04\/155434-motorista-de-aplicativo-mata-passageiro-apos-discussao-dentro-de-carro-em-sp-450x300.png 450w, https:\/\/obuxixeiro.com.br\/wp-content\/uploads\/2026\/04\/155434-motorista-de-aplicativo-mata-passageiro-apos-discussao-dentro-de-carro-em-sp-300x200.png 300w, https:\/\/obuxixeiro.com.br\/wp-content\/uploads\/2026\/04\/155434-motorista-de-aplicativo-mata-passageiro-apos-discussao-dentro-de-carro-em-sp-1024x683.png 1024w, https:\/\/obuxixeiro.com.br\/wp-content\/uploads\/2026\/04\/155434-motorista-de-aplicativo-mata-passageiro-apos-discussao-dentro-de-carro-em-sp-768x512.png 768w, https:\/\/obuxixeiro.com.br\/wp-content\/uploads\/2026\/04\/155434-motorista-de-aplicativo-mata-passageiro-apos-discussao-dentro-de-carro-em-sp-150x100.png 150w, https:\/\/obuxixeiro.com.br\/wp-content\/uploads\/2026\/04\/155434-motorista-de-aplicativo-mata-passageiro-apos-discussao-dentro-de-carro-em-sp-1200x800.png 1200w, https:\/\/obuxixeiro.com.br\/wp-content\/uploads\/2026\/04\/155434-motorista-de-aplicativo-mata-passageiro-apos-discussao-dentro-de-carro-em-sp-219x146.png 219w, https:\/\/obuxixeiro.com.br\/wp-content\/uploads\/2026\/04\/155434-motorista-de-aplicativo-mata-passageiro-apos-discussao-dentro-de-carro-em-sp.png 1536w\" \/><\/a>\t\t\t\n\t\t\t\n\t\t\t\n\t\t\t\n\t\t\n\t\t<\/div>\n\t\n\n\t\t\t<div class=\"content-wrap\">\n\t\n\t\t<div class=\"content\">\n\n\t\t\t<div class=\"post-meta post-meta-a meta-contrast has-below\"><div class=\"post-meta-items meta-above\"><span class=\"meta-item cat-labels\">\n\t\t\t\t\t\t\n\t\t\t\t\t\t<a href=\"https:\/\/obuxixeiro.com.br\/?cat=59\" class=\"category term-color-59\" rel=\"category\" tabindex=\"-1\">Bairros<\/a>\n\t\t\t\t\t<\/span>\n\t\t\t\t\t<\/div><h2 class=\"is-title post-title\"><a href=\"https:\/\/obuxixeiro.com.br\/?p=155434\">Motorista de aplicativo mata passageiro ap\u00f3s discuss\u00e3o dentro de carro em SP<\/a><\/h2><div class=\"post-meta-items meta-below\"><span class=\"meta-item post-author\"><span class=\"by\">Fonte:<\/span> <a href=\"https:\/\/obuxixeiro.com.br\/author\/vinicius-mororo\" title=\"Posts de Vinicius Mororo\" rel=\"author\">Vinicius Mororo<\/a><\/span><span class=\"meta-item date\"><span class=\"date-link\"><time class=\"post-date\" datetime=\"2026-04-13T00:02:00-03:00\">13 de abril de 2026<\/time><\/span><\/span><\/div><\/div>\t\t\t\n\t\t\t\n\t\t\t\n\t\t<\/div>\n\n\t\t\t<\/div>\n\t\n<\/article>\n\t\t\t\n\t\t\t\n<article class=\"l-post grid-overlay overlay-post grid-overlay-a overlay-base-post\">\n\n\t\n\t\t\t<div class=\"media\">\n\n\t\t\n\t\t\t<a href=\"https:\/\/obuxixeiro.com.br\/?p=155440\" class=\"image-link media-ratio ratio-3-2\" title=\"Grupo ligado a ladr\u00e3o de casas em SP \u00e9 preso em opera\u00e7\u00e3o policial\"><img loading=\"lazy\" decoding=\"async\" width=\"408\" height=\"272\" src=\"https:\/\/obuxixeiro.com.br\/wp-content\/uploads\/2026\/04\/155440-grupo-ligado-a-ladrao-de-casas-em-sp-e-preso-em-operacao-policial-450x300.png\" class=\"attachment-bunyad-medium size-bunyad-medium wp-post-image\" alt=\"grupo-ligado-a-ladrao-de-casas-em-sp-e-preso-em-operacao-policial\" sizes=\"(max-width: 408px) 100vw, 408px\" title=\"Grupo ligado a ladr\u00e3o de casas em SP \u00e9 preso em opera\u00e7\u00e3o policial\" srcset=\"https:\/\/obuxixeiro.com.br\/wp-content\/uploads\/2026\/04\/155440-grupo-ligado-a-ladrao-de-casas-em-sp-e-preso-em-operacao-policial-450x300.png 450w, https:\/\/obuxixeiro.com.br\/wp-content\/uploads\/2026\/04\/155440-grupo-ligado-a-ladrao-de-casas-em-sp-e-preso-em-operacao-policial-300x200.png 300w, https:\/\/obuxixeiro.com.br\/wp-content\/uploads\/2026\/04\/155440-grupo-ligado-a-ladrao-de-casas-em-sp-e-preso-em-operacao-policial-1024x683.png 1024w, https:\/\/obuxixeiro.com.br\/wp-content\/uploads\/2026\/04\/155440-grupo-ligado-a-ladrao-de-casas-em-sp-e-preso-em-operacao-policial-768x512.png 768w, https:\/\/obuxixeiro.com.br\/wp-content\/uploads\/2026\/04\/155440-grupo-ligado-a-ladrao-de-casas-em-sp-e-preso-em-operacao-policial-150x100.png 150w, https:\/\/obuxixeiro.com.br\/wp-content\/uploads\/2026\/04\/155440-grupo-ligado-a-ladrao-de-casas-em-sp-e-preso-em-operacao-policial-1200x800.png 1200w, https:\/\/obuxixeiro.com.br\/wp-content\/uploads\/2026\/04\/155440-grupo-ligado-a-ladrao-de-casas-em-sp-e-preso-em-operacao-policial-219x146.png 219w, https:\/\/obuxixeiro.com.br\/wp-content\/uploads\/2026\/04\/155440-grupo-ligado-a-ladrao-de-casas-em-sp-e-preso-em-operacao-policial.png 1536w\" \/><\/a>\t\t\t\n\t\t\t\n\t\t\t\n\t\t\t\n\t\t\n\t\t<\/div>\n\t\n\n\t\t\t<div class=\"content-wrap\">\n\t\n\t\t<div class=\"content\">\n\n\t\t\t<div class=\"post-meta post-meta-a meta-contrast has-below\"><div class=\"post-meta-items meta-above\"><span class=\"meta-item cat-labels\">\n\t\t\t\t\t\t\n\t\t\t\t\t\t<a href=\"https:\/\/obuxixeiro.com.br\/?cat=59\" class=\"category term-color-59\" rel=\"category\" tabindex=\"-1\">Bairros<\/a>\n\t\t\t\t\t<\/span>\n\t\t\t\t\t<\/div><h2 class=\"is-title post-title\"><a href=\"https:\/\/obuxixeiro.com.br\/?p=155440\">Grupo ligado a ladr\u00e3o de casas em SP \u00e9 preso em opera\u00e7\u00e3o policial<\/a><\/h2><div class=\"post-meta-items meta-below\"><span class=\"meta-item post-author\"><span class=\"by\">Fonte:<\/span> <a href=\"https:\/\/obuxixeiro.com.br\/author\/vinicius-mororo\" title=\"Posts de Vinicius Mororo\" rel=\"author\">Vinicius Mororo<\/a><\/span><span class=\"meta-item date\"><span class=\"date-link\"><time class=\"post-date\" datetime=\"2026-04-12T23:56:00-03:00\">12 de abril de 2026<\/time><\/span><\/span><\/div><\/div>\t\t\t\n\t\t\t\n\t\t\t\n\t\t<\/div>\n\n\t\t\t<\/div>\n\t\n<\/article>\n\t\t\t\n\t\t\t\n<article class=\"l-post grid-overlay overlay-post grid-overlay-a overlay-base-post\">\n\n\t\n\t\t\t<div class=\"media\">\n\n\t\t\n\t\t\t<a href=\"https:\/\/obuxixeiro.com.br\/?p=155458\" class=\"image-link media-ratio ratio-3-2\" title=\"Casal \u00e9 preso ap\u00f3s roubo de R$ 160 mil em medicamentos no Morumbi\"><img loading=\"lazy\" decoding=\"async\" width=\"408\" height=\"272\" src=\"https:\/\/obuxixeiro.com.br\/wp-content\/uploads\/2026\/04\/155458-casal-e-preso-apos-roubo-de-r-160-mil-em-medicamentos-no-morumbi-450x300.png\" class=\"attachment-bunyad-medium size-bunyad-medium wp-post-image\" alt=\"casal-e-preso-apos-roubo-de-r$-160-mil-em-medicamentos-no-morumbi\" sizes=\"(max-width: 408px) 100vw, 408px\" title=\"Casal \u00e9 preso ap\u00f3s roubo de R$ 160 mil em medicamentos no Morumbi\" srcset=\"https:\/\/obuxixeiro.com.br\/wp-content\/uploads\/2026\/04\/155458-casal-e-preso-apos-roubo-de-r-160-mil-em-medicamentos-no-morumbi-450x300.png 450w, https:\/\/obuxixeiro.com.br\/wp-content\/uploads\/2026\/04\/155458-casal-e-preso-apos-roubo-de-r-160-mil-em-medicamentos-no-morumbi-300x200.png 300w, https:\/\/obuxixeiro.com.br\/wp-content\/uploads\/2026\/04\/155458-casal-e-preso-apos-roubo-de-r-160-mil-em-medicamentos-no-morumbi-1024x683.png 1024w, https:\/\/obuxixeiro.com.br\/wp-content\/uploads\/2026\/04\/155458-casal-e-preso-apos-roubo-de-r-160-mil-em-medicamentos-no-morumbi-768x512.png 768w, https:\/\/obuxixeiro.com.br\/wp-content\/uploads\/2026\/04\/155458-casal-e-preso-apos-roubo-de-r-160-mil-em-medicamentos-no-morumbi-150x100.png 150w, https:\/\/obuxixeiro.com.br\/wp-content\/uploads\/2026\/04\/155458-casal-e-preso-apos-roubo-de-r-160-mil-em-medicamentos-no-morumbi-1200x800.png 1200w, https:\/\/obuxixeiro.com.br\/wp-content\/uploads\/2026\/04\/155458-casal-e-preso-apos-roubo-de-r-160-mil-em-medicamentos-no-morumbi-219x146.png 219w, https:\/\/obuxixeiro.com.br\/wp-content\/uploads\/2026\/04\/155458-casal-e-preso-apos-roubo-de-r-160-mil-em-medicamentos-no-morumbi.png 1536w\" \/><\/a>\t\t\t\n\t\t\t\n\t\t\t\n\t\t\t\n\t\t\n\t\t<\/div>\n\t\n\n\t\t\t<div class=\"content-wrap\">\n\t\n\t\t<div class=\"content\">\n\n\t\t\t<div class=\"post-meta post-meta-a meta-contrast has-below\"><div class=\"post-meta-items meta-above\"><span class=\"meta-item cat-labels\">\n\t\t\t\t\t\t\n\t\t\t\t\t\t<a href=\"https:\/\/obuxixeiro.com.br\/?cat=59\" class=\"category term-color-59\" rel=\"category\" tabindex=\"-1\">Bairros<\/a>\n\t\t\t\t\t<\/span>\n\t\t\t\t\t<\/div><h2 class=\"is-title post-title\"><a href=\"https:\/\/obuxixeiro.com.br\/?p=155458\">Casal \u00e9 preso ap\u00f3s roubo de R$ 160 mil em medicamentos no Morumbi<\/a><\/h2><div class=\"post-meta-items meta-below\"><span class=\"meta-item post-author\"><span class=\"by\">Fonte:<\/span> <a href=\"https:\/\/obuxixeiro.com.br\/author\/vinicius-mororo\" title=\"Posts de Vinicius Mororo\" rel=\"author\">Vinicius Mororo<\/a><\/span><span class=\"meta-item date\"><span class=\"date-link\"><time class=\"post-date\" datetime=\"2026-04-12T23:50:00-03:00\">12 de abril de 2026<\/time><\/span><\/span><\/div><\/div>\t\t\t\n\t\t\t\n\t\t\t\n\t\t<\/div>\n\n\t\t\t<\/div>\n\t\n<\/article>\n\t\t\t\n\t\t\t\n<article class=\"l-post grid-overlay overlay-post grid-overlay-a overlay-base-post\">\n\n\t\n\t\t\t<div class=\"media\">\n\n\t\t\n\t\t\t<a href=\"https:\/\/obuxixeiro.com.br\/?p=155468\" class=\"image-link media-ratio ratio-3-2\" title=\"GCM mata entregador de aplicativo durante ocorr\u00eancia na zona sul de SP\"><img loading=\"lazy\" decoding=\"async\" width=\"408\" height=\"272\" src=\"https:\/\/obuxixeiro.com.br\/wp-content\/uploads\/2026\/04\/155468-gcm-mata-entregador-de-aplicativo-durante-ocorrencia-na-zona-sul-de-sp-450x300.png\" class=\"attachment-bunyad-medium size-bunyad-medium wp-post-image\" alt=\"gcm-mata-entregador-de-aplicativo-durante-ocorrencia-na-zona-sul-de-sp\" sizes=\"(max-width: 408px) 100vw, 408px\" title=\"GCM mata entregador de aplicativo durante ocorr\u00eancia na zona sul de SP\" srcset=\"https:\/\/obuxixeiro.com.br\/wp-content\/uploads\/2026\/04\/155468-gcm-mata-entregador-de-aplicativo-durante-ocorrencia-na-zona-sul-de-sp-450x300.png 450w, https:\/\/obuxixeiro.com.br\/wp-content\/uploads\/2026\/04\/155468-gcm-mata-entregador-de-aplicativo-durante-ocorrencia-na-zona-sul-de-sp-300x200.png 300w, https:\/\/obuxixeiro.com.br\/wp-content\/uploads\/2026\/04\/155468-gcm-mata-entregador-de-aplicativo-durante-ocorrencia-na-zona-sul-de-sp-1024x683.png 1024w, https:\/\/obuxixeiro.com.br\/wp-content\/uploads\/2026\/04\/155468-gcm-mata-entregador-de-aplicativo-durante-ocorrencia-na-zona-sul-de-sp-768x512.png 768w, https:\/\/obuxixeiro.com.br\/wp-content\/uploads\/2026\/04\/155468-gcm-mata-entregador-de-aplicativo-durante-ocorrencia-na-zona-sul-de-sp-150x100.png 150w, https:\/\/obuxixeiro.com.br\/wp-content\/uploads\/2026\/04\/155468-gcm-mata-entregador-de-aplicativo-durante-ocorrencia-na-zona-sul-de-sp-1200x800.png 1200w, https:\/\/obuxixeiro.com.br\/wp-content\/uploads\/2026\/04\/155468-gcm-mata-entregador-de-aplicativo-durante-ocorrencia-na-zona-sul-de-sp-219x146.png 219w, https:\/\/obuxixeiro.com.br\/wp-content\/uploads\/2026\/04\/155468-gcm-mata-entregador-de-aplicativo-durante-ocorrencia-na-zona-sul-de-sp.png 1536w\" \/><\/a>\t\t\t\n\t\t\t\n\t\t\t\n\t\t\t\n\t\t\n\t\t<\/div>\n\t\n\n\t\t\t<div class=\"content-wrap\">\n\t\n\t\t<div class=\"content\">\n\n\t\t\t<div class=\"post-meta post-meta-a meta-contrast has-below\"><div class=\"post-meta-items meta-above\"><span class=\"meta-item cat-labels\">\n\t\t\t\t\t\t\n\t\t\t\t\t\t<a href=\"https:\/\/obuxixeiro.com.br\/?cat=59\" class=\"category term-color-59\" rel=\"category\" tabindex=\"-1\">Bairros<\/a>\n\t\t\t\t\t<\/span>\n\t\t\t\t\t<\/div><h2 class=\"is-title post-title\"><a href=\"https:\/\/obuxixeiro.com.br\/?p=155468\">GCM mata entregador de aplicativo durante ocorr\u00eancia na zona sul de SP<\/a><\/h2><div class=\"post-meta-items meta-below\"><span class=\"meta-item post-author\"><span class=\"by\">Fonte:<\/span> <a href=\"https:\/\/obuxixeiro.com.br\/author\/vinicius-mororo\" title=\"Posts de Vinicius Mororo\" rel=\"author\">Vinicius Mororo<\/a><\/span><span class=\"meta-item date\"><span class=\"date-link\"><time class=\"post-date\" datetime=\"2026-04-11T23:45:00-03:00\">11 de abril de 2026<\/time><\/span><\/span><\/div><\/div>\t\t\t\n\t\t\t\n\t\t\t\n\t\t<\/div>\n\n\t\t\t<\/div>\n\t\n<\/article>\n\t\t\t\n\t\t\t\n<article class=\"l-post grid-overlay overlay-post grid-overlay-a overlay-base-post\">\n\n\t\n\t\t\t<div class=\"media\">\n\n\t\t\n\t\t\t<a href=\"https:\/\/obuxixeiro.com.br\/?p=155450\" class=\"image-link media-ratio ratio-3-2\" title=\"Mulher \u00e9 imobilizada pela PM na Avenida Paulista durante discuss\u00e3o trabalhista\"><img loading=\"lazy\" decoding=\"async\" width=\"408\" height=\"272\" src=\"https:\/\/obuxixeiro.com.br\/wp-content\/uploads\/2026\/04\/155450-mulher-e-imobilizada-pela-pm-na-avenida-paulista-durante-discussao-trabalhista-450x300.png\" class=\"attachment-bunyad-medium size-bunyad-medium wp-post-image\" alt=\"mulher-e-imobilizada-pela-pm-na-avenida-paulista-durante-discussao-trabalhista\" sizes=\"(max-width: 408px) 100vw, 408px\" title=\"Mulher \u00e9 imobilizada pela PM na Avenida Paulista durante discuss\u00e3o trabalhista\" srcset=\"https:\/\/obuxixeiro.com.br\/wp-content\/uploads\/2026\/04\/155450-mulher-e-imobilizada-pela-pm-na-avenida-paulista-durante-discussao-trabalhista-450x300.png 450w, https:\/\/obuxixeiro.com.br\/wp-content\/uploads\/2026\/04\/155450-mulher-e-imobilizada-pela-pm-na-avenida-paulista-durante-discussao-trabalhista-300x200.png 300w, https:\/\/obuxixeiro.com.br\/wp-content\/uploads\/2026\/04\/155450-mulher-e-imobilizada-pela-pm-na-avenida-paulista-durante-discussao-trabalhista-1024x683.png 1024w, https:\/\/obuxixeiro.com.br\/wp-content\/uploads\/2026\/04\/155450-mulher-e-imobilizada-pela-pm-na-avenida-paulista-durante-discussao-trabalhista-768x512.png 768w, https:\/\/obuxixeiro.com.br\/wp-content\/uploads\/2026\/04\/155450-mulher-e-imobilizada-pela-pm-na-avenida-paulista-durante-discussao-trabalhista-150x100.png 150w, https:\/\/obuxixeiro.com.br\/wp-content\/uploads\/2026\/04\/155450-mulher-e-imobilizada-pela-pm-na-avenida-paulista-durante-discussao-trabalhista-1200x800.png 1200w, https:\/\/obuxixeiro.com.br\/wp-content\/uploads\/2026\/04\/155450-mulher-e-imobilizada-pela-pm-na-avenida-paulista-durante-discussao-trabalhista-219x146.png 219w, https:\/\/obuxixeiro.com.br\/wp-content\/uploads\/2026\/04\/155450-mulher-e-imobilizada-pela-pm-na-avenida-paulista-durante-discussao-trabalhista.png 1536w\" \/><\/a>\t\t\t\n\t\t\t\n\t\t\t\n\t\t\t\n\t\t\n\t\t<\/div>\n\t\n\n\t\t\t<div class=\"content-wrap\">\n\t\n\t\t<div class=\"content\">\n\n\t\t\t<div class=\"post-meta post-meta-a meta-contrast has-below\"><div class=\"post-meta-items meta-above\"><span class=\"meta-item cat-labels\">\n\t\t\t\t\t\t\n\t\t\t\t\t\t<a href=\"https:\/\/obuxixeiro.com.br\/?cat=59\" class=\"category term-color-59\" rel=\"category\" tabindex=\"-1\">Bairros<\/a>\n\t\t\t\t\t<\/span>\n\t\t\t\t\t<\/div><h2 class=\"is-title post-title\"><a href=\"https:\/\/obuxixeiro.com.br\/?p=155450\">Mulher \u00e9 imobilizada pela PM na Avenida Paulista durante discuss\u00e3o trabalhista<\/a><\/h2><div class=\"post-meta-items meta-below\"><span class=\"meta-item post-author\"><span class=\"by\">Fonte:<\/span> <a href=\"https:\/\/obuxixeiro.com.br\/author\/vinicius-mororo\" title=\"Posts de Vinicius Mororo\" rel=\"author\">Vinicius Mororo<\/a><\/span><span class=\"meta-item date\"><span class=\"date-link\"><time class=\"post-date\" datetime=\"2026-04-11T23:35:00-03:00\">11 de abril de 2026<\/time><\/span><\/span><\/div><\/div>\t\t\t\n\t\t\t\n\t\t\t\n\t\t<\/div>\n\n\t\t\t<\/div>\n\t\n<\/article>\n\t\t\t\n\t\t\t\n<article class=\"l-post grid-overlay overlay-post grid-overlay-a overlay-base-post\">\n\n\t\n\t\t\t<div class=\"media\">\n\n\t\t\n\t\t\t<a href=\"https:\/\/obuxixeiro.com.br\/?p=155681\" class=\"image-link media-ratio ratio-3-2\" title=\"Kitnet de 10 m viraliza e levanta debate sobre moradia em S\u00e3o Paulo\"><img loading=\"lazy\" decoding=\"async\" width=\"408\" height=\"272\" src=\"https:\/\/obuxixeiro.com.br\/wp-content\/uploads\/2026\/04\/155681-kitnet-de-10-m-viraliza-e-levanta-debate-sobre-moradia-em-sao-paulo-450x300.png\" class=\"attachment-bunyad-medium size-bunyad-medium wp-post-image\" alt=\"kitnet-de-10-m-viraliza-e-levanta-debate-sobre-moradia-em-sao-paulo\" sizes=\"(max-width: 408px) 100vw, 408px\" title=\"Kitnet de 10 m viraliza e levanta debate sobre moradia em S\u00e3o Paulo\" srcset=\"https:\/\/obuxixeiro.com.br\/wp-content\/uploads\/2026\/04\/155681-kitnet-de-10-m-viraliza-e-levanta-debate-sobre-moradia-em-sao-paulo-450x300.png 450w, https:\/\/obuxixeiro.com.br\/wp-content\/uploads\/2026\/04\/155681-kitnet-de-10-m-viraliza-e-levanta-debate-sobre-moradia-em-sao-paulo-300x200.png 300w, https:\/\/obuxixeiro.com.br\/wp-content\/uploads\/2026\/04\/155681-kitnet-de-10-m-viraliza-e-levanta-debate-sobre-moradia-em-sao-paulo-1024x683.png 1024w, https:\/\/obuxixeiro.com.br\/wp-content\/uploads\/2026\/04\/155681-kitnet-de-10-m-viraliza-e-levanta-debate-sobre-moradia-em-sao-paulo-768x512.png 768w, https:\/\/obuxixeiro.com.br\/wp-content\/uploads\/2026\/04\/155681-kitnet-de-10-m-viraliza-e-levanta-debate-sobre-moradia-em-sao-paulo-150x100.png 150w, https:\/\/obuxixeiro.com.br\/wp-content\/uploads\/2026\/04\/155681-kitnet-de-10-m-viraliza-e-levanta-debate-sobre-moradia-em-sao-paulo-1200x800.png 1200w, https:\/\/obuxixeiro.com.br\/wp-content\/uploads\/2026\/04\/155681-kitnet-de-10-m-viraliza-e-levanta-debate-sobre-moradia-em-sao-paulo-219x146.png 219w, https:\/\/obuxixeiro.com.br\/wp-content\/uploads\/2026\/04\/155681-kitnet-de-10-m-viraliza-e-levanta-debate-sobre-moradia-em-sao-paulo.png 1536w\" \/><\/a>\t\t\t\n\t\t\t\n\t\t\t\n\t\t\t\n\t\t\n\t\t<\/div>\n\t\n\n\t\t\t<div class=\"content-wrap\">\n\t\n\t\t<div class=\"content\">\n\n\t\t\t<div class=\"post-meta post-meta-a meta-contrast has-below\"><div class=\"post-meta-items meta-above\"><span class=\"meta-item cat-labels\">\n\t\t\t\t\t\t\n\t\t\t\t\t\t<a href=\"https:\/\/obuxixeiro.com.br\/?cat=59\" class=\"category term-color-59\" rel=\"category\" tabindex=\"-1\">Bairros<\/a>\n\t\t\t\t\t<\/span>\n\t\t\t\t\t<\/div><h2 class=\"is-title post-title\"><a href=\"https:\/\/obuxixeiro.com.br\/?p=155681\">Kitnet de 10 m viraliza e levanta debate sobre moradia em S\u00e3o Paulo<\/a><\/h2><div class=\"post-meta-items meta-below\"><span class=\"meta-item post-author\"><span class=\"by\">Fonte:<\/span> <a href=\"https:\/\/obuxixeiro.com.br\/author\/vinicius-mororo\" title=\"Posts de Vinicius Mororo\" rel=\"author\">Vinicius Mororo<\/a><\/span><span class=\"meta-item date\"><span class=\"date-link\"><time class=\"post-date\" datetime=\"2026-04-11T23:13:00-03:00\">11 de abril de 2026<\/time><\/span><\/span><\/div><\/div>\t\t\t\n\t\t\t\n\t\t\t\n\t\t<\/div>\n\n\t\t\t<\/div>\n\t\n<\/article>\n\t\t\t\n\t\t\t\n<article class=\"l-post grid-overlay overlay-post grid-overlay-a overlay-base-post\">\n\n\t\n\t\t\t<div class=\"media\">\n\n\t\t\n\t\t\t<a href=\"https:\/\/obuxixeiro.com.br\/?p=155683\" class=\"image-link media-ratio ratio-3-2\" title=\"Linhas de \u00f4nibus de Embu-Gua\u00e7u ter\u00e3o mudan\u00e7as com novo terminal Varginha\"><img loading=\"lazy\" decoding=\"async\" width=\"408\" height=\"272\" src=\"https:\/\/obuxixeiro.com.br\/wp-content\/uploads\/2026\/04\/155683-linhas-de-onibus-de-embu-guacu-terao-mudancas-com-novo-terminal-varginha-450x300.png\" class=\"attachment-bunyad-medium size-bunyad-medium wp-post-image\" alt=\"linhas-de-onibus-de-embu-guacu-terao-mudancas-com-novo-terminal-varginha\" sizes=\"(max-width: 408px) 100vw, 408px\" title=\"Linhas de \u00f4nibus de Embu-Gua\u00e7u ter\u00e3o mudan\u00e7as com novo terminal Varginha\" srcset=\"https:\/\/obuxixeiro.com.br\/wp-content\/uploads\/2026\/04\/155683-linhas-de-onibus-de-embu-guacu-terao-mudancas-com-novo-terminal-varginha-450x300.png 450w, https:\/\/obuxixeiro.com.br\/wp-content\/uploads\/2026\/04\/155683-linhas-de-onibus-de-embu-guacu-terao-mudancas-com-novo-terminal-varginha-300x200.png 300w, https:\/\/obuxixeiro.com.br\/wp-content\/uploads\/2026\/04\/155683-linhas-de-onibus-de-embu-guacu-terao-mudancas-com-novo-terminal-varginha-1024x683.png 1024w, https:\/\/obuxixeiro.com.br\/wp-content\/uploads\/2026\/04\/155683-linhas-de-onibus-de-embu-guacu-terao-mudancas-com-novo-terminal-varginha-768x512.png 768w, https:\/\/obuxixeiro.com.br\/wp-content\/uploads\/2026\/04\/155683-linhas-de-onibus-de-embu-guacu-terao-mudancas-com-novo-terminal-varginha-150x100.png 150w, https:\/\/obuxixeiro.com.br\/wp-content\/uploads\/2026\/04\/155683-linhas-de-onibus-de-embu-guacu-terao-mudancas-com-novo-terminal-varginha-1200x800.png 1200w, https:\/\/obuxixeiro.com.br\/wp-content\/uploads\/2026\/04\/155683-linhas-de-onibus-de-embu-guacu-terao-mudancas-com-novo-terminal-varginha-219x146.png 219w, https:\/\/obuxixeiro.com.br\/wp-content\/uploads\/2026\/04\/155683-linhas-de-onibus-de-embu-guacu-terao-mudancas-com-novo-terminal-varginha.png 1536w\" \/><\/a>\t\t\t\n\t\t\t\n\t\t\t\n\t\t\t\n\t\t\n\t\t<\/div>\n\t\n\n\t\t\t<div class=\"content-wrap\">\n\t\n\t\t<div class=\"content\">\n\n\t\t\t<div class=\"post-meta post-meta-a meta-contrast has-below\"><div class=\"post-meta-items meta-above\"><span class=\"meta-item cat-labels\">\n\t\t\t\t\t\t\n\t\t\t\t\t\t<a href=\"https:\/\/obuxixeiro.com.br\/?cat=59\" class=\"category term-color-59\" rel=\"category\" tabindex=\"-1\">Bairros<\/a>\n\t\t\t\t\t<\/span>\n\t\t\t\t\t<\/div><h2 class=\"is-title post-title\"><a href=\"https:\/\/obuxixeiro.com.br\/?p=155683\">Linhas de \u00f4nibus de Embu-Gua\u00e7u ter\u00e3o mudan\u00e7as com novo terminal Varginha<\/a><\/h2><div class=\"post-meta-items meta-below\"><span class=\"meta-item post-author\"><span class=\"by\">Fonte:<\/span> <a href=\"https:\/\/obuxixeiro.com.br\/author\/vinicius-mororo\" title=\"Posts de Vinicius Mororo\" rel=\"author\">Vinicius Mororo<\/a><\/span><span class=\"meta-item date\"><span class=\"date-link\"><time class=\"post-date\" datetime=\"2026-04-11T01:40:00-03:00\">11 de abril de 2026<\/time><\/span><\/span><\/div><\/div>\t\t\t\n\t\t\t\n\t\t\t\n\t\t<\/div>\n\n\t\t\t<\/div>\n\t\n<\/article>\n\t\t\n\t<\/div>\n\n\t\t\n\t\t\t<\/div>\n\n\t\t<\/section>\n\t\t\t\t\t\t<\/div>\n\t\t\t\t<\/div>\n\t\t\t\t<div class=\"elementor-element elementor-element-53ef89c elementor-widget elementor-widget-smartmag-postssmall\" data-id=\"53ef89c\" data-element_type=\"widget\" data-e-type=\"widget\" data-widget_type=\"smartmag-postssmall.default\">\n\t\t\t\t<div class=\"elementor-widget-container\">\n\t\t\t\t\t\t\t<section class=\"block-wrap block-posts-small block-sc mb-none\" data-id=\"8\">\n\n\t\t\t\t\n\t\t\t<div class=\"block-content\">\n\t\t\t\t\n\t<div class=\"loop loop-small loop-small- grid grid-2 md:grid-1 sm:grid-1 xs:grid-1\">\n\n\t\t\t\t\t\n<article class=\"l-post small-post m-pos-left\">\n\n\t\n\t\t\t<div class=\"media\">\n\n\t\t\n\t\t\t<a href=\"https:\/\/obuxixeiro.com.br\/?p=156093\" class=\"image-link media-ratio ratio-4-3\" title=\"Justi\u00e7a condena Estado de SP a indenizar detentos por casos de tortura em unidades prisionais\"><img decoding=\"async\" width=\"153\" height=\"115\" src=\"https:\/\/obuxixeiro.com.br\/wp-content\/uploads\/2026\/04\/156093-justica-condena-estado-de-sp-a-indenizar-detentos-por-casos-de-tortura-em-unidades-prisionais-300x200.png\" class=\"attachment-medium size-medium wp-post-image\" alt=\"justica-condena-estado-de-sp-a-indenizar-detentos-por-casos-de-tortura-em-unidades-prisionais\" sizes=\"(max-width: 153px) 100vw, 153px\" title=\"Justi\u00e7a condena Estado de SP a indenizar detentos por casos de tortura em unidades prisionais\" srcset=\"https:\/\/obuxixeiro.com.br\/wp-content\/uploads\/2026\/04\/156093-justica-condena-estado-de-sp-a-indenizar-detentos-por-casos-de-tortura-em-unidades-prisionais-300x200.png 300w, https:\/\/obuxixeiro.com.br\/wp-content\/uploads\/2026\/04\/156093-justica-condena-estado-de-sp-a-indenizar-detentos-por-casos-de-tortura-em-unidades-prisionais-1024x683.png 1024w, https:\/\/obuxixeiro.com.br\/wp-content\/uploads\/2026\/04\/156093-justica-condena-estado-de-sp-a-indenizar-detentos-por-casos-de-tortura-em-unidades-prisionais-768x512.png 768w, https:\/\/obuxixeiro.com.br\/wp-content\/uploads\/2026\/04\/156093-justica-condena-estado-de-sp-a-indenizar-detentos-por-casos-de-tortura-em-unidades-prisionais-450x300.png 450w, https:\/\/obuxixeiro.com.br\/wp-content\/uploads\/2026\/04\/156093-justica-condena-estado-de-sp-a-indenizar-detentos-por-casos-de-tortura-em-unidades-prisionais-1200x800.png 1200w, https:\/\/obuxixeiro.com.br\/wp-content\/uploads\/2026\/04\/156093-justica-condena-estado-de-sp-a-indenizar-detentos-por-casos-de-tortura-em-unidades-prisionais-219x146.png 219w, https:\/\/obuxixeiro.com.br\/wp-content\/uploads\/2026\/04\/156093-justica-condena-estado-de-sp-a-indenizar-detentos-por-casos-de-tortura-em-unidades-prisionais.png 1536w\" \/><\/a>\t\t\t\n\t\t\t\n\t\t\t\n\t\t\t\n\t\t\n\t\t<\/div>\n\t\n\n\t\n\t\t<div class=\"content\">\n\n\t\t\t<div class=\"post-meta post-meta-a post-meta-left has-below\"><h4 class=\"is-title post-title limit-lines l-lines-2\"><a href=\"https:\/\/obuxixeiro.com.br\/?p=156093\">Justi\u00e7a condena Estado de SP a indenizar detentos por casos de tortura em unidades prisionais<\/a><\/h4><div class=\"post-meta-items meta-below\"><span class=\"meta-item date\"><span class=\"date-link\"><time class=\"post-date\" datetime=\"2026-04-27T04:41:42-03:00\">27 de abril de 2026<\/time><\/span><\/span><\/div><\/div>\t\t\t\n\t\t\t\n\t\t\t\n\t\t<\/div>\n\n\t\n<\/article>\t\n\t\t\t\t\t\n<article class=\"l-post small-post m-pos-left\">\n\n\t\n\t\t\t<div class=\"media\">\n\n\t\t\n\t\t\t<a href=\"https:\/\/obuxixeiro.com.br\/?p=156007\" class=\"image-link media-ratio ratio-4-3\" title=\"Subea leva Consult\u00f3rio M\u00f3vel ao North Park na segunda (27)\"><img loading=\"lazy\" decoding=\"async\" width=\"153\" height=\"115\" src=\"https:\/\/obuxixeiro.com.br\/wp-content\/uploads\/2026\/04\/consultorio1-2-1024x682-1-300x200.jpeg\" class=\"attachment-medium size-medium wp-post-image\" alt=\"\" sizes=\"(max-width: 153px) 100vw, 153px\" title=\"Subea leva Consult\u00f3rio M\u00f3vel ao North Park na segunda (27)\" srcset=\"https:\/\/obuxixeiro.com.br\/wp-content\/uploads\/2026\/04\/consultorio1-2-1024x682-1-300x200.jpeg 300w, https:\/\/obuxixeiro.com.br\/wp-content\/uploads\/2026\/04\/consultorio1-2-1024x682-1-768x512.jpeg 768w, https:\/\/obuxixeiro.com.br\/wp-content\/uploads\/2026\/04\/consultorio1-2-1024x682-1-450x300.jpeg 450w, https:\/\/obuxixeiro.com.br\/wp-content\/uploads\/2026\/04\/consultorio1-2-1024x682-1-219x146.jpeg 219w, https:\/\/obuxixeiro.com.br\/wp-content\/uploads\/2026\/04\/consultorio1-2-1024x682-1.jpeg 1024w\" \/><\/a>\t\t\t\n\t\t\t\n\t\t\t\n\t\t\t\n\t\t\n\t\t<\/div>\n\t\n\n\t\n\t\t<div class=\"content\">\n\n\t\t\t<div class=\"post-meta post-meta-a post-meta-left has-below\"><h4 class=\"is-title post-title limit-lines l-lines-2\"><a href=\"https:\/\/obuxixeiro.com.br\/?p=156007\">Subea leva Consult\u00f3rio M\u00f3vel ao North Park na segunda (27)<\/a><\/h4><div class=\"post-meta-items meta-below\"><span class=\"meta-item date\"><span class=\"date-link\"><time class=\"post-date\" datetime=\"2026-04-26T10:55:08-03:00\">26 de abril de 2026<\/time><\/span><\/span><\/div><\/div>\t\t\t\n\t\t\t\n\t\t\t\n\t\t<\/div>\n\n\t\n<\/article>\t\n\t\t\t\t\t\n<article class=\"l-post small-post m-pos-left\">\n\n\t\n\t\t\t<div class=\"media\">\n\n\t\t\n\t\t\t<a href=\"https:\/\/obuxixeiro.com.br\/?p=155967\" class=\"image-link media-ratio ratio-4-3\" title=\"Dupla \u00e9 presa suspeita de matar idosa e esconder corpo em cama box no litoral de SP\"><img loading=\"lazy\" decoding=\"async\" width=\"153\" height=\"115\" src=\"https:\/\/obuxixeiro.com.br\/wp-content\/uploads\/2026\/04\/155967-dupla-e-presa-suspeita-de-matar-idosa-e-esconder-corpo-em-cama-box-no-litoral-de-sp-300x200.png\" class=\"attachment-medium size-medium wp-post-image\" alt=\"dupla-e-presa-suspeita-de-matar-idosa-e-esconder-corpo-em-cama-box-no-litoral-de-sp\" sizes=\"(max-width: 153px) 100vw, 153px\" title=\"Dupla \u00e9 presa suspeita de matar idosa e esconder corpo em cama box no litoral de SP\" srcset=\"https:\/\/obuxixeiro.com.br\/wp-content\/uploads\/2026\/04\/155967-dupla-e-presa-suspeita-de-matar-idosa-e-esconder-corpo-em-cama-box-no-litoral-de-sp-300x200.png 300w, https:\/\/obuxixeiro.com.br\/wp-content\/uploads\/2026\/04\/155967-dupla-e-presa-suspeita-de-matar-idosa-e-esconder-corpo-em-cama-box-no-litoral-de-sp-1024x682.png 1024w, https:\/\/obuxixeiro.com.br\/wp-content\/uploads\/2026\/04\/155967-dupla-e-presa-suspeita-de-matar-idosa-e-esconder-corpo-em-cama-box-no-litoral-de-sp-768x511.png 768w, https:\/\/obuxixeiro.com.br\/wp-content\/uploads\/2026\/04\/155967-dupla-e-presa-suspeita-de-matar-idosa-e-esconder-corpo-em-cama-box-no-litoral-de-sp-450x300.png 450w, https:\/\/obuxixeiro.com.br\/wp-content\/uploads\/2026\/04\/155967-dupla-e-presa-suspeita-de-matar-idosa-e-esconder-corpo-em-cama-box-no-litoral-de-sp-1200x799.png 1200w, https:\/\/obuxixeiro.com.br\/wp-content\/uploads\/2026\/04\/155967-dupla-e-presa-suspeita-de-matar-idosa-e-esconder-corpo-em-cama-box-no-litoral-de-sp-219x146.png 219w, https:\/\/obuxixeiro.com.br\/wp-content\/uploads\/2026\/04\/155967-dupla-e-presa-suspeita-de-matar-idosa-e-esconder-corpo-em-cama-box-no-litoral-de-sp.png 1537w\" \/><\/a>\t\t\t\n\t\t\t\n\t\t\t\n\t\t\t\n\t\t\n\t\t<\/div>\n\t\n\n\t\n\t\t<div class=\"content\">\n\n\t\t\t<div class=\"post-meta post-meta-a post-meta-left has-below\"><h4 class=\"is-title post-title limit-lines l-lines-2\"><a href=\"https:\/\/obuxixeiro.com.br\/?p=155967\">Dupla \u00e9 presa suspeita de matar idosa e esconder corpo em cama box no litoral de SP<\/a><\/h4><div class=\"post-meta-items meta-below\"><span class=\"meta-item date\"><span class=\"date-link\"><time class=\"post-date\" datetime=\"2026-04-26T04:41:51-03:00\">26 de abril de 2026<\/time><\/span><\/span><\/div><\/div>\t\t\t\n\t\t\t\n\t\t\t\n\t\t<\/div>\n\n\t\n<\/article>\t\n\t\t\t\t\t\n<article class=\"l-post small-post m-pos-left\">\n\n\t\n\t\t\t<div class=\"media\">\n\n\t\t\n\t\t\t<a href=\"https:\/\/obuxixeiro.com.br\/?p=155835\" class=\"image-link media-ratio ratio-4-3\" title=\"Governo de SP investe R$ 12 milh\u00f5es em obra de mobilidade urbana em Pindamonhangaba\"><img loading=\"lazy\" decoding=\"async\" width=\"153\" height=\"115\" src=\"https:\/\/obuxixeiro.com.br\/wp-content\/uploads\/2026\/04\/155835-governo-de-sp-investe-r-12-milhoes-em-obra-de-mobilidade-urbana-em-pindamonhangaba-300x200.png\" class=\"attachment-medium size-medium wp-post-image\" alt=\"governo-de-sp-investe-r$-12-milhoes-em-obra-de-mobilidade-urbana-em-pindamonhangaba\" sizes=\"(max-width: 153px) 100vw, 153px\" title=\"Governo de SP investe R$ 12 milh\u00f5es em obra de mobilidade urbana em Pindamonhangaba\" srcset=\"https:\/\/obuxixeiro.com.br\/wp-content\/uploads\/2026\/04\/155835-governo-de-sp-investe-r-12-milhoes-em-obra-de-mobilidade-urbana-em-pindamonhangaba-300x200.png 300w, https:\/\/obuxixeiro.com.br\/wp-content\/uploads\/2026\/04\/155835-governo-de-sp-investe-r-12-milhoes-em-obra-de-mobilidade-urbana-em-pindamonhangaba-1024x683.png 1024w, https:\/\/obuxixeiro.com.br\/wp-content\/uploads\/2026\/04\/155835-governo-de-sp-investe-r-12-milhoes-em-obra-de-mobilidade-urbana-em-pindamonhangaba-768x512.png 768w, https:\/\/obuxixeiro.com.br\/wp-content\/uploads\/2026\/04\/155835-governo-de-sp-investe-r-12-milhoes-em-obra-de-mobilidade-urbana-em-pindamonhangaba-450x300.png 450w, https:\/\/obuxixeiro.com.br\/wp-content\/uploads\/2026\/04\/155835-governo-de-sp-investe-r-12-milhoes-em-obra-de-mobilidade-urbana-em-pindamonhangaba-1200x800.png 1200w, https:\/\/obuxixeiro.com.br\/wp-content\/uploads\/2026\/04\/155835-governo-de-sp-investe-r-12-milhoes-em-obra-de-mobilidade-urbana-em-pindamonhangaba-219x146.png 219w, https:\/\/obuxixeiro.com.br\/wp-content\/uploads\/2026\/04\/155835-governo-de-sp-investe-r-12-milhoes-em-obra-de-mobilidade-urbana-em-pindamonhangaba.png 1536w\" \/><\/a>\t\t\t\n\t\t\t\n\t\t\t\n\t\t\t\n\t\t\n\t\t<\/div>\n\t\n\n\t\n\t\t<div class=\"content\">\n\n\t\t\t<div class=\"post-meta post-meta-a post-meta-left has-below\"><h4 class=\"is-title post-title limit-lines l-lines-2\"><a href=\"https:\/\/obuxixeiro.com.br\/?p=155835\">Governo de SP investe R$ 12 milh\u00f5es em obra de mobilidade urbana em Pindamonhangaba<\/a><\/h4><div class=\"post-meta-items meta-below\"><span class=\"meta-item date\"><span class=\"date-link\"><time class=\"post-date\" datetime=\"2026-04-25T03:42:45-03:00\">25 de abril de 2026<\/time><\/span><\/span><\/div><\/div>\t\t\t\n\t\t\t\n\t\t\t\n\t\t<\/div>\n\n\t\n<\/article>\t\n\t\t\t\t\t\n<article class=\"l-post small-post m-pos-left\">\n\n\t\n\t\t\t<div class=\"media\">\n\n\t\t\n\t\t\t<a href=\"https:\/\/obuxixeiro.com.br\/?p=155837\" class=\"image-link media-ratio ratio-4-3\" title=\"Opera\u00e7\u00e3o Impacto mobiliza drones, helic\u00f3pteros e viaturas contra roubos em SP\"><img loading=\"lazy\" decoding=\"async\" width=\"153\" height=\"115\" src=\"https:\/\/obuxixeiro.com.br\/wp-content\/uploads\/2026\/04\/155837-operacao-impacto-mobiliza-drones-helicopteros-e-viaturas-contra-roubos-em-sp-300x200.png\" class=\"attachment-medium size-medium wp-post-image\" alt=\"operacao-impacto-mobiliza-drones,-helicopteros-e-viaturas-contra-roubos-em-sp\" sizes=\"(max-width: 153px) 100vw, 153px\" title=\"Opera\u00e7\u00e3o Impacto mobiliza drones, helic\u00f3pteros e viaturas contra roubos em SP\" srcset=\"https:\/\/obuxixeiro.com.br\/wp-content\/uploads\/2026\/04\/155837-operacao-impacto-mobiliza-drones-helicopteros-e-viaturas-contra-roubos-em-sp-300x200.png 300w, https:\/\/obuxixeiro.com.br\/wp-content\/uploads\/2026\/04\/155837-operacao-impacto-mobiliza-drones-helicopteros-e-viaturas-contra-roubos-em-sp-1024x683.png 1024w, https:\/\/obuxixeiro.com.br\/wp-content\/uploads\/2026\/04\/155837-operacao-impacto-mobiliza-drones-helicopteros-e-viaturas-contra-roubos-em-sp-768x512.png 768w, https:\/\/obuxixeiro.com.br\/wp-content\/uploads\/2026\/04\/155837-operacao-impacto-mobiliza-drones-helicopteros-e-viaturas-contra-roubos-em-sp-450x300.png 450w, https:\/\/obuxixeiro.com.br\/wp-content\/uploads\/2026\/04\/155837-operacao-impacto-mobiliza-drones-helicopteros-e-viaturas-contra-roubos-em-sp-1200x800.png 1200w, https:\/\/obuxixeiro.com.br\/wp-content\/uploads\/2026\/04\/155837-operacao-impacto-mobiliza-drones-helicopteros-e-viaturas-contra-roubos-em-sp-219x146.png 219w, https:\/\/obuxixeiro.com.br\/wp-content\/uploads\/2026\/04\/155837-operacao-impacto-mobiliza-drones-helicopteros-e-viaturas-contra-roubos-em-sp.png 1536w\" \/><\/a>\t\t\t\n\t\t\t\n\t\t\t\n\t\t\t\n\t\t\n\t\t<\/div>\n\t\n\n\t\n\t\t<div class=\"content\">\n\n\t\t\t<div class=\"post-meta post-meta-a post-meta-left has-below\"><h4 class=\"is-title post-title limit-lines l-lines-2\"><a href=\"https:\/\/obuxixeiro.com.br\/?p=155837\">Opera\u00e7\u00e3o Impacto mobiliza drones, helic\u00f3pteros e viaturas contra roubos em SP<\/a><\/h4><div class=\"post-meta-items meta-below\"><span class=\"meta-item date\"><span class=\"date-link\"><time class=\"post-date\" datetime=\"2026-04-25T03:42:44-03:00\">25 de abril de 2026<\/time><\/span><\/span><\/div><\/div>\t\t\t\n\t\t\t\n\t\t\t\n\t\t<\/div>\n\n\t\n<\/article>\t\n\t\t\t\t\t\n<article class=\"l-post small-post m-pos-left\">\n\n\t\n\t\t\t<div class=\"media\">\n\n\t\t\n\t\t\t<a href=\"https:\/\/obuxixeiro.com.br\/?p=155839\" class=\"image-link media-ratio ratio-4-3\" title=\"Falha provoca transtornos a passageiros na Linha 9-Esmeralda em SP\"><img loading=\"lazy\" decoding=\"async\" width=\"153\" height=\"115\" src=\"https:\/\/obuxixeiro.com.br\/wp-content\/uploads\/2026\/04\/155839-falha-provoca-transtornos-a-passageiros-na-linha-9-esmeralda-em-sp-300x200.png\" class=\"attachment-medium size-medium wp-post-image\" alt=\"falha-provoca-transtornos-a-passageiros-na-linha-9-esmeralda-em-sp\" sizes=\"(max-width: 153px) 100vw, 153px\" title=\"Falha provoca transtornos a passageiros na Linha 9-Esmeralda em SP\" srcset=\"https:\/\/obuxixeiro.com.br\/wp-content\/uploads\/2026\/04\/155839-falha-provoca-transtornos-a-passageiros-na-linha-9-esmeralda-em-sp-300x200.png 300w, https:\/\/obuxixeiro.com.br\/wp-content\/uploads\/2026\/04\/155839-falha-provoca-transtornos-a-passageiros-na-linha-9-esmeralda-em-sp-1024x683.png 1024w, https:\/\/obuxixeiro.com.br\/wp-content\/uploads\/2026\/04\/155839-falha-provoca-transtornos-a-passageiros-na-linha-9-esmeralda-em-sp-768x512.png 768w, https:\/\/obuxixeiro.com.br\/wp-content\/uploads\/2026\/04\/155839-falha-provoca-transtornos-a-passageiros-na-linha-9-esmeralda-em-sp-450x300.png 450w, https:\/\/obuxixeiro.com.br\/wp-content\/uploads\/2026\/04\/155839-falha-provoca-transtornos-a-passageiros-na-linha-9-esmeralda-em-sp-1200x800.png 1200w, https:\/\/obuxixeiro.com.br\/wp-content\/uploads\/2026\/04\/155839-falha-provoca-transtornos-a-passageiros-na-linha-9-esmeralda-em-sp-219x146.png 219w, https:\/\/obuxixeiro.com.br\/wp-content\/uploads\/2026\/04\/155839-falha-provoca-transtornos-a-passageiros-na-linha-9-esmeralda-em-sp.png 1536w\" \/><\/a>\t\t\t\n\t\t\t\n\t\t\t\n\t\t\t\n\t\t\n\t\t<\/div>\n\t\n\n\t\n\t\t<div class=\"content\">\n\n\t\t\t<div class=\"post-meta post-meta-a post-meta-left has-below\"><h4 class=\"is-title post-title limit-lines l-lines-2\"><a href=\"https:\/\/obuxixeiro.com.br\/?p=155839\">Falha provoca transtornos a passageiros na Linha 9-Esmeralda em SP<\/a><\/h4><div class=\"post-meta-items meta-below\"><span class=\"meta-item date\"><span class=\"date-link\"><time class=\"post-date\" datetime=\"2026-04-25T03:42:43-03:00\">25 de abril de 2026<\/time><\/span><\/span><\/div><\/div>\t\t\t\n\t\t\t\n\t\t\t\n\t\t<\/div>\n\n\t\n<\/article>\t\n\t\t\n\t<\/div>\n\n\t\t\t\t\t<\/div>\n\n\t\t<\/section>\n\t\t\t\t\t\t<\/div>\n\t\t\t\t<\/div>\n\t\t\t\t<div class=\"elementor-element elementor-element-b171db1 elementor-widget elementor-widget-sidebar\" data-id=\"b171db1\" data-element_type=\"widget\" data-e-type=\"widget\" data-widget_type=\"sidebar.default\">\n\t\t\t\t<div class=\"elementor-widget-container\">\n\t\t\t\t\t<li id=\"adni_widgets-4\" class=\"widget \"><div class=\"angwp_148554 _ning_outer ang_zone_148554 _ning_jss_zone has_label _align_center\" style=\"max-width:1200px;width:100%;overflow:hidden;height:inherit;\"><div class=\"_ning_label _center\" style=\"\">Anunciantes<\/div><div id=\"_ning_zone_148554_1970080957\" class=\"_ning_zone_inner\" style=\"width:1200px; height:200px;position:relative;\"><div u=\"slides\" style=\"position:absolute; overflow:hidden; left:0px; top:0px;width:1200px; height:200px;\"><div class=\"slide_1 slide\" idle=\"5000\"><div class=\"angwp_148551 _ning_cont _ning_hidden _align_center\" data-size=\"custom\" data-bid=\"148551\" data-aid=\"148554\" style=\"max-width:1200px; width:100%;height:inherit;\"><div class=\"_ning_inner\" style=\"\"><a href=\"https:\/\/obuxixeiro.com.br?_dnlink=148551&aid=148554&t=1777305841\" class=\"strack_cli _ning_link\" target=\"_blank\">&nbsp;<\/a><div class=\"_ning_elmt\"><img decoding=\"async\" src=\"https:\/\/obuxixeiro.com.br\/wp-content\/uploads\/angwp\/items\/148551\/69c322a496e3b_1774396068.png\" \/><\/div><\/div><\/div><div class=\"clear\"><\/div><\/div><div class=\"slide_2 slide\" idle=\"5000\"><div class=\"angwp_148552 _ning_cont _ning_hidden _align_center\" data-size=\"custom\" data-bid=\"148552\" data-aid=\"148554\" style=\"max-width:1200px; width:100%;height:inherit;\"><div class=\"_ning_inner\" style=\"\"><a href=\"https:\/\/obuxixeiro.com.br?_dnlink=148552&aid=148554&t=1777305841\" class=\"strack_cli _ning_link\" target=\"_blank\">&nbsp;<\/a><div class=\"_ning_elmt\"><img decoding=\"async\" src=\"https:\/\/obuxixeiro.com.br\/wp-content\/uploads\/angwp\/items\/148552\/69c322a496e3b_1774396068.png\" \/><\/div><\/div><\/div><div class=\"clear\"><\/div><\/div><div class=\"slide_3 slide\" idle=\"5000\"><div class=\"angwp_148553 _ning_cont _ning_hidden _align_center\" data-size=\"custom\" data-bid=\"148553\" data-aid=\"148554\" style=\"max-width:1200px; width:100%;height:inherit;\"><div class=\"_ning_inner\" style=\"\"><a href=\"https:\/\/obuxixeiro.com.br?_dnlink=148553&aid=148554&t=1777305841\" class=\"strack_cli _ning_link\" target=\"_blank\">&nbsp;<\/a><div class=\"_ning_elmt\"><img decoding=\"async\" src=\"https:\/\/obuxixeiro.com.br\/wp-content\/uploads\/angwp\/items\/148553\/69c322a496e3b_1774396068.png\" \/><\/div><\/div><\/div><div class=\"clear\"><\/div><\/div><\/div><\/div><\/div><div class=\"clear\"><\/div><\/li>\n\t\t\t\t<\/div>\n\t\t\t\t<\/div>\n\t\t\t\t<div class=\"elementor-element elementor-element-9b9f8d7 elementor-widget elementor-widget-smartmag-postssmall\" data-id=\"9b9f8d7\" data-element_type=\"widget\" data-e-type=\"widget\" data-widget_type=\"smartmag-postssmall.default\">\n\t\t\t\t<div class=\"elementor-widget-container\">\n\t\t\t\t\t\t\t<section class=\"block-wrap block-posts-small block-sc mb-none\" data-id=\"9\">\n\n\t\t\t\t\t\t\t\t\n\t\t\t\t\t\t\t\n\t\t\t\t<div class=\"block-head block-head-ac block-head-c is-left\">\n\n\t\t\t\t\t<h4 class=\"heading\">DEU POL\u00cdCIA!<\/h4>\t\t\t\t\t\n\t\t\t\t\t\t\t\t\t<\/div>\n\t\t\t\t\n\t\t\t\n\t\t\t\n\t\t\t<div class=\"block-content\">\n\t\t\t\t\n\t<div class=\"loop loop-small loop-small- grid grid-2 md:grid-1 sm:grid-1 xs:grid-1\">\n\n\t\t\t\t\t\n<article class=\"l-post small-post m-pos-left\">\n\n\t\n\t\t\t<div class=\"media\">\n\n\t\t\n\t\t\t<a href=\"https:\/\/obuxixeiro.com.br\/?p=156141\" class=\"image-link media-ratio ratio-4-3\" title=\"Caso Thawanna: inqu\u00e9rito avan\u00e7a e debate sobre c\u00e2meras corporais em PMs ganha for\u00e7a no Congresso\"><img loading=\"lazy\" decoding=\"async\" width=\"153\" height=\"115\" src=\"https:\/\/obuxixeiro.com.br\/wp-content\/uploads\/2026\/04\/156141-caso-thawanna-inquerito-avanca-e-debate-sobre-cameras-corporais-em-pms-ganha-forca-no-congresso-300x200.jpg\" class=\"attachment-medium size-medium wp-post-image\" alt=\"caso-thawanna:-inquerito-avanca-e-debate-sobre-cameras-corporais-em-pms-ganha-forca-no-congresso\" sizes=\"(max-width: 153px) 100vw, 153px\" title=\"Caso Thawanna: inqu\u00e9rito avan\u00e7a e debate sobre c\u00e2meras corporais em PMs ganha for\u00e7a no Congresso\" srcset=\"https:\/\/obuxixeiro.com.br\/wp-content\/uploads\/2026\/04\/156141-caso-thawanna-inquerito-avanca-e-debate-sobre-cameras-corporais-em-pms-ganha-forca-no-congresso-300x200.jpg 300w, https:\/\/obuxixeiro.com.br\/wp-content\/uploads\/2026\/04\/156141-caso-thawanna-inquerito-avanca-e-debate-sobre-cameras-corporais-em-pms-ganha-forca-no-congresso-1024x683.jpg 1024w, https:\/\/obuxixeiro.com.br\/wp-content\/uploads\/2026\/04\/156141-caso-thawanna-inquerito-avanca-e-debate-sobre-cameras-corporais-em-pms-ganha-forca-no-congresso-768x512.jpg 768w, https:\/\/obuxixeiro.com.br\/wp-content\/uploads\/2026\/04\/156141-caso-thawanna-inquerito-avanca-e-debate-sobre-cameras-corporais-em-pms-ganha-forca-no-congresso-1536x1024.jpg 1536w, https:\/\/obuxixeiro.com.br\/wp-content\/uploads\/2026\/04\/156141-caso-thawanna-inquerito-avanca-e-debate-sobre-cameras-corporais-em-pms-ganha-forca-no-congresso-450x300.jpg 450w, https:\/\/obuxixeiro.com.br\/wp-content\/uploads\/2026\/04\/156141-caso-thawanna-inquerito-avanca-e-debate-sobre-cameras-corporais-em-pms-ganha-forca-no-congresso-1200x800.jpg 1200w, https:\/\/obuxixeiro.com.br\/wp-content\/uploads\/2026\/04\/156141-caso-thawanna-inquerito-avanca-e-debate-sobre-cameras-corporais-em-pms-ganha-forca-no-congresso-219x146.jpg 219w, https:\/\/obuxixeiro.com.br\/wp-content\/uploads\/2026\/04\/156141-caso-thawanna-inquerito-avanca-e-debate-sobre-cameras-corporais-em-pms-ganha-forca-no-congresso.jpg 1900w\" \/><\/a>\t\t\t\n\t\t\t\n\t\t\t\n\t\t\t\n\t\t\n\t\t<\/div>\n\t\n\n\t\n\t\t<div class=\"content\">\n\n\t\t\t<div class=\"post-meta post-meta-a post-meta-left has-below\"><h4 class=\"is-title post-title limit-lines l-lines-2\"><a href=\"https:\/\/obuxixeiro.com.br\/?p=156141\">Caso Thawanna: inqu\u00e9rito avan\u00e7a e debate sobre c\u00e2meras corporais em PMs ganha for\u00e7a no Congresso<\/a><\/h4><div class=\"post-meta-items meta-below\"><span class=\"meta-item date\"><span class=\"date-link\"><time class=\"post-date\" datetime=\"2026-04-27T12:41:44-03:00\">27 de abril de 2026<\/time><\/span><\/span><\/div><\/div>\t\t\t\n\t\t\t\n\t\t\t\n\t\t<\/div>\n\n\t\n<\/article>\t\n\t\t\t\t\t\n<article class=\"l-post small-post m-pos-left\">\n\n\t\n\t\t\t<div class=\"media\">\n\n\t\t\n\t\t\t<a href=\"https:\/\/obuxixeiro.com.br\/?p=155969\" class=\"image-link media-ratio ratio-4-3\" title=\"TCM suspende edital da Prefeitura de SP para comercializa\u00e7\u00e3o do Smart Sampa\"><img loading=\"lazy\" decoding=\"async\" width=\"153\" height=\"115\" src=\"https:\/\/obuxixeiro.com.br\/wp-content\/uploads\/2026\/04\/155969-tcm-suspende-edital-da-prefeitura-de-sp-para-comercializacao-do-smart-sampa-300x200.png\" class=\"attachment-medium size-medium wp-post-image\" alt=\"tcm-suspende-edital-da-prefeitura-de-sp-para-comercializacao-do-smart-sampa\" sizes=\"(max-width: 153px) 100vw, 153px\" title=\"TCM suspende edital da Prefeitura de SP para comercializa\u00e7\u00e3o do Smart Sampa\" srcset=\"https:\/\/obuxixeiro.com.br\/wp-content\/uploads\/2026\/04\/155969-tcm-suspende-edital-da-prefeitura-de-sp-para-comercializacao-do-smart-sampa-300x200.png 300w, https:\/\/obuxixeiro.com.br\/wp-content\/uploads\/2026\/04\/155969-tcm-suspende-edital-da-prefeitura-de-sp-para-comercializacao-do-smart-sampa-1024x683.png 1024w, https:\/\/obuxixeiro.com.br\/wp-content\/uploads\/2026\/04\/155969-tcm-suspende-edital-da-prefeitura-de-sp-para-comercializacao-do-smart-sampa-768x512.png 768w, https:\/\/obuxixeiro.com.br\/wp-content\/uploads\/2026\/04\/155969-tcm-suspende-edital-da-prefeitura-de-sp-para-comercializacao-do-smart-sampa-450x300.png 450w, https:\/\/obuxixeiro.com.br\/wp-content\/uploads\/2026\/04\/155969-tcm-suspende-edital-da-prefeitura-de-sp-para-comercializacao-do-smart-sampa-1200x800.png 1200w, https:\/\/obuxixeiro.com.br\/wp-content\/uploads\/2026\/04\/155969-tcm-suspende-edital-da-prefeitura-de-sp-para-comercializacao-do-smart-sampa-219x146.png 219w, https:\/\/obuxixeiro.com.br\/wp-content\/uploads\/2026\/04\/155969-tcm-suspende-edital-da-prefeitura-de-sp-para-comercializacao-do-smart-sampa.png 1536w\" \/><\/a>\t\t\t\n\t\t\t\n\t\t\t\n\t\t\t\n\t\t\n\t\t<\/div>\n\t\n\n\t\n\t\t<div class=\"content\">\n\n\t\t\t<div class=\"post-meta post-meta-a post-meta-left has-below\"><h4 class=\"is-title post-title limit-lines l-lines-2\"><a href=\"https:\/\/obuxixeiro.com.br\/?p=155969\">TCM suspende edital da Prefeitura de SP para comercializa\u00e7\u00e3o do Smart Sampa<\/a><\/h4><div class=\"post-meta-items meta-below\"><span class=\"meta-item date\"><span class=\"date-link\"><time class=\"post-date\" datetime=\"2026-04-26T04:41:54-03:00\">26 de abril de 2026<\/time><\/span><\/span><\/div><\/div>\t\t\t\n\t\t\t\n\t\t\t\n\t\t<\/div>\n\n\t\n<\/article>\t\n\t\t\t\t\t\n<article class=\"l-post small-post m-pos-left\">\n\n\t\n\t\t\t<div class=\"media\">\n\n\t\t\n\t\t\t<a href=\"https:\/\/obuxixeiro.com.br\/?p=155841\" class=\"image-link media-ratio ratio-4-3\" title=\"Justi\u00e7a condena Estado de SP a pagar R$ 258 mil por tortura em pres\u00eddio\"><img loading=\"lazy\" decoding=\"async\" width=\"153\" height=\"115\" src=\"https:\/\/obuxixeiro.com.br\/wp-content\/uploads\/2026\/04\/155841-justica-condena-estado-de-sp-a-pagar-r-258-mil-por-tortura-em-presidio-300x200.png\" class=\"attachment-medium size-medium wp-post-image\" alt=\"justica-condena-estado-de-sp-a-pagar-r$-258-mil-por-tortura-em-presidio\" sizes=\"(max-width: 153px) 100vw, 153px\" title=\"Justi\u00e7a condena Estado de SP a pagar R$ 258 mil por tortura em pres\u00eddio\" srcset=\"https:\/\/obuxixeiro.com.br\/wp-content\/uploads\/2026\/04\/155841-justica-condena-estado-de-sp-a-pagar-r-258-mil-por-tortura-em-presidio-300x200.png 300w, https:\/\/obuxixeiro.com.br\/wp-content\/uploads\/2026\/04\/155841-justica-condena-estado-de-sp-a-pagar-r-258-mil-por-tortura-em-presidio-1024x683.png 1024w, https:\/\/obuxixeiro.com.br\/wp-content\/uploads\/2026\/04\/155841-justica-condena-estado-de-sp-a-pagar-r-258-mil-por-tortura-em-presidio-768x512.png 768w, https:\/\/obuxixeiro.com.br\/wp-content\/uploads\/2026\/04\/155841-justica-condena-estado-de-sp-a-pagar-r-258-mil-por-tortura-em-presidio-450x300.png 450w, https:\/\/obuxixeiro.com.br\/wp-content\/uploads\/2026\/04\/155841-justica-condena-estado-de-sp-a-pagar-r-258-mil-por-tortura-em-presidio-1200x800.png 1200w, https:\/\/obuxixeiro.com.br\/wp-content\/uploads\/2026\/04\/155841-justica-condena-estado-de-sp-a-pagar-r-258-mil-por-tortura-em-presidio-219x146.png 219w, https:\/\/obuxixeiro.com.br\/wp-content\/uploads\/2026\/04\/155841-justica-condena-estado-de-sp-a-pagar-r-258-mil-por-tortura-em-presidio.png 1536w\" \/><\/a>\t\t\t\n\t\t\t\n\t\t\t\n\t\t\t\n\t\t\n\t\t<\/div>\n\t\n\n\t\n\t\t<div class=\"content\">\n\n\t\t\t<div class=\"post-meta post-meta-a post-meta-left has-below\"><h4 class=\"is-title post-title limit-lines l-lines-2\"><a href=\"https:\/\/obuxixeiro.com.br\/?p=155841\">Justi\u00e7a condena Estado de SP a pagar R$ 258 mil por tortura em pres\u00eddio<\/a><\/h4><div class=\"post-meta-items meta-below\"><span class=\"meta-item date\"><span class=\"date-link\"><time class=\"post-date\" datetime=\"2026-04-25T03:42:54-03:00\">25 de abril de 2026<\/time><\/span><\/span><\/div><\/div>\t\t\t\n\t\t\t\n\t\t\t\n\t\t<\/div>\n\n\t\n<\/article>\t\n\t\t\t\t\t\n<article class=\"l-post small-post m-pos-left\">\n\n\t\n\t\t\t<div class=\"media\">\n\n\t\t\n\t\t\t<a href=\"https:\/\/obuxixeiro.com.br\/?p=155843\" class=\"image-link media-ratio ratio-4-3\" title=\"Justi\u00e7a condena Estado de SP a indenizar pais de jovem morto por PM em mercado\"><img loading=\"lazy\" decoding=\"async\" width=\"153\" height=\"115\" src=\"https:\/\/obuxixeiro.com.br\/wp-content\/uploads\/2026\/04\/155843-justica-condena-estado-de-sp-a-indenizar-pais-de-jovem-morto-por-pm-em-mercado-300x200.png\" class=\"attachment-medium size-medium wp-post-image\" alt=\"justica-condena-estado-de-sp-a-indenizar-pais-de-jovem-morto-por-pm-em-mercado\" sizes=\"(max-width: 153px) 100vw, 153px\" title=\"Justi\u00e7a condena Estado de SP a indenizar pais de jovem morto por PM em mercado\" srcset=\"https:\/\/obuxixeiro.com.br\/wp-content\/uploads\/2026\/04\/155843-justica-condena-estado-de-sp-a-indenizar-pais-de-jovem-morto-por-pm-em-mercado-300x200.png 300w, https:\/\/obuxixeiro.com.br\/wp-content\/uploads\/2026\/04\/155843-justica-condena-estado-de-sp-a-indenizar-pais-de-jovem-morto-por-pm-em-mercado-1024x683.png 1024w, https:\/\/obuxixeiro.com.br\/wp-content\/uploads\/2026\/04\/155843-justica-condena-estado-de-sp-a-indenizar-pais-de-jovem-morto-por-pm-em-mercado-768x512.png 768w, https:\/\/obuxixeiro.com.br\/wp-content\/uploads\/2026\/04\/155843-justica-condena-estado-de-sp-a-indenizar-pais-de-jovem-morto-por-pm-em-mercado-450x300.png 450w, https:\/\/obuxixeiro.com.br\/wp-content\/uploads\/2026\/04\/155843-justica-condena-estado-de-sp-a-indenizar-pais-de-jovem-morto-por-pm-em-mercado-1200x800.png 1200w, https:\/\/obuxixeiro.com.br\/wp-content\/uploads\/2026\/04\/155843-justica-condena-estado-de-sp-a-indenizar-pais-de-jovem-morto-por-pm-em-mercado-219x146.png 219w, https:\/\/obuxixeiro.com.br\/wp-content\/uploads\/2026\/04\/155843-justica-condena-estado-de-sp-a-indenizar-pais-de-jovem-morto-por-pm-em-mercado.png 1536w\" \/><\/a>\t\t\t\n\t\t\t\n\t\t\t\n\t\t\t\n\t\t\n\t\t<\/div>\n\t\n\n\t\n\t\t<div class=\"content\">\n\n\t\t\t<div class=\"post-meta post-meta-a post-meta-left has-below\"><h4 class=\"is-title post-title limit-lines l-lines-2\"><a href=\"https:\/\/obuxixeiro.com.br\/?p=155843\">Justi\u00e7a condena Estado de SP a indenizar pais de jovem morto por PM em mercado<\/a><\/h4><div class=\"post-meta-items meta-below\"><span class=\"meta-item date\"><span class=\"date-link\"><time class=\"post-date\" datetime=\"2026-04-25T03:42:53-03:00\">25 de abril de 2026<\/time><\/span><\/span><\/div><\/div>\t\t\t\n\t\t\t\n\t\t\t\n\t\t<\/div>\n\n\t\n<\/article>\t\n\t\t\t\t\t\n<article class=\"l-post small-post m-pos-left\">\n\n\t\n\t\t\t<div class=\"media\">\n\n\t\t\n\t\t\t<a href=\"https:\/\/obuxixeiro.com.br\/?p=155633\" class=\"image-link media-ratio ratio-4-3\" title=\"Pol\u00edcia Rodovi\u00e1ria localiza professor desaparecido h\u00e1 5 anos no interior de SP\"><img loading=\"lazy\" decoding=\"async\" width=\"153\" height=\"115\" src=\"https:\/\/obuxixeiro.com.br\/wp-content\/uploads\/2026\/04\/155633-policia-rodoviaria-localiza-professor-desaparecido-ha-5-anos-no-interior-de-sp-300x200.png\" class=\"attachment-medium size-medium wp-post-image\" alt=\"policia-rodoviaria-localiza-professor-desaparecido-ha-5-anos-no-interior-de-sp\" sizes=\"(max-width: 153px) 100vw, 153px\" title=\"Pol\u00edcia Rodovi\u00e1ria localiza professor desaparecido h\u00e1 5 anos no interior de SP\" srcset=\"https:\/\/obuxixeiro.com.br\/wp-content\/uploads\/2026\/04\/155633-policia-rodoviaria-localiza-professor-desaparecido-ha-5-anos-no-interior-de-sp-300x200.png 300w, https:\/\/obuxixeiro.com.br\/wp-content\/uploads\/2026\/04\/155633-policia-rodoviaria-localiza-professor-desaparecido-ha-5-anos-no-interior-de-sp-1024x683.png 1024w, https:\/\/obuxixeiro.com.br\/wp-content\/uploads\/2026\/04\/155633-policia-rodoviaria-localiza-professor-desaparecido-ha-5-anos-no-interior-de-sp-768x512.png 768w, https:\/\/obuxixeiro.com.br\/wp-content\/uploads\/2026\/04\/155633-policia-rodoviaria-localiza-professor-desaparecido-ha-5-anos-no-interior-de-sp-450x300.png 450w, https:\/\/obuxixeiro.com.br\/wp-content\/uploads\/2026\/04\/155633-policia-rodoviaria-localiza-professor-desaparecido-ha-5-anos-no-interior-de-sp-1200x800.png 1200w, https:\/\/obuxixeiro.com.br\/wp-content\/uploads\/2026\/04\/155633-policia-rodoviaria-localiza-professor-desaparecido-ha-5-anos-no-interior-de-sp-219x146.png 219w, https:\/\/obuxixeiro.com.br\/wp-content\/uploads\/2026\/04\/155633-policia-rodoviaria-localiza-professor-desaparecido-ha-5-anos-no-interior-de-sp.png 1536w\" \/><\/a>\t\t\t\n\t\t\t\n\t\t\t\n\t\t\t\n\t\t\n\t\t<\/div>\n\t\n\n\t\n\t\t<div class=\"content\">\n\n\t\t\t<div class=\"post-meta post-meta-a post-meta-left has-below\"><h4 class=\"is-title post-title limit-lines l-lines-2\"><a href=\"https:\/\/obuxixeiro.com.br\/?p=155633\">Pol\u00edcia Rodovi\u00e1ria localiza professor desaparecido h\u00e1 5 anos no interior de SP<\/a><\/h4><div class=\"post-meta-items meta-below\"><span class=\"meta-item date\"><span class=\"date-link\"><time class=\"post-date\" datetime=\"2026-04-24T11:42:32-03:00\">24 de abril de 2026<\/time><\/span><\/span><\/div><\/div>\t\t\t\n\t\t\t\n\t\t\t\n\t\t<\/div>\n\n\t\n<\/article>\t\n\t\t\t\t\t\n<article class=\"l-post small-post m-pos-left\">\n\n\t\n\t\t\t<div class=\"media\">\n\n\t\t\n\t\t\t<a href=\"https:\/\/obuxixeiro.com.br\/?p=155635\" class=\"image-link media-ratio ratio-4-3\" title=\"Influenciador \u00e9 internado em UTI ap\u00f3s agress\u00e3o em evento universit\u00e1rio no interior de SP\"><img loading=\"lazy\" decoding=\"async\" width=\"153\" height=\"115\" src=\"https:\/\/obuxixeiro.com.br\/wp-content\/uploads\/2026\/04\/155635-influenciador-e-internado-em-uti-apos-agressao-em-evento-universitario-no-interior-de-sp-300x200.png\" class=\"attachment-medium size-medium wp-post-image\" alt=\"influenciador-e-internado-em-uti-apos-agressao-em-evento-universitario-no-interior-de-sp\" sizes=\"(max-width: 153px) 100vw, 153px\" title=\"Influenciador \u00e9 internado em UTI ap\u00f3s agress\u00e3o em evento universit\u00e1rio no interior de SP\" srcset=\"https:\/\/obuxixeiro.com.br\/wp-content\/uploads\/2026\/04\/155635-influenciador-e-internado-em-uti-apos-agressao-em-evento-universitario-no-interior-de-sp-300x200.png 300w, https:\/\/obuxixeiro.com.br\/wp-content\/uploads\/2026\/04\/155635-influenciador-e-internado-em-uti-apos-agressao-em-evento-universitario-no-interior-de-sp-1024x683.png 1024w, https:\/\/obuxixeiro.com.br\/wp-content\/uploads\/2026\/04\/155635-influenciador-e-internado-em-uti-apos-agressao-em-evento-universitario-no-interior-de-sp-768x512.png 768w, https:\/\/obuxixeiro.com.br\/wp-content\/uploads\/2026\/04\/155635-influenciador-e-internado-em-uti-apos-agressao-em-evento-universitario-no-interior-de-sp-450x300.png 450w, https:\/\/obuxixeiro.com.br\/wp-content\/uploads\/2026\/04\/155635-influenciador-e-internado-em-uti-apos-agressao-em-evento-universitario-no-interior-de-sp-1200x800.png 1200w, https:\/\/obuxixeiro.com.br\/wp-content\/uploads\/2026\/04\/155635-influenciador-e-internado-em-uti-apos-agressao-em-evento-universitario-no-interior-de-sp-219x146.png 219w, https:\/\/obuxixeiro.com.br\/wp-content\/uploads\/2026\/04\/155635-influenciador-e-internado-em-uti-apos-agressao-em-evento-universitario-no-interior-de-sp.png 1536w\" \/><\/a>\t\t\t\n\t\t\t\n\t\t\t\n\t\t\t\n\t\t\n\t\t<\/div>\n\t\n\n\t\n\t\t<div class=\"content\">\n\n\t\t\t<div class=\"post-meta post-meta-a post-meta-left has-below\"><h4 class=\"is-title post-title limit-lines l-lines-2\"><a href=\"https:\/\/obuxixeiro.com.br\/?p=155635\">Influenciador \u00e9 internado em UTI ap\u00f3s agress\u00e3o em evento universit\u00e1rio no interior de SP<\/a><\/h4><div class=\"post-meta-items meta-below\"><span class=\"meta-item date\"><span class=\"date-link\"><time class=\"post-date\" datetime=\"2026-04-24T11:42:31-03:00\">24 de abril de 2026<\/time><\/span><\/span><\/div><\/div>\t\t\t\n\t\t\t\n\t\t\t\n\t\t<\/div>\n\n\t\n<\/article>\t\n\t\t\n\t<\/div>\n\n\t\t\t\t\t<\/div>\n\n\t\t<\/section>\n\t\t\t\t\t\t<\/div>\n\t\t\t\t<\/div>\n\t\t\t\t\t<\/div>\n\t\t<\/div>\n\t\t\t\t<div class=\"elementor-column elementor-col-33 elementor-top-column elementor-element elementor-element-68269d1 ts-sticky-native main-sidebar\" data-id=\"68269d1\" data-element_type=\"column\" data-e-type=\"column\">\n\t\t\t<div class=\"elementor-widget-wrap elementor-element-populated\">\n\t\t\t\t\t\t<div class=\"elementor-element elementor-element-f6603fc elementor-widget elementor-widget-smartmag-postssmall\" data-id=\"f6603fc\" data-element_type=\"widget\" data-e-type=\"widget\" data-widget_type=\"smartmag-postssmall.default\">\n\t\t\t\t<div class=\"elementor-widget-container\">\n\t\t\t\t\t\t\t<section class=\"block-wrap block-posts-small block-sc mb-none\" data-id=\"10\">\n\n\t\t\t\t\t\t\t\t\n\t\t\t\t\t\t\t\n\t\t\t\t<div class=\"block-head block-head-ac block-head-d is-center\">\n\n\t\t\t\t\t<h4 class=\"heading\">AS MAIS  RECENTES DO DIA<\/h4>\t\t\t\t\t\n\t\t\t\t\t\t\t\t\t<\/div>\n\t\t\t\t\n\t\t\t\n\t\t\t\n\t\t\t<div class=\"block-content\">\n\t\t\t\t\n\t<div class=\"loop loop-small loop-small- grid grid-1 md:grid-1 sm:grid-1 xs:grid-1\">\n\n\t\t\t\t\t\n<article class=\"l-post small-post m-pos-right\">\n\n\t\n\t\t\t<div class=\"media\">\n\n\t\t\n\t\t\t<a href=\"https:\/\/obuxixeiro.com.br\/?p=156149\" class=\"image-link media-ratio ratio-4-3\" title=\"Mercado financeiro mant\u00e9m press\u00e3o sobre juros e projeta Selic a 13% diante de infla\u00e7\u00e3o resistente\"><img loading=\"lazy\" decoding=\"async\" width=\"153\" height=\"115\" src=\"https:\/\/obuxixeiro.com.br\/wp-content\/uploads\/2026\/04\/156149-mercado-financeiro-mantem-pressao-sobre-juros-e-projeta-selic-a-13-diante-de-inflacao-resistente-300x200.jpg\" class=\"attachment-medium size-medium wp-post-image\" alt=\"mercado-financeiro-mantem-pressao-sobre-juros-e-projeta-selic-a-13%-diante-de-inflacao-resistente\" sizes=\"(max-width: 153px) 100vw, 153px\" title=\"Mercado financeiro mant\u00e9m press\u00e3o sobre juros e projeta Selic a 13% diante de infla\u00e7\u00e3o resistente\" srcset=\"https:\/\/obuxixeiro.com.br\/wp-content\/uploads\/2026\/04\/156149-mercado-financeiro-mantem-pressao-sobre-juros-e-projeta-selic-a-13-diante-de-inflacao-resistente-300x200.jpg 300w, https:\/\/obuxixeiro.com.br\/wp-content\/uploads\/2026\/04\/156149-mercado-financeiro-mantem-pressao-sobre-juros-e-projeta-selic-a-13-diante-de-inflacao-resistente-1024x682.jpg 1024w, https:\/\/obuxixeiro.com.br\/wp-content\/uploads\/2026\/04\/156149-mercado-financeiro-mantem-pressao-sobre-juros-e-projeta-selic-a-13-diante-de-inflacao-resistente-768x512.jpg 768w, https:\/\/obuxixeiro.com.br\/wp-content\/uploads\/2026\/04\/156149-mercado-financeiro-mantem-pressao-sobre-juros-e-projeta-selic-a-13-diante-de-inflacao-resistente-1536x1024.jpg 1536w, https:\/\/obuxixeiro.com.br\/wp-content\/uploads\/2026\/04\/156149-mercado-financeiro-mantem-pressao-sobre-juros-e-projeta-selic-a-13-diante-de-inflacao-resistente-2048x1365.jpg 2048w, https:\/\/obuxixeiro.com.br\/wp-content\/uploads\/2026\/04\/156149-mercado-financeiro-mantem-pressao-sobre-juros-e-projeta-selic-a-13-diante-de-inflacao-resistente-450x300.jpg 450w, https:\/\/obuxixeiro.com.br\/wp-content\/uploads\/2026\/04\/156149-mercado-financeiro-mantem-pressao-sobre-juros-e-projeta-selic-a-13-diante-de-inflacao-resistente-1200x800.jpg 1200w, https:\/\/obuxixeiro.com.br\/wp-content\/uploads\/2026\/04\/156149-mercado-financeiro-mantem-pressao-sobre-juros-e-projeta-selic-a-13-diante-de-inflacao-resistente-219x146.jpg 219w\" \/><\/a>\t\t\t\n\t\t\t\n\t\t\t\n\t\t\t\n\t\t\n\t\t<\/div>\n\t\n\n\t\n\t\t<div class=\"content\">\n\n\t\t\t<div class=\"post-meta post-meta-a post-meta-left has-below\"><h4 class=\"is-title post-title limit-lines l-lines-2\"><a href=\"https:\/\/obuxixeiro.com.br\/?p=156149\">Mercado financeiro mant\u00e9m press\u00e3o sobre juros e projeta Selic a 13% diante de infla\u00e7\u00e3o resistente<\/a><\/h4><div class=\"post-meta-items meta-below\"><span class=\"meta-item date\"><span class=\"date-link\"><time class=\"post-date\" datetime=\"2026-04-27T12:41:54-03:00\">27 de abril de 2026<\/time><\/span><\/span><\/div><\/div>\t\t\t\n\t\t\t\n\t\t\t\n\t\t<\/div>\n\n\t\n<\/article>\t\n\t\t\t\t\t\n<article class=\"l-post small-post m-pos-right\">\n\n\t\n\t\t\t<div class=\"media\">\n\n\t\t\n\t\t\t<a href=\"https:\/\/obuxixeiro.com.br\/?p=156143\" class=\"image-link media-ratio ratio-4-3\" title=\"Congresso e STF travam novo round na disputa sobre autonomia dos poderes e limites jurisdicionais\"><img loading=\"lazy\" decoding=\"async\" width=\"153\" height=\"115\" src=\"https:\/\/obuxixeiro.com.br\/wp-content\/uploads\/2026\/04\/156143-congresso-e-stf-travam-novo-round-na-disputa-sobre-autonomia-dos-poderes-e-limites-ju69ef83bac391c-300x159.jpg\" class=\"attachment-medium size-medium wp-post-image\" alt=\"congresso-e-stf-travam-novo-round-na-disputa-sobre-autonomia-dos-poderes-e-limites-jurisdicionais\" sizes=\"(max-width: 153px) 100vw, 153px\" title=\"Congresso e STF travam novo round na disputa sobre autonomia dos poderes e limites jurisdicionais\" srcset=\"https:\/\/obuxixeiro.com.br\/wp-content\/uploads\/2026\/04\/156143-congresso-e-stf-travam-novo-round-na-disputa-sobre-autonomia-dos-poderes-e-limites-ju69ef83bac391c-300x159.jpg 300w, https:\/\/obuxixeiro.com.br\/wp-content\/uploads\/2026\/04\/156143-congresso-e-stf-travam-novo-round-na-disputa-sobre-autonomia-dos-poderes-e-limites-ju69ef83bac391c-1024x544.jpg 1024w, https:\/\/obuxixeiro.com.br\/wp-content\/uploads\/2026\/04\/156143-congresso-e-stf-travam-novo-round-na-disputa-sobre-autonomia-dos-poderes-e-limites-ju69ef83bac391c-768x408.jpg 768w, https:\/\/obuxixeiro.com.br\/wp-content\/uploads\/2026\/04\/156143-congresso-e-stf-travam-novo-round-na-disputa-sobre-autonomia-dos-poderes-e-limites-ju69ef83bac391c-1536x816.jpg 1536w, https:\/\/obuxixeiro.com.br\/wp-content\/uploads\/2026\/04\/156143-congresso-e-stf-travam-novo-round-na-disputa-sobre-autonomia-dos-poderes-e-limites-ju69ef83bac391c-2048x1088.jpg 2048w, https:\/\/obuxixeiro.com.br\/wp-content\/uploads\/2026\/04\/156143-congresso-e-stf-travam-novo-round-na-disputa-sobre-autonomia-dos-poderes-e-limites-ju69ef83bac391c-450x239.jpg 450w, https:\/\/obuxixeiro.com.br\/wp-content\/uploads\/2026\/04\/156143-congresso-e-stf-travam-novo-round-na-disputa-sobre-autonomia-dos-poderes-e-limites-ju69ef83bac391c-1200x638.jpg 1200w, https:\/\/obuxixeiro.com.br\/wp-content\/uploads\/2026\/04\/156143-congresso-e-stf-travam-novo-round-na-disputa-sobre-autonomia-dos-poderes-e-limites-ju69ef83bac391c-260x138.jpg 260w\" \/><\/a>\t\t\t\n\t\t\t\n\t\t\t\n\t\t\t\n\t\t\n\t\t<\/div>\n\t\n\n\t\n\t\t<div class=\"content\">\n\n\t\t\t<div class=\"post-meta post-meta-a post-meta-left has-below\"><h4 class=\"is-title post-title limit-lines l-lines-2\"><a href=\"https:\/\/obuxixeiro.com.br\/?p=156143\">Congresso e STF travam novo round na disputa sobre autonomia dos poderes e limites jurisdicionais<\/a><\/h4><div class=\"post-meta-items meta-below\"><span class=\"meta-item date\"><span class=\"date-link\"><time class=\"post-date\" datetime=\"2026-04-27T12:41:46-03:00\">27 de abril de 2026<\/time><\/span><\/span><\/div><\/div>\t\t\t\n\t\t\t\n\t\t\t\n\t\t<\/div>\n\n\t\n<\/article>\t\n\t\t\t\t\t\n<article class=\"l-post small-post m-pos-right\">\n\n\t\n\t\t\t<div class=\"media\">\n\n\t\t\n\t\t\t<a href=\"https:\/\/obuxixeiro.com.br\/?p=156145\" class=\"image-link media-ratio ratio-4-3\" title=\"Comiss\u00e3o especial para an\u00e1lise da PEC do fim da escala 61 \u00e9 instalada na C\u00e2mara dos Deputados\"><img loading=\"lazy\" decoding=\"async\" width=\"153\" height=\"115\" src=\"https:\/\/obuxixeiro.com.br\/wp-content\/uploads\/2026\/04\/156145-comissao-especial-para-analise-da-pec-do-fim-da-escala-61-e-instalada-na-camara-dos-deputados-300x179.webp\" class=\"attachment-medium size-medium wp-post-image\" alt=\"comissao-especial-para-analise-da-pec-do-fim-da-escala-61-e-instalada-na-camara-dos-deputados\" sizes=\"(max-width: 153px) 100vw, 153px\" title=\"Comiss\u00e3o especial para an\u00e1lise da PEC do fim da escala 61 \u00e9 instalada na C\u00e2mara dos Deputados\" srcset=\"https:\/\/obuxixeiro.com.br\/wp-content\/uploads\/2026\/04\/156145-comissao-especial-para-analise-da-pec-do-fim-da-escala-61-e-instalada-na-camara-dos-deputados-300x179.webp 300w, https:\/\/obuxixeiro.com.br\/wp-content\/uploads\/2026\/04\/156145-comissao-especial-para-analise-da-pec-do-fim-da-escala-61-e-instalada-na-camara-dos-deputados-1024x613.webp 1024w, https:\/\/obuxixeiro.com.br\/wp-content\/uploads\/2026\/04\/156145-comissao-especial-para-analise-da-pec-do-fim-da-escala-61-e-instalada-na-camara-dos-deputados-768x459.webp 768w, https:\/\/obuxixeiro.com.br\/wp-content\/uploads\/2026\/04\/156145-comissao-especial-para-analise-da-pec-do-fim-da-escala-61-e-instalada-na-camara-dos-deputados-450x269.webp 450w, https:\/\/obuxixeiro.com.br\/wp-content\/uploads\/2026\/04\/156145-comissao-especial-para-analise-da-pec-do-fim-da-escala-61-e-instalada-na-camara-dos-deputados-244x146.webp 244w, https:\/\/obuxixeiro.com.br\/wp-content\/uploads\/2026\/04\/156145-comissao-especial-para-analise-da-pec-do-fim-da-escala-61-e-instalada-na-camara-dos-deputados.webp 1170w\" \/><\/a>\t\t\t\n\t\t\t\n\t\t\t\n\t\t\t\n\t\t\n\t\t<\/div>\n\t\n\n\t\n\t\t<div class=\"content\">\n\n\t\t\t<div class=\"post-meta post-meta-a post-meta-left has-below\"><h4 class=\"is-title post-title limit-lines l-lines-2\"><a href=\"https:\/\/obuxixeiro.com.br\/?p=156145\">Comiss\u00e3o especial para an\u00e1lise da PEC do fim da escala 61 \u00e9 instalada na C\u00e2mara dos Deputados<\/a><\/h4><div class=\"post-meta-items meta-below\"><span class=\"meta-item date\"><span class=\"date-link\"><time class=\"post-date\" datetime=\"2026-04-27T12:41:45-03:00\">27 de abril de 2026<\/time><\/span><\/span><\/div><\/div>\t\t\t\n\t\t\t\n\t\t\t\n\t\t<\/div>\n\n\t\n<\/article>\t\n\t\t\t\t\t\n<article class=\"l-post small-post m-pos-right\">\n\n\t\n\t\t\t<div class=\"media\">\n\n\t\t\n\t\t\t<a href=\"https:\/\/obuxixeiro.com.br\/?p=156141\" class=\"image-link media-ratio ratio-4-3\" title=\"Caso Thawanna: inqu\u00e9rito avan\u00e7a e debate sobre c\u00e2meras corporais em PMs ganha for\u00e7a no Congresso\"><img loading=\"lazy\" decoding=\"async\" width=\"153\" height=\"115\" src=\"https:\/\/obuxixeiro.com.br\/wp-content\/uploads\/2026\/04\/156141-caso-thawanna-inquerito-avanca-e-debate-sobre-cameras-corporais-em-pms-ganha-forca-no-congresso-300x200.jpg\" class=\"attachment-medium size-medium wp-post-image\" alt=\"caso-thawanna:-inquerito-avanca-e-debate-sobre-cameras-corporais-em-pms-ganha-forca-no-congresso\" sizes=\"(max-width: 153px) 100vw, 153px\" title=\"Caso Thawanna: inqu\u00e9rito avan\u00e7a e debate sobre c\u00e2meras corporais em PMs ganha for\u00e7a no Congresso\" srcset=\"https:\/\/obuxixeiro.com.br\/wp-content\/uploads\/2026\/04\/156141-caso-thawanna-inquerito-avanca-e-debate-sobre-cameras-corporais-em-pms-ganha-forca-no-congresso-300x200.jpg 300w, https:\/\/obuxixeiro.com.br\/wp-content\/uploads\/2026\/04\/156141-caso-thawanna-inquerito-avanca-e-debate-sobre-cameras-corporais-em-pms-ganha-forca-no-congresso-1024x683.jpg 1024w, https:\/\/obuxixeiro.com.br\/wp-content\/uploads\/2026\/04\/156141-caso-thawanna-inquerito-avanca-e-debate-sobre-cameras-corporais-em-pms-ganha-forca-no-congresso-768x512.jpg 768w, https:\/\/obuxixeiro.com.br\/wp-content\/uploads\/2026\/04\/156141-caso-thawanna-inquerito-avanca-e-debate-sobre-cameras-corporais-em-pms-ganha-forca-no-congresso-1536x1024.jpg 1536w, https:\/\/obuxixeiro.com.br\/wp-content\/uploads\/2026\/04\/156141-caso-thawanna-inquerito-avanca-e-debate-sobre-cameras-corporais-em-pms-ganha-forca-no-congresso-450x300.jpg 450w, https:\/\/obuxixeiro.com.br\/wp-content\/uploads\/2026\/04\/156141-caso-thawanna-inquerito-avanca-e-debate-sobre-cameras-corporais-em-pms-ganha-forca-no-congresso-1200x800.jpg 1200w, https:\/\/obuxixeiro.com.br\/wp-content\/uploads\/2026\/04\/156141-caso-thawanna-inquerito-avanca-e-debate-sobre-cameras-corporais-em-pms-ganha-forca-no-congresso-219x146.jpg 219w, https:\/\/obuxixeiro.com.br\/wp-content\/uploads\/2026\/04\/156141-caso-thawanna-inquerito-avanca-e-debate-sobre-cameras-corporais-em-pms-ganha-forca-no-congresso.jpg 1900w\" \/><\/a>\t\t\t\n\t\t\t\n\t\t\t\n\t\t\t\n\t\t\n\t\t<\/div>\n\t\n\n\t\n\t\t<div class=\"content\">\n\n\t\t\t<div class=\"post-meta post-meta-a post-meta-left has-below\"><h4 class=\"is-title post-title limit-lines l-lines-2\"><a href=\"https:\/\/obuxixeiro.com.br\/?p=156141\">Caso Thawanna: inqu\u00e9rito avan\u00e7a e debate sobre c\u00e2meras corporais em PMs ganha for\u00e7a no Congresso<\/a><\/h4><div class=\"post-meta-items meta-below\"><span class=\"meta-item date\"><span class=\"date-link\"><time class=\"post-date\" datetime=\"2026-04-27T12:41:44-03:00\">27 de abril de 2026<\/time><\/span><\/span><\/div><\/div>\t\t\t\n\t\t\t\n\t\t\t\n\t\t<\/div>\n\n\t\n<\/article>\t\n\t\t\n\t<\/div>\n\n\t\t\t\t\t<\/div>\n\n\t\t<\/section>\n\t\t\t\t\t\t<\/div>\n\t\t\t\t<\/div>\n\t\t\t\t<div class=\"elementor-element elementor-element-292132b elementor-widget elementor-widget-spacer\" data-id=\"292132b\" data-element_type=\"widget\" data-e-type=\"widget\" data-widget_type=\"spacer.default\">\n\t\t\t\t<div class=\"elementor-widget-container\">\n\t\t\t\t\t\t\t<div class=\"elementor-spacer\">\n\t\t\t<div class=\"elementor-spacer-inner\"><\/div>\n\t\t<\/div>\n\t\t\t\t\t\t<\/div>\n\t\t\t\t<\/div>\n\t\t\t\t<div class=\"elementor-element elementor-element-515e9f2 elementor-widget elementor-widget-smartmag-grid\" data-id=\"515e9f2\" data-element_type=\"widget\" data-e-type=\"widget\" data-widget_type=\"smartmag-grid.default\">\n\t\t\t\t<div class=\"elementor-widget-container\">\n\t\t\t\t\t\t\t<section class=\"block-wrap block-grid block-sc mb-sm\" data-id=\"11\">\n\n\t\t\t\t\t\t\t\t\n\t\t\t\t\t\t\t\n\t\t\t\t<div class=\"block-head block-head-ac block-head-c is-left\">\n\n\t\t\t\t\t<h4 class=\"heading\">ESPORTES<\/h4>\t\t\t\t\t\n\t\t\t\t\t\t\t\t\t<\/div>\n\t\t\t\t\n\t\t\t\n\t\t\t\n\t\t\t<div class=\"block-content\">\n\t\t\t\t\t\n\t<div class=\"loop loop-grid loop-grid-base grid grid-1 md:grid-1 xs:grid-1\">\n\n\t\t\t\t\t\n<article class=\"l-post grid-post grid-base-post\">\n\n\t\n\t\t\t<div class=\"media\">\n\n\t\t\n\t\t\t<a href=\"https:\/\/obuxixeiro.com.br\/?p=156139\" class=\"image-link media-ratio ratio-is-custom\" title=\"Futebol brasileiro movimenta fim de semana com rodadas do Brasileir\u00e3o e resultados na Libertadores\"><img loading=\"lazy\" decoding=\"async\" width=\"408\" height=\"243\" src=\"https:\/\/obuxixeiro.com.br\/wp-content\/uploads\/2026\/04\/156139-futebol-brasileiro-movimenta-fim-de-semana-com-rodadas-do-brasileirao-e-resultados-na69ef83b772fb9-450x263.jpg\" class=\"attachment-bunyad-medium size-bunyad-medium wp-post-image\" alt=\"futebol-brasileiro-movimenta-fim-de-semana-com-rodadas-do-brasileirao-e-resultados-na-libertadores\" sizes=\"(max-width: 408px) 100vw, 408px\" title=\"Futebol brasileiro movimenta fim de semana com rodadas do Brasileir\u00e3o e resultados na Libertadores\" srcset=\"https:\/\/obuxixeiro.com.br\/wp-content\/uploads\/2026\/04\/156139-futebol-brasileiro-movimenta-fim-de-semana-com-rodadas-do-brasileirao-e-resultados-na69ef83b772fb9-450x263.jpg 450w, https:\/\/obuxixeiro.com.br\/wp-content\/uploads\/2026\/04\/156139-futebol-brasileiro-movimenta-fim-de-semana-com-rodadas-do-brasileirao-e-resultados-na69ef83b772fb9-300x175.jpg 300w, https:\/\/obuxixeiro.com.br\/wp-content\/uploads\/2026\/04\/156139-futebol-brasileiro-movimenta-fim-de-semana-com-rodadas-do-brasileirao-e-resultados-na69ef83b772fb9-1024x597.jpg 1024w, https:\/\/obuxixeiro.com.br\/wp-content\/uploads\/2026\/04\/156139-futebol-brasileiro-movimenta-fim-de-semana-com-rodadas-do-brasileirao-e-resultados-na69ef83b772fb9-768x448.jpg 768w, https:\/\/obuxixeiro.com.br\/wp-content\/uploads\/2026\/04\/156139-futebol-brasileiro-movimenta-fim-de-semana-com-rodadas-do-brasileirao-e-resultados-na69ef83b772fb9-150x88.jpg 150w, https:\/\/obuxixeiro.com.br\/wp-content\/uploads\/2026\/04\/156139-futebol-brasileiro-movimenta-fim-de-semana-com-rodadas-do-brasileirao-e-resultados-na69ef83b772fb9-250x146.jpg 250w, https:\/\/obuxixeiro.com.br\/wp-content\/uploads\/2026\/04\/156139-futebol-brasileiro-movimenta-fim-de-semana-com-rodadas-do-brasileirao-e-resultados-na69ef83b772fb9.jpg 1200w\" \/><\/a>\t\t\t\n\t\t\t\n\t\t\t\n\t\t\t\t\t\t\t\n\t\t\t\t<span class=\"cat-labels cat-labels-overlay c-overlay p-bot-left\">\n\t\t\t\t<a href=\"https:\/\/obuxixeiro.com.br\/?cat=39\" class=\"category term-color-39\" rel=\"category\" tabindex=\"-1\">Esportes<\/a>\n\t\t\t<\/span>\n\t\t\t\t\t\t\n\t\t\t\n\t\t\n\t\t<\/div>\n\t\n\n\t\n\t\t<div class=\"content\">\n\n\t\t\t<div class=\"post-meta post-meta-a has-below\"><h2 class=\"is-title post-title\"><a href=\"https:\/\/obuxixeiro.com.br\/?p=156139\">Futebol brasileiro movimenta fim de semana com rodadas do Brasileir\u00e3o e resultados na Libertadores<\/a><\/h2><div class=\"post-meta-items meta-below\"><span class=\"meta-item post-author\"><span class=\"by\">Fonte:<\/span> <a href=\"https:\/\/obuxixeiro.com.br\/author\/marcelo-henrique-de-carvalho\" title=\"Posts de Marcelo Henrique de Carvalho\" rel=\"author\">Marcelo Henrique de Carvalho<\/a><\/span><span class=\"meta-item date\"><span class=\"date-link\"><time class=\"post-date\" datetime=\"2026-04-27T12:41:43-03:00\">27 de abril de 2026<\/time><\/span><\/span><\/div><\/div>\t\t\t\n\t\t\t\n\t\t\t\n\t\t<\/div>\n\n\t\n<\/article>\t\t\n\t<\/div>\n\n\t\t\n\t\t\t<\/div>\n\n\t\t<\/section>\n\t\t\t\t\t\t<\/div>\n\t\t\t\t<\/div>\n\t\t\t\t<div class=\"elementor-element elementor-element-213039d elementor-widget elementor-widget-sidebar\" data-id=\"213039d\" data-element_type=\"widget\" data-e-type=\"widget\" data-widget_type=\"sidebar.default\">\n\t\t\t\t<div class=\"elementor-widget-container\">\n\t\t\t\t\t<li id=\"adni_widgets-7\" class=\"widget \"><div class=\"angwp_148578 _ning_outer ang_zone_148578 _ning_jss_zone has_label _align_center\" style=\"max-width:350px;width:100%;overflow:hidden;height:inherit;\"><div class=\"_ning_label _center\" style=\"\">Anunciantes em Destaque<\/div><div id=\"_ning_zone_148578_1865251818\" class=\"_ning_zone_inner\" style=\"width:350px; height:350px;position:relative;\"><div u=\"slides\" style=\"position:absolute; overflow:hidden; left:0px; top:0px;width:350px; height:350px;\"><div class=\"slide_1 slide\" idle=\"5000\"><div class=\"angwp_148570 _ning_cont _ning_hidden _align_center\" data-size=\"custom\" data-bid=\"148570\" data-aid=\"148578\" style=\"max-width:350px; width:100%;height:inherit;\"><div class=\"_ning_inner\" style=\"\"><a href=\"https:\/\/obuxixeiro.com.br?_dnlink=148570&aid=148578&t=1777305841\" class=\"strack_cli _ning_link\" target=\"_blank\">&nbsp;<\/a><div class=\"_ning_elmt\"><img decoding=\"async\" src=\"https:\/\/obuxixeiro.com.br\/wp-content\/uploads\/angwp\/items\/148570\/300-1.jpg\" \/><\/div><\/div><\/div><div class=\"clear\"><\/div><\/div><div class=\"slide_2 slide\" idle=\"5000\"><div class=\"angwp_148576 _ning_cont _ning_hidden _align_center\" data-size=\"custom\" data-bid=\"148576\" data-aid=\"148578\" style=\"max-width:350px; width:100%;height:inherit;\"><div class=\"_ning_inner\" style=\"\"><a href=\"https:\/\/obuxixeiro.com.br?_dnlink=148576&aid=148578&t=1777305841\" class=\"strack_cli _ning_link\" target=\"_blank\">&nbsp;<\/a><div class=\"_ning_elmt\"><img decoding=\"async\" src=\"https:\/\/obuxixeiro.com.br\/wp-content\/uploads\/angwp\/items\/148576\/300-1.jpg\" \/><\/div><\/div><\/div><div class=\"clear\"><\/div><\/div><div class=\"slide_3 slide\" idle=\"5000\"><div class=\"angwp_148577 _ning_cont _ning_hidden _align_center\" data-size=\"custom\" data-bid=\"148577\" data-aid=\"148578\" style=\"max-width:350px; width:100%;height:inherit;\"><div class=\"_ning_inner\" style=\"\"><a href=\"https:\/\/obuxixeiro.com.br?_dnlink=148577&aid=148578&t=1777305841\" class=\"strack_cli _ning_link\" target=\"_blank\">&nbsp;<\/a><div class=\"_ning_elmt\"><img decoding=\"async\" src=\"https:\/\/obuxixeiro.com.br\/wp-content\/uploads\/angwp\/items\/148577\/300-1.jpg\" \/><\/div><\/div><\/div><div class=\"clear\"><\/div><\/div><\/div><\/div><\/div><div class=\"clear\"><\/div><\/li>\n\t\t\t\t<\/div>\n\t\t\t\t<\/div>\n\t\t\t\t<div class=\"elementor-element elementor-element-b881eba elementor-widget elementor-widget-smartmag-postssmall\" data-id=\"b881eba\" data-element_type=\"widget\" data-e-type=\"widget\" data-widget_type=\"smartmag-postssmall.default\">\n\t\t\t\t<div class=\"elementor-widget-container\">\n\t\t\t\t\t\t\t<section class=\"block-wrap block-posts-small block-sc mb-none\" data-id=\"12\">\n\n\t\t\t\t\n\t\t\t<div class=\"block-content\">\n\t\t\t\t\n\t<div class=\"loop loop-small loop-small- grid grid-1 md:grid-1 sm:grid-1 xs:grid-1\">\n\n\t\t\n\t<\/div>\n\n\t\t\t\t\t<\/div>\n\n\t\t<\/section>\n\t\t\t\t\t\t<\/div>\n\t\t\t\t<\/div>\n\t\t\t\t<div class=\"elementor-element elementor-element-6867779 elementor-widget elementor-widget-smartmag-overlay\" data-id=\"6867779\" data-element_type=\"widget\" data-e-type=\"widget\" data-widget_type=\"smartmag-overlay.default\">\n\t\t\t\t<div class=\"elementor-widget-container\">\n\t\t\t\t\t\t\t<section class=\"block-wrap block-overlay block-sc cols-gap-sm mb-none\" data-id=\"13\">\n\n\t\t\t\t\n\t\t\t<div class=\"block-content\">\n\t\t\t\t\t\n\t<div data-slider=\"carousel\" data-autoplay=\"1\" data-speed data-slides=\"1\" data-slides-md data-slides-sm data-arrows=\"b\" data-dots class=\"loop loop-overlay common-slider loop-carousel arrow-hover slider-arrow-b grid grid-1 md:grid-1 xs:grid-1\">\n\n\t\t\t\n\t\t\t\n<article class=\"l-post grid-overlay overlay-post grid-overlay-a overlay-base-post\">\n\n\t\n\t\t\t<div class=\"media\">\n\n\t\t\n\t\t\t<a href=\"https:\/\/obuxixeiro.com.br\/?p=156149\" class=\"image-link media-ratio ratio-3-2\" title=\"Mercado financeiro mant\u00e9m press\u00e3o sobre juros e projeta Selic a 13% diante de infla\u00e7\u00e3o resistente\"><img loading=\"lazy\" decoding=\"async\" width=\"408\" height=\"272\" src=\"https:\/\/obuxixeiro.com.br\/wp-content\/uploads\/2026\/04\/156149-mercado-financeiro-mantem-pressao-sobre-juros-e-projeta-selic-a-13-diante-de-inflacao-resistente-450x300.jpg\" class=\"attachment-bunyad-medium size-bunyad-medium wp-post-image\" alt=\"mercado-financeiro-mantem-pressao-sobre-juros-e-projeta-selic-a-13%-diante-de-inflacao-resistente\" sizes=\"(max-width: 408px) 100vw, 408px\" title=\"Mercado financeiro mant\u00e9m press\u00e3o sobre juros e projeta Selic a 13% diante de infla\u00e7\u00e3o resistente\" srcset=\"https:\/\/obuxixeiro.com.br\/wp-content\/uploads\/2026\/04\/156149-mercado-financeiro-mantem-pressao-sobre-juros-e-projeta-selic-a-13-diante-de-inflacao-resistente-450x300.jpg 450w, https:\/\/obuxixeiro.com.br\/wp-content\/uploads\/2026\/04\/156149-mercado-financeiro-mantem-pressao-sobre-juros-e-projeta-selic-a-13-diante-de-inflacao-resistente-300x200.jpg 300w, https:\/\/obuxixeiro.com.br\/wp-content\/uploads\/2026\/04\/156149-mercado-financeiro-mantem-pressao-sobre-juros-e-projeta-selic-a-13-diante-de-inflacao-resistente-1024x682.jpg 1024w, https:\/\/obuxixeiro.com.br\/wp-content\/uploads\/2026\/04\/156149-mercado-financeiro-mantem-pressao-sobre-juros-e-projeta-selic-a-13-diante-de-inflacao-resistente-768x512.jpg 768w, https:\/\/obuxixeiro.com.br\/wp-content\/uploads\/2026\/04\/156149-mercado-financeiro-mantem-pressao-sobre-juros-e-projeta-selic-a-13-diante-de-inflacao-resistente-1536x1024.jpg 1536w, https:\/\/obuxixeiro.com.br\/wp-content\/uploads\/2026\/04\/156149-mercado-financeiro-mantem-pressao-sobre-juros-e-projeta-selic-a-13-diante-de-inflacao-resistente-2048x1365.jpg 2048w, https:\/\/obuxixeiro.com.br\/wp-content\/uploads\/2026\/04\/156149-mercado-financeiro-mantem-pressao-sobre-juros-e-projeta-selic-a-13-diante-de-inflacao-resistente-150x100.jpg 150w, https:\/\/obuxixeiro.com.br\/wp-content\/uploads\/2026\/04\/156149-mercado-financeiro-mantem-pressao-sobre-juros-e-projeta-selic-a-13-diante-de-inflacao-resistente-1200x800.jpg 1200w, https:\/\/obuxixeiro.com.br\/wp-content\/uploads\/2026\/04\/156149-mercado-financeiro-mantem-pressao-sobre-juros-e-projeta-selic-a-13-diante-de-inflacao-resistente-219x146.jpg 219w\" \/><\/a>\t\t\t\n\t\t\t\n\t\t\t\n\t\t\t\n\t\t\n\t\t<\/div>\n\t\n\n\t\t\t<div class=\"content-wrap\">\n\t\n\t\t<div class=\"content\">\n\n\t\t\t<div class=\"post-meta post-meta-a meta-contrast\"><div class=\"post-meta-items meta-above\"><span class=\"meta-item cat-labels\">\n\t\t\t\t\t\t\n\t\t\t\t\t\t<a href=\"https:\/\/obuxixeiro.com.br\/?cat=38\" class=\"category term-color-38\" rel=\"category\" tabindex=\"-1\">Economia<\/a>\n\t\t\t\t\t<\/span>\n\t\t\t\t\t<\/div><h2 class=\"is-title post-title\"><a href=\"https:\/\/obuxixeiro.com.br\/?p=156149\">Mercado financeiro mant\u00e9m press\u00e3o sobre juros e projeta Selic a 13% diante de infla\u00e7\u00e3o resistente<\/a><\/h2><\/div>\t\t\t\n\t\t\t\n\t\t\t\n\t\t<\/div>\n\n\t\t\t<\/div>\n\t\n<\/article>\n\t\t\t\n\t\t\t\n<article class=\"l-post grid-overlay overlay-post grid-overlay-a overlay-base-post\">\n\n\t\n\t\t\t<div class=\"media\">\n\n\t\t\n\t\t\t<a href=\"https:\/\/obuxixeiro.com.br\/?p=156143\" class=\"image-link media-ratio ratio-3-2\" title=\"Congresso e STF travam novo round na disputa sobre autonomia dos poderes e limites jurisdicionais\"><img loading=\"lazy\" decoding=\"async\" width=\"408\" height=\"272\" src=\"https:\/\/obuxixeiro.com.br\/wp-content\/uploads\/2026\/04\/156143-congresso-e-stf-travam-novo-round-na-disputa-sobre-autonomia-dos-poderes-e-limites-ju69ef83bac391c-450x239.jpg\" class=\"attachment-bunyad-medium size-bunyad-medium wp-post-image\" alt=\"congresso-e-stf-travam-novo-round-na-disputa-sobre-autonomia-dos-poderes-e-limites-jurisdicionais\" sizes=\"(max-width: 408px) 100vw, 408px\" title=\"Congresso e STF travam novo round na disputa sobre autonomia dos poderes e limites jurisdicionais\" srcset=\"https:\/\/obuxixeiro.com.br\/wp-content\/uploads\/2026\/04\/156143-congresso-e-stf-travam-novo-round-na-disputa-sobre-autonomia-dos-poderes-e-limites-ju69ef83bac391c-1024x544.jpg 1024w, https:\/\/obuxixeiro.com.br\/wp-content\/uploads\/2026\/04\/156143-congresso-e-stf-travam-novo-round-na-disputa-sobre-autonomia-dos-poderes-e-limites-ju69ef83bac391c-768x408.jpg 768w, https:\/\/obuxixeiro.com.br\/wp-content\/uploads\/2026\/04\/156143-congresso-e-stf-travam-novo-round-na-disputa-sobre-autonomia-dos-poderes-e-limites-ju69ef83bac391c-1536x816.jpg 1536w, https:\/\/obuxixeiro.com.br\/wp-content\/uploads\/2026\/04\/156143-congresso-e-stf-travam-novo-round-na-disputa-sobre-autonomia-dos-poderes-e-limites-ju69ef83bac391c-2048x1088.jpg 2048w, https:\/\/obuxixeiro.com.br\/wp-content\/uploads\/2026\/04\/156143-congresso-e-stf-travam-novo-round-na-disputa-sobre-autonomia-dos-poderes-e-limites-ju69ef83bac391c-1200x638.jpg 1200w\" \/><\/a>\t\t\t\n\t\t\t\n\t\t\t\n\t\t\t\n\t\t\n\t\t<\/div>\n\t\n\n\t\t\t<div class=\"content-wrap\">\n\t\n\t\t<div class=\"content\">\n\n\t\t\t<div class=\"post-meta post-meta-a meta-contrast\"><div class=\"post-meta-items meta-above\"><span class=\"meta-item cat-labels\">\n\t\t\t\t\t\t\n\t\t\t\t\t\t<a href=\"https:\/\/obuxixeiro.com.br\/?cat=33\" class=\"category term-color-33\" rel=\"category\" tabindex=\"-1\">Politica<\/a>\n\t\t\t\t\t<\/span>\n\t\t\t\t\t<\/div><h2 class=\"is-title post-title\"><a href=\"https:\/\/obuxixeiro.com.br\/?p=156143\">Congresso e STF travam novo round na disputa sobre autonomia dos poderes e limites jurisdicionais<\/a><\/h2><\/div>\t\t\t\n\t\t\t\n\t\t\t\n\t\t<\/div>\n\n\t\t\t<\/div>\n\t\n<\/article>\n\t\t\n\t<\/div>\n\n\t\t\n\t\t\t<\/div>\n\n\t\t<\/section>\n\t\t\t\t\t\t<\/div>\n\t\t\t\t<\/div>\n\t\t\t\t<div class=\"elementor-element elementor-element-91eb7dd elementor-widget elementor-widget-smartmag-grid\" data-id=\"91eb7dd\" data-element_type=\"widget\" data-e-type=\"widget\" data-widget_type=\"smartmag-grid.default\">\n\t\t\t\t<div class=\"elementor-widget-container\">\n\t\t\t\t\t\t\t<section class=\"block-wrap block-grid block-sc mb-none\" data-id=\"14\">\n\n\t\t\t\t\t\t\t\t\n\t\t\t\t\t\t\t\n\t\t\t\t<div class=\"block-head block-head-ac block-head-c is-left\">\n\n\t\t\t\t\t<h4 class=\"heading\">MUNDO \/ INTERNACIONAL<\/h4>\t\t\t\t\t\n\t\t\t\t\t\t\t\t\t<\/div>\n\t\t\t\t\n\t\t\t\n\t\t\t\n\t\t\t<div class=\"block-content\">\n\t\t\t\t\t\n\t<div class=\"loop loop-grid loop-grid-base has-nums has-nums-c grid grid-1 md:grid-1 xs:grid-1\">\n\n\t\t\t\t\t\n<article class=\"l-post grid-post grid-base-post\">\n\n\t\n\t\n\n\t\n\t\t<div class=\"content\">\n\n\t\t\t<div class=\"post-meta post-meta-a has-below\"><h2 class=\"is-title post-title\"><a href=\"https:\/\/obuxixeiro.com.br\/?p=155378\">Nova edi\u00e7\u00e3o de luxo de O Pequeno Pr\u00edncipe \u00e9 lan\u00e7ada em 22 pa\u00edses com participa\u00e7\u00e3o de artista brasileiro<\/a><\/h2><div class=\"post-meta-items meta-below\"><span class=\"meta-item post-author\"><span class=\"by\">Fonte:<\/span> <a href=\"https:\/\/obuxixeiro.com.br\/author\/vinicius-mororo\" title=\"Posts de Vinicius Mororo\" rel=\"author\">Vinicius Mororo<\/a><\/span><span class=\"meta-item date\"><span class=\"date-link\"><time class=\"post-date\" datetime=\"2026-04-22T17:17:37-03:00\">22 de abril de 2026<\/time><\/span><\/span><\/div><\/div>\t\t\t\n\t\t\t\n\t\t\t\n\t\t<\/div>\n\n\t\n<\/article>\t\t\t\t\t\n<article class=\"l-post grid-post grid-base-post\">\n\n\t\n\t\n\n\t\n\t\t<div class=\"content\">\n\n\t\t\t<div class=\"post-meta post-meta-a has-below\"><h2 class=\"is-title post-title\"><a href=\"https:\/\/obuxixeiro.com.br\/?p=156137\">Agroneg\u00f3cio e exporta\u00e7\u00f5es sustentam crescimento, mas gargalos de infraestrutura pressionam competitividade<\/a><\/h2><div class=\"post-meta-items meta-below\"><span class=\"meta-item post-author\"><span class=\"by\">Fonte:<\/span> <a href=\"https:\/\/obuxixeiro.com.br\/author\/marcelo-henrique-de-carvalho\" title=\"Posts de Marcelo Henrique de Carvalho\" rel=\"author\">Marcelo Henrique de Carvalho<\/a><\/span><span class=\"meta-item date\"><span class=\"date-link\"><time class=\"post-date\" datetime=\"2026-04-27T12:41:40-03:00\">27 de abril de 2026<\/time><\/span><\/span><\/div><\/div>\t\t\t\n\t\t\t\n\t\t\t\n\t\t<\/div>\n\n\t\n<\/article>\t\t\t\t\t\n<article class=\"l-post grid-post grid-base-post\">\n\n\t\n\t\n\n\t\n\t\t<div class=\"content\">\n\n\t\t\t<div class=\"post-meta post-meta-a has-below\"><h2 class=\"is-title post-title\"><a href=\"https:\/\/obuxixeiro.com.br\/?p=155963\">Maratona Internacional de S\u00e3o Paulo altera tr\u00e2nsito e transporte na capital neste fim de semana<\/a><\/h2><div class=\"post-meta-items meta-below\"><span class=\"meta-item post-author\"><span class=\"by\">Fonte:<\/span> <a href=\"https:\/\/obuxixeiro.com.br\/author\/vinicius-mororo\" title=\"Posts de Vinicius Mororo\" rel=\"author\">Vinicius Mororo<\/a><\/span><span class=\"meta-item date\"><span class=\"date-link\"><time class=\"post-date\" datetime=\"2026-04-26T04:41:44-03:00\">26 de abril de 2026<\/time><\/span><\/span><\/div><\/div>\t\t\t\n\t\t\t\n\t\t\t\n\t\t<\/div>\n\n\t\n<\/article>\t\t\n\t<\/div>\n\n\t\t\n\t\t\t<\/div>\n\n\t\t<\/section>\n\t\t\t\t\t\t<\/div>\n\t\t\t\t<\/div>\n\t\t\t\t\t<\/div>\n\t\t<\/div>\n\t\t\t\t\t<\/div>\n\t\t<\/section>\n\t\t\t\t<section class=\"has-el-gap el-gap-default elementor-section elementor-top-section elementor-element elementor-element-7f896775 is-full-xs elementor-section-content-middle elementor-section-full_width elementor-hidden-tablet elementor-hidden-mobile elementor-section-height-default elementor-section-height-default\" data-id=\"7f896775\" data-element_type=\"section\" data-e-type=\"section\" data-settings=\"{&quot;background_background&quot;:&quot;classic&quot;}\">\n\t\t\t\t\t\t<div class=\"elementor-container elementor-column-gap-no\">\n\t\t\t\t\t<div class=\"elementor-column elementor-col-50 elementor-top-column elementor-element elementor-element-41944e22 el-col-sep\" data-id=\"41944e22\" data-element_type=\"column\" data-e-type=\"column\">\n\t\t\t<div class=\"elementor-widget-wrap elementor-element-populated\">\n\t\t\t\t\t\t<div class=\"elementor-element elementor-element-4d5188a1 elementor-headline--style-highlight elementor-widget elementor-widget-animated-headline\" data-id=\"4d5188a1\" data-element_type=\"widget\" data-e-type=\"widget\" data-settings=\"{&quot;highlighted_text&quot;:&quot;AO VIVO!&quot;,&quot;headline_style&quot;:&quot;highlight&quot;,&quot;marker&quot;:&quot;circle&quot;,&quot;loop&quot;:&quot;yes&quot;,&quot;highlight_animation_duration&quot;:1200,&quot;highlight_iteration_delay&quot;:8000}\" data-widget_type=\"animated-headline.default\">\n\t\t\t\t<div class=\"elementor-widget-container\">\n\t\t\t\t\t\t\t<h3 class=\"elementor-headline\">\n\t\t\t\t\t<span class=\"elementor-headline-plain-text elementor-headline-text-wrapper\">Pega a pipoca, estamos <\/span>\n\t\t\t\t<span class=\"elementor-headline-dynamic-wrapper elementor-headline-text-wrapper\">\n\t\t\t\t\t<span class=\"elementor-headline-dynamic-text elementor-headline-text-active\">AO VIVO!<\/span>\n\t\t\t\t<\/span>\n\t\t\t\t<\/h3>\n\t\t\t\t\t\t<\/div>\n\t\t\t\t<\/div>\n\t\t\t\t<div class=\"elementor-element elementor-element-ecde2b6 elementor-widget__width-initial elementor-widget elementor-widget-image\" data-id=\"ecde2b6\" data-element_type=\"widget\" data-e-type=\"widget\" data-widget_type=\"image.default\">\n\t\t\t\t<div class=\"elementor-widget-container\">\n\t\t\t\t\t\t\t\t\t\t\t\t\t\t\t<img loading=\"lazy\" decoding=\"async\" class=\"attachment-medium size-medium wp-image-155225 lazyload\" width=\"300\" height=\"199\" src=\"data:image\/svg+xml;base64,PHN2ZyB2aWV3Qm94PScwIDAgMzAwIDE5OScgeG1sbnM9J2h0dHA6Ly93d3cudzMub3JnLzIwMDAvc3ZnJz48L3N2Zz4=\" alt srcset=\"https:\/\/obuxixeiro.com.br\/wp-content\/uploads\/2026\/04\/logotipo-TV-INFOCO-sem-fundo-1-e1774799564646-300x199.png 300w, https:\/\/obuxixeiro.com.br\/wp-content\/uploads\/2026\/04\/logotipo-TV-INFOCO-sem-fundo-1-e1774799564646-150x99.png 150w, https:\/\/obuxixeiro.com.br\/wp-content\/uploads\/2026\/04\/logotipo-TV-INFOCO-sem-fundo-1-e1774799564646-450x298.png 450w, https:\/\/obuxixeiro.com.br\/wp-content\/uploads\/2026\/04\/logotipo-TV-INFOCO-sem-fundo-1-e1774799564646-221x146.png 221w, https:\/\/obuxixeiro.com.br\/wp-content\/uploads\/2026\/04\/logotipo-TV-INFOCO-sem-fundo-1-e1774799564646.png 710w\" sizes=\"(max-width: 300px) 100vw, 300px\" data-src=\"https:\/\/obuxixeiro.com.br\/wp-content\/uploads\/2026\/04\/logotipo-TV-INFOCO-sem-fundo-1-e1774799564646-300x199.png\" \/>\t\t\t\t\t\t\t\t\t\t\t\t\t\t\t<\/div>\n\t\t\t\t<\/div>\n\t\t\t\t<div class=\"elementor-element elementor-element-6404830c elementor-widget elementor-widget-heading\" data-id=\"6404830c\" data-element_type=\"widget\" data-e-type=\"widget\" data-widget_type=\"heading.default\">\n\t\t\t\t<div class=\"elementor-widget-container\">\n\t\t\t\t\t<h2 class=\"elementor-heading-title elementor-size-default\">24h por dia, 7 dias por semana!<\/h2>\t\t\t\t<\/div>\n\t\t\t\t<\/div>\n\t\t\t\t<div class=\"elementor-element elementor-element-1c9aabde elementor-widget elementor-widget-heading\" data-id=\"1c9aabde\" data-element_type=\"widget\" data-e-type=\"widget\" data-widget_type=\"heading.default\">\n\t\t\t\t<div class=\"elementor-widget-container\">\n\t\t\t\t\t<h2 class=\"elementor-heading-title elementor-size-default\">Se conecta com a TV INFOCO. Online em + de 400 portais de not\u00edcias no Brasil.<\/h2>\t\t\t\t<\/div>\n\t\t\t\t<\/div>\n\t\t\t\t<div class=\"elementor-element elementor-element-5cb8a95a elementor-align-justify elementor-widget elementor-widget-button\" data-id=\"5cb8a95a\" data-element_type=\"widget\" data-e-type=\"widget\" data-widget_type=\"button.default\">\n\t\t\t\t<div class=\"elementor-widget-container\">\n\t\t\t\t\t\t\t\t\t<div class=\"elementor-button-wrapper\">\n\t\t\t\t\t<a class=\"elementor-button elementor-button-link elementor-size-sm\" href=\"https:\/\/wa.me\/5511955526792\" target=\"_blank\" rel=\"noopener\">\n\t\t\t\t\t\t<span class=\"elementor-button-content-wrapper\">\n\t\t\t\t\t\t\t\t\t<span class=\"elementor-button-text\">COLOCAR MEU PODCAST NA TV INFOCO<\/span>\n\t\t\t\t\t<\/span>\n\t\t\t\t\t<\/a>\n\t\t\t\t<\/div>\n\t\t\t\t\t\t\t\t<\/div>\n\t\t\t\t<\/div>\n\t\t\t\t<div class=\"elementor-element elementor-element-5ebc9a71 elementor-align-justify elementor-widget elementor-widget-button\" data-id=\"5ebc9a71\" data-element_type=\"widget\" data-e-type=\"widget\" data-widget_type=\"button.default\">\n\t\t\t\t<div class=\"elementor-widget-container\">\n\t\t\t\t\t\t\t\t\t<div class=\"elementor-button-wrapper\">\n\t\t\t\t\t<a class=\"elementor-button elementor-button-link elementor-size-sm\" href=\"https:\/\/wa.me\/5511955526792\" target=\"_blank\" rel=\"noopener\">\n\t\t\t\t\t\t<span class=\"elementor-button-content-wrapper\">\n\t\t\t\t\t\t\t\t\t<span class=\"elementor-button-text\">QUERO SER ENTREVISTADO<\/span>\n\t\t\t\t\t<\/span>\n\t\t\t\t\t<\/a>\n\t\t\t\t<\/div>\n\t\t\t\t\t\t\t\t<\/div>\n\t\t\t\t<\/div>\n\t\t\t\t\t<\/div>\n\t\t<\/div>\n\t\t\t\t<div class=\"elementor-column elementor-col-50 elementor-top-column elementor-element elementor-element-126cdfff ts-sticky-col\" data-id=\"126cdfff\" data-element_type=\"column\" data-e-type=\"column\" data-settings=\"{&quot;background_background&quot;:&quot;classic&quot;,&quot;background_motion_fx_motion_fx_scrolling&quot;:&quot;yes&quot;,&quot;background_motion_fx_devices&quot;:[&quot;desktop&quot;,&quot;tablet&quot;,&quot;mobile&quot;]}\">\n\t\t\t<div class=\"elementor-widget-wrap elementor-element-populated\">\n\t\t\t\t\t\t<div class=\"elementor-element elementor-element-179f0302 elementor-widget elementor-widget-html\" data-id=\"179f0302\" data-element_type=\"widget\" data-e-type=\"widget\" data-widget_type=\"html.default\">\n\t\t\t\t<div class=\"elementor-widget-container\">\n\t\t\t\t\t<iframe style=\"width:1920px; height:440px;\" src=\"https:\/\/player.taaqui.org\/video\/tvinfoco\/1\/true\/true\/4:3\/\/true\/true\" scrolling=\"no\" frameborder=\"0\" allowfullscreen><\/iframe>\t\t\t\t<\/div>\n\t\t\t\t<\/div>\n\t\t\t\t<div class=\"elementor-element elementor-element-70993d63 elementor-widget__width-initial elementor-widget elementor-widget-image\" data-id=\"70993d63\" data-element_type=\"widget\" data-e-type=\"widget\" data-widget_type=\"image.default\">\n\t\t\t\t<div class=\"elementor-widget-container\">\n\t\t\t\t\t\t\t\t\t\t\t\t\t\t\t<img loading=\"lazy\" decoding=\"async\" class=\"attachment-full size-full wp-image-155226 lazyload\" width=\"1200\" height=\"200\" src=\"data:image\/svg+xml;base64,PHN2ZyB2aWV3Qm94PScwIDAgMTIwMCAyMDAnIHhtbG5zPSdodHRwOi8vd3d3LnczLm9yZy8yMDAwL3N2Zyc+PC9zdmc+\" alt srcset=\"https:\/\/obuxixeiro.com.br\/wp-content\/uploads\/2026\/04\/banner-site-e-plataforma.png 1200w, https:\/\/obuxixeiro.com.br\/wp-content\/uploads\/2026\/04\/banner-site-e-plataforma-300x50.png 300w, https:\/\/obuxixeiro.com.br\/wp-content\/uploads\/2026\/04\/banner-site-e-plataforma-1024x171.png 1024w, https:\/\/obuxixeiro.com.br\/wp-content\/uploads\/2026\/04\/banner-site-e-plataforma-768x128.png 768w, https:\/\/obuxixeiro.com.br\/wp-content\/uploads\/2026\/04\/banner-site-e-plataforma-150x25.png 150w, https:\/\/obuxixeiro.com.br\/wp-content\/uploads\/2026\/04\/banner-site-e-plataforma-450x75.png 450w, https:\/\/obuxixeiro.com.br\/wp-content\/uploads\/2026\/04\/banner-site-e-plataforma-260x43.png 260w\" sizes=\"(max-width: 1200px) 100vw, 1200px\" data-src=\"https:\/\/obuxixeiro.com.br\/wp-content\/uploads\/2026\/04\/banner-site-e-plataforma.png\" \/>\t\t\t\t\t\t\t\t\t\t\t\t\t\t\t<\/div>\n\t\t\t\t<\/div>\n\t\t\t\t\t<\/div>\n\t\t<\/div>\n\t\t\t\t\t<\/div>\n\t\t<\/section>\n\t\t\t\t<section class=\"has-el-gap el-gap-default elementor-section elementor-top-section elementor-element elementor-element-665fafa elementor-section-boxed elementor-section-height-default elementor-section-height-default\" data-id=\"665fafa\" data-element_type=\"section\" data-e-type=\"section\">\n\t\t\t\t\t\t<div class=\"elementor-container elementor-column-gap-no\">\n\t\t\t\t\t<div class=\"elementor-column elementor-col-100 elementor-top-column elementor-element elementor-element-30fb243\" data-id=\"30fb243\" data-element_type=\"column\" data-e-type=\"column\">\n\t\t\t<div class=\"elementor-widget-wrap elementor-element-populated\">\n\t\t\t\t\t\t<div class=\"elementor-element elementor-element-8b99511 elementor-widget elementor-widget-sidebar\" data-id=\"8b99511\" data-element_type=\"widget\" data-e-type=\"widget\" data-widget_type=\"sidebar.default\">\n\t\t\t\t<div class=\"elementor-widget-container\">\n\t\t\t\t\t<li id=\"adni_widgets-5\" class=\"widget \"><div class=\"angwp_148558 _ning_outer ang_zone_148558 _ning_jss_zone has_label _align_center\" style=\"max-width:1200px;width:100%;overflow:hidden;height:inherit;\"><div class=\"_ning_label _center\" style=\"\">Anunciantes<\/div><div id=\"_ning_zone_148558_219084090\" class=\"_ning_zone_inner\" style=\"width:1200px; height:200px;position:relative;\"><div u=\"slides\" style=\"position:absolute; overflow:hidden; left:0px; top:0px;width:1200px; height:200px;\"><div class=\"slide_1 slide\" idle=\"5000\"><div class=\"angwp_148555 _ning_cont _ning_hidden _align_center\" data-size=\"custom\" data-bid=\"148555\" data-aid=\"148558\" style=\"max-width:1200px; width:100%;height:inherit;\"><div class=\"_ning_inner\" style=\"\"><a href=\"https:\/\/obuxixeiro.com.br?_dnlink=148555&amp;aid=148558&amp;t=1777305841\" class=\"strack_cli _ning_link\" target=\"_blank\">&nbsp;<\/a><div class=\"_ning_elmt\"><img decoding=\"async\" src=\"https:\/\/obuxixeiro.com.br\/wp-content\/uploads\/angwp\/items\/148555\/69c322a496e3b_1774396068.png\" \/><\/div><\/div><\/div><div class=\"clear\"><\/div><\/div><div class=\"slide_2 slide\" idle=\"5000\"><div class=\"angwp_148556 _ning_cont _ning_hidden _align_center\" data-size=\"custom\" data-bid=\"148556\" data-aid=\"148558\" style=\"max-width:1200px; width:100%;height:inherit;\"><div class=\"_ning_inner\" style=\"\"><a href=\"https:\/\/obuxixeiro.com.br?_dnlink=148556&amp;aid=148558&amp;t=1777305841\" class=\"strack_cli _ning_link\" target=\"_blank\">&nbsp;<\/a><div class=\"_ning_elmt\"><img decoding=\"async\" src=\"https:\/\/obuxixeiro.com.br\/wp-content\/uploads\/angwp\/items\/148556\/69c322a496e3b_1774396068.png\" \/><\/div><\/div><\/div><div class=\"clear\"><\/div><\/div><div class=\"slide_3 slide\" idle=\"5000\"><div class=\"angwp_148557 _ning_cont _ning_hidden _align_center\" data-size=\"custom\" data-bid=\"148557\" data-aid=\"148558\" style=\"max-width:1200px; width:100%;height:inherit;\"><div class=\"_ning_inner\" style=\"\"><a href=\"https:\/\/obuxixeiro.com.br?_dnlink=148557&amp;aid=148558&amp;t=1777305841\" class=\"strack_cli _ning_link\" target=\"_blank\">&nbsp;<\/a><div class=\"_ning_elmt\"><img decoding=\"async\" src=\"https:\/\/obuxixeiro.com.br\/wp-content\/uploads\/angwp\/items\/148557\/69c322a496e3b_1774396068.png\" \/><\/div><\/div><\/div><div class=\"clear\"><\/div><\/div><\/div><\/div><\/div><div class=\"clear\"><\/div><\/li>\n\t\t\t\t<\/div>\n\t\t\t\t<\/div>\n\t\t\t\t\t<\/div>\n\t\t<\/div>\n\t\t\t\t\t<\/div>\n\t\t<\/section>\n\t\t\t\t<section class=\"has-el-gap el-gap-default elementor-section elementor-top-section elementor-element elementor-element-9393be2 elementor-section-boxed elementor-section-height-default elementor-section-height-default\" data-id=\"9393be2\" data-element_type=\"section\" data-e-type=\"section\">\n\t\t\t\t\t\t<div class=\"elementor-container elementor-column-gap-no\">\n\t\t\t\t\t<div class=\"elementor-column elementor-col-66 elementor-top-column elementor-element elementor-element-0e6f215 main-content\" data-id=\"0e6f215\" data-element_type=\"column\" data-e-type=\"column\">\n\t\t\t<div class=\"elementor-widget-wrap elementor-element-populated\">\n\t\t\t\t\t\t<div class=\"elementor-element elementor-element-4b92628 elementor-widget elementor-widget-smartmag-highlights\" data-id=\"4b92628\" data-element_type=\"widget\" data-e-type=\"widget\" data-widget_type=\"smartmag-highlights.default\">\n\t\t\t\t<div class=\"elementor-widget-container\">\n\t\t\t\t\t\t\t<section class=\"block-wrap block-highlights block-sc mb-none\" data-id=\"15\" data-is-mixed=\"1\">\n\n\t\t\t\t\t\t\t\t\n\t\t\t\t\t\t\t\n\t\t\t\t<div class=\"block-head block-head-ac block-head-c is-left\">\n\n\t\t\t\t\t<h4 class=\"heading\">VEJA OS DESTAQUES DA POL\u00cdTICA<\/h4>\t\t\t\t\t\n\t\t\t\t\t\t\t\t\t<\/div>\n\t\t\t\t\n\t\t\t\n\t\t\t\n\t\t\t<div class=\"block-content\">\n\t\t\t\t\t\n\t<div class=\"loops-mixed\">\n\t\t\t\n\t<div class=\"loop loop-grid loop-grid-base grid grid-2 md:grid-2 xs:grid-1\">\n\n\t\t\t\t\t\n<article class=\"l-post grid-post grid-base-post\">\n\n\t\n\t\t\t<div class=\"media\">\n\n\t\t\n\t\t\t<a href=\"https:\/\/obuxixeiro.com.br\/?p=156143\" class=\"image-link media-ratio ratio-is-custom\" title=\"Congresso e STF travam novo round na disputa sobre autonomia dos poderes e limites jurisdicionais\"><img loading=\"lazy\" decoding=\"async\" width=\"408\" height=\"243\" src=\"https:\/\/obuxixeiro.com.br\/wp-content\/uploads\/2026\/04\/156143-congresso-e-stf-travam-novo-round-na-disputa-sobre-autonomia-dos-poderes-e-limites-ju69ef83bac391c-450x239.jpg\" class=\"attachment-bunyad-medium size-bunyad-medium wp-post-image\" alt=\"congresso-e-stf-travam-novo-round-na-disputa-sobre-autonomia-dos-poderes-e-limites-jurisdicionais\" sizes=\"(max-width: 408px) 100vw, 408px\" title=\"Congresso e STF travam novo round na disputa sobre autonomia dos poderes e limites jurisdicionais\" srcset=\"https:\/\/obuxixeiro.com.br\/wp-content\/uploads\/2026\/04\/156143-congresso-e-stf-travam-novo-round-na-disputa-sobre-autonomia-dos-poderes-e-limites-ju69ef83bac391c-450x239.jpg 450w, https:\/\/obuxixeiro.com.br\/wp-content\/uploads\/2026\/04\/156143-congresso-e-stf-travam-novo-round-na-disputa-sobre-autonomia-dos-poderes-e-limites-ju69ef83bac391c-1024x544.jpg 1024w, https:\/\/obuxixeiro.com.br\/wp-content\/uploads\/2026\/04\/156143-congresso-e-stf-travam-novo-round-na-disputa-sobre-autonomia-dos-poderes-e-limites-ju69ef83bac391c-768x408.jpg 768w, https:\/\/obuxixeiro.com.br\/wp-content\/uploads\/2026\/04\/156143-congresso-e-stf-travam-novo-round-na-disputa-sobre-autonomia-dos-poderes-e-limites-ju69ef83bac391c-1536x816.jpg 1536w, https:\/\/obuxixeiro.com.br\/wp-content\/uploads\/2026\/04\/156143-congresso-e-stf-travam-novo-round-na-disputa-sobre-autonomia-dos-poderes-e-limites-ju69ef83bac391c-2048x1088.jpg 2048w, https:\/\/obuxixeiro.com.br\/wp-content\/uploads\/2026\/04\/156143-congresso-e-stf-travam-novo-round-na-disputa-sobre-autonomia-dos-poderes-e-limites-ju69ef83bac391c-1200x638.jpg 1200w\" \/><\/a>\t\t\t\n\t\t\t\n\t\t\t\n\t\t\t\t\t\t\t\n\t\t\t\t<span class=\"cat-labels cat-labels-overlay c-overlay p-bot-left\">\n\t\t\t\t<a href=\"https:\/\/obuxixeiro.com.br\/?cat=33\" class=\"category term-color-33\" rel=\"category\" tabindex=\"-1\">Politica<\/a>\n\t\t\t<\/span>\n\t\t\t\t\t\t\n\t\t\t\n\t\t\n\t\t<\/div>\n\t\n\n\t\n\t\t<div class=\"content\">\n\n\t\t\t<div class=\"post-meta post-meta-a has-below\"><h2 class=\"is-title post-title\"><a href=\"https:\/\/obuxixeiro.com.br\/?p=156143\">Congresso e STF travam novo round na disputa sobre autonomia dos poderes e limites jurisdicionais<\/a><\/h2><div class=\"post-meta-items meta-below\"><span class=\"meta-item post-author\"><span class=\"by\">Fonte:<\/span> <a href=\"https:\/\/obuxixeiro.com.br\/author\/marcelo-henrique-de-carvalho\" title=\"Posts de Marcelo Henrique de Carvalho\" rel=\"author\">Marcelo Henrique de Carvalho<\/a><\/span><span class=\"meta-item date\"><span class=\"date-link\"><time class=\"post-date\" datetime=\"2026-04-27T12:41:46-03:00\">27 de abril de 2026<\/time><\/span><\/span><\/div><\/div>\t\t\t\n\t\t\t\t\t\t\n\t\t\t\t<div class=\"excerpt\">\n\t\t\t\t\t<p>A tens\u00e3o institucional entre o Congresso Nacional e o Supremo Tribunal Federal mant\u00e9m-se como um&hellip;<\/p>\n\t\t\t\t<\/div>\n\t\t\t\n\t\t\t\n\t\t\t\n\t\t<\/div>\n\n\t\n<\/article>\t\t\t\t\t\n<article class=\"l-post grid-post grid-base-post\">\n\n\t\n\t\t\t<div class=\"media\">\n\n\t\t\n\t\t\t<a href=\"https:\/\/obuxixeiro.com.br\/?p=156145\" class=\"image-link media-ratio ratio-is-custom\" title=\"Comiss\u00e3o especial para an\u00e1lise da PEC do fim da escala 61 \u00e9 instalada na C\u00e2mara dos Deputados\"><img loading=\"lazy\" decoding=\"async\" width=\"408\" height=\"243\" src=\"https:\/\/obuxixeiro.com.br\/wp-content\/uploads\/2026\/04\/156145-comissao-especial-para-analise-da-pec-do-fim-da-escala-61-e-instalada-na-camara-dos-deputados-450x269.webp\" class=\"attachment-bunyad-medium size-bunyad-medium wp-post-image\" alt=\"comissao-especial-para-analise-da-pec-do-fim-da-escala-61-e-instalada-na-camara-dos-deputados\" sizes=\"(max-width: 408px) 100vw, 408px\" title=\"Comiss\u00e3o especial para an\u00e1lise da PEC do fim da escala 61 \u00e9 instalada na C\u00e2mara dos Deputados\" srcset=\"https:\/\/obuxixeiro.com.br\/wp-content\/uploads\/2026\/04\/156145-comissao-especial-para-analise-da-pec-do-fim-da-escala-61-e-instalada-na-camara-dos-deputados-450x269.webp 450w, https:\/\/obuxixeiro.com.br\/wp-content\/uploads\/2026\/04\/156145-comissao-especial-para-analise-da-pec-do-fim-da-escala-61-e-instalada-na-camara-dos-deputados-300x179.webp 300w, https:\/\/obuxixeiro.com.br\/wp-content\/uploads\/2026\/04\/156145-comissao-especial-para-analise-da-pec-do-fim-da-escala-61-e-instalada-na-camara-dos-deputados-1024x613.webp 1024w, https:\/\/obuxixeiro.com.br\/wp-content\/uploads\/2026\/04\/156145-comissao-especial-para-analise-da-pec-do-fim-da-escala-61-e-instalada-na-camara-dos-deputados-768x459.webp 768w, https:\/\/obuxixeiro.com.br\/wp-content\/uploads\/2026\/04\/156145-comissao-especial-para-analise-da-pec-do-fim-da-escala-61-e-instalada-na-camara-dos-deputados-150x90.webp 150w, https:\/\/obuxixeiro.com.br\/wp-content\/uploads\/2026\/04\/156145-comissao-especial-para-analise-da-pec-do-fim-da-escala-61-e-instalada-na-camara-dos-deputados-244x146.webp 244w, https:\/\/obuxixeiro.com.br\/wp-content\/uploads\/2026\/04\/156145-comissao-especial-para-analise-da-pec-do-fim-da-escala-61-e-instalada-na-camara-dos-deputados.webp 1170w\" \/><\/a>\t\t\t\n\t\t\t\n\t\t\t\n\t\t\t\t\t\t\t\n\t\t\t\t<span class=\"cat-labels cat-labels-overlay c-overlay p-bot-left\">\n\t\t\t\t<a href=\"https:\/\/obuxixeiro.com.br\/?cat=33\" class=\"category term-color-33\" rel=\"category\" tabindex=\"-1\">Politica<\/a>\n\t\t\t<\/span>\n\t\t\t\t\t\t\n\t\t\t\n\t\t\n\t\t<\/div>\n\t\n\n\t\n\t\t<div class=\"content\">\n\n\t\t\t<div class=\"post-meta post-meta-a has-below\"><h2 class=\"is-title post-title\"><a href=\"https:\/\/obuxixeiro.com.br\/?p=156145\">Comiss\u00e3o especial para an\u00e1lise da PEC do fim da escala 61 \u00e9 instalada na C\u00e2mara dos Deputados<\/a><\/h2><div class=\"post-meta-items meta-below\"><span class=\"meta-item post-author\"><span class=\"by\">Fonte:<\/span> <a href=\"https:\/\/obuxixeiro.com.br\/author\/marcelo-henrique-de-carvalho\" title=\"Posts de Marcelo Henrique de Carvalho\" rel=\"author\">Marcelo Henrique de Carvalho<\/a><\/span><span class=\"meta-item date\"><span class=\"date-link\"><time class=\"post-date\" datetime=\"2026-04-27T12:41:45-03:00\">27 de abril de 2026<\/time><\/span><\/span><\/div><\/div>\t\t\t\n\t\t\t\t\t\t\n\t\t\t\t<div class=\"excerpt\">\n\t\t\t\t\t<p>O presidente da C\u00e2mara dos Deputados, Hugo Motta, cumpre nesta semana o compromisso firmado na&hellip;<\/p>\n\t\t\t\t<\/div>\n\t\t\t\n\t\t\t\n\t\t\t\n\t\t<\/div>\n\n\t\n<\/article>\t\t\n\t<\/div>\n\n\t\t\n\n\t<div class=\"loop loop-small loop-small-a grid grid-2 md:grid-1 sm:grid-1 xs:grid-1\">\n\n\t\t\t\t\t\n<article class=\"l-post small-post small-a-post m-pos-left\">\n\n\t\n\t\t\t<div class=\"media\">\n\n\t\t\n\t\t\t<a href=\"https:\/\/obuxixeiro.com.br\/?p=156147\" class=\"image-link media-ratio ratio-4-3\" title=\"Pesquisa Nexus aponta empate t\u00e9cnico de Lula com Fl\u00e1vio Bolsonaro, Zema e Caiado no segundo turno\"><img loading=\"lazy\" decoding=\"async\" width=\"153\" height=\"115\" src=\"https:\/\/obuxixeiro.com.br\/wp-content\/uploads\/2026\/04\/156147-pesquisa-nexus-aponta-empate-tecnico-de-lula-com-flavio-bolsonaro-zema-e-caiado-no-segundo-turno-300x200.jpg\" class=\"attachment-medium size-medium wp-post-image\" alt=\"pesquisa-nexus-aponta-empate-tecnico-de-lula-com-flavio-bolsonaro,-zema-e-caiado-no-segundo-turno\" sizes=\"(max-width: 153px) 100vw, 153px\" title=\"Pesquisa Nexus aponta empate t\u00e9cnico de Lula com Fl\u00e1vio Bolsonaro, Zema e Caiado no segundo turno\" srcset=\"https:\/\/obuxixeiro.com.br\/wp-content\/uploads\/2026\/04\/156147-pesquisa-nexus-aponta-empate-tecnico-de-lula-com-flavio-bolsonaro-zema-e-caiado-no-segundo-turno-300x200.jpg 300w, https:\/\/obuxixeiro.com.br\/wp-content\/uploads\/2026\/04\/156147-pesquisa-nexus-aponta-empate-tecnico-de-lula-com-flavio-bolsonaro-zema-e-caiado-no-segundo-turno-1024x683.jpg 1024w, https:\/\/obuxixeiro.com.br\/wp-content\/uploads\/2026\/04\/156147-pesquisa-nexus-aponta-empate-tecnico-de-lula-com-flavio-bolsonaro-zema-e-caiado-no-segundo-turno-768x512.jpg 768w, https:\/\/obuxixeiro.com.br\/wp-content\/uploads\/2026\/04\/156147-pesquisa-nexus-aponta-empate-tecnico-de-lula-com-flavio-bolsonaro-zema-e-caiado-no-segundo-turno-1536x1024.jpg 1536w, https:\/\/obuxixeiro.com.br\/wp-content\/uploads\/2026\/04\/156147-pesquisa-nexus-aponta-empate-tecnico-de-lula-com-flavio-bolsonaro-zema-e-caiado-no-segundo-turno-2048x1366.jpg 2048w, https:\/\/obuxixeiro.com.br\/wp-content\/uploads\/2026\/04\/156147-pesquisa-nexus-aponta-empate-tecnico-de-lula-com-flavio-bolsonaro-zema-e-caiado-no-segundo-turno-450x300.jpg 450w, https:\/\/obuxixeiro.com.br\/wp-content\/uploads\/2026\/04\/156147-pesquisa-nexus-aponta-empate-tecnico-de-lula-com-flavio-bolsonaro-zema-e-caiado-no-segundo-turno-1200x800.jpg 1200w, https:\/\/obuxixeiro.com.br\/wp-content\/uploads\/2026\/04\/156147-pesquisa-nexus-aponta-empate-tecnico-de-lula-com-flavio-bolsonaro-zema-e-caiado-no-segundo-turno-219x146.jpg 219w\" \/><\/a>\t\t\t\n\t\t\t\n\t\t\t\n\t\t\t\n\t\t\n\t\t<\/div>\n\t\n\n\t\n\t\t<div class=\"content\">\n\n\t\t\t<div class=\"post-meta post-meta-a post-meta-left has-below\"><h4 class=\"is-title post-title\"><a href=\"https:\/\/obuxixeiro.com.br\/?p=156147\">Pesquisa Nexus aponta empate t\u00e9cnico de Lula com Fl\u00e1vio Bolsonaro, Zema e Caiado no segundo turno<\/a><\/h4><div class=\"post-meta-items meta-below\"><span class=\"meta-item date\"><span class=\"date-link\"><time class=\"post-date\" datetime=\"2026-04-27T12:41:44-03:00\">27 de abril de 2026<\/time><\/span><\/span><\/div><\/div>\t\t\t\n\t\t\t\n\t\t\t\n\t\t<\/div>\n\n\t\n<\/article>\t\n\t\t\t\t\t\n<article class=\"l-post small-post small-a-post m-pos-left\">\n\n\t\n\t\t\t<div class=\"media\">\n\n\t\t\n\t\t\t<a href=\"https:\/\/obuxixeiro.com.br\/?p=155639\" class=\"image-link media-ratio ratio-4-3\" title=\"Prefeitura quer ampliar hor\u00e1rio de polo tur\u00edstico inspirado na Times Square em SP\"><img loading=\"lazy\" decoding=\"async\" width=\"153\" height=\"115\" src=\"https:\/\/obuxixeiro.com.br\/wp-content\/uploads\/2026\/04\/155639-prefeitura-quer-ampliar-horario-de-polo-turistico-inspirado-na-times-square-em-sp-300x200.png\" class=\"attachment-medium size-medium wp-post-image\" alt=\"prefeitura-quer-ampliar-horario-de-polo-turistico-inspirado-na-times-square-em-sp\" sizes=\"(max-width: 153px) 100vw, 153px\" title=\"Prefeitura quer ampliar hor\u00e1rio de polo tur\u00edstico inspirado na Times Square em SP\" srcset=\"https:\/\/obuxixeiro.com.br\/wp-content\/uploads\/2026\/04\/155639-prefeitura-quer-ampliar-horario-de-polo-turistico-inspirado-na-times-square-em-sp-300x200.png 300w, https:\/\/obuxixeiro.com.br\/wp-content\/uploads\/2026\/04\/155639-prefeitura-quer-ampliar-horario-de-polo-turistico-inspirado-na-times-square-em-sp-1024x683.png 1024w, https:\/\/obuxixeiro.com.br\/wp-content\/uploads\/2026\/04\/155639-prefeitura-quer-ampliar-horario-de-polo-turistico-inspirado-na-times-square-em-sp-768x512.png 768w, https:\/\/obuxixeiro.com.br\/wp-content\/uploads\/2026\/04\/155639-prefeitura-quer-ampliar-horario-de-polo-turistico-inspirado-na-times-square-em-sp-450x300.png 450w, https:\/\/obuxixeiro.com.br\/wp-content\/uploads\/2026\/04\/155639-prefeitura-quer-ampliar-horario-de-polo-turistico-inspirado-na-times-square-em-sp-1200x800.png 1200w, https:\/\/obuxixeiro.com.br\/wp-content\/uploads\/2026\/04\/155639-prefeitura-quer-ampliar-horario-de-polo-turistico-inspirado-na-times-square-em-sp-219x146.png 219w, https:\/\/obuxixeiro.com.br\/wp-content\/uploads\/2026\/04\/155639-prefeitura-quer-ampliar-horario-de-polo-turistico-inspirado-na-times-square-em-sp.png 1536w\" \/><\/a>\t\t\t\n\t\t\t\n\t\t\t\n\t\t\t\n\t\t\n\t\t<\/div>\n\t\n\n\t\n\t\t<div class=\"content\">\n\n\t\t\t<div class=\"post-meta post-meta-a post-meta-left has-below\"><h4 class=\"is-title post-title\"><a href=\"https:\/\/obuxixeiro.com.br\/?p=155639\">Prefeitura quer ampliar hor\u00e1rio de polo tur\u00edstico inspirado na Times Square em SP<\/a><\/h4><div class=\"post-meta-items meta-below\"><span class=\"meta-item date\"><span class=\"date-link\"><time class=\"post-date\" datetime=\"2026-04-24T11:42:47-03:00\">24 de abril de 2026<\/time><\/span><\/span><\/div><\/div>\t\t\t\n\t\t\t\n\t\t\t\n\t\t<\/div>\n\n\t\n<\/article>\t\n\t\t\t\t\t\n<article class=\"l-post small-post small-a-post m-pos-left\">\n\n\t\n\t\t\t<div class=\"media\">\n\n\t\t\n\t\t\t<a href=\"https:\/\/obuxixeiro.com.br\/?p=155382\" class=\"image-link media-ratio ratio-4-3\" title=\"Professores da rede estadual de SP encerram greve, mas mant\u00eam mobiliza\u00e7\u00e3o\"><img loading=\"lazy\" decoding=\"async\" width=\"153\" height=\"115\" src=\"https:\/\/obuxixeiro.com.br\/wp-content\/uploads\/2026\/04\/155382-professores-da-rede-estadual-de-sp-encerram-greve-mas-mantem-mobilizacao-300x200.png\" class=\"attachment-medium size-medium wp-post-image\" alt=\"professores-da-rede-estadual-de-sp-encerram-greve,-mas-mantem-mobilizacao\" sizes=\"(max-width: 153px) 100vw, 153px\" title=\"Professores da rede estadual de SP encerram greve, mas mant\u00eam mobiliza\u00e7\u00e3o\" srcset=\"https:\/\/obuxixeiro.com.br\/wp-content\/uploads\/2026\/04\/155382-professores-da-rede-estadual-de-sp-encerram-greve-mas-mantem-mobilizacao-300x200.png 300w, https:\/\/obuxixeiro.com.br\/wp-content\/uploads\/2026\/04\/155382-professores-da-rede-estadual-de-sp-encerram-greve-mas-mantem-mobilizacao-1024x683.png 1024w, https:\/\/obuxixeiro.com.br\/wp-content\/uploads\/2026\/04\/155382-professores-da-rede-estadual-de-sp-encerram-greve-mas-mantem-mobilizacao-768x512.png 768w, https:\/\/obuxixeiro.com.br\/wp-content\/uploads\/2026\/04\/155382-professores-da-rede-estadual-de-sp-encerram-greve-mas-mantem-mobilizacao-450x300.png 450w, https:\/\/obuxixeiro.com.br\/wp-content\/uploads\/2026\/04\/155382-professores-da-rede-estadual-de-sp-encerram-greve-mas-mantem-mobilizacao-1200x800.png 1200w, https:\/\/obuxixeiro.com.br\/wp-content\/uploads\/2026\/04\/155382-professores-da-rede-estadual-de-sp-encerram-greve-mas-mantem-mobilizacao-219x146.png 219w, https:\/\/obuxixeiro.com.br\/wp-content\/uploads\/2026\/04\/155382-professores-da-rede-estadual-de-sp-encerram-greve-mas-mantem-mobilizacao.png 1536w\" \/><\/a>\t\t\t\n\t\t\t\n\t\t\t\n\t\t\t\n\t\t\n\t\t<\/div>\n\t\n\n\t\n\t\t<div class=\"content\">\n\n\t\t\t<div class=\"post-meta post-meta-a post-meta-left has-below\"><h4 class=\"is-title post-title\"><a href=\"https:\/\/obuxixeiro.com.br\/?p=155382\">Professores da rede estadual de SP encerram greve, mas mant\u00eam mobiliza\u00e7\u00e3o<\/a><\/h4><div class=\"post-meta-items meta-below\"><span class=\"meta-item date\"><span class=\"date-link\"><time class=\"post-date\" datetime=\"2026-04-22T17:17:50-03:00\">22 de abril de 2026<\/time><\/span><\/span><\/div><\/div>\t\t\t\n\t\t\t\n\t\t\t\n\t\t<\/div>\n\n\t\n<\/article>\t\n\t\t\t\t\t\n<article class=\"l-post small-post small-a-post m-pos-left\">\n\n\t\n\t\t\t<div class=\"media\">\n\n\t\t\n\t\t\t<a href=\"https:\/\/obuxixeiro.com.br\/?p=155395\" class=\"image-link media-ratio ratio-4-3\" title=\"Governo de SP abre consulta p\u00fablica para plano de combate ao lixo no mar\"><img loading=\"lazy\" decoding=\"async\" width=\"153\" height=\"115\" src=\"https:\/\/obuxixeiro.com.br\/wp-content\/uploads\/2026\/04\/155395-governo-de-sp-abre-consulta-publica-para-plano-de-combate-ao-lixo-no-mar-300x200.png\" class=\"attachment-medium size-medium wp-post-image\" alt=\"governo-de-sp-abre-consulta-publica-para-plano-de-combate-ao-lixo-no-mar\" sizes=\"(max-width: 153px) 100vw, 153px\" title=\"Governo de SP abre consulta p\u00fablica para plano de combate ao lixo no mar\" srcset=\"https:\/\/obuxixeiro.com.br\/wp-content\/uploads\/2026\/04\/155395-governo-de-sp-abre-consulta-publica-para-plano-de-combate-ao-lixo-no-mar-300x200.png 300w, https:\/\/obuxixeiro.com.br\/wp-content\/uploads\/2026\/04\/155395-governo-de-sp-abre-consulta-publica-para-plano-de-combate-ao-lixo-no-mar-1024x683.png 1024w, https:\/\/obuxixeiro.com.br\/wp-content\/uploads\/2026\/04\/155395-governo-de-sp-abre-consulta-publica-para-plano-de-combate-ao-lixo-no-mar-768x512.png 768w, https:\/\/obuxixeiro.com.br\/wp-content\/uploads\/2026\/04\/155395-governo-de-sp-abre-consulta-publica-para-plano-de-combate-ao-lixo-no-mar-450x300.png 450w, https:\/\/obuxixeiro.com.br\/wp-content\/uploads\/2026\/04\/155395-governo-de-sp-abre-consulta-publica-para-plano-de-combate-ao-lixo-no-mar-1200x800.png 1200w, https:\/\/obuxixeiro.com.br\/wp-content\/uploads\/2026\/04\/155395-governo-de-sp-abre-consulta-publica-para-plano-de-combate-ao-lixo-no-mar-219x146.png 219w, https:\/\/obuxixeiro.com.br\/wp-content\/uploads\/2026\/04\/155395-governo-de-sp-abre-consulta-publica-para-plano-de-combate-ao-lixo-no-mar.png 1536w\" \/><\/a>\t\t\t\n\t\t\t\n\t\t\t\n\t\t\t\n\t\t\n\t\t<\/div>\n\t\n\n\t\n\t\t<div class=\"content\">\n\n\t\t\t<div class=\"post-meta post-meta-a post-meta-left has-below\"><h4 class=\"is-title post-title\"><a href=\"https:\/\/obuxixeiro.com.br\/?p=155395\">Governo de SP abre consulta p\u00fablica para plano de combate ao lixo no mar<\/a><\/h4><div class=\"post-meta-items meta-below\"><span class=\"meta-item date\"><span class=\"date-link\"><time class=\"post-date\" datetime=\"2026-04-22T17:17:49-03:00\">22 de abril de 2026<\/time><\/span><\/span><\/div><\/div>\t\t\t\n\t\t\t\n\t\t\t\n\t\t<\/div>\n\n\t\n<\/article>\t\n\t\t\n\t<\/div>\n\n\t\t\t<\/div>\n\n\n\t\t\t\t<\/div>\n\n\t\t<\/section>\n\t\t\t\t\t\t<\/div>\n\t\t\t\t<\/div>\n\t\t\t\t<div class=\"elementor-element elementor-element-06c18bd elementor-widget elementor-widget-smartmag-overlay\" data-id=\"06c18bd\" data-element_type=\"widget\" data-e-type=\"widget\" data-widget_type=\"smartmag-overlay.default\">\n\t\t\t\t<div class=\"elementor-widget-container\">\n\t\t\t\t\t\t\t<section class=\"block-wrap block-overlay block-sc cols-gap-sm mb-none\" data-id=\"18\">\n\n\t\t\t\t\t\t\t\t\n\t\t\t\t\t\t\t\n\t\t\t\t<div class=\"block-head block-head-ac block-head-c is-left\">\n\n\t\t\t\t\t<h4 class=\"heading\">SHOWS, FEIRAS E EXPOSI\u00c7\u00d5ES<\/h4>\t\t\t\t\t\n\t\t\t\t\t\t\t\t\t<\/div>\n\t\t\t\t\n\t\t\t\n\t\t\t\n\t\t\t<div class=\"block-content\">\n\t\t\t\t\t\n\t<div data-slider=\"carousel\" data-autoplay=\"1\" data-speed data-slides=\"3\" data-slides-md data-slides-sm data-arrows=\"b\" data-dots=\"1\" class=\"loop loop-overlay common-slider loop-carousel arrow-hover slider-arrow-b grid grid-3 md:grid-2 xs:grid-1\">\n\n\t\t\t\n\t\t\t\n<article class=\"l-post grid-overlay overlay-post grid-overlay-a overlay-base-post\">\n\n\t\n\t\t\t<div class=\"media\">\n\n\t\t\n\t\t\t<a href=\"https:\/\/obuxixeiro.com.br\/?p=155516\" class=\"image-link media-ratio ratio-4-3\" title=\"Orquestra Jovem do Estado se apresenta na Sala S\u00e3o Paulo neste domingo\"><img loading=\"lazy\" decoding=\"async\" width=\"408\" height=\"306\" src=\"https:\/\/obuxixeiro.com.br\/wp-content\/uploads\/2026\/04\/155516-orquestra-jovem-do-estado-se-apresenta-na-sala-sao-paulo-neste-domingo-450x300.png\" class=\"attachment-bunyad-medium size-bunyad-medium wp-post-image\" alt=\"orquestra-jovem-do-estado-se-apresenta-na-sala-sao-paulo-neste-domingo\" sizes=\"(max-width: 408px) 100vw, 408px\" title=\"Orquestra Jovem do Estado se apresenta na Sala S\u00e3o Paulo neste domingo\" srcset=\"https:\/\/obuxixeiro.com.br\/wp-content\/uploads\/2026\/04\/155516-orquestra-jovem-do-estado-se-apresenta-na-sala-sao-paulo-neste-domingo-450x300.png 450w, https:\/\/obuxixeiro.com.br\/wp-content\/uploads\/2026\/04\/155516-orquestra-jovem-do-estado-se-apresenta-na-sala-sao-paulo-neste-domingo-1024x683.png 1024w, https:\/\/obuxixeiro.com.br\/wp-content\/uploads\/2026\/04\/155516-orquestra-jovem-do-estado-se-apresenta-na-sala-sao-paulo-neste-domingo-768x512.png 768w, https:\/\/obuxixeiro.com.br\/wp-content\/uploads\/2026\/04\/155516-orquestra-jovem-do-estado-se-apresenta-na-sala-sao-paulo-neste-domingo-1200x800.png 1200w, https:\/\/obuxixeiro.com.br\/wp-content\/uploads\/2026\/04\/155516-orquestra-jovem-do-estado-se-apresenta-na-sala-sao-paulo-neste-domingo.png 1536w\" \/><\/a>\t\t\t\n\t\t\t\n\t\t\t\n\t\t\t\n\t\t\n\t\t<\/div>\n\t\n\n\t\t\t<div class=\"content-wrap\">\n\t\n\t\t<div class=\"content\">\n\n\t\t\t<div class=\"post-meta post-meta-a meta-contrast\"><div class=\"post-meta-items meta-above\"><span class=\"meta-item cat-labels\">\n\t\t\t\t\t\t\n\t\t\t\t\t\t<a href=\"https:\/\/obuxixeiro.com.br\/?cat=71\" class=\"category term-color-71\" rel=\"category\" tabindex=\"-1\">Shows e Eventos<\/a>\n\t\t\t\t\t<\/span>\n\t\t\t\t\t<\/div><h2 class=\"is-title post-title\"><a href=\"https:\/\/obuxixeiro.com.br\/?p=155516\">Orquestra Jovem do Estado se apresenta na Sala S\u00e3o Paulo neste domingo<\/a><\/h2><\/div>\t\t\t\n\t\t\t\n\t\t\t\n\t\t<\/div>\n\n\t\t\t<\/div>\n\t\n<\/article>\n\t\t\t\n\t\t\t\n<article class=\"l-post grid-overlay overlay-post grid-overlay-a overlay-base-post\">\n\n\t\n\t\t\t<div class=\"media\">\n\n\t\t\n\t\t\t<a href=\"https:\/\/obuxixeiro.com.br\/?p=155523\" class=\"image-link media-ratio ratio-4-3\" title=\"Mostra Picadilha promove bate-papo gratuito sobre grafite neste s\u00e1bado em SP\"><img loading=\"lazy\" decoding=\"async\" width=\"408\" height=\"306\" src=\"https:\/\/obuxixeiro.com.br\/wp-content\/uploads\/2026\/04\/155523-mostra-picadilha-promove-bate-papo-gratuito-sobre-grafite-neste-sabado-em-sp-450x300.png\" class=\"attachment-bunyad-medium size-bunyad-medium wp-post-image\" alt=\"mostra-picadilha-promove-bate-papo-gratuito-sobre-grafite-neste-sabado-em-sp\" sizes=\"(max-width: 408px) 100vw, 408px\" title=\"Mostra Picadilha promove bate-papo gratuito sobre grafite neste s\u00e1bado em SP\" srcset=\"https:\/\/obuxixeiro.com.br\/wp-content\/uploads\/2026\/04\/155523-mostra-picadilha-promove-bate-papo-gratuito-sobre-grafite-neste-sabado-em-sp-450x300.png 450w, https:\/\/obuxixeiro.com.br\/wp-content\/uploads\/2026\/04\/155523-mostra-picadilha-promove-bate-papo-gratuito-sobre-grafite-neste-sabado-em-sp-1024x683.png 1024w, https:\/\/obuxixeiro.com.br\/wp-content\/uploads\/2026\/04\/155523-mostra-picadilha-promove-bate-papo-gratuito-sobre-grafite-neste-sabado-em-sp-768x512.png 768w, https:\/\/obuxixeiro.com.br\/wp-content\/uploads\/2026\/04\/155523-mostra-picadilha-promove-bate-papo-gratuito-sobre-grafite-neste-sabado-em-sp-1200x800.png 1200w, https:\/\/obuxixeiro.com.br\/wp-content\/uploads\/2026\/04\/155523-mostra-picadilha-promove-bate-papo-gratuito-sobre-grafite-neste-sabado-em-sp.png 1536w\" \/><\/a>\t\t\t\n\t\t\t\n\t\t\t\n\t\t\t\n\t\t\n\t\t<\/div>\n\t\n\n\t\t\t<div class=\"content-wrap\">\n\t\n\t\t<div class=\"content\">\n\n\t\t\t<div class=\"post-meta post-meta-a meta-contrast\"><div class=\"post-meta-items meta-above\"><span class=\"meta-item cat-labels\">\n\t\t\t\t\t\t\n\t\t\t\t\t\t<a href=\"https:\/\/obuxixeiro.com.br\/?cat=72\" class=\"category term-color-72\" rel=\"category\" tabindex=\"-1\">Feiras e Exposi\u00e7\u00f5es<\/a>\n\t\t\t\t\t<\/span>\n\t\t\t\t\t<\/div><h2 class=\"is-title post-title\"><a href=\"https:\/\/obuxixeiro.com.br\/?p=155523\">Mostra Picadilha promove bate-papo gratuito sobre grafite neste s\u00e1bado em SP<\/a><\/h2><\/div>\t\t\t\n\t\t\t\n\t\t\t\n\t\t<\/div>\n\n\t\t\t<\/div>\n\t\n<\/article>\n\t\t\t\n\t\t\t\n<article class=\"l-post grid-overlay overlay-post grid-overlay-a overlay-base-post\">\n\n\t\n\t\t\t<div class=\"media\">\n\n\t\t\n\t\t\t<a href=\"https:\/\/obuxixeiro.com.br\/?p=155525\" class=\"image-link media-ratio ratio-4-3\" title=\"S\u00e3o Paulo Innovation Week ter\u00e1 programa\u00e7\u00e3o voltada \u00e0 m\u00fasica e literatura\"><img loading=\"lazy\" decoding=\"async\" width=\"408\" height=\"306\" src=\"https:\/\/obuxixeiro.com.br\/wp-content\/uploads\/2026\/04\/155525-sao-paulo-innovation-week-tera-programacao-voltada-a-musica-e-literatura-450x300.png\" class=\"attachment-bunyad-medium size-bunyad-medium wp-post-image\" alt=\"sao-paulo-innovation-week-tera-programacao-voltada-a-musica-e-literatura\" sizes=\"(max-width: 408px) 100vw, 408px\" title=\"S\u00e3o Paulo Innovation Week ter\u00e1 programa\u00e7\u00e3o voltada \u00e0 m\u00fasica e literatura\" srcset=\"https:\/\/obuxixeiro.com.br\/wp-content\/uploads\/2026\/04\/155525-sao-paulo-innovation-week-tera-programacao-voltada-a-musica-e-literatura-450x300.png 450w, https:\/\/obuxixeiro.com.br\/wp-content\/uploads\/2026\/04\/155525-sao-paulo-innovation-week-tera-programacao-voltada-a-musica-e-literatura-1024x683.png 1024w, https:\/\/obuxixeiro.com.br\/wp-content\/uploads\/2026\/04\/155525-sao-paulo-innovation-week-tera-programacao-voltada-a-musica-e-literatura-768x512.png 768w, https:\/\/obuxixeiro.com.br\/wp-content\/uploads\/2026\/04\/155525-sao-paulo-innovation-week-tera-programacao-voltada-a-musica-e-literatura-1200x800.png 1200w, https:\/\/obuxixeiro.com.br\/wp-content\/uploads\/2026\/04\/155525-sao-paulo-innovation-week-tera-programacao-voltada-a-musica-e-literatura.png 1536w\" \/><\/a>\t\t\t\n\t\t\t\n\t\t\t\n\t\t\t\n\t\t\n\t\t<\/div>\n\t\n\n\t\t\t<div class=\"content-wrap\">\n\t\n\t\t<div class=\"content\">\n\n\t\t\t<div class=\"post-meta post-meta-a meta-contrast\"><div class=\"post-meta-items meta-above\"><span class=\"meta-item cat-labels\">\n\t\t\t\t\t\t\n\t\t\t\t\t\t<a href=\"https:\/\/obuxixeiro.com.br\/?cat=71\" class=\"category term-color-71\" rel=\"category\" tabindex=\"-1\">Shows e Eventos<\/a>\n\t\t\t\t\t<\/span>\n\t\t\t\t\t<\/div><h2 class=\"is-title post-title\"><a href=\"https:\/\/obuxixeiro.com.br\/?p=155525\">S\u00e3o Paulo Innovation Week ter\u00e1 programa\u00e7\u00e3o voltada \u00e0 m\u00fasica e literatura<\/a><\/h2><\/div>\t\t\t\n\t\t\t\n\t\t\t\n\t\t<\/div>\n\n\t\t\t<\/div>\n\t\n<\/article>\n\t\t\n\t<\/div>\n\n\t\t\n\t\t\t<\/div>\n\n\t\t<\/section>\n\t\t\t\t\t\t<\/div>\n\t\t\t\t<\/div>\n\t\t\t\t<div class=\"elementor-element elementor-element-1648572 elementor-widget elementor-widget-smartmag-overlay\" data-id=\"1648572\" data-element_type=\"widget\" data-e-type=\"widget\" data-widget_type=\"smartmag-overlay.default\">\n\t\t\t\t<div class=\"elementor-widget-container\">\n\t\t\t\t\t\t\t<section class=\"block-wrap block-overlay block-sc cols-gap-sm mb-none\" data-id=\"19\">\n\n\t\t\t\t\t\t\t\t\n\t\t\t\t\t\t\t\n\t\t\t\t<div class=\"block-head block-head-ac block-head-c is-left\">\n\n\t\t\t\t\t<h4 class=\"heading\">EC\u00d4NOMIA, MERCADO E OPORTUNIDADES<\/h4>\t\t\t\t\t\n\t\t\t\t\t\t\t\t\t<\/div>\n\t\t\t\t\n\t\t\t\n\t\t\t\n\t\t\t<div class=\"block-content\">\n\t\t\t\t\t\n\t<div data-slider=\"carousel\" data-autoplay=\"1\" data-speed data-slides=\"3\" data-slides-md data-slides-sm data-arrows=\"b\" data-dots=\"1\" class=\"loop loop-overlay common-slider loop-carousel arrow-hover slider-arrow-b grid grid-3 md:grid-2 xs:grid-1\">\n\n\t\t\t\n\t\t\t\n<article class=\"l-post grid-overlay overlay-post grid-overlay-a overlay-base-post\">\n\n\t\n\t\t\t<div class=\"media\">\n\n\t\t\n\t\t\t<a href=\"https:\/\/obuxixeiro.com.br\/?p=156149\" class=\"image-link media-ratio ratio-4-3\" title=\"Mercado financeiro mant\u00e9m press\u00e3o sobre juros e projeta Selic a 13% diante de infla\u00e7\u00e3o resistente\"><img loading=\"lazy\" decoding=\"async\" width=\"408\" height=\"306\" src=\"https:\/\/obuxixeiro.com.br\/wp-content\/uploads\/2026\/04\/156149-mercado-financeiro-mantem-pressao-sobre-juros-e-projeta-selic-a-13-diante-de-inflacao-resistente-450x300.jpg\" class=\"attachment-bunyad-medium size-bunyad-medium wp-post-image\" alt=\"mercado-financeiro-mantem-pressao-sobre-juros-e-projeta-selic-a-13%-diante-de-inflacao-resistente\" sizes=\"(max-width: 408px) 100vw, 408px\" title=\"Mercado financeiro mant\u00e9m press\u00e3o sobre juros e projeta Selic a 13% diante de infla\u00e7\u00e3o resistente\" srcset=\"https:\/\/obuxixeiro.com.br\/wp-content\/uploads\/2026\/04\/156149-mercado-financeiro-mantem-pressao-sobre-juros-e-projeta-selic-a-13-diante-de-inflacao-resistente-450x300.jpg 450w, https:\/\/obuxixeiro.com.br\/wp-content\/uploads\/2026\/04\/156149-mercado-financeiro-mantem-pressao-sobre-juros-e-projeta-selic-a-13-diante-de-inflacao-resistente-1024x682.jpg 1024w, https:\/\/obuxixeiro.com.br\/wp-content\/uploads\/2026\/04\/156149-mercado-financeiro-mantem-pressao-sobre-juros-e-projeta-selic-a-13-diante-de-inflacao-resistente-768x512.jpg 768w, https:\/\/obuxixeiro.com.br\/wp-content\/uploads\/2026\/04\/156149-mercado-financeiro-mantem-pressao-sobre-juros-e-projeta-selic-a-13-diante-de-inflacao-resistente-1536x1024.jpg 1536w, https:\/\/obuxixeiro.com.br\/wp-content\/uploads\/2026\/04\/156149-mercado-financeiro-mantem-pressao-sobre-juros-e-projeta-selic-a-13-diante-de-inflacao-resistente-2048x1365.jpg 2048w, https:\/\/obuxixeiro.com.br\/wp-content\/uploads\/2026\/04\/156149-mercado-financeiro-mantem-pressao-sobre-juros-e-projeta-selic-a-13-diante-de-inflacao-resistente-1200x800.jpg 1200w\" \/><\/a>\t\t\t\n\t\t\t\n\t\t\t\n\t\t\t\n\t\t\n\t\t<\/div>\n\t\n\n\t\t\t<div class=\"content-wrap\">\n\t\n\t\t<div class=\"content\">\n\n\t\t\t<div class=\"post-meta post-meta-a meta-contrast\"><div class=\"post-meta-items meta-above\"><span class=\"meta-item cat-labels\">\n\t\t\t\t\t\t\n\t\t\t\t\t\t<a href=\"https:\/\/obuxixeiro.com.br\/?cat=38\" class=\"category term-color-38\" rel=\"category\" tabindex=\"-1\">Economia<\/a>\n\t\t\t\t\t<\/span>\n\t\t\t\t\t<\/div><h2 class=\"is-title post-title\"><a href=\"https:\/\/obuxixeiro.com.br\/?p=156149\">Mercado financeiro mant\u00e9m press\u00e3o sobre juros e projeta Selic a 13% diante de infla\u00e7\u00e3o resistente<\/a><\/h2><\/div>\t\t\t\n\t\t\t\n\t\t\t\n\t\t<\/div>\n\n\t\t\t<\/div>\n\t\n<\/article>\n\t\t\t\n\t\t\t\n<article class=\"l-post grid-overlay overlay-post grid-overlay-a overlay-base-post\">\n\n\t\n\t\t\t<div class=\"media\">\n\n\t\t\n\t\t\t<a href=\"https:\/\/obuxixeiro.com.br\/?p=155641\" class=\"image-link media-ratio ratio-4-3\" title=\"Moradora deixa Favela do Moinho e relata mudan\u00e7a ap\u00f3s acesso \u00e0 habita\u00e7\u00e3o em SP\"><img loading=\"lazy\" decoding=\"async\" width=\"408\" height=\"306\" src=\"https:\/\/obuxixeiro.com.br\/wp-content\/uploads\/2026\/04\/155641-moradora-deixa-favela-do-moinho-e-relata-mudanca-apos-acesso-a-habitacao-em-sp-450x300.png\" class=\"attachment-bunyad-medium size-bunyad-medium wp-post-image\" alt=\"moradora-deixa-favela-do-moinho-e-relata-mudanca-apos-acesso-a-habitacao-em-sp\" sizes=\"(max-width: 408px) 100vw, 408px\" title=\"Moradora deixa Favela do Moinho e relata mudan\u00e7a ap\u00f3s acesso \u00e0 habita\u00e7\u00e3o em SP\" srcset=\"https:\/\/obuxixeiro.com.br\/wp-content\/uploads\/2026\/04\/155641-moradora-deixa-favela-do-moinho-e-relata-mudanca-apos-acesso-a-habitacao-em-sp-450x300.png 450w, https:\/\/obuxixeiro.com.br\/wp-content\/uploads\/2026\/04\/155641-moradora-deixa-favela-do-moinho-e-relata-mudanca-apos-acesso-a-habitacao-em-sp-1024x683.png 1024w, https:\/\/obuxixeiro.com.br\/wp-content\/uploads\/2026\/04\/155641-moradora-deixa-favela-do-moinho-e-relata-mudanca-apos-acesso-a-habitacao-em-sp-768x512.png 768w, https:\/\/obuxixeiro.com.br\/wp-content\/uploads\/2026\/04\/155641-moradora-deixa-favela-do-moinho-e-relata-mudanca-apos-acesso-a-habitacao-em-sp-1200x800.png 1200w, https:\/\/obuxixeiro.com.br\/wp-content\/uploads\/2026\/04\/155641-moradora-deixa-favela-do-moinho-e-relata-mudanca-apos-acesso-a-habitacao-em-sp.png 1536w\" \/><\/a>\t\t\t\n\t\t\t\n\t\t\t\n\t\t\t\n\t\t\n\t\t<\/div>\n\t\n\n\t\t\t<div class=\"content-wrap\">\n\t\n\t\t<div class=\"content\">\n\n\t\t\t<div class=\"post-meta post-meta-a meta-contrast\"><div class=\"post-meta-items meta-above\"><span class=\"meta-item cat-labels\">\n\t\t\t\t\t\t\n\t\t\t\t\t\t<a href=\"https:\/\/obuxixeiro.com.br\/?cat=38\" class=\"category term-color-38\" rel=\"category\" tabindex=\"-1\">Economia<\/a>\n\t\t\t\t\t<\/span>\n\t\t\t\t\t<\/div><h2 class=\"is-title post-title\"><a href=\"https:\/\/obuxixeiro.com.br\/?p=155641\">Moradora deixa Favela do Moinho e relata mudan\u00e7a ap\u00f3s acesso \u00e0 habita\u00e7\u00e3o em SP<\/a><\/h2><\/div>\t\t\t\n\t\t\t\n\t\t\t\n\t\t<\/div>\n\n\t\t\t<\/div>\n\t\n<\/article>\n\t\t\t\n\t\t\t\n<article class=\"l-post grid-overlay overlay-post grid-overlay-a overlay-base-post\">\n\n\t\n\t\t\t<div class=\"media\">\n\n\t\t\n\t\t\t<a href=\"https:\/\/obuxixeiro.com.br\/?p=155390\" class=\"image-link media-ratio ratio-4-3\" title=\"Feir\u00e3o Casa Paulista oferece R$ 67 milh\u00f5es em subs\u00eddios para compra do primeiro im\u00f3vel\"><img loading=\"lazy\" decoding=\"async\" width=\"408\" height=\"306\" src=\"https:\/\/obuxixeiro.com.br\/wp-content\/uploads\/2026\/04\/155390-feirao-casa-paulista-oferece-r-67-milhoes-em-subsidios-para-compra-do-primeiro-imovel-450x300.png\" class=\"attachment-bunyad-medium size-bunyad-medium wp-post-image\" alt=\"feirao-casa-paulista-oferece-r$-67-milhoes-em-subsidios-para-compra-do-primeiro-imovel\" sizes=\"(max-width: 408px) 100vw, 408px\" title=\"Feir\u00e3o Casa Paulista oferece R$ 67 milh\u00f5es em subs\u00eddios para compra do primeiro im\u00f3vel\" srcset=\"https:\/\/obuxixeiro.com.br\/wp-content\/uploads\/2026\/04\/155390-feirao-casa-paulista-oferece-r-67-milhoes-em-subsidios-para-compra-do-primeiro-imovel-450x300.png 450w, https:\/\/obuxixeiro.com.br\/wp-content\/uploads\/2026\/04\/155390-feirao-casa-paulista-oferece-r-67-milhoes-em-subsidios-para-compra-do-primeiro-imovel-1024x683.png 1024w, https:\/\/obuxixeiro.com.br\/wp-content\/uploads\/2026\/04\/155390-feirao-casa-paulista-oferece-r-67-milhoes-em-subsidios-para-compra-do-primeiro-imovel-768x512.png 768w, https:\/\/obuxixeiro.com.br\/wp-content\/uploads\/2026\/04\/155390-feirao-casa-paulista-oferece-r-67-milhoes-em-subsidios-para-compra-do-primeiro-imovel-1200x800.png 1200w, https:\/\/obuxixeiro.com.br\/wp-content\/uploads\/2026\/04\/155390-feirao-casa-paulista-oferece-r-67-milhoes-em-subsidios-para-compra-do-primeiro-imovel.png 1536w\" \/><\/a>\t\t\t\n\t\t\t\n\t\t\t\n\t\t\t\n\t\t\n\t\t<\/div>\n\t\n\n\t\t\t<div class=\"content-wrap\">\n\t\n\t\t<div class=\"content\">\n\n\t\t\t<div class=\"post-meta post-meta-a meta-contrast\"><div class=\"post-meta-items meta-above\"><span class=\"meta-item cat-labels\">\n\t\t\t\t\t\t\n\t\t\t\t\t\t<a href=\"https:\/\/obuxixeiro.com.br\/?cat=38\" class=\"category term-color-38\" rel=\"category\" tabindex=\"-1\">Economia<\/a>\n\t\t\t\t\t<\/span>\n\t\t\t\t\t<\/div><h2 class=\"is-title post-title\"><a href=\"https:\/\/obuxixeiro.com.br\/?p=155390\">Feir\u00e3o Casa Paulista oferece R$ 67 milh\u00f5es em subs\u00eddios para compra do primeiro im\u00f3vel<\/a><\/h2><\/div>\t\t\t\n\t\t\t\n\t\t\t\n\t\t<\/div>\n\n\t\t\t<\/div>\n\t\n<\/article>\n\t\t\n\t<\/div>\n\n\t\t\n\t\t\t<\/div>\n\n\t\t<\/section>\n\t\t\t\t\t\t<\/div>\n\t\t\t\t<\/div>\n\t\t\t\t<div class=\"elementor-element elementor-element-c22fb5c elementor-widget elementor-widget-smartmag-postssmall\" data-id=\"c22fb5c\" data-element_type=\"widget\" data-e-type=\"widget\" data-widget_type=\"smartmag-postssmall.default\">\n\t\t\t\t<div class=\"elementor-widget-container\">\n\t\t\t\t\t\t\t<section class=\"block-wrap block-posts-small block-sc mb-none\" data-id=\"20\">\n\n\t\t\t\t\t\t\t\t\n\t\t\t\t\t\t\t\n\t\t\t\t<div class=\"block-head block-head-ac block-head-c is-left\">\n\n\t\t\t\t\t<h4 class=\"heading\">EDUCA\u00c7\u00c3O, SOCIEDADE E EXPERI\u00caNCIAS<\/h4>\t\t\t\t\t\n\t\t\t\t\t\t\t\t\t<\/div>\n\t\t\t\t\n\t\t\t\n\t\t\t\n\t\t\t<div class=\"block-content\">\n\t\t\t\t\n\t<div data-slider=\"carousel\" data-autoplay=\"1\" data-speed data-slides=\"2\" data-slides-md data-slides-sm data-arrows=\"b\" data-dots=\"1\" class=\"loop loop-small loop-small- common-slider loop-carousel arrow-hover slider-arrow-b grid grid-2 md:grid-1 sm:grid-1 xs:grid-1\">\n\n\t\t\t\t\t\n<article class=\"l-post small-post m-pos-left\">\n\n\t\n\t\t\t<div class=\"media\">\n\n\t\t\n\t\t\t<a href=\"https:\/\/obuxixeiro.com.br\/?p=155643\" class=\"image-link media-ratio ratio-4-3\" title=\"Governo de SP abre mil vagas para cursos gratuitos na \u00e1rea de cultura\"><img loading=\"lazy\" decoding=\"async\" width=\"153\" height=\"115\" src=\"https:\/\/obuxixeiro.com.br\/wp-content\/uploads\/2026\/04\/155643-governo-de-sp-abre-mil-vagas-para-cursos-gratuitos-na-area-de-cultura-300x200.png\" class=\"attachment-medium size-medium wp-post-image\" alt=\"governo-de-sp-abre-mil-vagas-para-cursos-gratuitos-na-area-de-cultura\" sizes=\"(max-width: 153px) 100vw, 153px\" title=\"Governo de SP abre mil vagas para cursos gratuitos na \u00e1rea de cultura\" srcset=\"https:\/\/obuxixeiro.com.br\/wp-content\/uploads\/2026\/04\/155643-governo-de-sp-abre-mil-vagas-para-cursos-gratuitos-na-area-de-cultura-300x200.png 300w, https:\/\/obuxixeiro.com.br\/wp-content\/uploads\/2026\/04\/155643-governo-de-sp-abre-mil-vagas-para-cursos-gratuitos-na-area-de-cultura-1024x683.png 1024w, https:\/\/obuxixeiro.com.br\/wp-content\/uploads\/2026\/04\/155643-governo-de-sp-abre-mil-vagas-para-cursos-gratuitos-na-area-de-cultura-768x512.png 768w, https:\/\/obuxixeiro.com.br\/wp-content\/uploads\/2026\/04\/155643-governo-de-sp-abre-mil-vagas-para-cursos-gratuitos-na-area-de-cultura-450x300.png 450w, https:\/\/obuxixeiro.com.br\/wp-content\/uploads\/2026\/04\/155643-governo-de-sp-abre-mil-vagas-para-cursos-gratuitos-na-area-de-cultura-1200x800.png 1200w, https:\/\/obuxixeiro.com.br\/wp-content\/uploads\/2026\/04\/155643-governo-de-sp-abre-mil-vagas-para-cursos-gratuitos-na-area-de-cultura-219x146.png 219w, https:\/\/obuxixeiro.com.br\/wp-content\/uploads\/2026\/04\/155643-governo-de-sp-abre-mil-vagas-para-cursos-gratuitos-na-area-de-cultura.png 1536w\" \/><\/a>\t\t\t\n\t\t\t\n\t\t\t\n\t\t\t\n\t\t\n\t\t<\/div>\n\t\n\n\t\n\t\t<div class=\"content\">\n\n\t\t\t<div class=\"post-meta post-meta-a post-meta-left has-below\"><h4 class=\"is-title post-title limit-lines l-lines-2\"><a href=\"https:\/\/obuxixeiro.com.br\/?p=155643\">Governo de SP abre mil vagas para cursos gratuitos na \u00e1rea de cultura<\/a><\/h4><div class=\"post-meta-items meta-below\"><span class=\"meta-item date\"><span class=\"date-link\"><time class=\"post-date\" datetime=\"2026-04-24T11:42:58-03:00\">24 de abril de 2026<\/time><\/span><\/span><\/div><\/div>\t\t\t\n\t\t\t\n\t\t\t\n\t\t<\/div>\n\n\t\n<\/article>\t\n\t\t\t\t\t\n<article class=\"l-post small-post m-pos-left\">\n\n\t\n\t\t\t<div class=\"media\">\n\n\t\t\n\t\t\t<a href=\"https:\/\/obuxixeiro.com.br\/?p=155398\" class=\"image-link media-ratio ratio-4-3\" title=\"SP abre 1,7 mil vagas em cursos gratuitos com inscri\u00e7\u00f5es at\u00e9 28 de abril\"><img loading=\"lazy\" decoding=\"async\" width=\"153\" height=\"115\" src=\"https:\/\/obuxixeiro.com.br\/wp-content\/uploads\/2026\/04\/155398-sp-abre-17-mil-vagas-em-cursos-gratuitos-com-inscricoes-ate-28-de-abril-300x200.png\" class=\"attachment-medium size-medium wp-post-image\" alt=\"sp-abre-1,7-mil-vagas-em-cursos-gratuitos-com-inscricoes-ate-28-de-abril\" sizes=\"(max-width: 153px) 100vw, 153px\" title=\"SP abre 1,7 mil vagas em cursos gratuitos com inscri\u00e7\u00f5es at\u00e9 28 de abril\" srcset=\"https:\/\/obuxixeiro.com.br\/wp-content\/uploads\/2026\/04\/155398-sp-abre-17-mil-vagas-em-cursos-gratuitos-com-inscricoes-ate-28-de-abril-300x200.png 300w, https:\/\/obuxixeiro.com.br\/wp-content\/uploads\/2026\/04\/155398-sp-abre-17-mil-vagas-em-cursos-gratuitos-com-inscricoes-ate-28-de-abril-1024x683.png 1024w, https:\/\/obuxixeiro.com.br\/wp-content\/uploads\/2026\/04\/155398-sp-abre-17-mil-vagas-em-cursos-gratuitos-com-inscricoes-ate-28-de-abril-768x512.png 768w, https:\/\/obuxixeiro.com.br\/wp-content\/uploads\/2026\/04\/155398-sp-abre-17-mil-vagas-em-cursos-gratuitos-com-inscricoes-ate-28-de-abril-450x300.png 450w, https:\/\/obuxixeiro.com.br\/wp-content\/uploads\/2026\/04\/155398-sp-abre-17-mil-vagas-em-cursos-gratuitos-com-inscricoes-ate-28-de-abril-1200x800.png 1200w, https:\/\/obuxixeiro.com.br\/wp-content\/uploads\/2026\/04\/155398-sp-abre-17-mil-vagas-em-cursos-gratuitos-com-inscricoes-ate-28-de-abril-219x146.png 219w, https:\/\/obuxixeiro.com.br\/wp-content\/uploads\/2026\/04\/155398-sp-abre-17-mil-vagas-em-cursos-gratuitos-com-inscricoes-ate-28-de-abril.png 1536w\" \/><\/a>\t\t\t\n\t\t\t\n\t\t\t\n\t\t\t\n\t\t\n\t\t<\/div>\n\t\n\n\t\n\t\t<div class=\"content\">\n\n\t\t\t<div class=\"post-meta post-meta-a post-meta-left has-below\"><h4 class=\"is-title post-title limit-lines l-lines-2\"><a href=\"https:\/\/obuxixeiro.com.br\/?p=155398\">SP abre 1,7 mil vagas em cursos gratuitos com inscri\u00e7\u00f5es at\u00e9 28 de abril<\/a><\/h4><div class=\"post-meta-items meta-below\"><span class=\"meta-item date\"><span class=\"date-link\"><time class=\"post-date\" datetime=\"2026-04-22T17:17:55-03:00\">22 de abril de 2026<\/time><\/span><\/span><\/div><\/div>\t\t\t\n\t\t\t\n\t\t\t\n\t\t<\/div>\n\n\t\n<\/article>\t\n\t\t\t\t\t\n<article class=\"l-post small-post m-pos-left\">\n\n\t\n\t\t\t<div class=\"media\">\n\n\t\t\n\t\t\t<a href=\"https:\/\/obuxixeiro.com.br\/?p=155406\" class=\"image-link media-ratio ratio-4-3\" title=\"Matr\u00edculas para o Prov\u00e3o Paulista est\u00e3o abertas na primeira chamada\"><img loading=\"lazy\" decoding=\"async\" width=\"153\" height=\"115\" src=\"https:\/\/obuxixeiro.com.br\/wp-content\/uploads\/2026\/04\/155406-matriculas-para-o-provao-paulista-estao-abertas-na-primeira-chamada-300x200.png\" class=\"attachment-medium size-medium wp-post-image\" alt=\"matriculas-para-o-provao-paulista-estao-abertas-na-primeira-chamada\" sizes=\"(max-width: 153px) 100vw, 153px\" title=\"Matr\u00edculas para o Prov\u00e3o Paulista est\u00e3o abertas na primeira chamada\" srcset=\"https:\/\/obuxixeiro.com.br\/wp-content\/uploads\/2026\/04\/155406-matriculas-para-o-provao-paulista-estao-abertas-na-primeira-chamada-300x200.png 300w, https:\/\/obuxixeiro.com.br\/wp-content\/uploads\/2026\/04\/155406-matriculas-para-o-provao-paulista-estao-abertas-na-primeira-chamada-1024x683.png 1024w, https:\/\/obuxixeiro.com.br\/wp-content\/uploads\/2026\/04\/155406-matriculas-para-o-provao-paulista-estao-abertas-na-primeira-chamada-768x512.png 768w, https:\/\/obuxixeiro.com.br\/wp-content\/uploads\/2026\/04\/155406-matriculas-para-o-provao-paulista-estao-abertas-na-primeira-chamada-450x300.png 450w, https:\/\/obuxixeiro.com.br\/wp-content\/uploads\/2026\/04\/155406-matriculas-para-o-provao-paulista-estao-abertas-na-primeira-chamada-1200x800.png 1200w, https:\/\/obuxixeiro.com.br\/wp-content\/uploads\/2026\/04\/155406-matriculas-para-o-provao-paulista-estao-abertas-na-primeira-chamada-219x146.png 219w, https:\/\/obuxixeiro.com.br\/wp-content\/uploads\/2026\/04\/155406-matriculas-para-o-provao-paulista-estao-abertas-na-primeira-chamada.png 1536w\" \/><\/a>\t\t\t\n\t\t\t\n\t\t\t\n\t\t\t\n\t\t\n\t\t<\/div>\n\t\n\n\t\n\t\t<div class=\"content\">\n\n\t\t\t<div class=\"post-meta post-meta-a post-meta-left has-below\"><h4 class=\"is-title post-title limit-lines l-lines-2\"><a href=\"https:\/\/obuxixeiro.com.br\/?p=155406\">Matr\u00edculas para o Prov\u00e3o Paulista est\u00e3o abertas na primeira chamada<\/a><\/h4><div class=\"post-meta-items meta-below\"><span class=\"meta-item date\"><span class=\"date-link\"><time class=\"post-date\" datetime=\"2026-04-22T17:17:54-03:00\">22 de abril de 2026<\/time><\/span><\/span><\/div><\/div>\t\t\t\n\t\t\t\n\t\t\t\n\t\t<\/div>\n\n\t\n<\/article>\t\n\t\t\t\t\t\n<article class=\"l-post small-post m-pos-left\">\n\n\t\n\t\t\t<div class=\"media\">\n\n\t\t\n\t\t\t<a href=\"https:\/\/obuxixeiro.com.br\/?p=155413\" class=\"image-link media-ratio ratio-4-3\" title=\"Acesso ao pr\u00e9-natal completo \u00e9 menor entre ind\u00edgenas e mulheres com baixa escolaridade no Brasil\"><img loading=\"lazy\" decoding=\"async\" width=\"153\" height=\"115\" src=\"https:\/\/obuxixeiro.com.br\/wp-content\/uploads\/2026\/04\/155413-acesso-ao-pre-natal-completo-e-menor-entre-indigenas-e-mulheres-com-baixa-escolaridade-no-brasil-300x200.png\" class=\"attachment-medium size-medium wp-post-image\" alt=\"acesso-ao-pre-natal-completo-e-menor-entre-indigenas-e-mulheres-com-baixa-escolaridade-no-brasil\" sizes=\"(max-width: 153px) 100vw, 153px\" title=\"Acesso ao pr\u00e9-natal completo \u00e9 menor entre ind\u00edgenas e mulheres com baixa escolaridade no Brasil\" srcset=\"https:\/\/obuxixeiro.com.br\/wp-content\/uploads\/2026\/04\/155413-acesso-ao-pre-natal-completo-e-menor-entre-indigenas-e-mulheres-com-baixa-escolaridade-no-brasil-300x200.png 300w, https:\/\/obuxixeiro.com.br\/wp-content\/uploads\/2026\/04\/155413-acesso-ao-pre-natal-completo-e-menor-entre-indigenas-e-mulheres-com-baixa-escolaridade-no-brasil-1024x683.png 1024w, https:\/\/obuxixeiro.com.br\/wp-content\/uploads\/2026\/04\/155413-acesso-ao-pre-natal-completo-e-menor-entre-indigenas-e-mulheres-com-baixa-escolaridade-no-brasil-768x512.png 768w, https:\/\/obuxixeiro.com.br\/wp-content\/uploads\/2026\/04\/155413-acesso-ao-pre-natal-completo-e-menor-entre-indigenas-e-mulheres-com-baixa-escolaridade-no-brasil-450x300.png 450w, https:\/\/obuxixeiro.com.br\/wp-content\/uploads\/2026\/04\/155413-acesso-ao-pre-natal-completo-e-menor-entre-indigenas-e-mulheres-com-baixa-escolaridade-no-brasil-1200x800.png 1200w, https:\/\/obuxixeiro.com.br\/wp-content\/uploads\/2026\/04\/155413-acesso-ao-pre-natal-completo-e-menor-entre-indigenas-e-mulheres-com-baixa-escolaridade-no-brasil-219x146.png 219w, https:\/\/obuxixeiro.com.br\/wp-content\/uploads\/2026\/04\/155413-acesso-ao-pre-natal-completo-e-menor-entre-indigenas-e-mulheres-com-baixa-escolaridade-no-brasil.png 1536w\" \/><\/a>\t\t\t\n\t\t\t\n\t\t\t\n\t\t\t\n\t\t\n\t\t<\/div>\n\t\n\n\t\n\t\t<div class=\"content\">\n\n\t\t\t<div class=\"post-meta post-meta-a post-meta-left has-below\"><h4 class=\"is-title post-title limit-lines l-lines-2\"><a href=\"https:\/\/obuxixeiro.com.br\/?p=155413\">Acesso ao pr\u00e9-natal completo \u00e9 menor entre ind\u00edgenas e mulheres com baixa escolaridade no Brasil<\/a><\/h4><div class=\"post-meta-items meta-below\"><span class=\"meta-item date\"><span class=\"date-link\"><time class=\"post-date\" datetime=\"2026-04-22T17:17:53-03:00\">22 de abril de 2026<\/time><\/span><\/span><\/div><\/div>\t\t\t\n\t\t\t\n\t\t\t\n\t\t<\/div>\n\n\t\n<\/article>\t\n\t\t\t\t\t\n<article class=\"l-post small-post m-pos-left\">\n\n\t\n\t\t\t<div class=\"media\">\n\n\t\t\n\t\t\t<a href=\"https:\/\/obuxixeiro.com.br\/?p=154971\" class=\"image-link media-ratio ratio-4-3\" title=\"MEC Livros soma 122 mil empr\u00e9stimos gratuitos em apenas uma semana\"><img loading=\"lazy\" decoding=\"async\" width=\"153\" height=\"115\" src=\"https:\/\/obuxixeiro.com.br\/wp-content\/uploads\/2026\/04\/154971-mec-livros-soma-122-mil-emprestimos-gratuitos-em-apenas-uma-semana-300x150.jpg\" class=\"attachment-medium size-medium wp-post-image\" alt=\"mec-livros-soma-122-mil-emprestimos-gratuitos-em-apenas-uma-semana\" sizes=\"(max-width: 153px) 100vw, 153px\" title=\"MEC Livros soma 122 mil empr\u00e9stimos gratuitos em apenas uma semana\" srcset=\"https:\/\/obuxixeiro.com.br\/wp-content\/uploads\/2026\/04\/154971-mec-livros-soma-122-mil-emprestimos-gratuitos-em-apenas-uma-semana-300x150.jpg 300w, https:\/\/obuxixeiro.com.br\/wp-content\/uploads\/2026\/04\/154971-mec-livros-soma-122-mil-emprestimos-gratuitos-em-apenas-uma-semana-1024x512.jpg 1024w, https:\/\/obuxixeiro.com.br\/wp-content\/uploads\/2026\/04\/154971-mec-livros-soma-122-mil-emprestimos-gratuitos-em-apenas-uma-semana-768x384.jpg 768w, https:\/\/obuxixeiro.com.br\/wp-content\/uploads\/2026\/04\/154971-mec-livros-soma-122-mil-emprestimos-gratuitos-em-apenas-uma-semana-1536x768.jpg 1536w, https:\/\/obuxixeiro.com.br\/wp-content\/uploads\/2026\/04\/154971-mec-livros-soma-122-mil-emprestimos-gratuitos-em-apenas-uma-semana-450x225.jpg 450w, https:\/\/obuxixeiro.com.br\/wp-content\/uploads\/2026\/04\/154971-mec-livros-soma-122-mil-emprestimos-gratuitos-em-apenas-uma-semana-1200x600.jpg 1200w, https:\/\/obuxixeiro.com.br\/wp-content\/uploads\/2026\/04\/154971-mec-livros-soma-122-mil-emprestimos-gratuitos-em-apenas-uma-semana-260x130.jpg 260w, https:\/\/obuxixeiro.com.br\/wp-content\/uploads\/2026\/04\/154971-mec-livros-soma-122-mil-emprestimos-gratuitos-em-apenas-uma-semana.jpg 1600w\" \/><\/a>\t\t\t\n\t\t\t\n\t\t\t\n\t\t\t\n\t\t\n\t\t<\/div>\n\t\n\n\t\n\t\t<div class=\"content\">\n\n\t\t\t<div class=\"post-meta post-meta-a post-meta-left has-below\"><h4 class=\"is-title post-title limit-lines l-lines-2\"><a href=\"https:\/\/obuxixeiro.com.br\/?p=154971\">MEC Livros soma 122 mil empr\u00e9stimos gratuitos em apenas uma semana<\/a><\/h4><div class=\"post-meta-items meta-below\"><span class=\"meta-item date\"><span class=\"date-link\"><time class=\"post-date\" datetime=\"2026-04-11T06:22:31-03:00\">11 de abril de 2026<\/time><\/span><\/span><\/div><\/div>\t\t\t\n\t\t\t\n\t\t\t\n\t\t<\/div>\n\n\t\n<\/article>\t\n\t\t\n\t<\/div>\n\n\t\t\t\t\t<\/div>\n\n\t\t<\/section>\n\t\t\t\t\t\t<\/div>\n\t\t\t\t<\/div>\n\t\t\t\t<div class=\"elementor-element elementor-element-49f0cf3 elementor-widget elementor-widget-smartmag-overlay\" data-id=\"49f0cf3\" data-element_type=\"widget\" data-e-type=\"widget\" data-widget_type=\"smartmag-overlay.default\">\n\t\t\t\t<div class=\"elementor-widget-container\">\n\t\t\t\t\t\t\t<section class=\"block-wrap block-overlay block-sc cols-gap-sm mb-none\" data-id=\"21\">\n\n\t\t\t\t\t\t\t\t\n\t\t\t\t\t\t\t\n\t\t\t\t<div class=\"block-head block-head-ac block-head-c is-left\">\n\n\t\t\t\t\t<h4 class=\"heading\">CULTURA E ENTRETENIMENTO<\/h4>\t\t\t\t\t\n\t\t\t\t\t\t\t\t\t<\/div>\n\t\t\t\t\n\t\t\t\n\t\t\t\n\t\t\t<div class=\"block-content\">\n\t\t\t\t\t\n\t<div data-slider=\"carousel\" data-autoplay=\"1\" data-speed data-slides=\"3\" data-slides-md data-slides-sm data-arrows=\"b\" data-dots=\"1\" class=\"loop loop-overlay common-slider loop-carousel arrow-hover slider-arrow-b grid grid-3 md:grid-2 xs:grid-1\">\n\n\t\t\t\n\t\t\t\n<article class=\"l-post grid-overlay overlay-post grid-overlay-a overlay-base-post\">\n\n\t\n\t\t\t<div class=\"media\">\n\n\t\t\n\t\t\t<a href=\"https:\/\/obuxixeiro.com.br\/?p=155487\" class=\"image-link media-ratio ratio-4-3\" title=\"Governo de SP autoriza R$ 276 milh\u00f5es em conv\u00eanios com munic\u00edpios tur\u00edsticos\"><img loading=\"lazy\" decoding=\"async\" width=\"408\" height=\"306\" src=\"https:\/\/obuxixeiro.com.br\/wp-content\/uploads\/2026\/04\/155487-governo-de-sp-autoriza-r-276-milhoes-em-convenios-com-municipios-turisticos-450x300.png\" class=\"attachment-bunyad-medium size-bunyad-medium wp-post-image\" alt=\"governo-de-sp-autoriza-r$-276-milhoes-em-convenios-com-municipios-turisticos\" sizes=\"(max-width: 408px) 100vw, 408px\" title=\"Governo de SP autoriza R$ 276 milh\u00f5es em conv\u00eanios com munic\u00edpios tur\u00edsticos\" srcset=\"https:\/\/obuxixeiro.com.br\/wp-content\/uploads\/2026\/04\/155487-governo-de-sp-autoriza-r-276-milhoes-em-convenios-com-municipios-turisticos-450x300.png 450w, https:\/\/obuxixeiro.com.br\/wp-content\/uploads\/2026\/04\/155487-governo-de-sp-autoriza-r-276-milhoes-em-convenios-com-municipios-turisticos-1024x683.png 1024w, https:\/\/obuxixeiro.com.br\/wp-content\/uploads\/2026\/04\/155487-governo-de-sp-autoriza-r-276-milhoes-em-convenios-com-municipios-turisticos-768x512.png 768w, https:\/\/obuxixeiro.com.br\/wp-content\/uploads\/2026\/04\/155487-governo-de-sp-autoriza-r-276-milhoes-em-convenios-com-municipios-turisticos-1200x800.png 1200w, https:\/\/obuxixeiro.com.br\/wp-content\/uploads\/2026\/04\/155487-governo-de-sp-autoriza-r-276-milhoes-em-convenios-com-municipios-turisticos.png 1536w\" \/><\/a>\t\t\t\n\t\t\t\n\t\t\t\n\t\t\t\n\t\t\n\t\t<\/div>\n\t\n\n\t\t\t<div class=\"content-wrap\">\n\t\n\t\t<div class=\"content\">\n\n\t\t\t<div class=\"post-meta post-meta-a meta-contrast\"><div class=\"post-meta-items meta-above\"><span class=\"meta-item cat-labels\">\n\t\t\t\t\t\t\n\t\t\t\t\t\t<a href=\"https:\/\/obuxixeiro.com.br\/?cat=68\" class=\"category term-color-68\" rel=\"category\" tabindex=\"-1\">Cultura<\/a>\n\t\t\t\t\t<\/span>\n\t\t\t\t\t<\/div><h2 class=\"is-title post-title\"><a href=\"https:\/\/obuxixeiro.com.br\/?p=155487\">Governo de SP autoriza R$ 276 milh\u00f5es em conv\u00eanios com munic\u00edpios tur\u00edsticos<\/a><\/h2><\/div>\t\t\t\n\t\t\t\n\t\t\t\n\t\t<\/div>\n\n\t\t\t<\/div>\n\t\n<\/article>\n\t\t\t\n\t\t\t\n<article class=\"l-post grid-overlay overlay-post grid-overlay-a overlay-base-post\">\n\n\t\n\t\t\t<div class=\"media\">\n\n\t\t\n\t\t\t<a href=\"https:\/\/obuxixeiro.com.br\/?p=155501\" class=\"image-link media-ratio ratio-4-3\" title=\"Dia Mundial do Caf\u00e9 destaca S\u00e3o Paulo como terceiro maior produtor do pa\u00eds\"><img loading=\"lazy\" decoding=\"async\" width=\"408\" height=\"306\" src=\"https:\/\/obuxixeiro.com.br\/wp-content\/uploads\/2026\/04\/155501-dia-mundial-do-cafe-destaca-sao-paulo-como-terceiro-maior-produtor-do-pais-450x300.png\" class=\"attachment-bunyad-medium size-bunyad-medium wp-post-image\" alt=\"dia-mundial-do-cafe-destaca-sao-paulo-como-terceiro-maior-produtor-do-pais\" sizes=\"(max-width: 408px) 100vw, 408px\" title=\"Dia Mundial do Caf\u00e9 destaca S\u00e3o Paulo como terceiro maior produtor do pa\u00eds\" srcset=\"https:\/\/obuxixeiro.com.br\/wp-content\/uploads\/2026\/04\/155501-dia-mundial-do-cafe-destaca-sao-paulo-como-terceiro-maior-produtor-do-pais-450x300.png 450w, https:\/\/obuxixeiro.com.br\/wp-content\/uploads\/2026\/04\/155501-dia-mundial-do-cafe-destaca-sao-paulo-como-terceiro-maior-produtor-do-pais-1024x683.png 1024w, https:\/\/obuxixeiro.com.br\/wp-content\/uploads\/2026\/04\/155501-dia-mundial-do-cafe-destaca-sao-paulo-como-terceiro-maior-produtor-do-pais-768x512.png 768w, https:\/\/obuxixeiro.com.br\/wp-content\/uploads\/2026\/04\/155501-dia-mundial-do-cafe-destaca-sao-paulo-como-terceiro-maior-produtor-do-pais-1200x800.png 1200w, https:\/\/obuxixeiro.com.br\/wp-content\/uploads\/2026\/04\/155501-dia-mundial-do-cafe-destaca-sao-paulo-como-terceiro-maior-produtor-do-pais.png 1536w\" \/><\/a>\t\t\t\n\t\t\t\n\t\t\t\n\t\t\t\n\t\t\n\t\t<\/div>\n\t\n\n\t\t\t<div class=\"content-wrap\">\n\t\n\t\t<div class=\"content\">\n\n\t\t\t<div class=\"post-meta post-meta-a meta-contrast\"><div class=\"post-meta-items meta-above\"><span class=\"meta-item cat-labels\">\n\t\t\t\t\t\t\n\t\t\t\t\t\t<a href=\"https:\/\/obuxixeiro.com.br\/?cat=68\" class=\"category term-color-68\" rel=\"category\" tabindex=\"-1\">Cultura<\/a>\n\t\t\t\t\t<\/span>\n\t\t\t\t\t<\/div><h2 class=\"is-title post-title\"><a href=\"https:\/\/obuxixeiro.com.br\/?p=155501\">Dia Mundial do Caf\u00e9 destaca S\u00e3o Paulo como terceiro maior produtor do pa\u00eds<\/a><\/h2><\/div>\t\t\t\n\t\t\t\n\t\t\t\n\t\t<\/div>\n\n\t\t\t<\/div>\n\t\n<\/article>\n\t\t\t\n\t\t\t\n<article class=\"l-post grid-overlay overlay-post grid-overlay-a overlay-base-post\">\n\n\t\n\t\t\t<div class=\"media\">\n\n\t\t\n\t\t\t<a href=\"https:\/\/obuxixeiro.com.br\/?p=155518\" class=\"image-link media-ratio ratio-4-3\" title=\"Orquestra Jovem do Estado se apresenta na Sala S\u00e3o Paulo neste domingo\"><img loading=\"lazy\" decoding=\"async\" width=\"408\" height=\"306\" src=\"https:\/\/obuxixeiro.com.br\/wp-content\/uploads\/2026\/04\/155518-orquestra-jovem-do-estado-se-apresenta-na-sala-sao-paulo-neste-domingo-450x300.png\" class=\"attachment-bunyad-medium size-bunyad-medium wp-post-image\" alt=\"orquestra-jovem-do-estado-se-apresenta-na-sala-sao-paulo-neste-domingo\" sizes=\"(max-width: 408px) 100vw, 408px\" title=\"Orquestra Jovem do Estado se apresenta na Sala S\u00e3o Paulo neste domingo\" srcset=\"https:\/\/obuxixeiro.com.br\/wp-content\/uploads\/2026\/04\/155518-orquestra-jovem-do-estado-se-apresenta-na-sala-sao-paulo-neste-domingo-450x300.png 450w, https:\/\/obuxixeiro.com.br\/wp-content\/uploads\/2026\/04\/155518-orquestra-jovem-do-estado-se-apresenta-na-sala-sao-paulo-neste-domingo-1024x683.png 1024w, https:\/\/obuxixeiro.com.br\/wp-content\/uploads\/2026\/04\/155518-orquestra-jovem-do-estado-se-apresenta-na-sala-sao-paulo-neste-domingo-768x512.png 768w, https:\/\/obuxixeiro.com.br\/wp-content\/uploads\/2026\/04\/155518-orquestra-jovem-do-estado-se-apresenta-na-sala-sao-paulo-neste-domingo-1200x800.png 1200w, https:\/\/obuxixeiro.com.br\/wp-content\/uploads\/2026\/04\/155518-orquestra-jovem-do-estado-se-apresenta-na-sala-sao-paulo-neste-domingo.png 1536w\" \/><\/a>\t\t\t\n\t\t\t\n\t\t\t\n\t\t\t\n\t\t\n\t\t<\/div>\n\t\n\n\t\t\t<div class=\"content-wrap\">\n\t\n\t\t<div class=\"content\">\n\n\t\t\t<div class=\"post-meta post-meta-a meta-contrast\"><div class=\"post-meta-items meta-above\"><span class=\"meta-item cat-labels\">\n\t\t\t\t\t\t\n\t\t\t\t\t\t<a href=\"https:\/\/obuxixeiro.com.br\/?cat=68\" class=\"category term-color-68\" rel=\"category\" tabindex=\"-1\">Cultura<\/a>\n\t\t\t\t\t<\/span>\n\t\t\t\t\t<\/div><h2 class=\"is-title post-title\"><a href=\"https:\/\/obuxixeiro.com.br\/?p=155518\">Orquestra Jovem do Estado se apresenta na Sala S\u00e3o Paulo neste domingo<\/a><\/h2><\/div>\t\t\t\n\t\t\t\n\t\t\t\n\t\t<\/div>\n\n\t\t\t<\/div>\n\t\n<\/article>\n\t\t\n\t<\/div>\n\n\t\t\n\t\t\t<\/div>\n\n\t\t<\/section>\n\t\t\t\t\t\t<\/div>\n\t\t\t\t<\/div>\n\t\t\t\t<div class=\"elementor-element elementor-element-74ef097 elementor-widget elementor-widget-smartmag-focusgrid\" data-id=\"74ef097\" data-element_type=\"widget\" data-e-type=\"widget\" data-widget_type=\"smartmag-focusgrid.default\">\n\t\t\t\t<div class=\"elementor-widget-container\">\n\t\t\t\t\t\t\t<section class=\"block-wrap block-focus-grid block-sc cols-gap-sm mb-none\" data-id=\"22\" data-is-mixed=\"1\">\n\n\t\t\t\t\t\t\t\t\n\t\t\t\t\t\t\t\n\t\t\t\t<div class=\"block-head block-head-ac block-head-c is-left\">\n\n\t\t\t\t\t<h4 class=\"heading\">SA\u00daDE<\/h4>\t\t\t\t\t\n\t\t\t\t\t\t\t\t\t<\/div>\n\t\t\t\t\n\t\t\t\n\t\t\t\n\t\t\t<div class=\"block-content\">\n\t\t\t\t\t\n\t<div class=\"grid grid-2 sm:grid-1 cols-not-eq loops-mixed\">\n\n\t\t\t\n\t<div class=\"loop loop-grid loop-grid-base grid grid-1 md:grid-1 xs:grid-1\">\n\n\t\t\t\t\t\n<article class=\"l-post grid-post grid-base-post\">\n\n\t\n\t\t\t<div class=\"media\">\n\n\t\t\n\t\t\t<a href=\"https:\/\/obuxixeiro.com.br\/?p=156095\" class=\"image-link media-ratio ratio-is-custom\" title=\"Pesquisadores de SP desenvolvem dispositivo que integra computa\u00e7\u00e3o ao c\u00e9rebro humano\"><img loading=\"lazy\" decoding=\"async\" width=\"869\" height=\"517\" src=\"https:\/\/obuxixeiro.com.br\/wp-content\/uploads\/2026\/04\/156095-pesquisadores-de-sp-desenvolvem-dispositivo-que-integra-computacao-ao-cerebro-humano-1024x683.png\" class=\"attachment-large size-large wp-post-image\" alt=\"pesquisadores-de-sp-desenvolvem-dispositivo-que-integra-computacao-ao-cerebro-humano\" sizes=\"(max-width: 869px) 100vw, 869px\" title=\"Pesquisadores de SP desenvolvem dispositivo que integra computa\u00e7\u00e3o ao c\u00e9rebro humano\" srcset=\"https:\/\/obuxixeiro.com.br\/wp-content\/uploads\/2026\/04\/156095-pesquisadores-de-sp-desenvolvem-dispositivo-que-integra-computacao-ao-cerebro-humano-1024x683.png 1024w, https:\/\/obuxixeiro.com.br\/wp-content\/uploads\/2026\/04\/156095-pesquisadores-de-sp-desenvolvem-dispositivo-que-integra-computacao-ao-cerebro-humano-1200x800.png 1200w, https:\/\/obuxixeiro.com.br\/wp-content\/uploads\/2026\/04\/156095-pesquisadores-de-sp-desenvolvem-dispositivo-que-integra-computacao-ao-cerebro-humano.png 1536w\" \/><\/a>\t\t\t\n\t\t\t\n\t\t\t\n\t\t\t\t\t\t\t\n\t\t\t\t<span class=\"cat-labels cat-labels-overlay c-overlay p-bot-left\">\n\t\t\t\t<a href=\"https:\/\/obuxixeiro.com.br\/?cat=36\" class=\"category term-color-36\" rel=\"category\" tabindex=\"-1\">Saude<\/a>\n\t\t\t<\/span>\n\t\t\t\t\t\t\n\t\t\t\n\t\t\n\t\t<\/div>\n\t\n\n\t\n\t\t<div class=\"content\">\n\n\t\t\t<div class=\"post-meta post-meta-a has-below\"><h2 class=\"is-title post-title limit-lines l-lines-2\"><a href=\"https:\/\/obuxixeiro.com.br\/?p=156095\">Pesquisadores de SP desenvolvem dispositivo que integra computa\u00e7\u00e3o ao c\u00e9rebro humano<\/a><\/h2><div class=\"post-meta-items meta-below\"><span class=\"meta-item post-author\"><span class=\"by\">Fonte:<\/span> <a href=\"https:\/\/obuxixeiro.com.br\/author\/vinicius-mororo\" title=\"Posts de Vinicius Mororo\" rel=\"author\">Vinicius Mororo<\/a><\/span><span class=\"meta-item date\"><span class=\"date-link\"><time class=\"post-date\" datetime=\"2026-04-27T04:41:55-03:00\">27 de abril de 2026<\/time><\/span><\/span><\/div><\/div>\t\t\t\n\t\t\t\t\t\t\n\t\t\t\t<div class=\"excerpt\">\n\t\t\t\t\t<p>Tecnologia busca avan\u00e7ar na interface entre neur\u00f4nios e sistemas digitais para aplica\u00e7\u00f5es m\u00e9dicas Pesquisadores em&hellip;<\/p>\n\t\t\t\t<\/div>\n\t\t\t\n\t\t\t\n\t\t\t\n\t\t<\/div>\n\n\t\n<\/article>\t\t\n\t<\/div>\n\n\t\t\n\t\n\t<div class=\"loop loop-grid loop-grid-sm grid grid-2 md:grid-2 sm:grid-2\">\n\n\t\t\t\t\t\n<article class=\"l-post grid-post grid-sm-post\">\n\n\t\n\t\t\t<div class=\"media\">\n\n\t\t\n\t\t\t<a href=\"https:\/\/obuxixeiro.com.br\/?p=155391\" class=\"image-link media-ratio ratio-is-custom\" title=\"SP registra primeiros casos de febre amarela em 2026 e intensifica vacina\u00e7\u00e3o no Vale do Para\u00edba\"><img loading=\"lazy\" decoding=\"async\" width=\"408\" height=\"243\" src=\"https:\/\/obuxixeiro.com.br\/wp-content\/uploads\/2026\/04\/155391-sp-registra-primeiros-casos-de-febre-amarela-em-2026-e-intensifica-vacinacao-no-vale-do-paraiba-450x300.png\" class=\"attachment-bunyad-medium size-bunyad-medium wp-post-image\" alt=\"sp-registra-primeiros-casos-de-febre-amarela-em-2026-e-intensifica-vacinacao-no-vale-do-paraiba\" sizes=\"(max-width: 408px) 100vw, 408px\" title=\"SP registra primeiros casos de febre amarela em 2026 e intensifica vacina\u00e7\u00e3o no Vale do Para\u00edba\" srcset=\"https:\/\/obuxixeiro.com.br\/wp-content\/uploads\/2026\/04\/155391-sp-registra-primeiros-casos-de-febre-amarela-em-2026-e-intensifica-vacinacao-no-vale-do-paraiba-450x300.png 450w, https:\/\/obuxixeiro.com.br\/wp-content\/uploads\/2026\/04\/155391-sp-registra-primeiros-casos-de-febre-amarela-em-2026-e-intensifica-vacinacao-no-vale-do-paraiba-1024x683.png 1024w, https:\/\/obuxixeiro.com.br\/wp-content\/uploads\/2026\/04\/155391-sp-registra-primeiros-casos-de-febre-amarela-em-2026-e-intensifica-vacinacao-no-vale-do-paraiba-768x512.png 768w, https:\/\/obuxixeiro.com.br\/wp-content\/uploads\/2026\/04\/155391-sp-registra-primeiros-casos-de-febre-amarela-em-2026-e-intensifica-vacinacao-no-vale-do-paraiba-1200x800.png 1200w, https:\/\/obuxixeiro.com.br\/wp-content\/uploads\/2026\/04\/155391-sp-registra-primeiros-casos-de-febre-amarela-em-2026-e-intensifica-vacinacao-no-vale-do-paraiba.png 1536w\" \/><\/a>\t\t\t\n\t\t\t\n\t\t\t\n\t\t\t\n\t\t\n\t\t<\/div>\n\t\n\n\t\n\t\t<div class=\"content\">\n\n\t\t\t<div class=\"post-meta post-meta-a has-below\"><h2 class=\"is-title post-title limit-lines l-lines-2\"><a href=\"https:\/\/obuxixeiro.com.br\/?p=155391\">SP registra primeiros casos de febre amarela em 2026 e intensifica vacina\u00e7\u00e3o no Vale do Para\u00edba<\/a><\/h2><div class=\"post-meta-items meta-below\"><span class=\"meta-item date\"><span class=\"date-link\"><time class=\"post-date\" datetime=\"2026-04-22T17:17:53-03:00\">22 de abril de 2026<\/time><\/span><\/span><\/div><\/div>\t\t\t\n\t\t\t\n\t\t\t\n\t\t<\/div>\n\n\t\n<\/article>\t\t\t\t\t\n<article class=\"l-post grid-post grid-sm-post\">\n\n\t\n\t\t\t<div class=\"media\">\n\n\t\t\n\t\t\t<a href=\"https:\/\/obuxixeiro.com.br\/?p=155402\" class=\"image-link media-ratio ratio-is-custom\" title=\"A\u00e7\u00e3o gratuita de sa\u00fade ser\u00e1 realizada na esta\u00e7\u00e3o Jundia\u00ed nesta quarta (16)\"><img loading=\"lazy\" decoding=\"async\" width=\"408\" height=\"243\" src=\"https:\/\/obuxixeiro.com.br\/wp-content\/uploads\/2026\/04\/155402-acao-gratuita-de-saude-sera-realizada-na-estacao-jundiai-nesta-quarta-16-450x300.png\" class=\"attachment-bunyad-medium size-bunyad-medium wp-post-image\" alt=\"acao-gratuita-de-saude-sera-realizada-na-estacao-jundiai-nesta-quarta-(16)\" sizes=\"(max-width: 408px) 100vw, 408px\" title=\"A\u00e7\u00e3o gratuita de sa\u00fade ser\u00e1 realizada na esta\u00e7\u00e3o Jundia\u00ed nesta quarta (16)\" srcset=\"https:\/\/obuxixeiro.com.br\/wp-content\/uploads\/2026\/04\/155402-acao-gratuita-de-saude-sera-realizada-na-estacao-jundiai-nesta-quarta-16-450x300.png 450w, https:\/\/obuxixeiro.com.br\/wp-content\/uploads\/2026\/04\/155402-acao-gratuita-de-saude-sera-realizada-na-estacao-jundiai-nesta-quarta-16-1024x683.png 1024w, https:\/\/obuxixeiro.com.br\/wp-content\/uploads\/2026\/04\/155402-acao-gratuita-de-saude-sera-realizada-na-estacao-jundiai-nesta-quarta-16-768x512.png 768w, https:\/\/obuxixeiro.com.br\/wp-content\/uploads\/2026\/04\/155402-acao-gratuita-de-saude-sera-realizada-na-estacao-jundiai-nesta-quarta-16-1200x800.png 1200w, https:\/\/obuxixeiro.com.br\/wp-content\/uploads\/2026\/04\/155402-acao-gratuita-de-saude-sera-realizada-na-estacao-jundiai-nesta-quarta-16.png 1536w\" \/><\/a>\t\t\t\n\t\t\t\n\t\t\t\n\t\t\t\n\t\t\n\t\t<\/div>\n\t\n\n\t\n\t\t<div class=\"content\">\n\n\t\t\t<div class=\"post-meta post-meta-a has-below\"><h2 class=\"is-title post-title limit-lines l-lines-2\"><a href=\"https:\/\/obuxixeiro.com.br\/?p=155402\">A\u00e7\u00e3o gratuita de sa\u00fade ser\u00e1 realizada na esta\u00e7\u00e3o Jundia\u00ed nesta quarta (16)<\/a><\/h2><div class=\"post-meta-items meta-below\"><span class=\"meta-item date\"><span class=\"date-link\"><time class=\"post-date\" datetime=\"2026-04-22T17:17:52-03:00\">22 de abril de 2026<\/time><\/span><\/span><\/div><\/div>\t\t\t\n\t\t\t\n\t\t\t\n\t\t<\/div>\n\n\t\n<\/article>\t\t\t\t\t\n<article class=\"l-post grid-post grid-sm-post\">\n\n\t\n\t\t\t<div class=\"media\">\n\n\t\t\n\t\t\t<a href=\"https:\/\/obuxixeiro.com.br\/?p=155410\" class=\"image-link media-ratio ratio-is-custom\" title=\"MPF discute implanta\u00e7\u00e3o de posto de sa\u00fade em aldeia ind\u00edgena de Guarulhos\"><img loading=\"lazy\" decoding=\"async\" width=\"408\" height=\"243\" src=\"https:\/\/obuxixeiro.com.br\/wp-content\/uploads\/2026\/04\/155410-mpf-discute-implantacao-de-posto-de-saude-em-aldeia-indigena-de-guarulhos-450x300.png\" class=\"attachment-bunyad-medium size-bunyad-medium wp-post-image\" alt=\"mpf-discute-implantacao-de-posto-de-saude-em-aldeia-indigena-de-guarulhos\" sizes=\"(max-width: 408px) 100vw, 408px\" title=\"MPF discute implanta\u00e7\u00e3o de posto de sa\u00fade em aldeia ind\u00edgena de Guarulhos\" srcset=\"https:\/\/obuxixeiro.com.br\/wp-content\/uploads\/2026\/04\/155410-mpf-discute-implantacao-de-posto-de-saude-em-aldeia-indigena-de-guarulhos-450x300.png 450w, https:\/\/obuxixeiro.com.br\/wp-content\/uploads\/2026\/04\/155410-mpf-discute-implantacao-de-posto-de-saude-em-aldeia-indigena-de-guarulhos-1024x683.png 1024w, https:\/\/obuxixeiro.com.br\/wp-content\/uploads\/2026\/04\/155410-mpf-discute-implantacao-de-posto-de-saude-em-aldeia-indigena-de-guarulhos-768x512.png 768w, https:\/\/obuxixeiro.com.br\/wp-content\/uploads\/2026\/04\/155410-mpf-discute-implantacao-de-posto-de-saude-em-aldeia-indigena-de-guarulhos-1200x800.png 1200w, https:\/\/obuxixeiro.com.br\/wp-content\/uploads\/2026\/04\/155410-mpf-discute-implantacao-de-posto-de-saude-em-aldeia-indigena-de-guarulhos.png 1536w\" \/><\/a>\t\t\t\n\t\t\t\n\t\t\t\n\t\t\t\n\t\t\n\t\t<\/div>\n\t\n\n\t\n\t\t<div class=\"content\">\n\n\t\t\t<div class=\"post-meta post-meta-a has-below\"><h2 class=\"is-title post-title limit-lines l-lines-2\"><a href=\"https:\/\/obuxixeiro.com.br\/?p=155410\">MPF discute implanta\u00e7\u00e3o de posto de sa\u00fade em aldeia ind\u00edgena de Guarulhos<\/a><\/h2><div class=\"post-meta-items meta-below\"><span class=\"meta-item date\"><span class=\"date-link\"><time class=\"post-date\" datetime=\"2026-04-22T17:17:51-03:00\">22 de abril de 2026<\/time><\/span><\/span><\/div><\/div>\t\t\t\n\t\t\t\n\t\t\t\n\t\t<\/div>\n\n\t\n<\/article>\t\t\t\t\t\n<article class=\"l-post grid-post grid-sm-post\">\n\n\t\n\t\t\t<div class=\"media\">\n\n\t\t\n\t\t\t<a href=\"https:\/\/obuxixeiro.com.br\/?p=155081\" class=\"image-link media-ratio ratio-is-custom\" title=\"Dia Mundial da Hemofilia: campanha refor\u00e7a import\u00e2ncia do diagn\u00f3stico\"><img loading=\"lazy\" decoding=\"async\" width=\"408\" height=\"243\" src=\"https:\/\/obuxixeiro.com.br\/wp-content\/uploads\/2026\/04\/155081-dia-mundial-da-hemofilia-campanha-reforca-importancia-do-diagnostico-450x225.jpg\" class=\"attachment-bunyad-medium size-bunyad-medium wp-post-image\" alt=\"dia-mundial-da-hemofilia:-campanha-reforca-importancia-do-diagnostico\" sizes=\"(max-width: 408px) 100vw, 408px\" title=\"Dia Mundial da Hemofilia: campanha refor\u00e7a import\u00e2ncia do diagn\u00f3stico\" srcset=\"https:\/\/obuxixeiro.com.br\/wp-content\/uploads\/2026\/04\/155081-dia-mundial-da-hemofilia-campanha-reforca-importancia-do-diagnostico-450x225.jpg 450w, https:\/\/obuxixeiro.com.br\/wp-content\/uploads\/2026\/04\/155081-dia-mundial-da-hemofilia-campanha-reforca-importancia-do-diagnostico-1024x512.jpg 1024w, https:\/\/obuxixeiro.com.br\/wp-content\/uploads\/2026\/04\/155081-dia-mundial-da-hemofilia-campanha-reforca-importancia-do-diagnostico-768x384.jpg 768w, https:\/\/obuxixeiro.com.br\/wp-content\/uploads\/2026\/04\/155081-dia-mundial-da-hemofilia-campanha-reforca-importancia-do-diagnostico-1536x768.jpg 1536w, https:\/\/obuxixeiro.com.br\/wp-content\/uploads\/2026\/04\/155081-dia-mundial-da-hemofilia-campanha-reforca-importancia-do-diagnostico-1200x600.jpg 1200w, https:\/\/obuxixeiro.com.br\/wp-content\/uploads\/2026\/04\/155081-dia-mundial-da-hemofilia-campanha-reforca-importancia-do-diagnostico.jpg 1600w\" \/><\/a>\t\t\t\n\t\t\t\n\t\t\t\n\t\t\t\n\t\t\n\t\t<\/div>\n\t\n\n\t\n\t\t<div class=\"content\">\n\n\t\t\t<div class=\"post-meta post-meta-a has-below\"><h2 class=\"is-title post-title limit-lines l-lines-2\"><a href=\"https:\/\/obuxixeiro.com.br\/?p=155081\">Dia Mundial da Hemofilia: campanha refor\u00e7a import\u00e2ncia do diagn\u00f3stico<\/a><\/h2><div class=\"post-meta-items meta-below\"><span class=\"meta-item date\"><span class=\"date-link\"><time class=\"post-date\" datetime=\"2026-04-21T15:53:32-03:00\">21 de abril de 2026<\/time><\/span><\/span><\/div><\/div>\t\t\t\n\t\t\t\n\t\t\t\n\t\t<\/div>\n\n\t\n<\/article>\t\t\n\t<\/div>\n\n\t\t\n\t<\/div>\n\n\t\t\t\t<\/div>\n\n\t\t<\/section>\n\t\t\t\t\t\t<\/div>\n\t\t\t\t<\/div>\n\t\t\t\t\t<\/div>\n\t\t<\/div>\n\t\t\t\t<div class=\"elementor-column elementor-col-33 elementor-top-column elementor-element elementor-element-56c1b55 ts-sticky-native main-sidebar\" data-id=\"56c1b55\" data-element_type=\"column\" data-e-type=\"column\">\n\t\t\t<div class=\"elementor-widget-wrap elementor-element-populated\">\n\t\t\t\t\t\t<div class=\"elementor-element elementor-element-0eda6a0 elementor-widget elementor-widget-sidebar\" data-id=\"0eda6a0\" data-element_type=\"widget\" data-e-type=\"widget\" data-widget_type=\"sidebar.default\">\n\t\t\t\t<div class=\"elementor-widget-container\">\n\t\t\t\t\t<li id=\"adni_widgets-8\" class=\"widget \"><div class=\"angwp_148582 _ning_outer ang_zone_148582 _ning_jss_zone has_label _align_center\" style=\"max-width:350px;width:100%;overflow:hidden;height:inherit;\"><div class=\"_ning_label _center\" style=\"\">Anunciantes em Destaque<\/div><div id=\"_ning_zone_148582_236368854\" class=\"_ning_zone_inner\" style=\"width:350px; height:350px;position:relative;\"><div u=\"slides\" style=\"position:absolute; overflow:hidden; left:0px; top:0px;width:350px; height:350px;\"><div class=\"slide_1 slide\" idle=\"5000\"><div class=\"angwp_148579 _ning_cont _ning_hidden _align_center\" data-size=\"custom\" data-bid=\"148579\" data-aid=\"148582\" style=\"max-width:350px; width:100%;height:inherit;\"><div class=\"_ning_inner\" style=\"\"><a href=\"https:\/\/obuxixeiro.com.br?_dnlink=148579&amp;aid=148582&amp;t=1777305841\" class=\"strack_cli _ning_link\" target=\"_blank\">&nbsp;<\/a><div class=\"_ning_elmt\"><img decoding=\"async\" src=\"https:\/\/obuxixeiro.com.br\/wp-content\/uploads\/2025\/01\/300-1.jpg\" \/><\/div><\/div><\/div><div class=\"clear\"><\/div><\/div><div class=\"slide_2 slide\" idle=\"5000\"><div class=\"angwp_148580 _ning_cont _ning_hidden _align_center\" data-size=\"custom\" data-bid=\"148580\" data-aid=\"148582\" style=\"max-width:350px; width:100%;height:inherit;\"><div class=\"_ning_inner\" style=\"\"><a href=\"https:\/\/obuxixeiro.com.br?_dnlink=148580&amp;aid=148582&amp;t=1777305841\" class=\"strack_cli _ning_link\" target=\"_blank\">&nbsp;<\/a><div class=\"_ning_elmt\"><img decoding=\"async\" src=\"https:\/\/obuxixeiro.com.br\/wp-content\/uploads\/angwp\/items\/148580\/300-1.jpg\" \/><\/div><\/div><\/div><div class=\"clear\"><\/div><\/div><div class=\"slide_3 slide\" idle=\"5000\"><div class=\"angwp_148581 _ning_cont _ning_hidden _align_center\" data-size=\"custom\" data-bid=\"148581\" data-aid=\"148582\" style=\"max-width:350px; width:100%;height:inherit;\"><div class=\"_ning_inner\" style=\"\"><a href=\"https:\/\/obuxixeiro.com.br?_dnlink=148581&amp;aid=148582&amp;t=1777305841\" class=\"strack_cli _ning_link\" target=\"_blank\">&nbsp;<\/a><div class=\"_ning_elmt\"><img decoding=\"async\" src=\"https:\/\/obuxixeiro.com.br\/wp-content\/uploads\/angwp\/items\/148581\/300-1.jpg\" \/><\/div><\/div><\/div><div class=\"clear\"><\/div><\/div><\/div><\/div><\/div><div class=\"clear\"><\/div><\/li>\n\t\t\t\t<\/div>\n\t\t\t\t<\/div>\n\t\t\t\t<div class=\"elementor-element elementor-element-919b242 elementor-widget elementor-widget-spacer\" data-id=\"919b242\" data-element_type=\"widget\" data-e-type=\"widget\" data-widget_type=\"spacer.default\">\n\t\t\t\t<div class=\"elementor-widget-container\">\n\t\t\t\t\t\t\t<div class=\"elementor-spacer\">\n\t\t\t<div class=\"elementor-spacer-inner\"><\/div>\n\t\t<\/div>\n\t\t\t\t\t\t<\/div>\n\t\t\t\t<\/div>\n\t\t\t\t<div class=\"elementor-element elementor-element-78743c2 elementor-widget elementor-widget-smartmag-grid\" data-id=\"78743c2\" data-element_type=\"widget\" data-e-type=\"widget\" data-widget_type=\"smartmag-grid.default\">\n\t\t\t\t<div class=\"elementor-widget-container\">\n\t\t\t\t\t\t\t<section class=\"block-wrap block-grid block-sc mb-none\" data-id=\"25\">\n\n\t\t\t\t\t\t\t\t\n\t\t\t\t\t\t\t\n\t\t\t\t<div class=\"block-head block-head-ac block-head-c is-left\">\n\n\t\t\t\t\t<h4 class=\"heading\">GOVERNO E INSTITUI\u00c7\u00d5ES<\/h4>\t\t\t\t\t\n\t\t\t\t\t\t\t\t\t<\/div>\n\t\t\t\t\n\t\t\t\n\t\t\t\n\t\t\t<div class=\"block-content\">\n\t\t\t\t\t\n\t<div class=\"loop loop-grid loop-grid-base grid grid-2 md:grid-2 xs:grid-1\">\n\n\t\t\t\t\t\n<article class=\"l-post grid-post grid-base-post\">\n\n\t\n\t\t\t<div class=\"media\">\n\n\t\t\n\t\t\t<a href=\"https:\/\/obuxixeiro.com.br\/?p=155687\" class=\"image-link media-ratio ratio-is-custom\" title=\"CPTM recebe doa\u00e7\u00f5es da Campanha do Agasalho 2026 na Linha 10-Turquesa\"><img loading=\"lazy\" decoding=\"async\" width=\"408\" height=\"243\" src=\"https:\/\/obuxixeiro.com.br\/wp-content\/uploads\/2026\/04\/155687-cptm-recebe-doacoes-da-campanha-do-agasalho-2026-na-linha-10-turquesa-450x300.png\" class=\"attachment-bunyad-medium size-bunyad-medium wp-post-image\" alt=\"cptm-recebe-doacoes-da-campanha-do-agasalho-2026-na-linha-10-turquesa\" sizes=\"(max-width: 408px) 100vw, 408px\" title=\"CPTM recebe doa\u00e7\u00f5es da Campanha do Agasalho 2026 na Linha 10-Turquesa\" srcset=\"https:\/\/obuxixeiro.com.br\/wp-content\/uploads\/2026\/04\/155687-cptm-recebe-doacoes-da-campanha-do-agasalho-2026-na-linha-10-turquesa-450x300.png 450w, https:\/\/obuxixeiro.com.br\/wp-content\/uploads\/2026\/04\/155687-cptm-recebe-doacoes-da-campanha-do-agasalho-2026-na-linha-10-turquesa-1024x683.png 1024w, https:\/\/obuxixeiro.com.br\/wp-content\/uploads\/2026\/04\/155687-cptm-recebe-doacoes-da-campanha-do-agasalho-2026-na-linha-10-turquesa-768x512.png 768w, https:\/\/obuxixeiro.com.br\/wp-content\/uploads\/2026\/04\/155687-cptm-recebe-doacoes-da-campanha-do-agasalho-2026-na-linha-10-turquesa-1200x800.png 1200w, https:\/\/obuxixeiro.com.br\/wp-content\/uploads\/2026\/04\/155687-cptm-recebe-doacoes-da-campanha-do-agasalho-2026-na-linha-10-turquesa.png 1536w\" \/><\/a>\t\t\t\n\t\t\t\n\t\t\t\n\t\t\t\n\t\t\n\t\t<\/div>\n\t\n\n\t\n\t\t<div class=\"content\">\n\n\t\t\t<div class=\"post-meta post-meta-a\"><h2 class=\"is-title post-title limit-lines l-lines-2\"><a href=\"https:\/\/obuxixeiro.com.br\/?p=155687\">CPTM recebe doa\u00e7\u00f5es da Campanha do Agasalho 2026 na Linha 10-Turquesa<\/a><\/h2><\/div>\t\t\t\n\t\t\t\n\t\t\t\n\t\t<\/div>\n\n\t\n<\/article>\t\t\t\t\t\n<article class=\"l-post grid-post grid-base-post\">\n\n\t\n\t\t\t<div class=\"media\">\n\n\t\t\n\t\t\t<a href=\"https:\/\/obuxixeiro.com.br\/?p=155462\" class=\"image-link media-ratio ratio-is-custom\" title=\"Pol\u00edcia apreende R$ 220 mil em esp\u00e9cie durante opera\u00e7\u00e3o na Grande SP\"><img loading=\"lazy\" decoding=\"async\" width=\"408\" height=\"243\" src=\"https:\/\/obuxixeiro.com.br\/wp-content\/uploads\/2026\/04\/155462-policia-apreende-r-220-mil-em-especie-durante-operacao-na-grande-sp-450x300.png\" class=\"attachment-bunyad-medium size-bunyad-medium wp-post-image\" alt=\"policia-apreende-r$-220-mil-em-especie-durante-operacao-na-grande-sp\" sizes=\"(max-width: 408px) 100vw, 408px\" title=\"Pol\u00edcia apreende R$ 220 mil em esp\u00e9cie durante opera\u00e7\u00e3o na Grande SP\" srcset=\"https:\/\/obuxixeiro.com.br\/wp-content\/uploads\/2026\/04\/155462-policia-apreende-r-220-mil-em-especie-durante-operacao-na-grande-sp-450x300.png 450w, https:\/\/obuxixeiro.com.br\/wp-content\/uploads\/2026\/04\/155462-policia-apreende-r-220-mil-em-especie-durante-operacao-na-grande-sp-1024x683.png 1024w, https:\/\/obuxixeiro.com.br\/wp-content\/uploads\/2026\/04\/155462-policia-apreende-r-220-mil-em-especie-durante-operacao-na-grande-sp-768x512.png 768w, https:\/\/obuxixeiro.com.br\/wp-content\/uploads\/2026\/04\/155462-policia-apreende-r-220-mil-em-especie-durante-operacao-na-grande-sp-1200x800.png 1200w, https:\/\/obuxixeiro.com.br\/wp-content\/uploads\/2026\/04\/155462-policia-apreende-r-220-mil-em-especie-durante-operacao-na-grande-sp.png 1536w\" \/><\/a>\t\t\t\n\t\t\t\n\t\t\t\n\t\t\t\n\t\t\n\t\t<\/div>\n\t\n\n\t\n\t\t<div class=\"content\">\n\n\t\t\t<div class=\"post-meta post-meta-a\"><h2 class=\"is-title post-title limit-lines l-lines-2\"><a href=\"https:\/\/obuxixeiro.com.br\/?p=155462\">Pol\u00edcia apreende R$ 220 mil em esp\u00e9cie durante opera\u00e7\u00e3o na Grande SP<\/a><\/h2><\/div>\t\t\t\n\t\t\t\n\t\t\t\n\t\t<\/div>\n\n\t\n<\/article>\t\t\t\t\t\n<article class=\"l-post grid-post grid-base-post\">\n\n\t\n\t\t\t<div class=\"media\">\n\n\t\t\n\t\t\t<a href=\"https:\/\/obuxixeiro.com.br\/?p=155471\" class=\"image-link media-ratio ratio-is-custom\" title=\"Opera\u00e7\u00e3o Narco Fluxo prende 32 suspeitos por lavagem de dinheiro bilion\u00e1ria\"><img loading=\"lazy\" decoding=\"async\" width=\"408\" height=\"243\" src=\"https:\/\/obuxixeiro.com.br\/wp-content\/uploads\/2026\/04\/155471-operacao-narco-fluxo-prende-32-suspeitos-por-lavagem-de-dinheiro-bilionaria-450x300.png\" class=\"attachment-bunyad-medium size-bunyad-medium wp-post-image\" alt=\"operacao-narco-fluxo-prende-32-suspeitos-por-lavagem-de-dinheiro-bilionaria\" sizes=\"(max-width: 408px) 100vw, 408px\" title=\"Opera\u00e7\u00e3o Narco Fluxo prende 32 suspeitos por lavagem de dinheiro bilion\u00e1ria\" srcset=\"https:\/\/obuxixeiro.com.br\/wp-content\/uploads\/2026\/04\/155471-operacao-narco-fluxo-prende-32-suspeitos-por-lavagem-de-dinheiro-bilionaria-450x300.png 450w, https:\/\/obuxixeiro.com.br\/wp-content\/uploads\/2026\/04\/155471-operacao-narco-fluxo-prende-32-suspeitos-por-lavagem-de-dinheiro-bilionaria-1024x683.png 1024w, https:\/\/obuxixeiro.com.br\/wp-content\/uploads\/2026\/04\/155471-operacao-narco-fluxo-prende-32-suspeitos-por-lavagem-de-dinheiro-bilionaria-768x512.png 768w, https:\/\/obuxixeiro.com.br\/wp-content\/uploads\/2026\/04\/155471-operacao-narco-fluxo-prende-32-suspeitos-por-lavagem-de-dinheiro-bilionaria-1200x800.png 1200w, https:\/\/obuxixeiro.com.br\/wp-content\/uploads\/2026\/04\/155471-operacao-narco-fluxo-prende-32-suspeitos-por-lavagem-de-dinheiro-bilionaria.png 1536w\" \/><\/a>\t\t\t\n\t\t\t\n\t\t\t\n\t\t\t\n\t\t\n\t\t<\/div>\n\t\n\n\t\n\t\t<div class=\"content\">\n\n\t\t\t<div class=\"post-meta post-meta-a\"><h2 class=\"is-title post-title limit-lines l-lines-2\"><a href=\"https:\/\/obuxixeiro.com.br\/?p=155471\">Opera\u00e7\u00e3o Narco Fluxo prende 32 suspeitos por lavagem de dinheiro bilion\u00e1ria<\/a><\/h2><\/div>\t\t\t\n\t\t\t\n\t\t\t\n\t\t<\/div>\n\n\t\n<\/article>\t\t\t\t\t\n<article class=\"l-post grid-post grid-base-post\">\n\n\t\n\t\t\t<div class=\"media\">\n\n\t\t\n\t\t\t<a href=\"https:\/\/obuxixeiro.com.br\/?p=155456\" class=\"image-link media-ratio ratio-is-custom\" title=\"Investimento de R$ 3 bilh\u00f5es em saneamento no Vale do Para\u00edba \u00e9 anunciado at\u00e9 2029\"><img loading=\"lazy\" decoding=\"async\" width=\"408\" height=\"243\" src=\"https:\/\/obuxixeiro.com.br\/wp-content\/uploads\/2026\/04\/155456-investimento-de-r-3-bilhoes-em-saneamento-no-vale-do-paraiba-e-anunciado-ate-2029-450x300.png\" class=\"attachment-bunyad-medium size-bunyad-medium wp-post-image\" alt=\"investimento-de-r$-3-bilhoes-em-saneamento-no-vale-do-paraiba-e-anunciado-ate-2029\" sizes=\"(max-width: 408px) 100vw, 408px\" title=\"Investimento de R$ 3 bilh\u00f5es em saneamento no Vale do Para\u00edba \u00e9 anunciado at\u00e9 2029\" srcset=\"https:\/\/obuxixeiro.com.br\/wp-content\/uploads\/2026\/04\/155456-investimento-de-r-3-bilhoes-em-saneamento-no-vale-do-paraiba-e-anunciado-ate-2029-450x300.png 450w, https:\/\/obuxixeiro.com.br\/wp-content\/uploads\/2026\/04\/155456-investimento-de-r-3-bilhoes-em-saneamento-no-vale-do-paraiba-e-anunciado-ate-2029-1024x683.png 1024w, https:\/\/obuxixeiro.com.br\/wp-content\/uploads\/2026\/04\/155456-investimento-de-r-3-bilhoes-em-saneamento-no-vale-do-paraiba-e-anunciado-ate-2029-768x512.png 768w, https:\/\/obuxixeiro.com.br\/wp-content\/uploads\/2026\/04\/155456-investimento-de-r-3-bilhoes-em-saneamento-no-vale-do-paraiba-e-anunciado-ate-2029-1200x800.png 1200w, https:\/\/obuxixeiro.com.br\/wp-content\/uploads\/2026\/04\/155456-investimento-de-r-3-bilhoes-em-saneamento-no-vale-do-paraiba-e-anunciado-ate-2029.png 1536w\" \/><\/a>\t\t\t\n\t\t\t\n\t\t\t\n\t\t\t\n\t\t\n\t\t<\/div>\n\t\n\n\t\n\t\t<div class=\"content\">\n\n\t\t\t<div class=\"post-meta post-meta-a\"><h2 class=\"is-title post-title limit-lines l-lines-2\"><a href=\"https:\/\/obuxixeiro.com.br\/?p=155456\">Investimento de R$ 3 bilh\u00f5es em saneamento no Vale do Para\u00edba \u00e9 anunciado at\u00e9 2029<\/a><\/h2><\/div>\t\t\t\n\t\t\t\n\t\t\t\n\t\t<\/div>\n\n\t\n<\/article>\t\t\n\t<\/div>\n\n\t\t\n\t\t\t<\/div>\n\n\t\t<\/section>\n\t\t\t\t\t\t<\/div>\n\t\t\t\t<\/div>\n\t\t\t\t<div class=\"elementor-element elementor-element-2a4da1e elementor-widget elementor-widget-wp-widget-bunyad-social\" data-id=\"2a4da1e\" data-element_type=\"widget\" data-e-type=\"widget\" data-widget_type=\"wp-widget-bunyad-social.default\">\n\t\t\t\t<div class=\"elementor-widget-container\">\n\t\t\t\t\t<div class=\"widget widget-social-b\"><div class=\"widget-title block-head block-head-ac block-head block-head-ac block-head-c is-left has-style\"><h5 class=\"heading\">NOSSOS CANAIS DIGITAIS<\/h5><\/div>\t\t<div class=\"spc-social-follow spc-social-follow-a spc-social-colors spc-social-bg has-counts\">\n\t\t\t<ul class=\"services grid grid-2 md:grid-4 sm:grid-2\" itemscope itemtype=\"http:\/\/schema.org\/Organization\">\n\t\t\t\t<link itemprop=\"url\" href=\"https:\/\/obuxixeiro.com.br\/\">\n\t\t\t\t\t\t\t\t\n\t\t\t\t<li class=\"service-wrap\">\n\n\t\t\t\t\t<a href=\"#\" class=\"service service-link s-facebook\" target=\"_blank\" itemprop=\"sameAs\" rel=\"nofollow noopener\">\n\t\t\t\t\t\t<i class=\"the-icon tsi tsi-facebook\"><\/i>\n\t\t\t\t\t\t<span class=\"label\">Facebook<\/span>\n\n\t\t\t\t\t\t\t\n\t\t\t\t\t<\/a>\n\n\t\t\t\t<\/li>\n\t\t\t\t\n\t\t\t\t\t\t\t\t\n\t\t\t\t<li class=\"service-wrap\">\n\n\t\t\t\t\t<a href=\"#\" class=\"service service-link s-twitter\" target=\"_blank\" itemprop=\"sameAs\" rel=\"nofollow noopener\">\n\t\t\t\t\t\t<i class=\"the-icon tsi tsi-twitter\"><\/i>\n\t\t\t\t\t\t<span class=\"label\">Twitter<\/span>\n\n\t\t\t\t\t\t\t\n\t\t\t\t\t<\/a>\n\n\t\t\t\t<\/li>\n\t\t\t\t\n\t\t\t\t\t\t\t\t\n\t\t\t\t<li class=\"service-wrap\">\n\n\t\t\t\t\t<a href=\"#\" class=\"service service-link s-youtube\" target=\"_blank\" itemprop=\"sameAs\" rel=\"nofollow noopener\">\n\t\t\t\t\t\t<i class=\"the-icon tsi tsi-youtube-play\"><\/i>\n\t\t\t\t\t\t<span class=\"label\">YouTube<\/span>\n\n\t\t\t\t\t\t\t\n\t\t\t\t\t<\/a>\n\n\t\t\t\t<\/li>\n\t\t\t\t\n\t\t\t\t\t\t\t\t\n\t\t\t\t<li class=\"service-wrap\">\n\n\t\t\t\t\t<a href=\"#\" class=\"service service-link s-tiktok\" target=\"_blank\" itemprop=\"sameAs\" rel=\"nofollow noopener\">\n\t\t\t\t\t\t<i class=\"the-icon tsi tsi-tiktok\"><\/i>\n\t\t\t\t\t\t<span class=\"label\">TikTok<\/span>\n\n\t\t\t\t\t\t\t\n\t\t\t\t\t<\/a>\n\n\t\t\t\t<\/li>\n\t\t\t\t\n\t\t\t\t\t\t\t\t\n\t\t\t\t<li class=\"service-wrap\">\n\n\t\t\t\t\t<a href=\"\" class=\"service service-link s-telegram\" target=\"_blank\" itemprop=\"sameAs\" rel=\"nofollow noopener\">\n\t\t\t\t\t\t<i class=\"the-icon tsi tsi-telegram\"><\/i>\n\t\t\t\t\t\t<span class=\"label\">Telegram<\/span>\n\n\t\t\t\t\t\t\t\n\t\t\t\t\t<\/a>\n\n\t\t\t\t<\/li>\n\t\t\t\t\n\t\t\t\t\t\t\t\t\n\t\t\t\t<li class=\"service-wrap\">\n\n\t\t\t\t\t<a href=\"#\" class=\"service service-link s-whatsapp\" target=\"_blank\" itemprop=\"sameAs\" rel=\"nofollow noopener\">\n\t\t\t\t\t\t<i class=\"the-icon tsi tsi-whatsapp\"><\/i>\n\t\t\t\t\t\t<span class=\"label\">WhatsApp<\/span>\n\n\t\t\t\t\t\t\t\n\t\t\t\t\t<\/a>\n\n\t\t\t\t<\/li>\n\t\t\t\t\n\t\t\t\t\t\t\t<\/ul>\n\t\t<\/div>\n\t\t\n\t\t<\/div>\t\t\t\t<\/div>\n\t\t\t\t<\/div>\n\t\t\t\t<div class=\"elementor-element elementor-element-1819a04 elementor-widget elementor-widget-smartmag-grid\" data-id=\"1819a04\" data-element_type=\"widget\" data-e-type=\"widget\" data-widget_type=\"smartmag-grid.default\">\n\t\t\t\t<div class=\"elementor-widget-container\">\n\t\t\t\t\t\t\t<section class=\"block-wrap block-grid block-sc mb-sm\" data-id=\"26\">\n\n\t\t\t\t\t\t\t\t\n\t\t\t\t\t\t\t\n\t\t\t\t<div class=\"block-head block-head-ac block-head-c is-left\">\n\n\t\t\t\t\t<h4 class=\"heading\">MEIO AMBIENTE<\/h4>\t\t\t\t\t\n\t\t\t\t\t\t\t\t\t<\/div>\n\t\t\t\t\n\t\t\t\n\t\t\t\n\t\t\t<div class=\"block-content\">\n\t\t\t\t\t\n\t<div data-slider=\"carousel\" data-autoplay=\"1\" data-speed data-slides=\"1\" data-slides-md data-slides-sm data-arrows=\"b\" data-dots=\"1\" class=\"loop loop-grid loop-grid-base common-slider loop-carousel arrow-hover slider-arrow-b grid grid-1 md:grid-1 xs:grid-1\">\n\n\t\t\n\t<\/div>\n\n\t\t\n\t\t\t<\/div>\n\n\t\t<\/section>\n\t\t\t\t\t\t<\/div>\n\t\t\t\t<\/div>\n\t\t\t\t\t<\/div>\n\t\t<\/div>\n\t\t\t\t\t<\/div>\n\t\t<\/section>\n\t\t\t\t<section class=\"has-el-gap el-gap-default elementor-section elementor-top-section elementor-element elementor-element-50c7cd4 elementor-section-boxed elementor-section-height-default elementor-section-height-default\" data-id=\"50c7cd4\" data-element_type=\"section\" data-e-type=\"section\">\n\t\t\t\t\t\t<div class=\"elementor-container elementor-column-gap-no\">\n\t\t\t\t\t<div class=\"elementor-column elementor-col-100 elementor-top-column elementor-element elementor-element-122d454\" data-id=\"122d454\" data-element_type=\"column\" data-e-type=\"column\">\n\t\t\t<div class=\"elementor-widget-wrap elementor-element-populated\">\n\t\t\t\t\t\t<div class=\"elementor-element elementor-element-261c072 elementor-widget elementor-widget-sidebar\" data-id=\"261c072\" data-element_type=\"widget\" data-e-type=\"widget\" data-widget_type=\"sidebar.default\">\n\t\t\t\t<div class=\"elementor-widget-container\">\n\t\t\t\t\t<li id=\"adni_widgets-6\" class=\"widget \"><div class=\"angwp_148566 _ning_outer ang_zone_148566 _ning_jss_zone has_label _align_center\" style=\"max-width:1300px;width:100%;overflow:hidden;height:inherit;\"><div class=\"_ning_label _center\" style=\"\">Anunciantes em Destaque<\/div><div id=\"_ning_zone_148566_1063634814\" class=\"_ning_zone_inner\" style=\"width:1300px; height:250px;position:relative;\"><div u=\"slides\" style=\"position:absolute; overflow:hidden; left:0px; top:0px;width:1300px; height:250px;\"><div class=\"slide_1 slide\" idle=\"5000\"><div class=\"angwp_148559 _ning_cont _ning_hidden _align_center\" data-size=\"custom\" data-bid=\"148559\" data-aid=\"148566\" style=\"max-width:1300px; width:100%;height:inherit;\"><div class=\"_ning_inner\" style=\"\"><a href=\"https:\/\/obuxixeiro.com.br?_dnlink=148559&amp;aid=148566&amp;t=1777305841\" class=\"strack_cli _ning_link\" target=\"_blank\">&nbsp;<\/a><div class=\"_ning_elmt\"><img decoding=\"async\" src=\"https:\/\/obuxixeiro.com.br\/wp-content\/uploads\/angwp\/items\/148559\/69c322a496e3b_1774396068.png\" \/><\/div><\/div><\/div><div class=\"clear\"><\/div><\/div><div class=\"slide_2 slide\" idle=\"5000\"><div class=\"angwp_148564 _ning_cont _ning_hidden _align_center\" data-size=\"custom\" data-bid=\"148564\" data-aid=\"148566\" style=\"max-width:1300px; width:100%;height:inherit;\"><div class=\"_ning_inner\" style=\"\"><a href=\"https:\/\/obuxixeiro.com.br?_dnlink=148564&amp;aid=148566&amp;t=1777305841\" class=\"strack_cli _ning_link\" target=\"_blank\">&nbsp;<\/a><div class=\"_ning_elmt\"><img decoding=\"async\" src=\"https:\/\/obuxixeiro.com.br\/wp-content\/uploads\/angwp\/items\/148564\/69c322a496e3b_1774396068.png\" \/><\/div><\/div><\/div><div class=\"clear\"><\/div><\/div><div class=\"slide_3 slide\" idle=\"5000\"><div class=\"angwp_148565 _ning_cont _ning_hidden _align_center\" data-size=\"custom\" data-bid=\"148565\" data-aid=\"148566\" style=\"max-width:1300px; width:100%;height:inherit;\"><div class=\"_ning_inner\" style=\"\"><a href=\"https:\/\/obuxixeiro.com.br?_dnlink=148565&amp;aid=148566&amp;t=1777305841\" class=\"strack_cli _ning_link\" target=\"_blank\">&nbsp;<\/a><div class=\"_ning_elmt\"><img decoding=\"async\" src=\"https:\/\/obuxixeiro.com.br\/wp-content\/uploads\/angwp\/items\/148565\/69c322a496e3b_1774396068.png\" \/><\/div><\/div><\/div><div class=\"clear\"><\/div><\/div><\/div><\/div><\/div><div class=\"clear\"><\/div><\/li>\n\t\t\t\t<\/div>\n\t\t\t\t<\/div>\n\t\t\t\t<div class=\"elementor-element elementor-element-6a113b2 elementor-widget elementor-widget-smartmag-grid\" data-id=\"6a113b2\" data-element_type=\"widget\" data-e-type=\"widget\" data-widget_type=\"smartmag-grid.default\">\n\t\t\t\t<div class=\"elementor-widget-container\">\n\t\t\t\t\t\t\t<section class=\"block-wrap block-grid block-sc mb-none\" data-id=\"27\">\n\n\t\t\t\t\t\t\t\t\n\t\t\t\t\t\t\t\n\t\t\t\t<div class=\"block-head block-head-ac block-head-c is-left\">\n\n\t\t\t\t\t<h4 class=\"heading\">TECNOLOGIA E INOVA\u00c7\u00c3O<\/h4>\t\t\t\t\t\n\t\t\t\t\t\t\t\t\t<\/div>\n\t\t\t\t\n\t\t\t\n\t\t\t\n\t\t\t<div class=\"block-content\">\n\t\t\t\t\t\n\t<div data-slider=\"carousel\" data-autoplay=\"1\" data-speed=\"1000\" data-slides=\"4\" data-slides-md data-slides-sm data-arrows=\"b\" data-dots class=\"loop loop-grid loop-grid-base common-slider loop-carousel arrow-hover slider-arrow-b grid grid-4 md:grid-2 xs:grid-1\">\n\n\t\t\t\t\t\n<article class=\"l-post grid-post grid-base-post\">\n\n\t\n\t\t\t<div class=\"media\">\n\n\t\t\n\t\t\t<a href=\"https:\/\/obuxixeiro.com.br\/?p=155645\" class=\"image-link media-ratio ratio-3-2\" title=\"Centro Paula Souza lan\u00e7a incubadora virtual para apoiar startups\"><img loading=\"lazy\" decoding=\"async\" width=\"408\" height=\"272\" src=\"https:\/\/obuxixeiro.com.br\/wp-content\/uploads\/2026\/04\/155645-centro-paula-souza-lanca-incubadora-virtual-para-apoiar-startups-450x300.png\" class=\"attachment-bunyad-medium size-bunyad-medium wp-post-image\" alt=\"centro-paula-souza-lanca-incubadora-virtual-para-apoiar-startups\" sizes=\"(max-width: 408px) 100vw, 408px\" title=\"Centro Paula Souza lan\u00e7a incubadora virtual para apoiar startups\" srcset=\"https:\/\/obuxixeiro.com.br\/wp-content\/uploads\/2026\/04\/155645-centro-paula-souza-lanca-incubadora-virtual-para-apoiar-startups-450x300.png 450w, https:\/\/obuxixeiro.com.br\/wp-content\/uploads\/2026\/04\/155645-centro-paula-souza-lanca-incubadora-virtual-para-apoiar-startups-300x200.png 300w, https:\/\/obuxixeiro.com.br\/wp-content\/uploads\/2026\/04\/155645-centro-paula-souza-lanca-incubadora-virtual-para-apoiar-startups-1024x683.png 1024w, https:\/\/obuxixeiro.com.br\/wp-content\/uploads\/2026\/04\/155645-centro-paula-souza-lanca-incubadora-virtual-para-apoiar-startups-768x512.png 768w, https:\/\/obuxixeiro.com.br\/wp-content\/uploads\/2026\/04\/155645-centro-paula-souza-lanca-incubadora-virtual-para-apoiar-startups-150x100.png 150w, https:\/\/obuxixeiro.com.br\/wp-content\/uploads\/2026\/04\/155645-centro-paula-souza-lanca-incubadora-virtual-para-apoiar-startups-1200x800.png 1200w, https:\/\/obuxixeiro.com.br\/wp-content\/uploads\/2026\/04\/155645-centro-paula-souza-lanca-incubadora-virtual-para-apoiar-startups-219x146.png 219w, https:\/\/obuxixeiro.com.br\/wp-content\/uploads\/2026\/04\/155645-centro-paula-souza-lanca-incubadora-virtual-para-apoiar-startups.png 1536w\" \/><\/a>\t\t\t\n\t\t\t\n\t\t\t\n\t\t\t\t\t\t\t\n\t\t\t\t<span class=\"cat-labels cat-labels-overlay c-overlay p-bot-left\">\n\t\t\t\t<a href=\"https:\/\/obuxixeiro.com.br\/?cat=41\" class=\"category term-color-41\" rel=\"category\" tabindex=\"-1\">Tecnologia<\/a>\n\t\t\t<\/span>\n\t\t\t\t\t\t\n\t\t\t\n\t\t\n\t\t<\/div>\n\t\n\n\t\n\t\t<div class=\"content\">\n\n\t\t\t<div class=\"post-meta post-meta-a has-below\"><h2 class=\"is-title post-title limit-lines l-lines-2\"><a href=\"https:\/\/obuxixeiro.com.br\/?p=155645\">Centro Paula Souza lan\u00e7a incubadora virtual para apoiar startups<\/a><\/h2><div class=\"post-meta-items meta-below\"><span class=\"meta-item date\"><span class=\"date-link\"><time class=\"post-date\" datetime=\"2026-04-24T11:43:05-03:00\">24 de abril de 2026<\/time><\/span><\/span><\/div><\/div>\t\t\t\n\t\t\t\n\t\t\t\n\t\t<\/div>\n\n\t\n<\/article>\t\t\t\t\t\n<article class=\"l-post grid-post grid-base-post\">\n\n\t\n\t\t\t<div class=\"media\">\n\n\t\t\n\t\t\t<a href=\"https:\/\/obuxixeiro.com.br\/?p=155647\" class=\"image-link media-ratio ratio-3-2\" title=\"Obras do Trem Intercidades avan\u00e7am em Vinhedo com visita de Tarc\u00edsio\"><img loading=\"lazy\" decoding=\"async\" width=\"408\" height=\"272\" src=\"https:\/\/obuxixeiro.com.br\/wp-content\/uploads\/2026\/04\/155647-obras-do-trem-intercidades-avancam-em-vinhedo-com-visita-de-tarcisio-450x300.png\" class=\"attachment-bunyad-medium size-bunyad-medium wp-post-image\" alt=\"obras-do-trem-intercidades-avancam-em-vinhedo-com-visita-de-tarcisio\" sizes=\"(max-width: 408px) 100vw, 408px\" title=\"Obras do Trem Intercidades avan\u00e7am em Vinhedo com visita de Tarc\u00edsio\" srcset=\"https:\/\/obuxixeiro.com.br\/wp-content\/uploads\/2026\/04\/155647-obras-do-trem-intercidades-avancam-em-vinhedo-com-visita-de-tarcisio-450x300.png 450w, https:\/\/obuxixeiro.com.br\/wp-content\/uploads\/2026\/04\/155647-obras-do-trem-intercidades-avancam-em-vinhedo-com-visita-de-tarcisio-300x200.png 300w, https:\/\/obuxixeiro.com.br\/wp-content\/uploads\/2026\/04\/155647-obras-do-trem-intercidades-avancam-em-vinhedo-com-visita-de-tarcisio-1024x683.png 1024w, https:\/\/obuxixeiro.com.br\/wp-content\/uploads\/2026\/04\/155647-obras-do-trem-intercidades-avancam-em-vinhedo-com-visita-de-tarcisio-768x512.png 768w, https:\/\/obuxixeiro.com.br\/wp-content\/uploads\/2026\/04\/155647-obras-do-trem-intercidades-avancam-em-vinhedo-com-visita-de-tarcisio-150x100.png 150w, https:\/\/obuxixeiro.com.br\/wp-content\/uploads\/2026\/04\/155647-obras-do-trem-intercidades-avancam-em-vinhedo-com-visita-de-tarcisio-1200x800.png 1200w, https:\/\/obuxixeiro.com.br\/wp-content\/uploads\/2026\/04\/155647-obras-do-trem-intercidades-avancam-em-vinhedo-com-visita-de-tarcisio-219x146.png 219w, https:\/\/obuxixeiro.com.br\/wp-content\/uploads\/2026\/04\/155647-obras-do-trem-intercidades-avancam-em-vinhedo-com-visita-de-tarcisio.png 1536w\" \/><\/a>\t\t\t\n\t\t\t\n\t\t\t\n\t\t\t\t\t\t\t\n\t\t\t\t<span class=\"cat-labels cat-labels-overlay c-overlay p-bot-left\">\n\t\t\t\t<a href=\"https:\/\/obuxixeiro.com.br\/?cat=41\" class=\"category term-color-41\" rel=\"category\" tabindex=\"-1\">Tecnologia<\/a>\n\t\t\t<\/span>\n\t\t\t\t\t\t\n\t\t\t\n\t\t\n\t\t<\/div>\n\t\n\n\t\n\t\t<div class=\"content\">\n\n\t\t\t<div class=\"post-meta post-meta-a has-below\"><h2 class=\"is-title post-title limit-lines l-lines-2\"><a href=\"https:\/\/obuxixeiro.com.br\/?p=155647\">Obras do Trem Intercidades avan\u00e7am em Vinhedo com visita de Tarc\u00edsio<\/a><\/h2><div class=\"post-meta-items meta-below\"><span class=\"meta-item date\"><span class=\"date-link\"><time class=\"post-date\" datetime=\"2026-04-24T11:43:04-03:00\">24 de abril de 2026<\/time><\/span><\/span><\/div><\/div>\t\t\t\n\t\t\t\n\t\t\t\n\t\t<\/div>\n\n\t\n<\/article>\t\t\t\t\t\n<article class=\"l-post grid-post grid-base-post\">\n\n\t\n\t\t\t<div class=\"media\">\n\n\t\t\n\t\t\t<a href=\"https:\/\/obuxixeiro.com.br\/?p=155649\" class=\"image-link media-ratio ratio-3-2\" title=\"Governo de SP amplia coopera\u00e7\u00e3o com munic\u00edpios em congresso sobre gest\u00e3o e inova\u00e7\u00e3o\"><img loading=\"lazy\" decoding=\"async\" width=\"408\" height=\"272\" src=\"https:\/\/obuxixeiro.com.br\/wp-content\/uploads\/2026\/04\/155649-governo-de-sp-amplia-cooperacao-com-municipios-em-congresso-sobre-gestao-e-inovacao-450x300.png\" class=\"attachment-bunyad-medium size-bunyad-medium wp-post-image\" alt=\"governo-de-sp-amplia-cooperacao-com-municipios-em-congresso-sobre-gestao-e-inovacao\" sizes=\"(max-width: 408px) 100vw, 408px\" title=\"Governo de SP amplia coopera\u00e7\u00e3o com munic\u00edpios em congresso sobre gest\u00e3o e inova\u00e7\u00e3o\" srcset=\"https:\/\/obuxixeiro.com.br\/wp-content\/uploads\/2026\/04\/155649-governo-de-sp-amplia-cooperacao-com-municipios-em-congresso-sobre-gestao-e-inovacao-450x300.png 450w, https:\/\/obuxixeiro.com.br\/wp-content\/uploads\/2026\/04\/155649-governo-de-sp-amplia-cooperacao-com-municipios-em-congresso-sobre-gestao-e-inovacao-300x200.png 300w, https:\/\/obuxixeiro.com.br\/wp-content\/uploads\/2026\/04\/155649-governo-de-sp-amplia-cooperacao-com-municipios-em-congresso-sobre-gestao-e-inovacao-1024x683.png 1024w, https:\/\/obuxixeiro.com.br\/wp-content\/uploads\/2026\/04\/155649-governo-de-sp-amplia-cooperacao-com-municipios-em-congresso-sobre-gestao-e-inovacao-768x512.png 768w, https:\/\/obuxixeiro.com.br\/wp-content\/uploads\/2026\/04\/155649-governo-de-sp-amplia-cooperacao-com-municipios-em-congresso-sobre-gestao-e-inovacao-150x100.png 150w, https:\/\/obuxixeiro.com.br\/wp-content\/uploads\/2026\/04\/155649-governo-de-sp-amplia-cooperacao-com-municipios-em-congresso-sobre-gestao-e-inovacao-1200x800.png 1200w, https:\/\/obuxixeiro.com.br\/wp-content\/uploads\/2026\/04\/155649-governo-de-sp-amplia-cooperacao-com-municipios-em-congresso-sobre-gestao-e-inovacao-219x146.png 219w, https:\/\/obuxixeiro.com.br\/wp-content\/uploads\/2026\/04\/155649-governo-de-sp-amplia-cooperacao-com-municipios-em-congresso-sobre-gestao-e-inovacao.png 1536w\" \/><\/a>\t\t\t\n\t\t\t\n\t\t\t\n\t\t\t\t\t\t\t\n\t\t\t\t<span class=\"cat-labels cat-labels-overlay c-overlay p-bot-left\">\n\t\t\t\t<a href=\"https:\/\/obuxixeiro.com.br\/?cat=41\" class=\"category term-color-41\" rel=\"category\" tabindex=\"-1\">Tecnologia<\/a>\n\t\t\t<\/span>\n\t\t\t\t\t\t\n\t\t\t\n\t\t\n\t\t<\/div>\n\t\n\n\t\n\t\t<div class=\"content\">\n\n\t\t\t<div class=\"post-meta post-meta-a has-below\"><h2 class=\"is-title post-title limit-lines l-lines-2\"><a href=\"https:\/\/obuxixeiro.com.br\/?p=155649\">Governo de SP amplia coopera\u00e7\u00e3o com munic\u00edpios em congresso sobre gest\u00e3o e inova\u00e7\u00e3o<\/a><\/h2><div class=\"post-meta-items meta-below\"><span class=\"meta-item date\"><span class=\"date-link\"><time class=\"post-date\" datetime=\"2026-04-24T11:43:03-03:00\">24 de abril de 2026<\/time><\/span><\/span><\/div><\/div>\t\t\t\n\t\t\t\n\t\t\t\n\t\t<\/div>\n\n\t\n<\/article>\t\t\t\t\t\n<article class=\"l-post grid-post grid-base-post\">\n\n\t\n\t\t\t<div class=\"media\">\n\n\t\t\n\t\t\t<a href=\"https:\/\/obuxixeiro.com.br\/?p=155414\" class=\"image-link media-ratio ratio-3-2\" title=\"Campo de Marte pode receber primeiro vertiporto para aeronaves el\u00e9tricas em SP\"><img loading=\"lazy\" decoding=\"async\" width=\"408\" height=\"272\" src=\"https:\/\/obuxixeiro.com.br\/wp-content\/uploads\/2026\/04\/155414-campo-de-marte-pode-receber-primeiro-vertiporto-para-aeronaves-eletricas-em-sp-450x300.png\" class=\"attachment-bunyad-medium size-bunyad-medium wp-post-image\" alt=\"campo-de-marte-pode-receber-primeiro-vertiporto-para-aeronaves-eletricas-em-sp\" sizes=\"(max-width: 408px) 100vw, 408px\" title=\"Campo de Marte pode receber primeiro vertiporto para aeronaves el\u00e9tricas em SP\" srcset=\"https:\/\/obuxixeiro.com.br\/wp-content\/uploads\/2026\/04\/155414-campo-de-marte-pode-receber-primeiro-vertiporto-para-aeronaves-eletricas-em-sp-450x300.png 450w, https:\/\/obuxixeiro.com.br\/wp-content\/uploads\/2026\/04\/155414-campo-de-marte-pode-receber-primeiro-vertiporto-para-aeronaves-eletricas-em-sp-300x200.png 300w, https:\/\/obuxixeiro.com.br\/wp-content\/uploads\/2026\/04\/155414-campo-de-marte-pode-receber-primeiro-vertiporto-para-aeronaves-eletricas-em-sp-1024x683.png 1024w, https:\/\/obuxixeiro.com.br\/wp-content\/uploads\/2026\/04\/155414-campo-de-marte-pode-receber-primeiro-vertiporto-para-aeronaves-eletricas-em-sp-768x512.png 768w, https:\/\/obuxixeiro.com.br\/wp-content\/uploads\/2026\/04\/155414-campo-de-marte-pode-receber-primeiro-vertiporto-para-aeronaves-eletricas-em-sp-150x100.png 150w, https:\/\/obuxixeiro.com.br\/wp-content\/uploads\/2026\/04\/155414-campo-de-marte-pode-receber-primeiro-vertiporto-para-aeronaves-eletricas-em-sp-1200x800.png 1200w, https:\/\/obuxixeiro.com.br\/wp-content\/uploads\/2026\/04\/155414-campo-de-marte-pode-receber-primeiro-vertiporto-para-aeronaves-eletricas-em-sp-219x146.png 219w, https:\/\/obuxixeiro.com.br\/wp-content\/uploads\/2026\/04\/155414-campo-de-marte-pode-receber-primeiro-vertiporto-para-aeronaves-eletricas-em-sp.png 1536w\" \/><\/a>\t\t\t\n\t\t\t\n\t\t\t\n\t\t\t\t\t\t\t\n\t\t\t\t<span class=\"cat-labels cat-labels-overlay c-overlay p-bot-left\">\n\t\t\t\t<a href=\"https:\/\/obuxixeiro.com.br\/?cat=41\" class=\"category term-color-41\" rel=\"category\" tabindex=\"-1\">Tecnologia<\/a>\n\t\t\t<\/span>\n\t\t\t\t\t\t\n\t\t\t\n\t\t\n\t\t<\/div>\n\t\n\n\t\n\t\t<div class=\"content\">\n\n\t\t\t<div class=\"post-meta post-meta-a has-below\"><h2 class=\"is-title post-title limit-lines l-lines-2\"><a href=\"https:\/\/obuxixeiro.com.br\/?p=155414\">Campo de Marte pode receber primeiro vertiporto para aeronaves el\u00e9tricas em SP<\/a><\/h2><div class=\"post-meta-items meta-below\"><span class=\"meta-item date\"><span class=\"date-link\"><time class=\"post-date\" datetime=\"2026-04-22T17:18:03-03:00\">22 de abril de 2026<\/time><\/span><\/span><\/div><\/div>\t\t\t\n\t\t\t\n\t\t\t\n\t\t<\/div>\n\n\t\n<\/article>\t\t\t\t\t\n<article class=\"l-post grid-post grid-base-post\">\n\n\t\n\t\t\t<div class=\"media\">\n\n\t\t\n\t\t\t<a href=\"https:\/\/obuxixeiro.com.br\/?p=155420\" class=\"image-link media-ratio ratio-3-2\" title=\"Pol\u00edcia apreende cerca de 300 kg de drogas em ch\u00e1cara no interior de SP com aux\u00edlio de drone\"><img loading=\"lazy\" decoding=\"async\" width=\"408\" height=\"272\" src=\"https:\/\/obuxixeiro.com.br\/wp-content\/uploads\/2026\/04\/155420-policia-apreende-cerca-de-300-kg-de-drogas-em-chacara-no-interior-de-sp-com-auxilio-de-drone-450x300.png\" class=\"attachment-bunyad-medium size-bunyad-medium wp-post-image\" alt=\"policia-apreende-cerca-de-300-kg-de-drogas-em-chacara-no-interior-de-sp-com-auxilio-de-drone\" sizes=\"(max-width: 408px) 100vw, 408px\" title=\"Pol\u00edcia apreende cerca de 300 kg de drogas em ch\u00e1cara no interior de SP com aux\u00edlio de drone\" srcset=\"https:\/\/obuxixeiro.com.br\/wp-content\/uploads\/2026\/04\/155420-policia-apreende-cerca-de-300-kg-de-drogas-em-chacara-no-interior-de-sp-com-auxilio-de-drone-450x300.png 450w, https:\/\/obuxixeiro.com.br\/wp-content\/uploads\/2026\/04\/155420-policia-apreende-cerca-de-300-kg-de-drogas-em-chacara-no-interior-de-sp-com-auxilio-de-drone-300x200.png 300w, https:\/\/obuxixeiro.com.br\/wp-content\/uploads\/2026\/04\/155420-policia-apreende-cerca-de-300-kg-de-drogas-em-chacara-no-interior-de-sp-com-auxilio-de-drone-1024x683.png 1024w, https:\/\/obuxixeiro.com.br\/wp-content\/uploads\/2026\/04\/155420-policia-apreende-cerca-de-300-kg-de-drogas-em-chacara-no-interior-de-sp-com-auxilio-de-drone-768x512.png 768w, https:\/\/obuxixeiro.com.br\/wp-content\/uploads\/2026\/04\/155420-policia-apreende-cerca-de-300-kg-de-drogas-em-chacara-no-interior-de-sp-com-auxilio-de-drone-150x100.png 150w, https:\/\/obuxixeiro.com.br\/wp-content\/uploads\/2026\/04\/155420-policia-apreende-cerca-de-300-kg-de-drogas-em-chacara-no-interior-de-sp-com-auxilio-de-drone-1200x800.png 1200w, https:\/\/obuxixeiro.com.br\/wp-content\/uploads\/2026\/04\/155420-policia-apreende-cerca-de-300-kg-de-drogas-em-chacara-no-interior-de-sp-com-auxilio-de-drone-219x146.png 219w, https:\/\/obuxixeiro.com.br\/wp-content\/uploads\/2026\/04\/155420-policia-apreende-cerca-de-300-kg-de-drogas-em-chacara-no-interior-de-sp-com-auxilio-de-drone.png 1536w\" \/><\/a>\t\t\t\n\t\t\t\n\t\t\t\n\t\t\t\t\t\t\t\n\t\t\t\t<span class=\"cat-labels cat-labels-overlay c-overlay p-bot-left\">\n\t\t\t\t<a href=\"https:\/\/obuxixeiro.com.br\/?cat=41\" class=\"category term-color-41\" rel=\"category\" tabindex=\"-1\">Tecnologia<\/a>\n\t\t\t<\/span>\n\t\t\t\t\t\t\n\t\t\t\n\t\t\n\t\t<\/div>\n\t\n\n\t\n\t\t<div class=\"content\">\n\n\t\t\t<div class=\"post-meta post-meta-a has-below\"><h2 class=\"is-title post-title limit-lines l-lines-2\"><a href=\"https:\/\/obuxixeiro.com.br\/?p=155420\">Pol\u00edcia apreende cerca de 300 kg de drogas em ch\u00e1cara no interior de SP com aux\u00edlio de drone<\/a><\/h2><div class=\"post-meta-items meta-below\"><span class=\"meta-item date\"><span class=\"date-link\"><time class=\"post-date\" datetime=\"2026-04-22T17:18:02-03:00\">22 de abril de 2026<\/time><\/span><\/span><\/div><\/div>\t\t\t\n\t\t\t\n\t\t\t\n\t\t<\/div>\n\n\t\n<\/article>\t\t\n\t<\/div>\n\n\t\t\n\t\t\t<\/div>\n\n\t\t<\/section>\n\t\t\t\t\t\t<\/div>\n\t\t\t\t<\/div>\n\t\t\t\t<div class=\"elementor-element elementor-element-9a991ef elementor-widget elementor-widget-smartmag-grid\" data-id=\"9a991ef\" data-element_type=\"widget\" data-e-type=\"widget\" data-widget_type=\"smartmag-grid.default\">\n\t\t\t\t<div class=\"elementor-widget-container\">\n\t\t\t\t\t\t\t<section class=\"block-wrap block-grid block-sc mb-none\" data-id=\"28\">\n\n\t\t\t\t\t\t\t\t\n\t\t\t\t\t\t\t\n\t\t\t\t<div class=\"block-head block-head-ac block-head-c is-left\">\n\n\t\t\t\t\t<h4 class=\"heading\">EVENTOS E COBERTURAS ESPECIAIS<\/h4>\t\t\t\t\t\n\t\t\t\t\t\t\t\t\t<\/div>\n\t\t\t\t\n\t\t\t\n\t\t\t\n\t\t\t<div class=\"block-content\">\n\t\t\t\t\t\n\t<div data-slider=\"carousel\" data-autoplay=\"1\" data-speed=\"1000\" data-slides=\"4\" data-slides-md data-slides-sm data-arrows=\"b\" data-dots class=\"loop loop-grid loop-grid-base common-slider loop-carousel arrow-hover slider-arrow-b grid grid-4 md:grid-2 xs:grid-1\">\n\n\t\t\t\t\t\n<article class=\"l-post grid-post grid-base-post\">\n\n\t\n\t\t\t<div class=\"media\">\n\n\t\t\n\t\t\t<a href=\"https:\/\/obuxixeiro.com.br\/?p=155516\" class=\"image-link media-ratio ratio-3-2\" title=\"Orquestra Jovem do Estado se apresenta na Sala S\u00e3o Paulo neste domingo\"><img loading=\"lazy\" decoding=\"async\" width=\"408\" height=\"272\" src=\"https:\/\/obuxixeiro.com.br\/wp-content\/uploads\/2026\/04\/155516-orquestra-jovem-do-estado-se-apresenta-na-sala-sao-paulo-neste-domingo-450x300.png\" class=\"attachment-bunyad-medium size-bunyad-medium wp-post-image\" alt=\"orquestra-jovem-do-estado-se-apresenta-na-sala-sao-paulo-neste-domingo\" sizes=\"(max-width: 408px) 100vw, 408px\" title=\"Orquestra Jovem do Estado se apresenta na Sala S\u00e3o Paulo neste domingo\" srcset=\"https:\/\/obuxixeiro.com.br\/wp-content\/uploads\/2026\/04\/155516-orquestra-jovem-do-estado-se-apresenta-na-sala-sao-paulo-neste-domingo-450x300.png 450w, https:\/\/obuxixeiro.com.br\/wp-content\/uploads\/2026\/04\/155516-orquestra-jovem-do-estado-se-apresenta-na-sala-sao-paulo-neste-domingo-300x200.png 300w, https:\/\/obuxixeiro.com.br\/wp-content\/uploads\/2026\/04\/155516-orquestra-jovem-do-estado-se-apresenta-na-sala-sao-paulo-neste-domingo-1024x683.png 1024w, https:\/\/obuxixeiro.com.br\/wp-content\/uploads\/2026\/04\/155516-orquestra-jovem-do-estado-se-apresenta-na-sala-sao-paulo-neste-domingo-768x512.png 768w, https:\/\/obuxixeiro.com.br\/wp-content\/uploads\/2026\/04\/155516-orquestra-jovem-do-estado-se-apresenta-na-sala-sao-paulo-neste-domingo-150x100.png 150w, https:\/\/obuxixeiro.com.br\/wp-content\/uploads\/2026\/04\/155516-orquestra-jovem-do-estado-se-apresenta-na-sala-sao-paulo-neste-domingo-1200x800.png 1200w, https:\/\/obuxixeiro.com.br\/wp-content\/uploads\/2026\/04\/155516-orquestra-jovem-do-estado-se-apresenta-na-sala-sao-paulo-neste-domingo-219x146.png 219w, https:\/\/obuxixeiro.com.br\/wp-content\/uploads\/2026\/04\/155516-orquestra-jovem-do-estado-se-apresenta-na-sala-sao-paulo-neste-domingo.png 1536w\" \/><\/a>\t\t\t\n\t\t\t\n\t\t\t\n\t\t\t\t\t\t\t\n\t\t\t\t<span class=\"cat-labels cat-labels-overlay c-overlay p-bot-left\">\n\t\t\t\t<a href=\"https:\/\/obuxixeiro.com.br\/?cat=71\" class=\"category term-color-71\" rel=\"category\" tabindex=\"-1\">Shows e Eventos<\/a>\n\t\t\t<\/span>\n\t\t\t\t\t\t\n\t\t\t\n\t\t\n\t\t<\/div>\n\t\n\n\t\n\t\t<div class=\"content\">\n\n\t\t\t<div class=\"post-meta post-meta-a has-below\"><h2 class=\"is-title post-title limit-lines l-lines-2\"><a href=\"https:\/\/obuxixeiro.com.br\/?p=155516\">Orquestra Jovem do Estado se apresenta na Sala S\u00e3o Paulo neste domingo<\/a><\/h2><div class=\"post-meta-items meta-below\"><span class=\"meta-item date\"><span class=\"date-link\"><time class=\"post-date\" datetime=\"2026-04-09T23:01:00-03:00\">9 de abril de 2026<\/time><\/span><\/span><\/div><\/div>\t\t\t\n\t\t\t\n\t\t\t\n\t\t<\/div>\n\n\t\n<\/article>\t\t\t\t\t\n<article class=\"l-post grid-post grid-base-post\">\n\n\t\n\t\t\t<div class=\"media\">\n\n\t\t\n\t\t\t<a href=\"https:\/\/obuxixeiro.com.br\/?p=155523\" class=\"image-link media-ratio ratio-3-2\" title=\"Mostra Picadilha promove bate-papo gratuito sobre grafite neste s\u00e1bado em SP\"><img loading=\"lazy\" decoding=\"async\" width=\"408\" height=\"272\" src=\"https:\/\/obuxixeiro.com.br\/wp-content\/uploads\/2026\/04\/155523-mostra-picadilha-promove-bate-papo-gratuito-sobre-grafite-neste-sabado-em-sp-450x300.png\" class=\"attachment-bunyad-medium size-bunyad-medium wp-post-image\" alt=\"mostra-picadilha-promove-bate-papo-gratuito-sobre-grafite-neste-sabado-em-sp\" sizes=\"(max-width: 408px) 100vw, 408px\" title=\"Mostra Picadilha promove bate-papo gratuito sobre grafite neste s\u00e1bado em SP\" srcset=\"https:\/\/obuxixeiro.com.br\/wp-content\/uploads\/2026\/04\/155523-mostra-picadilha-promove-bate-papo-gratuito-sobre-grafite-neste-sabado-em-sp-450x300.png 450w, https:\/\/obuxixeiro.com.br\/wp-content\/uploads\/2026\/04\/155523-mostra-picadilha-promove-bate-papo-gratuito-sobre-grafite-neste-sabado-em-sp-300x200.png 300w, https:\/\/obuxixeiro.com.br\/wp-content\/uploads\/2026\/04\/155523-mostra-picadilha-promove-bate-papo-gratuito-sobre-grafite-neste-sabado-em-sp-1024x683.png 1024w, https:\/\/obuxixeiro.com.br\/wp-content\/uploads\/2026\/04\/155523-mostra-picadilha-promove-bate-papo-gratuito-sobre-grafite-neste-sabado-em-sp-768x512.png 768w, https:\/\/obuxixeiro.com.br\/wp-content\/uploads\/2026\/04\/155523-mostra-picadilha-promove-bate-papo-gratuito-sobre-grafite-neste-sabado-em-sp-150x100.png 150w, https:\/\/obuxixeiro.com.br\/wp-content\/uploads\/2026\/04\/155523-mostra-picadilha-promove-bate-papo-gratuito-sobre-grafite-neste-sabado-em-sp-1200x800.png 1200w, https:\/\/obuxixeiro.com.br\/wp-content\/uploads\/2026\/04\/155523-mostra-picadilha-promove-bate-papo-gratuito-sobre-grafite-neste-sabado-em-sp-219x146.png 219w, https:\/\/obuxixeiro.com.br\/wp-content\/uploads\/2026\/04\/155523-mostra-picadilha-promove-bate-papo-gratuito-sobre-grafite-neste-sabado-em-sp.png 1536w\" \/><\/a>\t\t\t\n\t\t\t\n\t\t\t\n\t\t\t\t\t\t\t\n\t\t\t\t<span class=\"cat-labels cat-labels-overlay c-overlay p-bot-left\">\n\t\t\t\t<a href=\"https:\/\/obuxixeiro.com.br\/?cat=72\" class=\"category term-color-72\" rel=\"category\" tabindex=\"-1\">Feiras e Exposi\u00e7\u00f5es<\/a>\n\t\t\t<\/span>\n\t\t\t\t\t\t\n\t\t\t\n\t\t\n\t\t<\/div>\n\t\n\n\t\n\t\t<div class=\"content\">\n\n\t\t\t<div class=\"post-meta post-meta-a has-below\"><h2 class=\"is-title post-title limit-lines l-lines-2\"><a href=\"https:\/\/obuxixeiro.com.br\/?p=155523\">Mostra Picadilha promove bate-papo gratuito sobre grafite neste s\u00e1bado em SP<\/a><\/h2><div class=\"post-meta-items meta-below\"><span class=\"meta-item date\"><span class=\"date-link\"><time class=\"post-date\" datetime=\"2026-04-09T01:42:00-03:00\">9 de abril de 2026<\/time><\/span><\/span><\/div><\/div>\t\t\t\n\t\t\t\n\t\t\t\n\t\t<\/div>\n\n\t\n<\/article>\t\t\t\t\t\n<article class=\"l-post grid-post grid-base-post\">\n\n\t\n\t\t\t<div class=\"media\">\n\n\t\t\n\t\t\t<a href=\"https:\/\/obuxixeiro.com.br\/?p=155525\" class=\"image-link media-ratio ratio-3-2\" title=\"S\u00e3o Paulo Innovation Week ter\u00e1 programa\u00e7\u00e3o voltada \u00e0 m\u00fasica e literatura\"><img loading=\"lazy\" decoding=\"async\" width=\"408\" height=\"272\" src=\"https:\/\/obuxixeiro.com.br\/wp-content\/uploads\/2026\/04\/155525-sao-paulo-innovation-week-tera-programacao-voltada-a-musica-e-literatura-450x300.png\" class=\"attachment-bunyad-medium size-bunyad-medium wp-post-image\" alt=\"sao-paulo-innovation-week-tera-programacao-voltada-a-musica-e-literatura\" sizes=\"(max-width: 408px) 100vw, 408px\" title=\"S\u00e3o Paulo Innovation Week ter\u00e1 programa\u00e7\u00e3o voltada \u00e0 m\u00fasica e literatura\" srcset=\"https:\/\/obuxixeiro.com.br\/wp-content\/uploads\/2026\/04\/155525-sao-paulo-innovation-week-tera-programacao-voltada-a-musica-e-literatura-450x300.png 450w, https:\/\/obuxixeiro.com.br\/wp-content\/uploads\/2026\/04\/155525-sao-paulo-innovation-week-tera-programacao-voltada-a-musica-e-literatura-300x200.png 300w, https:\/\/obuxixeiro.com.br\/wp-content\/uploads\/2026\/04\/155525-sao-paulo-innovation-week-tera-programacao-voltada-a-musica-e-literatura-1024x683.png 1024w, https:\/\/obuxixeiro.com.br\/wp-content\/uploads\/2026\/04\/155525-sao-paulo-innovation-week-tera-programacao-voltada-a-musica-e-literatura-768x512.png 768w, https:\/\/obuxixeiro.com.br\/wp-content\/uploads\/2026\/04\/155525-sao-paulo-innovation-week-tera-programacao-voltada-a-musica-e-literatura-150x100.png 150w, https:\/\/obuxixeiro.com.br\/wp-content\/uploads\/2026\/04\/155525-sao-paulo-innovation-week-tera-programacao-voltada-a-musica-e-literatura-1200x800.png 1200w, https:\/\/obuxixeiro.com.br\/wp-content\/uploads\/2026\/04\/155525-sao-paulo-innovation-week-tera-programacao-voltada-a-musica-e-literatura-219x146.png 219w, https:\/\/obuxixeiro.com.br\/wp-content\/uploads\/2026\/04\/155525-sao-paulo-innovation-week-tera-programacao-voltada-a-musica-e-literatura.png 1536w\" \/><\/a>\t\t\t\n\t\t\t\n\t\t\t\n\t\t\t\t\t\t\t\n\t\t\t\t<span class=\"cat-labels cat-labels-overlay c-overlay p-bot-left\">\n\t\t\t\t<a href=\"https:\/\/obuxixeiro.com.br\/?cat=71\" class=\"category term-color-71\" rel=\"category\" tabindex=\"-1\">Shows e Eventos<\/a>\n\t\t\t<\/span>\n\t\t\t\t\t\t\n\t\t\t\n\t\t\n\t\t<\/div>\n\t\n\n\t\n\t\t<div class=\"content\">\n\n\t\t\t<div class=\"post-meta post-meta-a has-below\"><h2 class=\"is-title post-title limit-lines l-lines-2\"><a href=\"https:\/\/obuxixeiro.com.br\/?p=155525\">S\u00e3o Paulo Innovation Week ter\u00e1 programa\u00e7\u00e3o voltada \u00e0 m\u00fasica e literatura<\/a><\/h2><div class=\"post-meta-items meta-below\"><span class=\"meta-item date\"><span class=\"date-link\"><time class=\"post-date\" datetime=\"2026-04-04T21:46:00-03:00\">4 de abril de 2026<\/time><\/span><\/span><\/div><\/div>\t\t\t\n\t\t\t\n\t\t\t\n\t\t<\/div>\n\n\t\n<\/article>\t\t\t\t\t\n<article class=\"l-post grid-post grid-base-post\">\n\n\t\n\t\t\t<div class=\"media\">\n\n\t\t\n\t\t\t<a href=\"https:\/\/obuxixeiro.com.br\/?p=155540\" class=\"image-link media-ratio ratio-3-2\" title=\"Governo de SP lan\u00e7a guia tur\u00edstico com roteiros de religi\u00f5es orientais\"><img loading=\"lazy\" decoding=\"async\" width=\"408\" height=\"272\" src=\"https:\/\/obuxixeiro.com.br\/wp-content\/uploads\/2026\/04\/155540-governo-de-sp-lanca-guia-turistico-com-roteiros-de-religioes-orientais-450x338.png\" class=\"attachment-bunyad-medium size-bunyad-medium wp-post-image\" alt=\"governo-de-sp-lanca-guia-turistico-com-roteiros-de-religioes-orientais\" sizes=\"(max-width: 408px) 100vw, 408px\" title=\"Governo de SP lan\u00e7a guia tur\u00edstico com roteiros de religi\u00f5es orientais\" srcset=\"https:\/\/obuxixeiro.com.br\/wp-content\/uploads\/2026\/04\/155540-governo-de-sp-lanca-guia-turistico-com-roteiros-de-religioes-orientais-450x338.png 450w, https:\/\/obuxixeiro.com.br\/wp-content\/uploads\/2026\/04\/155540-governo-de-sp-lanca-guia-turistico-com-roteiros-de-religioes-orientais-1024x768.png 1024w, https:\/\/obuxixeiro.com.br\/wp-content\/uploads\/2026\/04\/155540-governo-de-sp-lanca-guia-turistico-com-roteiros-de-religioes-orientais-768x576.png 768w, https:\/\/obuxixeiro.com.br\/wp-content\/uploads\/2026\/04\/155540-governo-de-sp-lanca-guia-turistico-com-roteiros-de-religioes-orientais-1200x900.png 1200w, https:\/\/obuxixeiro.com.br\/wp-content\/uploads\/2026\/04\/155540-governo-de-sp-lanca-guia-turistico-com-roteiros-de-religioes-orientais.png 1365w\" \/><\/a>\t\t\t\n\t\t\t\n\t\t\t\n\t\t\t\t\t\t\t\n\t\t\t\t<span class=\"cat-labels cat-labels-overlay c-overlay p-bot-left\">\n\t\t\t\t<a href=\"https:\/\/obuxixeiro.com.br\/?cat=72\" class=\"category term-color-72\" rel=\"category\" tabindex=\"-1\">Feiras e Exposi\u00e7\u00f5es<\/a>\n\t\t\t<\/span>\n\t\t\t\t\t\t\n\t\t\t\n\t\t\n\t\t<\/div>\n\t\n\n\t\n\t\t<div class=\"content\">\n\n\t\t\t<div class=\"post-meta post-meta-a has-below\"><h2 class=\"is-title post-title limit-lines l-lines-2\"><a href=\"https:\/\/obuxixeiro.com.br\/?p=155540\">Governo de SP lan\u00e7a guia tur\u00edstico com roteiros de religi\u00f5es orientais<\/a><\/h2><div class=\"post-meta-items meta-below\"><span class=\"meta-item date\"><span class=\"date-link\"><time class=\"post-date\" datetime=\"2026-03-22T12:28:00-03:00\">22 de mar\u00e7o de 2026<\/time><\/span><\/span><\/div><\/div>\t\t\t\n\t\t\t\n\t\t\t\n\t\t<\/div>\n\n\t\n<\/article>\t\t\t\t\t\n<article class=\"l-post grid-post grid-base-post\">\n\n\t\n\t\t\t<div class=\"media\">\n\n\t\t\n\t\t\t<a href=\"https:\/\/obuxixeiro.com.br\/?p=155559\" class=\"image-link media-ratio ratio-3-2\" title=\"Carreta do Museu Catavento leva experi\u00eancias cient\u00edficas a Hercul\u00e2ndia\"><img loading=\"lazy\" decoding=\"async\" width=\"408\" height=\"272\" src=\"https:\/\/obuxixeiro.com.br\/wp-content\/uploads\/2026\/04\/155559-carreta-do-museu-catavento-leva-experiencias-cientificas-a-herculandia-450x300.png\" class=\"attachment-bunyad-medium size-bunyad-medium wp-post-image\" alt=\"carreta-do-museu-catavento-leva-experiencias-cientificas-a-herculandia\" sizes=\"(max-width: 408px) 100vw, 408px\" title=\"Carreta do Museu Catavento leva experi\u00eancias cient\u00edficas a Hercul\u00e2ndia\" srcset=\"https:\/\/obuxixeiro.com.br\/wp-content\/uploads\/2026\/04\/155559-carreta-do-museu-catavento-leva-experiencias-cientificas-a-herculandia-450x300.png 450w, https:\/\/obuxixeiro.com.br\/wp-content\/uploads\/2026\/04\/155559-carreta-do-museu-catavento-leva-experiencias-cientificas-a-herculandia-300x200.png 300w, https:\/\/obuxixeiro.com.br\/wp-content\/uploads\/2026\/04\/155559-carreta-do-museu-catavento-leva-experiencias-cientificas-a-herculandia-1024x683.png 1024w, https:\/\/obuxixeiro.com.br\/wp-content\/uploads\/2026\/04\/155559-carreta-do-museu-catavento-leva-experiencias-cientificas-a-herculandia-768x512.png 768w, https:\/\/obuxixeiro.com.br\/wp-content\/uploads\/2026\/04\/155559-carreta-do-museu-catavento-leva-experiencias-cientificas-a-herculandia-150x100.png 150w, https:\/\/obuxixeiro.com.br\/wp-content\/uploads\/2026\/04\/155559-carreta-do-museu-catavento-leva-experiencias-cientificas-a-herculandia-1200x800.png 1200w, https:\/\/obuxixeiro.com.br\/wp-content\/uploads\/2026\/04\/155559-carreta-do-museu-catavento-leva-experiencias-cientificas-a-herculandia-219x146.png 219w, https:\/\/obuxixeiro.com.br\/wp-content\/uploads\/2026\/04\/155559-carreta-do-museu-catavento-leva-experiencias-cientificas-a-herculandia.png 1536w\" \/><\/a>\t\t\t\n\t\t\t\n\t\t\t\n\t\t\t\t\t\t\t\n\t\t\t\t<span class=\"cat-labels cat-labels-overlay c-overlay p-bot-left\">\n\t\t\t\t<a href=\"https:\/\/obuxixeiro.com.br\/?cat=72\" class=\"category term-color-72\" rel=\"category\" tabindex=\"-1\">Feiras e Exposi\u00e7\u00f5es<\/a>\n\t\t\t<\/span>\n\t\t\t\t\t\t\n\t\t\t\n\t\t\n\t\t<\/div>\n\t\n\n\t\n\t\t<div class=\"content\">\n\n\t\t\t<div class=\"post-meta post-meta-a has-below\"><h2 class=\"is-title post-title limit-lines l-lines-2\"><a href=\"https:\/\/obuxixeiro.com.br\/?p=155559\">Carreta do Museu Catavento leva experi\u00eancias cient\u00edficas a Hercul\u00e2ndia<\/a><\/h2><div class=\"post-meta-items meta-below\"><span class=\"meta-item date\"><span class=\"date-link\"><time class=\"post-date\" datetime=\"2026-03-22T12:08:00-03:00\">22 de mar\u00e7o de 2026<\/time><\/span><\/span><\/div><\/div>\t\t\t\n\t\t\t\n\t\t\t\n\t\t<\/div>\n\n\t\n<\/article>\t\t\n\t<\/div>\n\n\t\t\n\t\t\t<\/div>\n\n\t\t<\/section>\n\t\t\t\t\t\t<\/div>\n\t\t\t\t<\/div>\n\t\t\t\t\t<\/div>\n\t\t<\/div>\n\t\t\t\t\t<\/div>\n\t\t<\/section>\n\t\t\t\t<section class=\"has-el-gap el-gap-default elementor-section elementor-top-section elementor-element elementor-element-4609d6b1 elementor-section-full_width elementor-section-height-default elementor-section-height-default\" data-id=\"4609d6b1\" data-element_type=\"section\" data-e-type=\"section\" data-settings=\"{&quot;background_background&quot;:&quot;classic&quot;}\">\n\t\t\t\t\t\t\t<div class=\"elementor-background-overlay\"><\/div>\n\t\t\t\t\t\t\t<div class=\"elementor-container elementor-column-gap-no\">\n\t\t\t\t\t<div class=\"elementor-column elementor-col-100 elementor-top-column elementor-element elementor-element-239f7f29\" data-id=\"239f7f29\" data-element_type=\"column\" data-e-type=\"column\" data-settings=\"{&quot;background_background&quot;:&quot;classic&quot;}\">\n\t\t\t<div class=\"elementor-widget-wrap elementor-element-populated\">\n\t\t\t\t\t\t<div class=\"elementor-element elementor-element-7cc7bd44 elementor-widget elementor-widget-smartmag-postslist\" data-id=\"7cc7bd44\" data-element_type=\"widget\" data-e-type=\"widget\" data-widget_type=\"smartmag-postslist.default\">\n\t\t\t\t<div class=\"elementor-widget-container\">\n\t\t\t\t\t\t\t<section class=\"block-wrap block-posts-list block-sc s-dark mb-none\" data-id=\"29\">\n\n\t\t\t\t\t\t\t\t\n\t\t\t\t\t\t\t\n\t\t\t\t<div class=\"block-head block-head-ac block-head-c is-left\">\n\n\t\t\t\t\t<h4 class=\"heading\">DESTAQUE NACIONAL<\/h4>\t\t\t\t\t\n\t\t\t\t\t\t\t\t\t<\/div>\n\t\t\t\t\n\t\t\t\n\t\t\t\n\t\t\t<div class=\"block-content\">\n\t\t\t\t\t\n\t<div class=\"loop loop-list loop-sep loop-list-sep grid grid-1 md:grid-1 sm:grid-1\">\n\n\t\t\t\t\n\t\t\t\n<article class=\"l-post list-post list-post-v-center grid-on-sm m-pos-right\">\n\n\t\n\t\t\t<div class=\"media\">\n\n\t\t\n\t\t\t<a href=\"https:\/\/obuxixeiro.com.br\/?p=155549\" class=\"image-link media-ratio ratio-is-custom\" title=\"Previs\u00e3o do tempo em SP para quinta (16): sol predomina e n\u00e3o h\u00e1 previs\u00e3o de chuva\"><img loading=\"lazy\" decoding=\"async\" width=\"933\" height=\"455\" src=\"https:\/\/obuxixeiro.com.br\/wp-content\/uploads\/2026\/04\/155549-previsao-do-tempo-em-sp-para-quinta-16-sol-predomina-e-nao-ha-previsao-de-chuva-1024x683.png\" class=\"attachment-large size-large wp-post-image\" alt=\"previsao-do-tempo-em-sp-para-quinta-(16):-sol-predomina-e-nao-ha-previsao-de-chuva\" sizes=\"(max-width: 933px) 100vw, 933px\" title=\"Previs\u00e3o do tempo em SP para quinta (16): sol predomina e n\u00e3o h\u00e1 previs\u00e3o de chuva\" srcset=\"https:\/\/obuxixeiro.com.br\/wp-content\/uploads\/2026\/04\/155549-previsao-do-tempo-em-sp-para-quinta-16-sol-predomina-e-nao-ha-previsao-de-chuva-1024x683.png 1024w, https:\/\/obuxixeiro.com.br\/wp-content\/uploads\/2026\/04\/155549-previsao-do-tempo-em-sp-para-quinta-16-sol-predomina-e-nao-ha-previsao-de-chuva-768x512.png 768w, https:\/\/obuxixeiro.com.br\/wp-content\/uploads\/2026\/04\/155549-previsao-do-tempo-em-sp-para-quinta-16-sol-predomina-e-nao-ha-previsao-de-chuva-1200x800.png 1200w, https:\/\/obuxixeiro.com.br\/wp-content\/uploads\/2026\/04\/155549-previsao-do-tempo-em-sp-para-quinta-16-sol-predomina-e-nao-ha-previsao-de-chuva.png 1536w\" \/><\/a>\t\t\t\n\t\t\t\n\t\t\t\n\t\t\t\t\t\t\t\n\t\t\t\t<span class=\"cat-labels cat-labels-overlay c-overlay p-bot-left\">\n\t\t\t\t<a href=\"https:\/\/obuxixeiro.com.br\/?cat=79\" class=\"category term-color-79\" rel=\"category\" tabindex=\"-1\">Destaque Nacional<\/a>\n\t\t\t<\/span>\n\t\t\t\t\t\t\n\t\t\t\n\t\t\n\t\t<\/div>\n\t\n\n\t\n\t\t<div class=\"content\">\n\n\t\t\t<div class=\"post-meta post-meta-a has-below\"><div class=\"post-meta-items meta-above\"><span class=\"meta-item post-cat\">\n\t\t\t\t\t\t\n\t\t\t\t\t\t<a href=\"https:\/\/obuxixeiro.com.br\/?cat=79\" class=\"category term-color-79\" rel=\"category\">Destaque Nacional<\/a>\n\t\t\t\t\t<\/span>\n\t\t\t\t\t<\/div><h2 class=\"is-title post-title\"><a href=\"https:\/\/obuxixeiro.com.br\/?p=155549\">Previs\u00e3o do tempo em SP para quinta (16): sol predomina e n\u00e3o h\u00e1 previs\u00e3o de chuva<\/a><\/h2><div class=\"post-meta-items meta-below\"><span class=\"meta-item post-author\"><span class=\"by\">Fonte:<\/span> <a href=\"https:\/\/obuxixeiro.com.br\/author\/vinicius-mororo\" title=\"Posts de Vinicius Mororo\" rel=\"author\">Vinicius Mororo<\/a><\/span><\/div><\/div>\t\t\t\n\t\t\t\t\t\t\n\t\t\t\t<div class=\"excerpt\">\n\t\t\t\t\t<p>Tempo firme segue no estado, com manh\u00e3 amena e temperaturas em eleva\u00e7\u00e3o ao longo do&hellip;<\/p>\n\t\t\t\t<\/div>\n\t\t\t\n\t\t\t\n\t\t\t\n\t\t<\/div>\n\n\t\n<\/article>\n\t\t\n\t<\/div>\n\n\t\t\t\t\t<\/div>\n\n\t\t<\/section>\n\t\t\t\t\t\t<\/div>\n\t\t\t\t<\/div>\n\t\t\t\t<div class=\"elementor-element elementor-element-1b3bee41 elementor-widget elementor-widget-smartmag-grid\" data-id=\"1b3bee41\" data-element_type=\"widget\" data-e-type=\"widget\" data-widget_type=\"smartmag-grid.default\">\n\t\t\t\t<div class=\"elementor-widget-container\">\n\t\t\t\t\t\t\t<section class=\"block-wrap block-grid block-sc\" data-id=\"30\">\n\n\t\t\t\t\n\t\t\t<div class=\"block-content\">\n\t\t\t\t\t\n\t<div class=\"loop loop-grid loop-grid-base grid grid-5 md:grid-2 xs:grid-1\">\n\n\t\t\t\t\t\n<article class=\"l-post grid-post grid-base-post\">\n\n\t\n\t\t\t<div class=\"media\">\n\n\t\t\n\t\t\t<a href=\"https:\/\/obuxixeiro.com.br\/?p=155564\" class=\"image-link media-ratio ratio-is-custom\" title=\"Grupo encapuzado invade pr\u00e9dio da USP em S\u00e3o Paulo\"><img loading=\"lazy\" decoding=\"async\" width=\"408\" height=\"247\" src=\"https:\/\/obuxixeiro.com.br\/wp-content\/uploads\/2026\/04\/155564-grupo-encapuzado-invade-predio-da-usp-em-sao-paulo-450x300.png\" class=\"attachment-bunyad-medium size-bunyad-medium wp-post-image\" alt=\"grupo-encapuzado-invade-predio-da-usp-em-sao-paulo\" sizes=\"(max-width: 408px) 100vw, 408px\" title=\"Grupo encapuzado invade pr\u00e9dio da USP em S\u00e3o Paulo\" srcset=\"https:\/\/obuxixeiro.com.br\/wp-content\/uploads\/2026\/04\/155564-grupo-encapuzado-invade-predio-da-usp-em-sao-paulo-450x300.png 450w, https:\/\/obuxixeiro.com.br\/wp-content\/uploads\/2026\/04\/155564-grupo-encapuzado-invade-predio-da-usp-em-sao-paulo-300x200.png 300w, https:\/\/obuxixeiro.com.br\/wp-content\/uploads\/2026\/04\/155564-grupo-encapuzado-invade-predio-da-usp-em-sao-paulo-1024x683.png 1024w, https:\/\/obuxixeiro.com.br\/wp-content\/uploads\/2026\/04\/155564-grupo-encapuzado-invade-predio-da-usp-em-sao-paulo-768x512.png 768w, https:\/\/obuxixeiro.com.br\/wp-content\/uploads\/2026\/04\/155564-grupo-encapuzado-invade-predio-da-usp-em-sao-paulo-150x100.png 150w, https:\/\/obuxixeiro.com.br\/wp-content\/uploads\/2026\/04\/155564-grupo-encapuzado-invade-predio-da-usp-em-sao-paulo-1200x800.png 1200w, https:\/\/obuxixeiro.com.br\/wp-content\/uploads\/2026\/04\/155564-grupo-encapuzado-invade-predio-da-usp-em-sao-paulo-219x146.png 219w, https:\/\/obuxixeiro.com.br\/wp-content\/uploads\/2026\/04\/155564-grupo-encapuzado-invade-predio-da-usp-em-sao-paulo.png 1536w\" \/><\/a>\t\t\t\n\t\t\t\n\t\t\t\n\t\t\t\t\t\t\t\n\t\t\t\t<span class=\"cat-labels cat-labels-overlay c-overlay p-bot-left\">\n\t\t\t\t<a href=\"https:\/\/obuxixeiro.com.br\/?cat=79\" class=\"category term-color-79\" rel=\"category\" tabindex=\"-1\">Destaque Nacional<\/a>\n\t\t\t<\/span>\n\t\t\t\t\t\t\n\t\t\t\n\t\t\n\t\t<\/div>\n\t\n\n\t\n\t\t<div class=\"content\">\n\n\t\t\t<div class=\"post-meta post-meta-a\"><div class=\"post-meta-items meta-above\"><span class=\"meta-item post-cat\">\n\t\t\t\t\t\t\n\t\t\t\t\t\t<a href=\"https:\/\/obuxixeiro.com.br\/?cat=79\" class=\"category term-color-79\" rel=\"category\">Destaque Nacional<\/a>\n\t\t\t\t\t<\/span>\n\t\t\t\t\t<\/div><h2 class=\"is-title post-title\"><a href=\"https:\/\/obuxixeiro.com.br\/?p=155564\">Grupo encapuzado invade pr\u00e9dio da USP em S\u00e3o Paulo<\/a><\/h2><\/div>\t\t\t\n\t\t\t\n\t\t\t\n\t\t<\/div>\n\n\t\n<\/article>\t\t\t\t\t\n<article class=\"l-post grid-post grid-base-post\">\n\n\t\n\t\t\t<div class=\"media\">\n\n\t\t\n\t\t\t<a href=\"https:\/\/obuxixeiro.com.br\/?p=155572\" class=\"image-link media-ratio ratio-is-custom\" title=\"Diagn\u00f3stico precoce \u00e9 fundamental no tratamento do Parkinson, alertam especialistas\"><img loading=\"lazy\" decoding=\"async\" width=\"408\" height=\"247\" src=\"https:\/\/obuxixeiro.com.br\/wp-content\/uploads\/2026\/04\/155572-diagnostico-precoce-e-fundamental-no-tratamento-do-parkinson-alertam-especialistas-450x300.png\" class=\"attachment-bunyad-medium size-bunyad-medium wp-post-image\" alt=\"diagnostico-precoce-e-fundamental-no-tratamento-do-parkinson,-alertam-especialistas\" sizes=\"(max-width: 408px) 100vw, 408px\" title=\"Diagn\u00f3stico precoce \u00e9 fundamental no tratamento do Parkinson, alertam especialistas\" srcset=\"https:\/\/obuxixeiro.com.br\/wp-content\/uploads\/2026\/04\/155572-diagnostico-precoce-e-fundamental-no-tratamento-do-parkinson-alertam-especialistas-450x300.png 450w, https:\/\/obuxixeiro.com.br\/wp-content\/uploads\/2026\/04\/155572-diagnostico-precoce-e-fundamental-no-tratamento-do-parkinson-alertam-especialistas-300x200.png 300w, https:\/\/obuxixeiro.com.br\/wp-content\/uploads\/2026\/04\/155572-diagnostico-precoce-e-fundamental-no-tratamento-do-parkinson-alertam-especialistas-1024x683.png 1024w, https:\/\/obuxixeiro.com.br\/wp-content\/uploads\/2026\/04\/155572-diagnostico-precoce-e-fundamental-no-tratamento-do-parkinson-alertam-especialistas-768x512.png 768w, https:\/\/obuxixeiro.com.br\/wp-content\/uploads\/2026\/04\/155572-diagnostico-precoce-e-fundamental-no-tratamento-do-parkinson-alertam-especialistas-150x100.png 150w, https:\/\/obuxixeiro.com.br\/wp-content\/uploads\/2026\/04\/155572-diagnostico-precoce-e-fundamental-no-tratamento-do-parkinson-alertam-especialistas-1200x800.png 1200w, https:\/\/obuxixeiro.com.br\/wp-content\/uploads\/2026\/04\/155572-diagnostico-precoce-e-fundamental-no-tratamento-do-parkinson-alertam-especialistas-219x146.png 219w, https:\/\/obuxixeiro.com.br\/wp-content\/uploads\/2026\/04\/155572-diagnostico-precoce-e-fundamental-no-tratamento-do-parkinson-alertam-especialistas.png 1536w\" \/><\/a>\t\t\t\n\t\t\t\n\t\t\t\n\t\t\t\t\t\t\t\n\t\t\t\t<span class=\"cat-labels cat-labels-overlay c-overlay p-bot-left\">\n\t\t\t\t<a href=\"https:\/\/obuxixeiro.com.br\/?cat=79\" class=\"category term-color-79\" rel=\"category\" tabindex=\"-1\">Destaque Nacional<\/a>\n\t\t\t<\/span>\n\t\t\t\t\t\t\n\t\t\t\n\t\t\n\t\t<\/div>\n\t\n\n\t\n\t\t<div class=\"content\">\n\n\t\t\t<div class=\"post-meta post-meta-a\"><div class=\"post-meta-items meta-above\"><span class=\"meta-item post-cat\">\n\t\t\t\t\t\t\n\t\t\t\t\t\t<a href=\"https:\/\/obuxixeiro.com.br\/?cat=79\" class=\"category term-color-79\" rel=\"category\">Destaque Nacional<\/a>\n\t\t\t\t\t<\/span>\n\t\t\t\t\t<\/div><h2 class=\"is-title post-title\"><a href=\"https:\/\/obuxixeiro.com.br\/?p=155572\">Diagn\u00f3stico precoce \u00e9 fundamental no tratamento do Parkinson, alertam especialistas<\/a><\/h2><\/div>\t\t\t\n\t\t\t\n\t\t\t\n\t\t<\/div>\n\n\t\n<\/article>\t\t\t\t\t\n<article class=\"l-post grid-post grid-base-post\">\n\n\t\n\t\t\t<div class=\"media\">\n\n\t\t\n\t\t\t<a href=\"https:\/\/obuxixeiro.com.br\/?p=155770\" class=\"image-link media-ratio ratio-is-custom\" title=\"Enel nega inten\u00e7\u00e3o de vender opera\u00e7\u00e3o em SP em meio a risco de perder concess\u00e3o\"><img loading=\"lazy\" decoding=\"async\" width=\"408\" height=\"247\" src=\"https:\/\/obuxixeiro.com.br\/wp-content\/uploads\/2026\/04\/155770-enel-nega-intencao-de-vender-operacao-em-sp-em-meio-a-risco-de-perder-concessao-450x300.png\" class=\"attachment-bunyad-medium size-bunyad-medium wp-post-image\" alt=\"enel-nega-intencao-de-vender-operacao-em-sp-em-meio-a-risco-de-perder-concessao\" sizes=\"(max-width: 408px) 100vw, 408px\" title=\"Enel nega inten\u00e7\u00e3o de vender opera\u00e7\u00e3o em SP em meio a risco de perder concess\u00e3o\" srcset=\"https:\/\/obuxixeiro.com.br\/wp-content\/uploads\/2026\/04\/155770-enel-nega-intencao-de-vender-operacao-em-sp-em-meio-a-risco-de-perder-concessao-450x300.png 450w, https:\/\/obuxixeiro.com.br\/wp-content\/uploads\/2026\/04\/155770-enel-nega-intencao-de-vender-operacao-em-sp-em-meio-a-risco-de-perder-concessao-300x200.png 300w, https:\/\/obuxixeiro.com.br\/wp-content\/uploads\/2026\/04\/155770-enel-nega-intencao-de-vender-operacao-em-sp-em-meio-a-risco-de-perder-concessao-1024x683.png 1024w, https:\/\/obuxixeiro.com.br\/wp-content\/uploads\/2026\/04\/155770-enel-nega-intencao-de-vender-operacao-em-sp-em-meio-a-risco-de-perder-concessao-768x512.png 768w, https:\/\/obuxixeiro.com.br\/wp-content\/uploads\/2026\/04\/155770-enel-nega-intencao-de-vender-operacao-em-sp-em-meio-a-risco-de-perder-concessao-150x100.png 150w, https:\/\/obuxixeiro.com.br\/wp-content\/uploads\/2026\/04\/155770-enel-nega-intencao-de-vender-operacao-em-sp-em-meio-a-risco-de-perder-concessao-1200x800.png 1200w, https:\/\/obuxixeiro.com.br\/wp-content\/uploads\/2026\/04\/155770-enel-nega-intencao-de-vender-operacao-em-sp-em-meio-a-risco-de-perder-concessao-219x146.png 219w, https:\/\/obuxixeiro.com.br\/wp-content\/uploads\/2026\/04\/155770-enel-nega-intencao-de-vender-operacao-em-sp-em-meio-a-risco-de-perder-concessao.png 1536w\" \/><\/a>\t\t\t\n\t\t\t\n\t\t\t\n\t\t\t\t\t\t\t\n\t\t\t\t<span class=\"cat-labels cat-labels-overlay c-overlay p-bot-left\">\n\t\t\t\t<a href=\"https:\/\/obuxixeiro.com.br\/?cat=79\" class=\"category term-color-79\" rel=\"category\" tabindex=\"-1\">Destaque Nacional<\/a>\n\t\t\t<\/span>\n\t\t\t\t\t\t\n\t\t\t\n\t\t\n\t\t<\/div>\n\t\n\n\t\n\t\t<div class=\"content\">\n\n\t\t\t<div class=\"post-meta post-meta-a\"><div class=\"post-meta-items meta-above\"><span class=\"meta-item post-cat\">\n\t\t\t\t\t\t\n\t\t\t\t\t\t<a href=\"https:\/\/obuxixeiro.com.br\/?cat=79\" class=\"category term-color-79\" rel=\"category\">Destaque Nacional<\/a>\n\t\t\t\t\t<\/span>\n\t\t\t\t\t<\/div><h2 class=\"is-title post-title\"><a href=\"https:\/\/obuxixeiro.com.br\/?p=155770\">Enel nega inten\u00e7\u00e3o de vender opera\u00e7\u00e3o em SP em meio a risco de perder concess\u00e3o<\/a><\/h2><\/div>\t\t\t\n\t\t\t\n\t\t\t\n\t\t<\/div>\n\n\t\n<\/article>\t\t\t\t\t\n<article class=\"l-post grid-post grid-base-post\">\n\n\t\n\t\t\t<div class=\"media\">\n\n\t\t\n\t\t\t<a href=\"https:\/\/obuxixeiro.com.br\/?p=155470\" class=\"image-link media-ratio ratio-is-custom\" title=\"Fisioterapia precoce pode influenciar desenvolvimento de beb\u00eas, aponta especialista\"><img loading=\"lazy\" decoding=\"async\" width=\"408\" height=\"247\" src=\"https:\/\/obuxixeiro.com.br\/wp-content\/uploads\/2026\/04\/155470-fisioterapia-precoce-pode-influenciar-desenvolvimento-de-bebes-aponta-especialista-450x300.png\" class=\"attachment-bunyad-medium size-bunyad-medium wp-post-image\" alt=\"fisioterapia-precoce-pode-influenciar-desenvolvimento-de-bebes,-aponta-especialista\" sizes=\"(max-width: 408px) 100vw, 408px\" title=\"Fisioterapia precoce pode influenciar desenvolvimento de beb\u00eas, aponta especialista\" srcset=\"https:\/\/obuxixeiro.com.br\/wp-content\/uploads\/2026\/04\/155470-fisioterapia-precoce-pode-influenciar-desenvolvimento-de-bebes-aponta-especialista-450x300.png 450w, https:\/\/obuxixeiro.com.br\/wp-content\/uploads\/2026\/04\/155470-fisioterapia-precoce-pode-influenciar-desenvolvimento-de-bebes-aponta-especialista-300x200.png 300w, https:\/\/obuxixeiro.com.br\/wp-content\/uploads\/2026\/04\/155470-fisioterapia-precoce-pode-influenciar-desenvolvimento-de-bebes-aponta-especialista-1024x683.png 1024w, https:\/\/obuxixeiro.com.br\/wp-content\/uploads\/2026\/04\/155470-fisioterapia-precoce-pode-influenciar-desenvolvimento-de-bebes-aponta-especialista-768x512.png 768w, https:\/\/obuxixeiro.com.br\/wp-content\/uploads\/2026\/04\/155470-fisioterapia-precoce-pode-influenciar-desenvolvimento-de-bebes-aponta-especialista-150x100.png 150w, https:\/\/obuxixeiro.com.br\/wp-content\/uploads\/2026\/04\/155470-fisioterapia-precoce-pode-influenciar-desenvolvimento-de-bebes-aponta-especialista-1200x800.png 1200w, https:\/\/obuxixeiro.com.br\/wp-content\/uploads\/2026\/04\/155470-fisioterapia-precoce-pode-influenciar-desenvolvimento-de-bebes-aponta-especialista-219x146.png 219w, https:\/\/obuxixeiro.com.br\/wp-content\/uploads\/2026\/04\/155470-fisioterapia-precoce-pode-influenciar-desenvolvimento-de-bebes-aponta-especialista.png 1536w\" \/><\/a>\t\t\t\n\t\t\t\n\t\t\t\n\t\t\t\t\t\t\t\n\t\t\t\t<span class=\"cat-labels cat-labels-overlay c-overlay p-bot-left\">\n\t\t\t\t<a href=\"https:\/\/obuxixeiro.com.br\/?cat=64\" class=\"category term-color-64\" rel=\"category\" tabindex=\"-1\">Neg\u00f3cio em Destaque<\/a>\n\t\t\t<\/span>\n\t\t\t\t\t\t\n\t\t\t\n\t\t\n\t\t<\/div>\n\t\n\n\t\n\t\t<div class=\"content\">\n\n\t\t\t<div class=\"post-meta post-meta-a\"><div class=\"post-meta-items meta-above\"><span class=\"meta-item post-cat\">\n\t\t\t\t\t\t\n\t\t\t\t\t\t<a href=\"https:\/\/obuxixeiro.com.br\/?cat=64\" class=\"category term-color-64\" rel=\"category\">Neg\u00f3cio em Destaque<\/a>\n\t\t\t\t\t<\/span>\n\t\t\t\t\t<\/div><h2 class=\"is-title post-title\"><a href=\"https:\/\/obuxixeiro.com.br\/?p=155470\">Fisioterapia precoce pode influenciar desenvolvimento de beb\u00eas, aponta especialista<\/a><\/h2><\/div>\t\t\t\n\t\t\t\n\t\t\t\n\t\t<\/div>\n\n\t\n<\/article>\t\t\t\t\t\n<article class=\"l-post grid-post grid-base-post\">\n\n\t\n\t\t\t<div class=\"media\">\n\n\t\t\n\t\t\t<a href=\"https:\/\/obuxixeiro.com.br\/?p=155478\" class=\"image-link media-ratio ratio-is-custom\" title=\"Caf\u00e9 Imprensa promove networking estrat\u00e9gico entre empres\u00e1rios e profissionais da comunica\u00e7\u00e3o em Alphaville\"><img loading=\"lazy\" decoding=\"async\" width=\"408\" height=\"247\" src=\"https:\/\/obuxixeiro.com.br\/wp-content\/uploads\/2026\/04\/155478-cafe-imprensa-promove-networking-estrategico-entre-empresarios-e-profissionais-da-com69e92d6fa129c-450x300.png\" class=\"attachment-bunyad-medium size-bunyad-medium wp-post-image\" alt=\"cafe-imprensa-promove-networking-estrategico-entre-empresarios-e-profissionais-da-comunicacao-em-alphaville\" sizes=\"(max-width: 408px) 100vw, 408px\" title=\"Caf\u00e9 Imprensa promove networking estrat\u00e9gico entre empres\u00e1rios e profissionais da comunica\u00e7\u00e3o em Alphaville\" srcset=\"https:\/\/obuxixeiro.com.br\/wp-content\/uploads\/2026\/04\/155478-cafe-imprensa-promove-networking-estrategico-entre-empresarios-e-profissionais-da-com69e92d6fa129c-450x300.png 450w, https:\/\/obuxixeiro.com.br\/wp-content\/uploads\/2026\/04\/155478-cafe-imprensa-promove-networking-estrategico-entre-empresarios-e-profissionais-da-com69e92d6fa129c-300x200.png 300w, https:\/\/obuxixeiro.com.br\/wp-content\/uploads\/2026\/04\/155478-cafe-imprensa-promove-networking-estrategico-entre-empresarios-e-profissionais-da-com69e92d6fa129c-1024x683.png 1024w, https:\/\/obuxixeiro.com.br\/wp-content\/uploads\/2026\/04\/155478-cafe-imprensa-promove-networking-estrategico-entre-empresarios-e-profissionais-da-com69e92d6fa129c-768x512.png 768w, https:\/\/obuxixeiro.com.br\/wp-content\/uploads\/2026\/04\/155478-cafe-imprensa-promove-networking-estrategico-entre-empresarios-e-profissionais-da-com69e92d6fa129c-150x100.png 150w, https:\/\/obuxixeiro.com.br\/wp-content\/uploads\/2026\/04\/155478-cafe-imprensa-promove-networking-estrategico-entre-empresarios-e-profissionais-da-com69e92d6fa129c-1200x800.png 1200w, https:\/\/obuxixeiro.com.br\/wp-content\/uploads\/2026\/04\/155478-cafe-imprensa-promove-networking-estrategico-entre-empresarios-e-profissionais-da-com69e92d6fa129c-219x146.png 219w, https:\/\/obuxixeiro.com.br\/wp-content\/uploads\/2026\/04\/155478-cafe-imprensa-promove-networking-estrategico-entre-empresarios-e-profissionais-da-com69e92d6fa129c.png 1536w\" \/><\/a>\t\t\t\n\t\t\t\n\t\t\t\n\t\t\t\t\t\t\t\n\t\t\t\t<span class=\"cat-labels cat-labels-overlay c-overlay p-bot-left\">\n\t\t\t\t<a href=\"https:\/\/obuxixeiro.com.br\/?cat=64\" class=\"category term-color-64\" rel=\"category\" tabindex=\"-1\">Neg\u00f3cio em Destaque<\/a>\n\t\t\t<\/span>\n\t\t\t\t\t\t\n\t\t\t\n\t\t\n\t\t<\/div>\n\t\n\n\t\n\t\t<div class=\"content\">\n\n\t\t\t<div class=\"post-meta post-meta-a\"><div class=\"post-meta-items meta-above\"><span class=\"meta-item post-cat\">\n\t\t\t\t\t\t\n\t\t\t\t\t\t<a href=\"https:\/\/obuxixeiro.com.br\/?cat=64\" class=\"category term-color-64\" rel=\"category\">Neg\u00f3cio em Destaque<\/a>\n\t\t\t\t\t<\/span>\n\t\t\t\t\t<\/div><h2 class=\"is-title post-title\"><a href=\"https:\/\/obuxixeiro.com.br\/?p=155478\">Caf\u00e9 Imprensa promove networking estrat\u00e9gico entre empres\u00e1rios e profissionais da comunica\u00e7\u00e3o em Alphaville<\/a><\/h2><\/div>\t\t\t\n\t\t\t\n\t\t\t\n\t\t<\/div>\n\n\t\n<\/article>\t\t\n\t<\/div>\n\n\t\t\n\t\t\t<\/div>\n\n\t\t<\/section>\n\t\t\t\t\t\t<\/div>\n\t\t\t\t<\/div>\n\t\t\t\t\t<\/div>\n\t\t<\/div>\n\t\t\t\t\t<\/div>\n\t\t<\/section>\n\t\t\t\t<section class=\"elementor-section elementor-top-section elementor-element elementor-element-6f4bc9a4 elementor-section-boxed elementor-section-height-default elementor-section-height-default\" data-id=\"6f4bc9a4\" data-element_type=\"section\" data-e-type=\"section\">\n\t\t\t\t\t\t<div class=\"elementor-container elementor-column-gap-no\">\n\t\t\t\t\t<div class=\"elementor-column elementor-col-50 elementor-top-column elementor-element elementor-element-7ce3931\" data-id=\"7ce3931\" data-element_type=\"column\" data-e-type=\"column\">\n\t\t\t<div class=\"elementor-widget-wrap elementor-element-populated\">\n\t\t\t\t\t\t<div class=\"elementor-element elementor-element-135a1452 elementor-widget elementor-widget-smartmag-featgrid\" data-id=\"135a1452\" data-element_type=\"widget\" data-e-type=\"widget\" data-widget_type=\"smartmag-featgrid.default\">\n\t\t\t\t<div class=\"elementor-widget-container\">\n\t\t\t\t\t\t\t<section class=\"block-wrap block-feat-grid block-sc mb-none\" data-id=\"31\">\n\n\t\t\t\t\n\t\t\t<div class=\"block-content\">\n\t\t\t\t\t\n<section class=\"feat-grid feat-grid-eq1 static feat-grid-height feat-grid-equals\">\n\n\t<div class=\"slides\" data-parallax>\n\t\n\t\n\t\t\t\t\t\n\t\t\t\t\t\t\t\n\t\t\n\t\t<\/div>\n\n<\/section>\n\t\t\t<\/div>\n\n\t\t<\/section>\n\t\t\t\t\t\t<\/div>\n\t\t\t\t<\/div>\n\t\t\t\t<div class=\"elementor-element elementor-element-47210e5a elementor-widget elementor-widget-smartmag-grid\" data-id=\"47210e5a\" data-element_type=\"widget\" data-e-type=\"widget\" data-widget_type=\"smartmag-grid.default\">\n\t\t\t\t<div class=\"elementor-widget-container\">\n\t\t\t\t\t\t\t<section class=\"block-wrap block-grid block-sc mb-none\" data-id=\"32\">\n\n\t\t\t\t\n\t\t\t<div class=\"block-content\">\n\t\t\t\t\t\n\t<div class=\"loop loop-grid loop-grid-card grid grid-2 md:grid-2 xs:grid-1\">\n\n\t\t\n\t<\/div>\n\n\t\t\n\t\t\t<\/div>\n\n\t\t<\/section>\n\t\t\t\t\t\t<\/div>\n\t\t\t\t<\/div>\n\t\t\t\t\t<\/div>\n\t\t<\/div>\n\t\t\t\t<div class=\"elementor-column elementor-col-50 elementor-top-column elementor-element elementor-element-2b093be1 ts-sticky-native\" data-id=\"2b093be1\" data-element_type=\"column\" data-e-type=\"column\">\n\t\t\t<div class=\"elementor-widget-wrap elementor-element-populated\">\n\t\t\t\t\t\t<div class=\"elementor-element elementor-element-76102e52 elementor-widget elementor-widget-smartmag-postslist\" data-id=\"76102e52\" data-element_type=\"widget\" data-e-type=\"widget\" data-widget_type=\"smartmag-postslist.default\">\n\t\t\t\t<div class=\"elementor-widget-container\">\n\t\t\t\t\t\t\t<section class=\"block-wrap block-posts-list block-sc mb-none\" data-id=\"33\">\n\n\t\t\t\t\t\t\t\t\n\t\t\t\t\t\t\t\n\t\t\t\t<div class=\"block-head block-head-ac block-head-c is-left\">\n\n\t\t\t\t\t<h4 class=\"heading\">NOSSOS COLUNISTAS<\/h4>\t\t\t\t\t\n\t\t\t\t\t\t\t\t\t<\/div>\n\t\t\t\t\n\t\t\t\n\t\t\t\n\t\t\t<div class=\"block-content\">\n\t\t\t\t\t\n\t<div class=\"loop loop-list loop-sep loop-list-sep grid grid-1 md:grid-1 sm:grid-1\">\n\n\t\t\n\t<\/div>\n\n\t\t\t\t\t<\/div>\n\n\t\t<\/section>\n\t\t\t\t\t\t<\/div>\n\t\t\t\t<\/div>\n\t\t\t\t\t<\/div>\n\t\t<\/div>\n\t\t\t\t\t<\/div>\n\t\t<\/section>\n\t\t\t\t<\/div>\n\t\t","protected":false},"excerpt":{"rendered":"<p>Tecnologia 22 de abril de 2026 Campo de Marte pode receber primeiro vertiporto para aeronaves el\u00e9tricas em SP Tecnologia 22 de abril de 2026 Pol\u00edcia apreende cerca de 300 kg de drogas em ch\u00e1cara no interior de SP com aux\u00edlio de drone Tecnologia 22 de abril de 2026 Intelig\u00eancia artificial passa a ser usada no<\/p>\n","protected":false},"author":1,"featured_media":0,"parent":0,"menu_order":0,"comment_status":"closed","ping_status":"closed","template":"elementor_header_footer","meta":{"footnotes":""},"class_list":["post-5330","page","type-page","status-publish"],"_links":{"self":[{"href":"https:\/\/obuxixeiro.com.br\/index.php?rest_route=\/wp\/v2\/pages\/5330","targetHints":{"allow":["GET"]}}],"collection":[{"href":"https:\/\/obuxixeiro.com.br\/index.php?rest_route=\/wp\/v2\/pages"}],"about":[{"href":"https:\/\/obuxixeiro.com.br\/index.php?rest_route=\/wp\/v2\/types\/page"}],"author":[{"embeddable":true,"href":"https:\/\/obuxixeiro.com.br\/index.php?rest_route=\/wp\/v2\/users\/1"}],"replies":[{"embeddable":true,"href":"https:\/\/obuxixeiro.com.br\/index.php?rest_route=%2Fwp%2Fv2%2Fcomments&post=5330"}],"version-history":[{"count":54,"href":"https:\/\/obuxixeiro.com.br\/index.php?rest_route=\/wp\/v2\/pages\/5330\/revisions"}],"predecessor-version":[{"id":155612,"href":"https:\/\/obuxixeiro.com.br\/index.php?rest_route=\/wp\/v2\/pages\/5330\/revisions\/155612"}],"wp:attachment":[{"href":"https:\/\/obuxixeiro.com.br\/index.php?rest_route=%2Fwp%2Fv2%2Fmedia&parent=5330"}],"curies":[{"name":"wp","href":"https:\/\/api.w.org\/{rel}","templated":true}]}}